{"id":5495,"date":"2023-03-29T18:50:05","date_gmt":"2023-03-29T18:50:05","guid":{"rendered":"https:\/\/re-imagining.education\/?page_id=5495"},"modified":"2024-09-25T02:58:09","modified_gmt":"2024-09-25T02:58:09","slug":"contribuyentes-2023","status":"publish","type":"page","link":"https:\/\/re-imagining.education\/es\/contributors-2023\/","title":{"rendered":"Contribuyentes 2023"},"content":{"rendered":"<div data-elementor-type=\"wp-page\" data-elementor-id=\"5495\" class=\"elementor elementor-5495\" data-elementor-post-type=\"page\">\n\t\t\t\t\t\t<header class=\"elementor-section elementor-top-section elementor-element elementor-element-3b1243bc elementor-section-content-middle elementor-section-height-min-height elementor-section-full_width elementor-section-stretched elementor-section-height-default elementor-section-items-middle elementor-invisible\" data-id=\"3b1243bc\" data-element_type=\"section\" data-e-type=\"section\" data-settings=\"{&quot;background_background&quot;:&quot;classic&quot;,&quot;animation&quot;:&quot;fadeInDown&quot;,&quot;stretch_section&quot;:&quot;section-stretched&quot;}\">\n\t\t\t\t\t\t\t<div class=\"elementor-background-overlay\"><\/div>\n\t\t\t\t\t\t\t<div class=\"elementor-container elementor-column-gap-no\">\n\t\t\t\t\t<div class=\"elementor-column elementor-col-100 elementor-top-column elementor-element elementor-element-651d9bbc\" data-id=\"651d9bbc\" data-element_type=\"column\" data-e-type=\"column\">\n\t\t\t<div class=\"elementor-widget-wrap elementor-element-populated\">\n\t\t\t\t\t\t<div class=\"elementor-element elementor-element-77d2768c elementor-widget elementor-widget-spacer\" data-id=\"77d2768c\" data-element_type=\"widget\" data-e-type=\"widget\" data-widget_type=\"spacer.default\">\n\t\t\t\t<div class=\"elementor-widget-container\">\n\t\t\t\t\t\t\t<div class=\"elementor-spacer\">\n\t\t\t<div class=\"elementor-spacer-inner\"><\/div>\n\t\t<\/div>\n\t\t\t\t\t\t<\/div>\n\t\t\t\t<\/div>\n\t\t\t\t<div class=\"elementor-element elementor-element-998502b elementor-widget elementor-widget-image\" data-id=\"998502b\" data-element_type=\"widget\" data-e-type=\"widget\" data-widget_type=\"image.default\">\n\t\t\t\t<div class=\"elementor-widget-container\">\n\t\t\t\t\t\t\t\t\t\t\t\t\t\t\t<img fetchpriority=\"high\" decoding=\"async\" width=\"750\" height=\"282\" src=\"https:\/\/re-imagining.education\/wp-content\/uploads\/2023\/03\/REC-espa.png\" class=\"attachment-large size-large wp-image-5020\" alt=\"\" srcset=\"https:\/\/re-imagining.education\/wp-content\/uploads\/2023\/03\/REC-espa.png 607w, https:\/\/re-imagining.education\/wp-content\/uploads\/2023\/03\/REC-espa-300x143.png 300w, https:\/\/re-imagining.education\/wp-content\/uploads\/2023\/03\/REC-espa-18x9.png 18w\" sizes=\"(max-width: 750px) 100vw, 750px\" style=\"width:100%;height:37.58%;max-width:753px\" \/>\t\t\t\t\t\t\t\t\t\t\t\t\t\t\t<\/div>\n\t\t\t\t<\/div>\n\t\t\t\t<div class=\"elementor-element elementor-element-37fcede0 elementor-widget elementor-widget-heading\" data-id=\"37fcede0\" data-element_type=\"widget\" data-e-type=\"widget\" data-widget_type=\"heading.default\">\n\t\t\t\t<div class=\"elementor-widget-container\">\n\t\t\t\t\t<p class=\"elementor-heading-title elementor-size-default\"><a href=\"http:\/\/ecoversities.org\">en colaboraci\u00f3n con la <u>alianza de ecoversidades<\/u><\/a><\/p>\t\t\t\t<\/div>\n\t\t\t\t<\/div>\n\t\t\t\t<div class=\"elementor-element elementor-element-55b2988f elementor-widget elementor-widget-spacer\" data-id=\"55b2988f\" data-element_type=\"widget\" data-e-type=\"widget\" data-widget_type=\"spacer.default\">\n\t\t\t\t<div class=\"elementor-widget-container\">\n\t\t\t\t\t\t\t<div class=\"elementor-spacer\">\n\t\t\t<div class=\"elementor-spacer-inner\"><\/div>\n\t\t<\/div>\n\t\t\t\t\t\t<\/div>\n\t\t\t\t<\/div>\n\t\t\t\t<div class=\"elementor-element elementor-element-152ded4c elementor-align-center elementor-tablet-align-center elementor-widget elementor-widget-button\" data-id=\"152ded4c\" data-element_type=\"widget\" data-e-type=\"widget\" data-widget_type=\"button.default\">\n\t\t\t\t<div class=\"elementor-widget-container\">\n\t\t\t\t\t\t\t\t\t<div class=\"elementor-button-wrapper\">\n\t\t\t\t\t<a class=\"elementor-button elementor-button-link elementor-size-sm\" href=\"http:\/\/unce0rgz.paperform.co\/\" target=\"_blank\" id=\"subscribe\">\n\t\t\t\t\t\t<span class=\"elementor-button-content-wrapper\">\n\t\t\t\t\t\t\t\t\t<span class=\"elementor-button-text\">Inscr\u00edbete aqu\u00ed<\/span>\n\t\t\t\t\t<\/span>\n\t\t\t\t\t<\/a>\n\t\t\t\t<\/div>\n\t\t\t\t\t\t\t\t<\/div>\n\t\t\t\t<\/div>\n\t\t\t\t<div class=\"elementor-element elementor-element-15b17996 elementor-widget elementor-widget-spacer\" data-id=\"15b17996\" data-element_type=\"widget\" data-e-type=\"widget\" data-widget_type=\"spacer.default\">\n\t\t\t\t<div class=\"elementor-widget-container\">\n\t\t\t\t\t\t\t<div class=\"elementor-spacer\">\n\t\t\t<div class=\"elementor-spacer-inner\"><\/div>\n\t\t<\/div>\n\t\t\t\t\t\t<\/div>\n\t\t\t\t<\/div>\n\t\t\t\t<div class=\"elementor-element elementor-element-68ff1ae4 elementor-nav-menu__align-center elementor-nav-menu--dropdown-mobile elementor-nav-menu--stretch elementor-nav-menu__text-align-center elementor-nav-menu--toggle elementor-nav-menu--burger elementor-widget elementor-widget-nav-menu\" data-id=\"68ff1ae4\" data-element_type=\"widget\" data-e-type=\"widget\" data-settings=\"{&quot;full_width&quot;:&quot;stretch&quot;,&quot;submenu_icon&quot;:{&quot;value&quot;:&quot;&lt;i class=\\&quot;\\&quot;&gt;&lt;\\\/i&gt;&quot;,&quot;library&quot;:&quot;&quot;},&quot;layout&quot;:&quot;horizontal&quot;,&quot;toggle&quot;:&quot;burger&quot;}\" data-widget_type=\"nav-menu.default\">\n\t\t\t\t<div class=\"elementor-widget-container\">\n\t\t\t\t\t\t\t\t<nav aria-label=\"Men\u00fa\" class=\"elementor-nav-menu--main elementor-nav-menu__container elementor-nav-menu--layout-horizontal e--pointer-underline e--animation-grow\">\n\t\t\t\t<ul id=\"menu-1-68ff1ae4\" class=\"elementor-nav-menu\"><li class=\"menu-item menu-item-type-post_type menu-item-object-page menu-item-2519\"><a href=\"https:\/\/re-imagining.education\/es\/archive2023\/\" class=\"elementor-item\">BIENVENIDXS<\/a><\/li>\n<li class=\"menu-item menu-item-type-post_type menu-item-object-page menu-item-has-children menu-item-7484\"><a href=\"https:\/\/re-imagining.education\/es\/archives\/\" class=\"elementor-item\">Archivos<\/a>\n<ul class=\"sub-menu elementor-nav-menu--dropdown\">\n\t<li class=\"menu-item menu-item-type-post_type menu-item-object-page menu-item-5040\"><a href=\"https:\/\/re-imagining.education\/es\/2022-archive\/\" class=\"elementor-sub-item\">ARCHIVO 2022<\/a><\/li>\n\t<li class=\"menu-item menu-item-type-post_type menu-item-object-page menu-item-2518\"><a href=\"https:\/\/re-imagining.education\/es\/archive2021\/\" class=\"elementor-sub-item\">ARCHIVO 2021<\/a><\/li>\n\t<li class=\"menu-item menu-item-type-post_type menu-item-object-page menu-item-4588\"><a href=\"https:\/\/re-imagining.education\/es\/micro-conferences\/\" class=\"elementor-sub-item\">MICRO CONFERENCIAS<\/a><\/li>\n<\/ul>\n<\/li>\n<\/ul>\t\t\t<\/nav>\n\t\t\t\t\t<div class=\"elementor-menu-toggle\" role=\"button\" tabindex=\"0\" aria-label=\"Men\u00fa Toggle\" aria-expanded=\"false\">\n\t\t\t<i aria-hidden=\"true\" role=\"presentation\" class=\"elementor-menu-toggle__icon--open eicon-menu-bar\"><\/i><i aria-hidden=\"true\" role=\"presentation\" class=\"elementor-menu-toggle__icon--close eicon-close\"><\/i>\t\t<\/div>\n\t\t\t\t\t<nav class=\"elementor-nav-menu--dropdown elementor-nav-menu__container\" aria-hidden=\"true\">\n\t\t\t\t<ul id=\"menu-2-68ff1ae4\" class=\"elementor-nav-menu\"><li class=\"menu-item menu-item-type-post_type menu-item-object-page menu-item-2519\"><a href=\"https:\/\/re-imagining.education\/es\/archive2023\/\" class=\"elementor-item\" tabindex=\"-1\">BIENVENIDXS<\/a><\/li>\n<li class=\"menu-item menu-item-type-post_type menu-item-object-page menu-item-has-children menu-item-7484\"><a href=\"https:\/\/re-imagining.education\/es\/archives\/\" class=\"elementor-item\" tabindex=\"-1\">Archivos<\/a>\n<ul class=\"sub-menu elementor-nav-menu--dropdown\">\n\t<li class=\"menu-item menu-item-type-post_type menu-item-object-page menu-item-5040\"><a href=\"https:\/\/re-imagining.education\/es\/2022-archive\/\" class=\"elementor-sub-item\" tabindex=\"-1\">ARCHIVO 2022<\/a><\/li>\n\t<li class=\"menu-item menu-item-type-post_type menu-item-object-page menu-item-2518\"><a href=\"https:\/\/re-imagining.education\/es\/archive2021\/\" class=\"elementor-sub-item\" tabindex=\"-1\">ARCHIVO 2021<\/a><\/li>\n\t<li class=\"menu-item menu-item-type-post_type menu-item-object-page menu-item-4588\"><a href=\"https:\/\/re-imagining.education\/es\/micro-conferences\/\" class=\"elementor-sub-item\" tabindex=\"-1\">MICRO CONFERENCIAS<\/a><\/li>\n<\/ul>\n<\/li>\n<\/ul>\t\t\t<\/nav>\n\t\t\t\t\t\t<\/div>\n\t\t\t\t<\/div>\n\t\t\t\t<div class=\"elementor-element elementor-element-61c1aacb elementor-widget elementor-widget-spacer\" data-id=\"61c1aacb\" data-element_type=\"widget\" data-e-type=\"widget\" data-widget_type=\"spacer.default\">\n\t\t\t\t<div class=\"elementor-widget-container\">\n\t\t\t\t\t\t\t<div class=\"elementor-spacer\">\n\t\t\t<div class=\"elementor-spacer-inner\"><\/div>\n\t\t<\/div>\n\t\t\t\t\t\t<\/div>\n\t\t\t\t<\/div>\n\t\t\t\t\t<\/div>\n\t\t<\/div>\n\t\t\t\t\t<\/div>\n\t\t<\/header>\n\t\t\t\t<section class=\"elementor-section elementor-top-section elementor-element elementor-element-37f0c5c elementor-section-boxed elementor-section-height-default elementor-section-height-default\" data-id=\"37f0c5c\" data-element_type=\"section\" data-e-type=\"section\">\n\t\t\t\t\t\t<div class=\"elementor-container elementor-column-gap-default\">\n\t\t\t\t\t<div class=\"elementor-column elementor-col-100 elementor-top-column elementor-element elementor-element-9712e76\" data-id=\"9712e76\" data-element_type=\"column\" data-e-type=\"column\">\n\t\t\t<div class=\"elementor-widget-wrap elementor-element-populated\">\n\t\t\t\t\t\t<div class=\"elementor-element elementor-element-dcc200f elementor-widget elementor-widget-spacer\" data-id=\"dcc200f\" data-element_type=\"widget\" data-e-type=\"widget\" data-widget_type=\"spacer.default\">\n\t\t\t\t<div class=\"elementor-widget-container\">\n\t\t\t\t\t\t\t<div class=\"elementor-spacer\">\n\t\t\t<div class=\"elementor-spacer-inner\"><\/div>\n\t\t<\/div>\n\t\t\t\t\t\t<\/div>\n\t\t\t\t<\/div>\n\t\t\t\t<div class=\"elementor-element elementor-element-2bc9c18 elementor-widget elementor-widget-heading\" data-id=\"2bc9c18\" data-element_type=\"widget\" data-e-type=\"widget\" data-widget_type=\"heading.default\">\n\t\t\t\t<div class=\"elementor-widget-container\">\n\t\t\t\t\t<h2 class=\"elementor-heading-title elementor-size-default\">Colaboradorxs<\/h2>\t\t\t\t<\/div>\n\t\t\t\t<\/div>\n\t\t\t\t<div class=\"elementor-element elementor-element-1428565 elementor-widget elementor-widget-spacer\" data-id=\"1428565\" data-element_type=\"widget\" data-e-type=\"widget\" data-widget_type=\"spacer.default\">\n\t\t\t\t<div class=\"elementor-widget-container\">\n\t\t\t\t\t\t\t<div class=\"elementor-spacer\">\n\t\t\t<div class=\"elementor-spacer-inner\"><\/div>\n\t\t<\/div>\n\t\t\t\t\t\t<\/div>\n\t\t\t\t<\/div>\n\t\t\t\t\t<\/div>\n\t\t<\/div>\n\t\t\t\t\t<\/div>\n\t\t<\/section>\n\t\t\t\t<section class=\"elementor-section elementor-top-section elementor-element elementor-element-3c10642 elementor-section-boxed elementor-section-height-default elementor-section-height-default\" data-id=\"3c10642\" data-element_type=\"section\" data-e-type=\"section\">\n\t\t\t\t\t\t<div class=\"elementor-container elementor-column-gap-default\">\n\t\t\t\t\t<div class=\"elementor-column elementor-col-50 elementor-top-column elementor-element elementor-element-2917161\" data-id=\"2917161\" data-element_type=\"column\" data-e-type=\"column\">\n\t\t\t<div class=\"elementor-widget-wrap elementor-element-populated\">\n\t\t\t\t\t\t<div class=\"elementor-element elementor-element-b8cfc61 elementor-widget elementor-widget-spacer\" data-id=\"b8cfc61\" data-element_type=\"widget\" data-e-type=\"widget\" data-widget_type=\"spacer.default\">\n\t\t\t\t<div class=\"elementor-widget-container\">\n\t\t\t\t\t\t\t<div class=\"elementor-spacer\">\n\t\t\t<div class=\"elementor-spacer-inner\"><\/div>\n\t\t<\/div>\n\t\t\t\t\t\t<\/div>\n\t\t\t\t<\/div>\n\t\t\t\t<div class=\"elementor-element elementor-element-7db1f35 elementor-position-left elementor-vertical-align-top elementor-widget elementor-widget-image-box\" data-id=\"7db1f35\" data-element_type=\"widget\" data-e-type=\"widget\" data-widget_type=\"image-box.default\">\n\t\t\t\t<div class=\"elementor-widget-container\">\n\t\t\t\t\t<div class=\"elementor-image-box-wrapper\"><figure class=\"elementor-image-box-img\"><a href=\"http:\/\/projectdefy.org\" tabindex=\"-1\"><img decoding=\"async\" data-src=\"https:\/\/re-imagining.education\/wp-content\/uploads\/elementor\/thumbs\/Abhijit-Sina-pjwui9o8jlv0s4e25qb6r26c0ob7tiebb6k8i3df2g.jpeg\" title=\"Abhijit Sina\" alt=\"Abhijit Sina\" src=\"data:image\/svg+xml;base64,PHN2ZyB3aWR0aD0iMSIgaGVpZ2h0PSIxIiB4bWxucz0iaHR0cDovL3d3dy53My5vcmcvMjAwMC9zdmciPjwvc3ZnPg==\" class=\"lazyload\" style=\"--smush-placeholder-width: 500px; --smush-placeholder-aspect-ratio: 500\/500;\" \/><\/a><\/figure><div class=\"elementor-image-box-content\"><h3 class=\"elementor-image-box-title\"><a href=\"http:\/\/projectdefy.org\">Abhijit Sinha<\/a><\/h3><p class=\"elementor-image-box-description\"><span style=\");font-family: Arial;font-size: 13px;text-align: left\">Abhijit Sinha es fundador y director general de una organizaci\u00f3n internacional sin \u00e1nimo de lucro llamada Project DEFY. A trav\u00e9s de su organizaci\u00f3n crea una nueva variedad de espacios de aprendizaje que no tienen profesores, ex\u00e1menes ni planes de estudio; donde ni\u00f1os y adultos de todas las edades deciden qu\u00e9, cu\u00e1ndo y c\u00f3mo aprenden. Estos espacios de aprendizaje, llamados Nooks, empezaron en un peque\u00f1o pueblo de Karnataka y ahora se est\u00e1n extendiendo por todo el mundo. <\/span><\/p><\/div><\/div>\t\t\t\t<\/div>\n\t\t\t\t<\/div>\n\t\t\t\t<div class=\"elementor-element elementor-element-fff3ae1 elementor-widget elementor-widget-spacer\" data-id=\"fff3ae1\" data-element_type=\"widget\" data-e-type=\"widget\" data-widget_type=\"spacer.default\">\n\t\t\t\t<div class=\"elementor-widget-container\">\n\t\t\t\t\t\t\t<div class=\"elementor-spacer\">\n\t\t\t<div class=\"elementor-spacer-inner\"><\/div>\n\t\t<\/div>\n\t\t\t\t\t\t<\/div>\n\t\t\t\t<\/div>\n\t\t\t\t<div class=\"elementor-element elementor-element-726f7dc elementor-position-left elementor-vertical-align-top elementor-widget elementor-widget-image-box\" data-id=\"726f7dc\" data-element_type=\"widget\" data-e-type=\"widget\" data-widget_type=\"image-box.default\">\n\t\t\t\t<div class=\"elementor-widget-container\">\n\t\t\t\t\t<div class=\"elementor-image-box-wrapper\"><figure class=\"elementor-image-box-img\"><a href=\"https:\/\/www.culturehack.io\/people\/adam-oosthuizen\/\" tabindex=\"-1\"><img decoding=\"async\" data-src=\"https:\/\/re-imagining.education\/wp-content\/uploads\/elementor\/thumbs\/Adam-q4izeo3pxp1xsk0wmpbx826ng94l1n2ucrudm8gwi0.jpg\" title=\"Adam Oosthuizen\" alt=\"Adam Oosthuizen\" src=\"data:image\/svg+xml;base64,PHN2ZyB3aWR0aD0iMSIgaGVpZ2h0PSIxIiB4bWxucz0iaHR0cDovL3d3dy53My5vcmcvMjAwMC9zdmciPjwvc3ZnPg==\" class=\"lazyload\" style=\"--smush-placeholder-width: 500px; --smush-placeholder-aspect-ratio: 500\/500;\" \/><\/a><\/figure><div class=\"elementor-image-box-content\"><h3 class=\"elementor-image-box-title\"><a href=\"https:\/\/www.culturehack.io\/people\/adam-oosthuizen\/\">Adam Oosthuizen<\/a><\/h3><p class=\"elementor-image-box-description\"><span style=\");font-family: Arial;font-size: 13px;text-align: left\">Adam es un gestor de productos, dise\u00f1ador de medios inmersivos, investigador y editor sudafricano. Recientemente ha trabajado en un libro con Transition Resource Circle sobre el aprovechamiento del capital filantr\u00f3pico para mitigar los efectos de la crisis ecol\u00f3gica, social y pol\u00edtica mundial. Colabora con Culture Hack Labs en la coordinaci\u00f3n de la producci\u00f3n de datos y herramientas de publicaci\u00f3n para organizaciones activistas. Tambi\u00e9n es miembro del grupo New Economic Thinking como parte de la beca CHL Rhizome Fellowship 2022-23. Adam es licenciado en Filosof\u00eda y Estudios de Cine y Medios de Comunicaci\u00f3n por la Universidad de Ciudad del Cabo.<\/span><\/p><\/div><\/div>\t\t\t\t<\/div>\n\t\t\t\t<\/div>\n\t\t\t\t<div class=\"elementor-element elementor-element-97f0766 elementor-widget elementor-widget-spacer\" data-id=\"97f0766\" data-element_type=\"widget\" data-e-type=\"widget\" data-widget_type=\"spacer.default\">\n\t\t\t\t<div class=\"elementor-widget-container\">\n\t\t\t\t\t\t\t<div class=\"elementor-spacer\">\n\t\t\t<div class=\"elementor-spacer-inner\"><\/div>\n\t\t<\/div>\n\t\t\t\t\t\t<\/div>\n\t\t\t\t<\/div>\n\t\t\t\t<div class=\"elementor-element elementor-element-90d2103 elementor-position-left elementor-vertical-align-top elementor-widget elementor-widget-image-box\" data-id=\"90d2103\" data-element_type=\"widget\" data-e-type=\"widget\" data-widget_type=\"image-box.default\">\n\t\t\t\t<div class=\"elementor-widget-container\">\n\t\t\t\t\t<div class=\"elementor-image-box-wrapper\"><figure class=\"elementor-image-box-img\"><a href=\"http:\/\/www.fhu.art\" tabindex=\"-1\"><img decoding=\"async\" data-src=\"https:\/\/re-imagining.education\/wp-content\/uploads\/elementor\/thumbs\/Screen-Shot-2021-02-28-at-7.45.46-PM-p3k30qpo6f0escyye28c6f7ikx5o73b3q2oc94pwg8.jpg\" title=\"Alessandra Pomarico\" alt=\"Alessandra Pomarico\" src=\"data:image\/svg+xml;base64,PHN2ZyB3aWR0aD0iMSIgaGVpZ2h0PSIxIiB4bWxucz0iaHR0cDovL3d3dy53My5vcmcvMjAwMC9zdmciPjwvc3ZnPg==\" class=\"lazyload\" style=\"--smush-placeholder-width: 500px; --smush-placeholder-aspect-ratio: 500\/500;\" \/><\/a><\/figure><div class=\"elementor-image-box-content\"><h3 class=\"elementor-image-box-title\"><a href=\"http:\/\/www.fhu.art\">Alessandra Pomarico<\/a><\/h3><p class=\"elementor-image-box-description\"><span style=\");font-family: Arial;font-size: 13px;text-align: left\">Alessandra Pomarico es una comisaria independiente, investigadora y educadora que trabaja en la intersecci\u00f3n de las artes, la pedagog\u00eda y la comunidad.  Cofundadora de Free Home University, un experimento art\u00edstico y pedag\u00f3gico sobre c\u00f3mo compartir conocimientos viviendo en com\u00fan, y de la Alianza translocal Ecoversities, la investigaci\u00f3n de Alessandra se centra actualmente en la ecolog\u00eda del conocimiento, el cuidado y las epistemolog\u00edas relacionales. Entre sus proyectos m\u00e1s recientes se encuentran Firefly Frecuences Radio, M.E.D.U.S.E (Mediterranean Ecofeminist, Decolonial Union for Self-Education), The School of the We, The New Alphabet School #Commoning y #Healing. Editora en artseverywhere, comisari\u00f3 el volumen Pedagogies Otherwise (Ecoversities Publications, 2018), coedit\u00f3 What's there to learn (Publication Studio Guelph, 2018) y When the Roots Start Moving: Resonando con el zapatismo (Archive Books 2021).\n\n<\/span><\/p><\/div><\/div>\t\t\t\t<\/div>\n\t\t\t\t<\/div>\n\t\t\t\t<div class=\"elementor-element elementor-element-4b390de elementor-widget elementor-widget-spacer\" data-id=\"4b390de\" data-element_type=\"widget\" data-e-type=\"widget\" data-widget_type=\"spacer.default\">\n\t\t\t\t<div class=\"elementor-widget-container\">\n\t\t\t\t\t\t\t<div class=\"elementor-spacer\">\n\t\t\t<div class=\"elementor-spacer-inner\"><\/div>\n\t\t<\/div>\n\t\t\t\t\t\t<\/div>\n\t\t\t\t<\/div>\n\t\t\t\t<div class=\"elementor-element elementor-element-d256b7a elementor-position-left elementor-vertical-align-top elementor-widget elementor-widget-image-box\" data-id=\"d256b7a\" data-element_type=\"widget\" data-e-type=\"widget\" data-widget_type=\"image-box.default\">\n\t\t\t\t<div class=\"elementor-widget-container\">\n\t\t\t\t\t<div class=\"elementor-image-box-wrapper\"><figure class=\"elementor-image-box-img\"><img decoding=\"async\" data-src=\"https:\/\/re-imagining.education\/wp-content\/uploads\/elementor\/thumbs\/Alexandra-Lopes-q5epqafdzg6tolo7km4msnpa2k1dix00bsm73u2g7c.jpg\" title=\"Alexandra Lopes\" alt=\"Alexandra Lopes\" src=\"data:image\/svg+xml;base64,PHN2ZyB3aWR0aD0iMSIgaGVpZ2h0PSIxIiB4bWxucz0iaHR0cDovL3d3dy53My5vcmcvMjAwMC9zdmciPjwvc3ZnPg==\" class=\"lazyload\" style=\"--smush-placeholder-width: 500px; --smush-placeholder-aspect-ratio: 500\/500;\" \/><\/figure><div class=\"elementor-image-box-content\"><h3 class=\"elementor-image-box-title\">Alexandra Lopes<\/h3><p class=\"elementor-image-box-description\"><span style=\");font-family: Arial;font-size: 13px;text-align: left\">Ser humano evolutivo\n\n<\/span><\/p><\/div><\/div>\t\t\t\t<\/div>\n\t\t\t\t<\/div>\n\t\t\t\t<div class=\"elementor-element elementor-element-273e314 elementor-widget elementor-widget-spacer\" data-id=\"273e314\" data-element_type=\"widget\" data-e-type=\"widget\" data-widget_type=\"spacer.default\">\n\t\t\t\t<div class=\"elementor-widget-container\">\n\t\t\t\t\t\t\t<div class=\"elementor-spacer\">\n\t\t\t<div class=\"elementor-spacer-inner\"><\/div>\n\t\t<\/div>\n\t\t\t\t\t\t<\/div>\n\t\t\t\t<\/div>\n\t\t\t\t<div class=\"elementor-element elementor-element-898e31c elementor-position-left elementor-vertical-align-top elementor-widget elementor-widget-image-box\" data-id=\"898e31c\" data-element_type=\"widget\" data-e-type=\"widget\" data-widget_type=\"image-box.default\">\n\t\t\t\t<div class=\"elementor-widget-container\">\n\t\t\t\t\t<div class=\"elementor-image-box-wrapper\"><figure class=\"elementor-image-box-img\"><a href=\"https:\/\/www.instagram.com\/andine_andino\/\" tabindex=\"-1\"><img decoding=\"async\" data-src=\"https:\/\/re-imagining.education\/wp-content\/uploads\/elementor\/thumbs\/Andre-Andino-e1729271910150-qvr07xddfavk1hgpmx1jyww36c9gndsghxdjkyt9qg.jpg\" title=\"Andr\u00e9 Andino\" alt=\"Andr\u00e9 Andino\" src=\"data:image\/svg+xml;base64,PHN2ZyB3aWR0aD0iMSIgaGVpZ2h0PSIxIiB4bWxucz0iaHR0cDovL3d3dy53My5vcmcvMjAwMC9zdmciPjwvc3ZnPg==\" class=\"lazyload\" style=\"--smush-placeholder-width: 500px; --smush-placeholder-aspect-ratio: 500\/500;\" \/><\/a><\/figure><div class=\"elementor-image-box-content\"><h3 class=\"elementor-image-box-title\"><a href=\"https:\/\/www.instagram.com\/andine_andino\/\">Andrea Gonz\u00e1lez Andino<\/a><\/h3><p class=\"elementor-image-box-description\"><span style=\");font-family: Arial;font-size: 13px;text-align: left\">Andre es un artista relacional, chix'i, andino, cuir, alpinista y escalador. En los \u00faltimos a\u00f1os, Andre ha trabajado con comunidades globales relacionadas con temas de alternativas a la educaci\u00f3n y la vida hhiger. Andre tambi\u00e9n trabaja con la red Ecoversities y la conferencia Re-imagining Education sobre regeneraci\u00f3n cultural, social y educativa. Estudiante de la Escuelita del Amor donde la profesora es Ayahuasca, abuela del Amazonas. Parte del proyecto Siguiendo Huellas Andinas, aprendiendo con monta\u00f1as, rocas, y con la pedagog\u00eda de Circuitos de aprendizaje, donde el objetivo es volver a vernos a nosotros mismos para caminar hacia nuestros sue\u00f1os. <\/span><\/p><\/div><\/div>\t\t\t\t<\/div>\n\t\t\t\t<\/div>\n\t\t\t\t<div class=\"elementor-element elementor-element-557492b elementor-widget elementor-widget-spacer\" data-id=\"557492b\" data-element_type=\"widget\" data-e-type=\"widget\" data-widget_type=\"spacer.default\">\n\t\t\t\t<div class=\"elementor-widget-container\">\n\t\t\t\t\t\t\t<div class=\"elementor-spacer\">\n\t\t\t<div class=\"elementor-spacer-inner\"><\/div>\n\t\t<\/div>\n\t\t\t\t\t\t<\/div>\n\t\t\t\t<\/div>\n\t\t\t\t<div class=\"elementor-element elementor-element-f0a276c elementor-position-left elementor-vertical-align-top elementor-widget elementor-widget-image-box\" data-id=\"f0a276c\" data-element_type=\"widget\" data-e-type=\"widget\" data-widget_type=\"image-box.default\">\n\t\t\t\t<div class=\"elementor-widget-container\">\n\t\t\t\t\t<div class=\"elementor-image-box-wrapper\"><figure class=\"elementor-image-box-img\"><a href=\"https:\/\/uaw.edu.ec\/angel-ramirez\/\" tabindex=\"-1\"><img decoding=\"async\" data-src=\"https:\/\/re-imagining.education\/wp-content\/uploads\/elementor\/thumbs\/Angel-Ramirez-q4vlh817fa94fnqs8lafb2c0bj1mmxrhsp9mzn9rwo.jpeg\" title=\"\u00c1ngel Ram\u00edrez\" alt=\"\u00c1ngel Ram\u00edrez\" src=\"data:image\/svg+xml;base64,PHN2ZyB3aWR0aD0iMSIgaGVpZ2h0PSIxIiB4bWxucz0iaHR0cDovL3d3dy53My5vcmcvMjAwMC9zdmciPjwvc3ZnPg==\" class=\"lazyload\" style=\"--smush-placeholder-width: 500px; --smush-placeholder-aspect-ratio: 500\/500;\" \/><\/a><\/figure><div class=\"elementor-image-box-content\"><h3 class=\"elementor-image-box-title\"><a href=\"https:\/\/uaw.edu.ec\/angel-ramirez\/\">\u00c1ngel Ram\u00edrez<\/a><\/h3><p class=\"elementor-image-box-description\"><span style=\");font-family: Arial;font-size: 13px;text-align: left\">\u00c1ngel Ram\u00edrez, pertenece a la cultura Palta de la provincia de Loja, escritor ecuatoriano, es educador intercultural biling\u00fce y actualmente es miembro de la Comisi\u00f3n Gestora de la Universidad Intercultural de las Nacionalidades y Pueblos Ind\u00edgenas Amwtay Wasi. Presidente de la Fundaci\u00f3n Intercultural Guanchuro de Ecuador. Curs\u00f3 sus estudios primarios en Catacocha y Loja, sus estudios secundarios en el Colegio Salesiano Orientalista de la ciudad de Cuenca; estudios superiores en la Universidad Cat\u00f3lica de Quito. Tiene un doctorado en Ciencias de la Educaci\u00f3n y una maestr\u00eda en Curr\u00edculo y actualmente cursa su doctorado en la Universidad Benito Ju\u00e1rez de Puebla-M\u00e9xico. Habla kichwa, espa\u00f1ol y alem\u00e1n.\n\n<\/span><\/p><\/div><\/div>\t\t\t\t<\/div>\n\t\t\t\t<\/div>\n\t\t\t\t<div class=\"elementor-element elementor-element-c58c26a elementor-widget elementor-widget-spacer\" data-id=\"c58c26a\" data-element_type=\"widget\" data-e-type=\"widget\" data-widget_type=\"spacer.default\">\n\t\t\t\t<div class=\"elementor-widget-container\">\n\t\t\t\t\t\t\t<div class=\"elementor-spacer\">\n\t\t\t<div class=\"elementor-spacer-inner\"><\/div>\n\t\t<\/div>\n\t\t\t\t\t\t<\/div>\n\t\t\t\t<\/div>\n\t\t\t\t<div class=\"elementor-element elementor-element-8f9c1eb elementor-position-left elementor-vertical-align-top elementor-widget elementor-widget-image-box\" data-id=\"8f9c1eb\" data-element_type=\"widget\" data-e-type=\"widget\" data-widget_type=\"image-box.default\">\n\t\t\t\t<div class=\"elementor-widget-container\">\n\t\t\t\t\t<div class=\"elementor-image-box-wrapper\"><figure class=\"elementor-image-box-img\"><a href=\"https:\/\/actonlearning.org\/blog\/\" tabindex=\"-1\"><img decoding=\"async\" data-src=\"https:\/\/re-imagining.education\/wp-content\/uploads\/elementor\/thumbs\/Andreea-Gatman-q3q9lv8xtc23hti7m1b7o39tx406f7yfupidcc6wzs.jpeg\" title=\"Andreea Gatman\" alt=\"Andreea Gatman\" src=\"data:image\/svg+xml;base64,PHN2ZyB3aWR0aD0iMSIgaGVpZ2h0PSIxIiB4bWxucz0iaHR0cDovL3d3dy53My5vcmcvMjAwMC9zdmciPjwvc3ZnPg==\" class=\"lazyload\" style=\"--smush-placeholder-width: 500px; --smush-placeholder-aspect-ratio: 500\/500;\" \/><\/a><\/figure><div class=\"elementor-image-box-content\"><h3 class=\"elementor-image-box-title\"><a href=\"https:\/\/actonlearning.org\/blog\/\">Andreea Gatman<\/a><\/h3><p class=\"elementor-image-box-description\"><span style=\");font-family: Arial;font-size: 13px;text-align: left\">Andreea Gatman, ICF Coach &amp; Educational Facilitator, licenciada en Ciencias Pol\u00edticas, MBA en Gobernanza P\u00fablica y Master en Estudios Europeos; 16 a\u00f1os trabajando con proyectos, 12 a\u00f1os como formadora y facilitadora para profesores, investigadores, sanidad y servicios p\u00fablicos. En los \u00faltimos 5 a\u00f1os trabajando con formaci\u00f3n de profesores y coaching para reimaginar la educaci\u00f3n desde esta perspectiva, en Finlandia.<\/span><\/p><\/div><\/div>\t\t\t\t<\/div>\n\t\t\t\t<\/div>\n\t\t\t\t<div class=\"elementor-element elementor-element-fb094a1 elementor-widget elementor-widget-spacer\" data-id=\"fb094a1\" data-element_type=\"widget\" data-e-type=\"widget\" data-widget_type=\"spacer.default\">\n\t\t\t\t<div class=\"elementor-widget-container\">\n\t\t\t\t\t\t\t<div class=\"elementor-spacer\">\n\t\t\t<div class=\"elementor-spacer-inner\"><\/div>\n\t\t<\/div>\n\t\t\t\t\t\t<\/div>\n\t\t\t\t<\/div>\n\t\t\t\t<div class=\"elementor-element elementor-element-336a15d elementor-position-left elementor-vertical-align-top elementor-widget elementor-widget-image-box\" data-id=\"336a15d\" data-element_type=\"widget\" data-e-type=\"widget\" data-widget_type=\"image-box.default\">\n\t\t\t\t<div class=\"elementor-widget-container\">\n\t\t\t\t\t<div class=\"elementor-image-box-wrapper\"><figure class=\"elementor-image-box-img\"><a href=\"https:\/\/www.youtube.com\/playlist?list=PLgrqitOpMuiAl_1JxGgSFB30SB_KLso_0%20\" target=\"_blank\" tabindex=\"-1\"><img decoding=\"async\" data-src=\"https:\/\/re-imagining.education\/wp-content\/uploads\/elementor\/thumbs\/Andres-Fonseca-q5ca5defke3003gle8yfmsat6yd7cl4x6aw8rmxhfs.jpg\" title=\"Andr\u00e9s Fonseca\" alt=\"Andr\u00e9s Fonseca\" src=\"data:image\/svg+xml;base64,PHN2ZyB3aWR0aD0iMSIgaGVpZ2h0PSIxIiB4bWxucz0iaHR0cDovL3d3dy53My5vcmcvMjAwMC9zdmciPjwvc3ZnPg==\" class=\"lazyload\" style=\"--smush-placeholder-width: 500px; --smush-placeholder-aspect-ratio: 500\/500;\" \/><\/a><\/figure><div class=\"elementor-image-box-content\"><h3 class=\"elementor-image-box-title\"><a href=\"https:\/\/www.youtube.com\/playlist?list=PLgrqitOpMuiAl_1JxGgSFB30SB_KLso_0%20\" target=\"_blank\">Andr\u00e9s Fonseca<\/a><\/h3><p class=\"elementor-image-box-description\"><span style=\");font-family: Arial;font-size: 13px;text-align: left\">Artista transdisciplinario, investigador y profesor. Mag\u00edster en Educaci\u00f3n de la Universidad Pedag\u00f3gica Nacional. Entre sus campos de inter\u00e9s se destacan la educaci\u00f3n integral, las artes visuales, la radio, los proyectos ciudadanos, la educaci\u00f3n art\u00edstica y la apropiaci\u00f3n creativa de las tecnolog\u00edas de la informaci\u00f3n y la comunicaci\u00f3n. Actualmente es profesor del curso did\u00e1cticas para la paz y la convivencia en la Maestr\u00eda en Docencia mediada con Tics en la Universidad de San Buenaventura y tambi\u00e9n ha estado vinculado como profesor e investigador en diversas Universidades de Colombia. Sus \u00faltimos proyectos son \"La Universidad del Futuro\", una red ciudadana global de educaci\u00f3n superior, proyectos audiovisuales sobre m\u00fasicas afrocaribe\u00f1as y diferentes podcast respecto a educaci\u00f3n, los objetivos de desarrollo interior, la espiritualidad, el arte y la ciudadan\u00eda.<\/span><\/p><\/div><\/div>\t\t\t\t<\/div>\n\t\t\t\t<\/div>\n\t\t\t\t<div class=\"elementor-element elementor-element-730ced9 elementor-widget elementor-widget-spacer\" data-id=\"730ced9\" data-element_type=\"widget\" data-e-type=\"widget\" data-widget_type=\"spacer.default\">\n\t\t\t\t<div class=\"elementor-widget-container\">\n\t\t\t\t\t\t\t<div class=\"elementor-spacer\">\n\t\t\t<div class=\"elementor-spacer-inner\"><\/div>\n\t\t<\/div>\n\t\t\t\t\t\t<\/div>\n\t\t\t\t<\/div>\n\t\t\t\t<div class=\"elementor-element elementor-element-7360644 elementor-position-left elementor-vertical-align-top elementor-widget elementor-widget-image-box\" data-id=\"7360644\" data-element_type=\"widget\" data-e-type=\"widget\" data-widget_type=\"image-box.default\">\n\t\t\t\t<div class=\"elementor-widget-container\">\n\t\t\t\t\t<div class=\"elementor-image-box-wrapper\"><figure class=\"elementor-image-box-img\"><a href=\"https:\/\/www.travellersuniversity.org\/\" tabindex=\"-1\"><img decoding=\"async\" data-src=\"https:\/\/re-imagining.education\/wp-content\/uploads\/elementor\/thumbs\/Ashik-Krishnan--q53xe1b5j69ypsrqfkmzqiyhjixdiod3jyrmveq8p4.jpeg\" title=\"Ashik Krishnan\" alt=\"Ashik Krishnan\" src=\"data:image\/svg+xml;base64,PHN2ZyB3aWR0aD0iMSIgaGVpZ2h0PSIxIiB4bWxucz0iaHR0cDovL3d3dy53My5vcmcvMjAwMC9zdmciPjwvc3ZnPg==\" class=\"lazyload\" style=\"--smush-placeholder-width: 500px; --smush-placeholder-aspect-ratio: 500\/500;\" \/><\/a><\/figure><div class=\"elementor-image-box-content\"><h3 class=\"elementor-image-box-title\"><a href=\"https:\/\/www.travellersuniversity.org\/\">Ashik Krishnan <\/a><\/h3><p class=\"elementor-image-box-description\"><span style=\");font-family: Arial;font-size: 13px;text-align: left\">Ashik Krishnan es viajera, socialista de riesgo y tejedora de personas, comunidades e historias. Ashik es la cocreadora de Travellers' University, una organizaci\u00f3n que facilita que las personas profundicen en su conocimiento y comprensi\u00f3n de s\u00ed mismas y del mundo ofreciendo oportunidades de aprendizaje experiencial a trav\u00e9s de viajes lentos y conscientes. En la Travellers' University, Ashik dise\u00f1a y facilita diversos programas de aprendizaje basados en viajes y orientados a imaginar un mundo inclusivo y justo. Tambi\u00e9n dirige la vertical de conservaci\u00f3n del conocimiento en la organizaci\u00f3n, documentando y publicando libros y contenidos.<\/span><\/p><\/div><\/div>\t\t\t\t<\/div>\n\t\t\t\t<\/div>\n\t\t\t\t<div class=\"elementor-element elementor-element-ffe1dbd elementor-widget elementor-widget-spacer\" data-id=\"ffe1dbd\" data-element_type=\"widget\" data-e-type=\"widget\" data-widget_type=\"spacer.default\">\n\t\t\t\t<div class=\"elementor-widget-container\">\n\t\t\t\t\t\t\t<div class=\"elementor-spacer\">\n\t\t\t<div class=\"elementor-spacer-inner\"><\/div>\n\t\t<\/div>\n\t\t\t\t\t\t<\/div>\n\t\t\t\t<\/div>\n\t\t\t\t<div class=\"elementor-element elementor-element-9f7c107 elementor-position-left elementor-vertical-align-top elementor-widget elementor-widget-image-box\" data-id=\"9f7c107\" data-element_type=\"widget\" data-e-type=\"widget\" data-widget_type=\"image-box.default\">\n\t\t\t\t<div class=\"elementor-widget-container\">\n\t\t\t\t\t<div class=\"elementor-image-box-wrapper\"><figure class=\"elementor-image-box-img\"><a href=\"https:\/\/www.facebook.com\/people\/Hiraya-Collective-PH\/100087086414554\/\" tabindex=\"-1\"><img decoding=\"async\" data-src=\"https:\/\/re-imagining.education\/wp-content\/uploads\/elementor\/thumbs\/Beverly-Bravo-e1729271939821-qvr08omoxhwve6d47qtqh80geij3ulso9oamhzouq0.jpg\" title=\"Beverly Bravo\" alt=\"Beverly Bravo\" src=\"data:image\/svg+xml;base64,PHN2ZyB3aWR0aD0iMSIgaGVpZ2h0PSIxIiB4bWxucz0iaHR0cDovL3d3dy53My5vcmcvMjAwMC9zdmciPjwvc3ZnPg==\" class=\"lazyload\" style=\"--smush-placeholder-width: 500px; --smush-placeholder-aspect-ratio: 500\/500;\" \/><\/a><\/figure><div class=\"elementor-image-box-content\"><h3 class=\"elementor-image-box-title\"><a href=\"https:\/\/www.facebook.com\/people\/Hiraya-Collective-PH\/100087086414554\/\">Beverly Bravo<\/a><\/h3><p class=\"elementor-image-box-description\"><span style=\");font-family: Arial;font-size: 13px;text-align: left\">Beverly Bravo es una de las coordinadoras del Colectivo de Ciegos HIRAYA. Es instructora, investigadora y defensora de los derechos de los discapacitados, centr\u00e1ndose en la tecnolog\u00eda y la accesibilidad digital. Ense\u00f1a fundamentos de TIC y tecnolog\u00edas web a estudiantes universitarios de primer y segundo curso en el Pamantasan ng Lungsod ng Muntinlupa.  Es voluntaria como investigadora en User Experience Philippines para conocer mejor el campo m\u00e1s cercano a la accesibilidad y el dise\u00f1o universal. Como persona discapacitada que es, defiende la accesibilidad digital hablando a diferentes organizaciones y comunidades sobre el impacto de la accesibilidad en el espacio digital. Junto con sus amigos ciegos, tambi\u00e9n gestiona un canal de YouTube llamado Visually Impaired's Fashion and Lifestyle (VIFAL), donde producen v\u00eddeos divertidos y atractivos para concienciar a la comunidad de discapacitados y a otras personas.<\/span><\/p><\/div><\/div>\t\t\t\t<\/div>\n\t\t\t\t<\/div>\n\t\t\t\t<div class=\"elementor-element elementor-element-34669d2 elementor-widget elementor-widget-spacer\" data-id=\"34669d2\" data-element_type=\"widget\" data-e-type=\"widget\" data-widget_type=\"spacer.default\">\n\t\t\t\t<div class=\"elementor-widget-container\">\n\t\t\t\t\t\t\t<div class=\"elementor-spacer\">\n\t\t\t<div class=\"elementor-spacer-inner\"><\/div>\n\t\t<\/div>\n\t\t\t\t\t\t<\/div>\n\t\t\t\t<\/div>\n\t\t\t\t<div class=\"elementor-element elementor-element-85d065c elementor-position-left elementor-vertical-align-top elementor-widget elementor-widget-image-box\" data-id=\"85d065c\" data-element_type=\"widget\" data-e-type=\"widget\" data-widget_type=\"image-box.default\">\n\t\t\t\t<div class=\"elementor-widget-container\">\n\t\t\t\t\t<div class=\"elementor-image-box-wrapper\"><figure class=\"elementor-image-box-img\"><a href=\"https:\/\/en.wikipedia.org\/wiki\/Catherine_Odora_Hoppers\" tabindex=\"-1\"><img decoding=\"async\" data-src=\"https:\/\/re-imagining.education\/wp-content\/uploads\/elementor\/thumbs\/Catherine-Hoppers-q4j1mn7df8j7m5uumru6vdnizgxuyjkocm2mkrw13c.jpeg\" title=\"Catherine Hoppers\" alt=\"Catherine Hoppers\" src=\"data:image\/svg+xml;base64,PHN2ZyB3aWR0aD0iMSIgaGVpZ2h0PSIxIiB4bWxucz0iaHR0cDovL3d3dy53My5vcmcvMjAwMC9zdmciPjwvc3ZnPg==\" class=\"lazyload\" style=\"--smush-placeholder-width: 500px; --smush-placeholder-aspect-ratio: 500\/500;\" \/><\/a><\/figure><div class=\"elementor-image-box-content\"><h3 class=\"elementor-image-box-title\"><a href=\"https:\/\/en.wikipedia.org\/wiki\/Catherine_Odora_Hoppers\">Catherine Hoppers<\/a><\/h3><p class=\"elementor-image-box-description\"><span style=\");font-family: Arial;font-size: 13px;text-align: left\">La profesora Hoppers es especialista en desarrollo internacional, educaci\u00f3n, cuestiones Norte-Sur, desarme, paz y seguridad humana. Es experta de la UNESCO en educaci\u00f3n b\u00e1sica, aprendizaje permanente, sistemas de informaci\u00f3n y ciencia y sociedad; experta en desarme del Departamento de Asuntos de Desarme de las Naciones Unidas; experta del Foro Econ\u00f3mico Mundial en reparto de beneficios y protocolos de adici\u00f3n de valor; y de la Organizaci\u00f3n Mundial de la Propiedad Intelectual en conocimientos tradicionales y derechos de propiedad intelectual comunitarios.<\/span><\/p><\/div><\/div>\t\t\t\t<\/div>\n\t\t\t\t<\/div>\n\t\t\t\t<div class=\"elementor-element elementor-element-bd3d26f elementor-widget elementor-widget-spacer\" data-id=\"bd3d26f\" data-element_type=\"widget\" data-e-type=\"widget\" data-widget_type=\"spacer.default\">\n\t\t\t\t<div class=\"elementor-widget-container\">\n\t\t\t\t\t\t\t<div class=\"elementor-spacer\">\n\t\t\t<div class=\"elementor-spacer-inner\"><\/div>\n\t\t<\/div>\n\t\t\t\t\t\t<\/div>\n\t\t\t\t<\/div>\n\t\t\t\t<div class=\"elementor-element elementor-element-79a2105 elementor-position-left elementor-vertical-align-top elementor-widget elementor-widget-image-box\" data-id=\"79a2105\" data-element_type=\"widget\" data-e-type=\"widget\" data-widget_type=\"image-box.default\">\n\t\t\t\t<div class=\"elementor-widget-container\">\n\t\t\t\t\t<div class=\"elementor-image-box-wrapper\"><figure class=\"elementor-image-box-img\"><a href=\"https:\/\/www.uchicagomedicine.org\/find-a-physician\/physician\/christos-lazaridis\" tabindex=\"-1\"><img decoding=\"async\" data-src=\"https:\/\/re-imagining.education\/wp-content\/uploads\/elementor\/thumbs\/Christos--q3ahwh02e0sy9pyoncy5ew9x6zbs0bwuazp4d0x7k8.jpg\" title=\"Christos Lazaridis\" alt=\"Christos Lazaridis\" src=\"data:image\/svg+xml;base64,PHN2ZyB3aWR0aD0iMSIgaGVpZ2h0PSIxIiB4bWxucz0iaHR0cDovL3d3dy53My5vcmcvMjAwMC9zdmciPjwvc3ZnPg==\" class=\"lazyload\" style=\"--smush-placeholder-width: 500px; --smush-placeholder-aspect-ratio: 500\/500;\" \/><\/a><\/figure><div class=\"elementor-image-box-content\"><h3 class=\"elementor-image-box-title\"><a href=\"https:\/\/www.uchicagomedicine.org\/find-a-physician\/physician\/christos-lazaridis\">Christos Lazaridis<\/a><\/h3><p class=\"elementor-image-box-description\"><span style=\");font-family: Arial;font-size: 13px;text-align: left\">Christos Lazaridis, MD, es neurointensivista especializado en monitorizaci\u00f3n avanzada de lesiones cerebrales traum\u00e1ticas graves. El Dr. Lazaridis tambi\u00e9n est\u00e1 muy implicado en la \u00e9tica de los cuidados neurocr\u00edticos. Se ha formado tanto en cuidados neurol\u00f3gicos como en cuidados cr\u00edticos generales. El Dr. Lazaridis es autor\/coautor de m\u00e1s de 70 manuscritos revisados por expertos.\n\n<\/span><\/p><\/div><\/div>\t\t\t\t<\/div>\n\t\t\t\t<\/div>\n\t\t\t\t<div class=\"elementor-element elementor-element-cd64f3e elementor-widget elementor-widget-spacer\" data-id=\"cd64f3e\" data-element_type=\"widget\" data-e-type=\"widget\" data-widget_type=\"spacer.default\">\n\t\t\t\t<div class=\"elementor-widget-container\">\n\t\t\t\t\t\t\t<div class=\"elementor-spacer\">\n\t\t\t<div class=\"elementor-spacer-inner\"><\/div>\n\t\t<\/div>\n\t\t\t\t\t\t<\/div>\n\t\t\t\t<\/div>\n\t\t\t\t<div class=\"elementor-element elementor-element-ee19248 elementor-position-left elementor-vertical-align-top elementor-widget elementor-widget-image-box\" data-id=\"ee19248\" data-element_type=\"widget\" data-e-type=\"widget\" data-widget_type=\"image-box.default\">\n\t\t\t\t<div class=\"elementor-widget-container\">\n\t\t\t\t\t<div class=\"elementor-image-box-wrapper\"><figure class=\"elementor-image-box-img\"><a href=\"https:\/\/www.cedarhillopenlearning.com\/\" tabindex=\"-1\"><img decoding=\"async\" data-src=\"https:\/\/re-imagining.education\/wp-content\/uploads\/elementor\/thumbs\/Daniel-Stee-scaled-q4kq40ggrd6po33wbyampxeovkyxdrkp1l1v3jhfns.jpeg\" title=\"Daniel Stee\" alt=\"Daniel Stee\" src=\"data:image\/svg+xml;base64,PHN2ZyB3aWR0aD0iMSIgaGVpZ2h0PSIxIiB4bWxucz0iaHR0cDovL3d3dy53My5vcmcvMjAwMC9zdmciPjwvc3ZnPg==\" class=\"lazyload\" style=\"--smush-placeholder-width: 500px; --smush-placeholder-aspect-ratio: 500\/500;\" \/><\/a><\/figure><div class=\"elementor-image-box-content\"><h3 class=\"elementor-image-box-title\"><a href=\"https:\/\/www.cedarhillopenlearning.com\/\">Daniel Stee<\/a><\/h3><p class=\"elementor-image-box-description\"><span style=\");font-family: Arial;font-size: 13px;text-align: left\">Daniel tiene la sensaci\u00f3n de haber pasado dos o tres vidas pregunt\u00e1ndose y tratando de entender c\u00f3mo funcionan realmente el aprendizaje y la educaci\u00f3n. Est\u00e1 convencido de que la verdadera educaci\u00f3n nunca puede darse por mandato o por la fuerza. Sin embargo, cuanto m\u00e1s aprende sobre el tema, m\u00e1s siente que s\u00f3lo ha rozado la superficie de la comprensi\u00f3n. <\/span><\/p><\/div><\/div>\t\t\t\t<\/div>\n\t\t\t\t<\/div>\n\t\t\t\t<div class=\"elementor-element elementor-element-b29a172 elementor-widget elementor-widget-spacer\" data-id=\"b29a172\" data-element_type=\"widget\" data-e-type=\"widget\" data-widget_type=\"spacer.default\">\n\t\t\t\t<div class=\"elementor-widget-container\">\n\t\t\t\t\t\t\t<div class=\"elementor-spacer\">\n\t\t\t<div class=\"elementor-spacer-inner\"><\/div>\n\t\t<\/div>\n\t\t\t\t\t\t<\/div>\n\t\t\t\t<\/div>\n\t\t\t\t<div class=\"elementor-element elementor-element-fbf9ce8 elementor-position-left elementor-vertical-align-top elementor-widget elementor-widget-image-box\" data-id=\"fbf9ce8\" data-element_type=\"widget\" data-e-type=\"widget\" data-widget_type=\"image-box.default\">\n\t\t\t\t<div class=\"elementor-widget-container\">\n\t\t\t\t\t<div class=\"elementor-image-box-wrapper\"><figure class=\"elementor-image-box-img\"><a href=\"https:\/\/designforsustainability.medium.com\/\" tabindex=\"-1\"><img decoding=\"async\" data-src=\"https:\/\/re-imagining.education\/wp-content\/uploads\/elementor\/thumbs\/daniel-christian-wahl-q5ca3uvsk00dapns8le2m622qltwy54hmt22xl6bgo.jpeg\" title=\"daniel christian wahl\" alt=\"daniel christian wahl\" src=\"data:image\/svg+xml;base64,PHN2ZyB3aWR0aD0iMSIgaGVpZ2h0PSIxIiB4bWxucz0iaHR0cDovL3d3dy53My5vcmcvMjAwMC9zdmciPjwvc3ZnPg==\" class=\"lazyload\" style=\"--smush-placeholder-width: 500px; --smush-placeholder-aspect-ratio: 500\/500;\" \/><\/a><\/figure><div class=\"elementor-image-box-content\"><h3 class=\"elementor-image-box-title\"><a href=\"https:\/\/designforsustainability.medium.com\/\">Daniel Christian Wahl<\/a><\/h3><p class=\"elementor-image-box-description\"><span style=\");font-family: Arial;font-size: 13px;text-align: left\">Daniel es un consultor y educador internacional especializado en el dise\u00f1o de sistemas integrales inspirados en la biolog\u00eda y la innovaci\u00f3n transformadora. Es bi\u00f3logo (Universidad de Edimburgo y Universidad de California), tiene un m\u00e1ster en Ciencia Hol\u00edstica (Schumacher College) y un doctorado en Dise\u00f1o (CSND, Universidad de Dundee, 2006). Daniel trabaja actualmente para Gaia Education y el proyecto SMART UIB de la Universidad de las Islas Balears. Triarchy Press public\u00f3 su primer libro, Designing Regenerative Cultures, en 2016. <\/span><\/p><\/div><\/div>\t\t\t\t<\/div>\n\t\t\t\t<\/div>\n\t\t\t\t<div class=\"elementor-element elementor-element-8b58638 elementor-widget elementor-widget-spacer\" data-id=\"8b58638\" data-element_type=\"widget\" data-e-type=\"widget\" data-widget_type=\"spacer.default\">\n\t\t\t\t<div class=\"elementor-widget-container\">\n\t\t\t\t\t\t\t<div class=\"elementor-spacer\">\n\t\t\t<div class=\"elementor-spacer-inner\"><\/div>\n\t\t<\/div>\n\t\t\t\t\t\t<\/div>\n\t\t\t\t<\/div>\n\t\t\t\t<div class=\"elementor-element elementor-element-10edd50 elementor-position-left elementor-vertical-align-top elementor-widget elementor-widget-image-box\" data-id=\"10edd50\" data-element_type=\"widget\" data-e-type=\"widget\" data-widget_type=\"image-box.default\">\n\t\t\t\t<div class=\"elementor-widget-container\">\n\t\t\t\t\t<div class=\"elementor-image-box-wrapper\"><figure class=\"elementor-image-box-img\"><a href=\"https:\/\/www.educambiando.org\/\" tabindex=\"-1\"><img decoding=\"async\" data-src=\"https:\/\/re-imagining.education\/wp-content\/uploads\/elementor\/thumbs\/Dario-e1680625053937-q4ixose80ccdgpwryye42oc7l24oazezuhpm8g7y4o.jpeg\" title=\"Dar\u00edo\" alt=\"Dar\u00edo\" src=\"data:image\/svg+xml;base64,PHN2ZyB3aWR0aD0iMSIgaGVpZ2h0PSIxIiB4bWxucz0iaHR0cDovL3d3dy53My5vcmcvMjAwMC9zdmciPjwvc3ZnPg==\" class=\"lazyload\" style=\"--smush-placeholder-width: 500px; --smush-placeholder-aspect-ratio: 500\/500;\" \/><\/a><\/figure><div class=\"elementor-image-box-content\"><h3 class=\"elementor-image-box-title\"><a href=\"https:\/\/www.educambiando.org\/\">Dar\u00edo<\/a><\/h3><p class=\"elementor-image-box-description\"><span style=\");font-family: Arial;font-size: 13px;text-align: left\">Mi nombre es Dar\u00edo, tengo 21 a\u00f1os y desde los 11 supe que quer\u00eda dedicarme a crear m\u00fasica. Comenc\u00e9 mi camino autodidacta sin saberlo cuando termin\u00e9 el bachillerato, ya que decid\u00ed no estudiar en una universidad y continuar con mi proceso de aprendizaje de forma autodidacta apoy\u00e1ndome en internet y en conocidos con experiencias en mis \u00e1reas de inter\u00e9s. Actualmente dirijo mi propio proyecto art\u00edstico musical de forma independiente y colaboro con amigos artistas en sus proyectos creativos tambi\u00e9n. En los \u00faltimos dos a\u00f1os descubr\u00ed el mundo \u00e1gil y me un\u00ed al grupo de j\u00f3venes facilitadores de Educambiando para profundizar en la teor\u00eda y pr\u00e1ctica de la facilitaci\u00f3n, pues eventualmente me gustar\u00eda poder apoyar a otras personas en sus procesos de aprendizaje, as\u00ed como reunir herramientas y experiencias para coordinar mejor proyectos colaborativos en mi futuro.\n<\/span><\/p><\/div><\/div>\t\t\t\t<\/div>\n\t\t\t\t<\/div>\n\t\t\t\t<div class=\"elementor-element elementor-element-5682349 elementor-widget elementor-widget-spacer\" data-id=\"5682349\" data-element_type=\"widget\" data-e-type=\"widget\" data-widget_type=\"spacer.default\">\n\t\t\t\t<div class=\"elementor-widget-container\">\n\t\t\t\t\t\t\t<div class=\"elementor-spacer\">\n\t\t\t<div class=\"elementor-spacer-inner\"><\/div>\n\t\t<\/div>\n\t\t\t\t\t\t<\/div>\n\t\t\t\t<\/div>\n\t\t\t\t<div class=\"elementor-element elementor-element-e942664 elementor-position-left elementor-vertical-align-top elementor-widget elementor-widget-image-box\" data-id=\"e942664\" data-element_type=\"widget\" data-e-type=\"widget\" data-widget_type=\"image-box.default\">\n\t\t\t\t<div class=\"elementor-widget-container\">\n\t\t\t\t\t<div class=\"elementor-image-box-wrapper\"><figure class=\"elementor-image-box-img\"><a href=\"https:\/\/dougald.nu\/\" tabindex=\"-1\"><img decoding=\"async\" data-src=\"https:\/\/re-imagining.education\/wp-content\/uploads\/elementor\/thumbs\/Dougald-Hine-q26o29gbnpd71yajqlrim2l9bowuju74gkokxhr8g8.jpg\" title=\"Dougald Hine\" alt=\"Dougald Hine\" src=\"data:image\/svg+xml;base64,PHN2ZyB3aWR0aD0iMSIgaGVpZ2h0PSIxIiB4bWxucz0iaHR0cDovL3d3dy53My5vcmcvMjAwMC9zdmciPjwvc3ZnPg==\" class=\"lazyload\" style=\"--smush-placeholder-width: 500px; --smush-placeholder-aspect-ratio: 500\/500;\" \/><\/a><\/figure><div class=\"elementor-image-box-content\"><h3 class=\"elementor-image-box-title\"><a href=\"https:\/\/dougald.nu\/\">Dougald Hine<\/a><\/h3><p class=\"elementor-image-box-description\"><span style=\");font-family: Arial;font-size: 13px;text-align: left\"> Dougald Hine es pensador social, escritor, conferenciante y cofundador del Dark Mountain Project y de una escuela llamada HOME. Su \u00faltimo libro es At Work in the Ruins (2023) y publica nuevos ensayos en su Substack, Writing Home.\n<\/span><\/p><\/div><\/div>\t\t\t\t<\/div>\n\t\t\t\t<\/div>\n\t\t\t\t<div class=\"elementor-element elementor-element-bee9072 elementor-widget elementor-widget-spacer\" data-id=\"bee9072\" data-element_type=\"widget\" data-e-type=\"widget\" data-widget_type=\"spacer.default\">\n\t\t\t\t<div class=\"elementor-widget-container\">\n\t\t\t\t\t\t\t<div class=\"elementor-spacer\">\n\t\t\t<div class=\"elementor-spacer-inner\"><\/div>\n\t\t<\/div>\n\t\t\t\t\t\t<\/div>\n\t\t\t\t<\/div>\n\t\t\t\t<div class=\"elementor-element elementor-element-4248e13 elementor-position-left elementor-vertical-align-top elementor-widget elementor-widget-image-box\" data-id=\"4248e13\" data-element_type=\"widget\" data-e-type=\"widget\" data-widget_type=\"image-box.default\">\n\t\t\t\t<div class=\"elementor-widget-container\">\n\t\t\t\t\t<div class=\"elementor-image-box-wrapper\"><figure class=\"elementor-image-box-img\"><a href=\"https:\/\/www.djed.in\/\" tabindex=\"-1\"><img decoding=\"async\" data-src=\"https:\/\/re-imagining.education\/wp-content\/uploads\/elementor\/thumbs\/Dilip-Jain-q5ca5luz9wekwl4b0um2r85yjf7i9v2i7grm34kxvs.jpeg\" title=\"Dilip Jain\" alt=\"Dilip Jain\" src=\"data:image\/svg+xml;base64,PHN2ZyB3aWR0aD0iMSIgaGVpZ2h0PSIxIiB4bWxucz0iaHR0cDovL3d3dy53My5vcmcvMjAwMC9zdmciPjwvc3ZnPg==\" class=\"lazyload\" style=\"--smush-placeholder-width: 500px; --smush-placeholder-aspect-ratio: 500\/500;\" \/><\/a><\/figure><div class=\"elementor-image-box-content\"><h3 class=\"elementor-image-box-title\"><a href=\"https:\/\/www.djed.in\/\">Dilip Jain<\/a><\/h3><p class=\"elementor-image-box-description\"><span style=\");font-family: Arial;font-size: 13px;text-align: left\"> Dilip Jain, diplomado en Administraci\u00f3n de Empresas y MBA (SPJIMR), tuvo una pr\u00f3spera carrera empresarial que abandon\u00f3 a los 37 a\u00f1os para trabajar como voluntario en causas medioambientales y educativas con Sonam Wangchuk de Ladakh. Hace unos a\u00f1os cre\u00f3 la Fundaci\u00f3n dJED, que trabaja en la restauraci\u00f3n y regeneraci\u00f3n ecol\u00f3gicas en Maharashtra, Gujarat y Rajast\u00e1n (India). Dirige proyectos como Me2 Kids Club, Save Jawai Wildlife, Aadi Maanav Academy, RevAranya y su Fundaci\u00f3n ha adoptado la aldea tribal de Chinchwadi, donde llevan a cabo una labor exhaustiva de desarrollo basado en el modelo de Gandhi de Gram Swaraj (autogobierno). Participa activamente en la Indian Multiversities Alliance y su misi\u00f3n consiste en hacer que el mundo pase de la econom\u00eda (una parte) a la ecolog\u00eda (el todo), ya que considera que el sistema de creencias materialistas orientado al desarrollo es contraproducente.\n<\/span><\/p><\/div><\/div>\t\t\t\t<\/div>\n\t\t\t\t<\/div>\n\t\t\t\t<div class=\"elementor-element elementor-element-b57e270 elementor-widget elementor-widget-spacer\" data-id=\"b57e270\" data-element_type=\"widget\" data-e-type=\"widget\" data-widget_type=\"spacer.default\">\n\t\t\t\t<div class=\"elementor-widget-container\">\n\t\t\t\t\t\t\t<div class=\"elementor-spacer\">\n\t\t\t<div class=\"elementor-spacer-inner\"><\/div>\n\t\t<\/div>\n\t\t\t\t\t\t<\/div>\n\t\t\t\t<\/div>\n\t\t\t\t<div class=\"elementor-element elementor-element-c511b7d elementor-position-left elementor-vertical-align-top elementor-widget elementor-widget-image-box\" data-id=\"c511b7d\" data-element_type=\"widget\" data-e-type=\"widget\" data-widget_type=\"image-box.default\">\n\t\t\t\t<div class=\"elementor-widget-container\">\n\t\t\t\t\t<div class=\"elementor-image-box-wrapper\"><figure class=\"elementor-image-box-img\"><a href=\"https:\/\/unleashedlearning.org\/\" tabindex=\"-1\"><img decoding=\"async\" data-src=\"https:\/\/re-imagining.education\/wp-content\/uploads\/elementor\/thumbs\/116335772_10158669569223156_33579602115703767_o-p384scho8mkdt0q8qm8y0d51wrhh1qgbxmwr13imbs.jpg\" title=\"Eileen Walz\" alt=\"Eileen Walz\" src=\"data:image\/svg+xml;base64,PHN2ZyB3aWR0aD0iMSIgaGVpZ2h0PSIxIiB4bWxucz0iaHR0cDovL3d3dy53My5vcmcvMjAwMC9zdmciPjwvc3ZnPg==\" class=\"lazyload\" style=\"--smush-placeholder-width: 500px; --smush-placeholder-aspect-ratio: 500\/500;\" \/><\/a><\/figure><div class=\"elementor-image-box-content\"><h3 class=\"elementor-image-box-title\"><a href=\"https:\/\/unleashedlearning.org\/\">Eileen Walz<\/a><\/h3><p class=\"elementor-image-box-description\"><span style=\");font-family: Arial;font-size: 13px;text-align: left\">Eileen estimula el aprendizaje dise\u00f1ando experiencias y pregunt\u00e1ndose qu\u00e9 podemos aprender de ellas. Constantemente invita a otros a participar en su viaje de aprendizaje.\n<\/span><\/p><\/div><\/div>\t\t\t\t<\/div>\n\t\t\t\t<\/div>\n\t\t\t\t<div class=\"elementor-element elementor-element-9c1be9e elementor-widget elementor-widget-spacer\" data-id=\"9c1be9e\" data-element_type=\"widget\" data-e-type=\"widget\" data-widget_type=\"spacer.default\">\n\t\t\t\t<div class=\"elementor-widget-container\">\n\t\t\t\t\t\t\t<div class=\"elementor-spacer\">\n\t\t\t<div class=\"elementor-spacer-inner\"><\/div>\n\t\t<\/div>\n\t\t\t\t\t\t<\/div>\n\t\t\t\t<\/div>\n\t\t\t\t<div class=\"elementor-element elementor-element-7488499 elementor-position-left elementor-vertical-align-top elementor-widget elementor-widget-image-box\" data-id=\"7488499\" data-element_type=\"widget\" data-e-type=\"widget\" data-widget_type=\"image-box.default\">\n\t\t\t\t<div class=\"elementor-widget-container\">\n\t\t\t\t\t<div class=\"elementor-image-box-wrapper\"><figure class=\"elementor-image-box-img\"><a href=\"https:\/\/eliana-otta.com\/\" tabindex=\"-1\"><img decoding=\"async\" data-src=\"https:\/\/re-imagining.education\/wp-content\/uploads\/elementor\/thumbs\/Eliana-Otta-q510w4mj8aib0b5gbyuf4bwxcuw4byum090n5ejp8o.jpeg\" title=\"Eliana Otta\" alt=\"Eliana Otta\" src=\"data:image\/svg+xml;base64,PHN2ZyB3aWR0aD0iMSIgaGVpZ2h0PSIxIiB4bWxucz0iaHR0cDovL3d3dy53My5vcmcvMjAwMC9zdmciPjwvc3ZnPg==\" class=\"lazyload\" style=\"--smush-placeholder-width: 500px; --smush-placeholder-aspect-ratio: 500\/500;\" \/><\/a><\/figure><div class=\"elementor-image-box-content\"><h3 class=\"elementor-image-box-title\"><a href=\"https:\/\/eliana-otta.com\/\">Eliana Otta<\/a><\/h3><p class=\"elementor-image-box-description\"><span style=\");font-family: Arial;font-size: 13px;text-align: left\">\nArtista, investigadora, cofundadora de los colectivos Bisagra (Lima) y Mouries (Atenas), practicante y profesora de yoga, actualmente centrada en proyectos participativos que combinan duelo, intimidad, vulnerabilidad, curiosidad y alegr\u00eda.\n<\/span><\/p><\/div><\/div>\t\t\t\t<\/div>\n\t\t\t\t<\/div>\n\t\t\t\t<div class=\"elementor-element elementor-element-f7ff934 elementor-widget elementor-widget-spacer\" data-id=\"f7ff934\" data-element_type=\"widget\" data-e-type=\"widget\" data-widget_type=\"spacer.default\">\n\t\t\t\t<div class=\"elementor-widget-container\">\n\t\t\t\t\t\t\t<div class=\"elementor-spacer\">\n\t\t\t<div class=\"elementor-spacer-inner\"><\/div>\n\t\t<\/div>\n\t\t\t\t\t\t<\/div>\n\t\t\t\t<\/div>\n\t\t\t\t<div class=\"elementor-element elementor-element-f17b7ae elementor-position-left elementor-vertical-align-top elementor-widget elementor-widget-image-box\" data-id=\"f17b7ae\" data-element_type=\"widget\" data-e-type=\"widget\" data-widget_type=\"image-box.default\">\n\t\t\t\t<div class=\"elementor-widget-container\">\n\t\t\t\t\t<div class=\"elementor-image-box-wrapper\"><figure class=\"elementor-image-box-img\"><a href=\"https:\/\/www.fhu.art\/emilio-fantin\/\" tabindex=\"-1\"><img decoding=\"async\" data-src=\"https:\/\/re-imagining.education\/wp-content\/uploads\/elementor\/thumbs\/IMG-20211223-WA0001-Emilio-Fantin-e1642389195193-pj4m15o96sng2txc85nt57d48j3jl2a6w3jmssccy0.jpg\" title=\"Emilio Fantin\" alt=\"Emilio Fantin\" src=\"data:image\/svg+xml;base64,PHN2ZyB3aWR0aD0iMSIgaGVpZ2h0PSIxIiB4bWxucz0iaHR0cDovL3d3dy53My5vcmcvMjAwMC9zdmciPjwvc3ZnPg==\" class=\"lazyload\" style=\"--smush-placeholder-width: 500px; --smush-placeholder-aspect-ratio: 500\/500;\" \/><\/a><\/figure><div class=\"elementor-image-box-content\"><h3 class=\"elementor-image-box-title\"><a href=\"https:\/\/www.fhu.art\/emilio-fantin\/\">Emilio Fantin<\/a><\/h3><p class=\"elementor-image-box-description\"><span style=\");font-family: Arial;font-size: 13px;text-align: left\">Emilio Fantin establece las condiciones para el intercambio dial\u00e9ctico entre distintas formas de conocimiento. Presta gran atenci\u00f3n al di\u00e1logo, expresado como el arte de la conversaci\u00f3n, y al concepto de comunidad invisible, por el que los aspectos po\u00e9ticos y evocadores de la vida social se convierten en una forma de pr\u00e1ctica cotidiana. Adem\u00e1s de numerosos seminarios y talleres en instituciones art\u00edsticas y museos internacionales, Fantin dirigi\u00f3 talleres sobre arte y arquitectura en espacios p\u00fablicos en el Polit\u00e9cnico de Mil\u00e1n entre 2005 y 2015. Fue coordinador del proyecto Oreste (1995-2001), es miembro fundador del colectivo Lu Cafausu (2007), fundador de la Fondazione Lac o Le Mon (2015) y fan de Ecoversties.\n<\/span><\/p><\/div><\/div>\t\t\t\t<\/div>\n\t\t\t\t<\/div>\n\t\t\t\t<div class=\"elementor-element elementor-element-04a7846 elementor-widget elementor-widget-spacer\" data-id=\"04a7846\" data-element_type=\"widget\" data-e-type=\"widget\" data-widget_type=\"spacer.default\">\n\t\t\t\t<div class=\"elementor-widget-container\">\n\t\t\t\t\t\t\t<div class=\"elementor-spacer\">\n\t\t\t<div class=\"elementor-spacer-inner\"><\/div>\n\t\t<\/div>\n\t\t\t\t\t\t<\/div>\n\t\t\t\t<\/div>\n\t\t\t\t<div class=\"elementor-element elementor-element-1e4084b elementor-position-left elementor-vertical-align-top elementor-widget elementor-widget-image-box\" data-id=\"1e4084b\" data-element_type=\"widget\" data-e-type=\"widget\" data-widget_type=\"image-box.default\">\n\t\t\t\t<div class=\"elementor-widget-container\">\n\t\t\t\t\t<div class=\"elementor-image-box-wrapper\"><figure class=\"elementor-image-box-img\"><a href=\"https:\/\/www.ezbridgman.com\/\" tabindex=\"-1\"><img decoding=\"async\" data-src=\"https:\/\/re-imagining.education\/wp-content\/uploads\/elementor\/thumbs\/Screen-Shot-2023-03-03-at-9.57.13-PM-q302wbw4rc4lgno7zukdxlyzt3t3mha8vhqwolptvs.jpg\" title=\"Ez Bridgeman\" alt=\"Ez Bridgeman\" src=\"data:image\/svg+xml;base64,PHN2ZyB3aWR0aD0iMSIgaGVpZ2h0PSIxIiB4bWxucz0iaHR0cDovL3d3dy53My5vcmcvMjAwMC9zdmciPjwvc3ZnPg==\" class=\"lazyload\" style=\"--smush-placeholder-width: 500px; --smush-placeholder-aspect-ratio: 500\/500;\" \/><\/a><\/figure><div class=\"elementor-image-box-content\"><h3 class=\"elementor-image-box-title\"><a href=\"https:\/\/www.ezbridgman.com\/\">Ez Bridgeman<\/a><\/h3><p class=\"elementor-image-box-description\"><span style=\");font-family: Arial;font-size: 13px;text-align: left\">Ez Bridgman es un dise\u00f1ador de experiencias creativas y facilitador que ayuda a organizaciones y particulares a conectar con su vitalidad l\u00fadica en sus momentos m\u00e1s importantes y desafiantes. \n<\/span><\/p><\/div><\/div>\t\t\t\t<\/div>\n\t\t\t\t<\/div>\n\t\t\t\t<div class=\"elementor-element elementor-element-a1e0478 elementor-widget elementor-widget-spacer\" data-id=\"a1e0478\" data-element_type=\"widget\" data-e-type=\"widget\" data-widget_type=\"spacer.default\">\n\t\t\t\t<div class=\"elementor-widget-container\">\n\t\t\t\t\t\t\t<div class=\"elementor-spacer\">\n\t\t\t<div class=\"elementor-spacer-inner\"><\/div>\n\t\t<\/div>\n\t\t\t\t\t\t<\/div>\n\t\t\t\t<\/div>\n\t\t\t\t<div class=\"elementor-element elementor-element-35dd3e3 elementor-position-left elementor-vertical-align-top elementor-widget elementor-widget-image-box\" data-id=\"35dd3e3\" data-element_type=\"widget\" data-e-type=\"widget\" data-widget_type=\"image-box.default\">\n\t\t\t\t<div class=\"elementor-widget-container\">\n\t\t\t\t\t<div class=\"elementor-image-box-wrapper\"><figure class=\"elementor-image-box-img\"><a href=\"https:\/\/bit.ly\/Hiraya_Collective\" tabindex=\"-1\"><img decoding=\"async\" data-src=\"https:\/\/re-imagining.education\/wp-content\/uploads\/elementor\/thumbs\/Eva-q45f108s552zjadd6xlesqcqa2wl653h3meinoz53c.jpg\" title=\"Eva\" alt=\"Eva\" src=\"data:image\/svg+xml;base64,PHN2ZyB3aWR0aD0iMSIgaGVpZ2h0PSIxIiB4bWxucz0iaHR0cDovL3d3dy53My5vcmcvMjAwMC9zdmciPjwvc3ZnPg==\" class=\"lazyload\" style=\"--smush-placeholder-width: 500px; --smush-placeholder-aspect-ratio: 500\/500;\" \/><\/a><\/figure><div class=\"elementor-image-box-content\"><h3 class=\"elementor-image-box-title\"><a href=\"https:\/\/bit.ly\/Hiraya_Collective\">Eva<\/a><\/h3><p class=\"elementor-image-box-description\"><span style=\");font-family: Arial;font-size: 13px;text-align: left\">preguntona\/viajera. narradora. tejedora de conocimientos. Eva es la fundadora y coordinadora del Colectivo HIRAYA para Ciegos. El Colectivo HIRAYA pretende crear un espacio de aprendizaje creativo alternativo y accesible para la comunidad de ciegos y deficientes visuales de Filipinas y de otros pa\u00edses. HIRAYA pretende reimaginar espacios de aprendizaje que abracen la curiosidad, el juego, la innovaci\u00f3n y la vida creativa.  HIRAYA ofrece diversos talleres multisensoriales basados en 6 temas: LASAP (sabor y aroma), GALAW (movimiento y ritmo), DAMA (im\u00e1genes y sentidos), DIWA (palabras y expresi\u00f3n), ARUGA (bienestar para todos) y SAYA (juego e innovaci\u00f3n).\n<\/span><\/p><\/div><\/div>\t\t\t\t<\/div>\n\t\t\t\t<\/div>\n\t\t\t\t<div class=\"elementor-element elementor-element-d9b5b99 elementor-widget elementor-widget-spacer\" data-id=\"d9b5b99\" data-element_type=\"widget\" data-e-type=\"widget\" data-widget_type=\"spacer.default\">\n\t\t\t\t<div class=\"elementor-widget-container\">\n\t\t\t\t\t\t\t<div class=\"elementor-spacer\">\n\t\t\t<div class=\"elementor-spacer-inner\"><\/div>\n\t\t<\/div>\n\t\t\t\t\t\t<\/div>\n\t\t\t\t<\/div>\n\t\t\t\t<div class=\"elementor-element elementor-element-1f8d8d1 elementor-position-left elementor-vertical-align-top elementor-widget elementor-widget-image-box\" data-id=\"1f8d8d1\" data-element_type=\"widget\" data-e-type=\"widget\" data-widget_type=\"image-box.default\">\n\t\t\t\t<div class=\"elementor-widget-container\">\n\t\t\t\t\t<div class=\"elementor-image-box-wrapper\"><figure class=\"elementor-image-box-img\"><a href=\"https:\/\/fredericlabarthe.com\/\" tabindex=\"-1\"><img decoding=\"async\" data-src=\"https:\/\/re-imagining.education\/wp-content\/uploads\/elementor\/thumbs\/Frederic-Labarthe-q4vlgzknprxjj632lzms6mguz27bpntwrje9o5mbgo.jpeg\" title=\"Fr\u00e9d\u00e9ric Labarthe\" alt=\"Fr\u00e9d\u00e9ric Labarthe\" src=\"data:image\/svg+xml;base64,PHN2ZyB3aWR0aD0iMSIgaGVpZ2h0PSIxIiB4bWxucz0iaHR0cDovL3d3dy53My5vcmcvMjAwMC9zdmciPjwvc3ZnPg==\" class=\"lazyload\" style=\"--smush-placeholder-width: 500px; --smush-placeholder-aspect-ratio: 500\/500;\" \/><\/a><\/figure><div class=\"elementor-image-box-content\"><h3 class=\"elementor-image-box-title\"><a href=\"https:\/\/fredericlabarthe.com\/\">Fr\u00e9d\u00e9ric Labarthe<\/a><\/h3><p class=\"elementor-image-box-description\"><span style=\");font-family: Arial;font-size: 13px;text-align: left\">Mentora\/curandera\/profesora aut\u00f3noma, un coraz\u00f3n vivo y una fe casi misionera en el poder que todos tenemos para curarnos, amarnos, empoderarnos y crecer para bien.\n\n<\/span><\/p><\/div><\/div>\t\t\t\t<\/div>\n\t\t\t\t<\/div>\n\t\t\t\t<div class=\"elementor-element elementor-element-0d7e8ba elementor-widget elementor-widget-spacer\" data-id=\"0d7e8ba\" data-element_type=\"widget\" data-e-type=\"widget\" data-widget_type=\"spacer.default\">\n\t\t\t\t<div class=\"elementor-widget-container\">\n\t\t\t\t\t\t\t<div class=\"elementor-spacer\">\n\t\t\t<div class=\"elementor-spacer-inner\"><\/div>\n\t\t<\/div>\n\t\t\t\t\t\t<\/div>\n\t\t\t\t<\/div>\n\t\t\t\t<div class=\"elementor-element elementor-element-74c40c5 elementor-position-left elementor-vertical-align-top elementor-widget elementor-widget-image-box\" data-id=\"74c40c5\" data-element_type=\"widget\" data-e-type=\"widget\" data-widget_type=\"image-box.default\">\n\t\t\t\t<div class=\"elementor-widget-container\">\n\t\t\t\t\t<div class=\"elementor-image-box-wrapper\"><figure class=\"elementor-image-box-img\"><a href=\"https:\/\/www.postgrowth.org\/post-growth-fellowship\" tabindex=\"-1\"><img decoding=\"async\" data-src=\"https:\/\/re-imagining.education\/wp-content\/uploads\/elementor\/thumbs\/Franco-Augusto-q510wmhgu56r4wfifokbxpeon6g3e7tiepev9nt7yg.jpg\" title=\"Franco Augusto\" alt=\"Franco Augusto\" src=\"data:image\/svg+xml;base64,PHN2ZyB3aWR0aD0iMSIgaGVpZ2h0PSIxIiB4bWxucz0iaHR0cDovL3d3dy53My5vcmcvMjAwMC9zdmciPjwvc3ZnPg==\" class=\"lazyload\" style=\"--smush-placeholder-width: 500px; --smush-placeholder-aspect-ratio: 500\/500;\" \/><\/a><\/figure><div class=\"elementor-image-box-content\"><h3 class=\"elementor-image-box-title\"><a href=\"https:\/\/www.postgrowth.org\/post-growth-fellowship\">Franco Augusto<\/a><\/h3><p class=\"elementor-image-box-description\"><span style=\");font-family: Arial;font-size: 13px;text-align: left\">Franco es activista social, intelectual no profesionalizado, padre sin estudios, cocreador de proyectos colaborativos y documentalista de alternativas en todo el planeta, colaborando con procesos de transformaci\u00f3n social desde hace m\u00e1s de 20 a\u00f1os. Co-coordina el Tapiz Global de Alternativas, un proceso internacional que conecta redes de Alternativas Radicales. Franco tambi\u00e9n dirige la investigaci\u00f3n-acci\u00f3n Acervus Project, que busca recuperar y reintroducir las ra\u00edces hist\u00f3ricas de las ideas postindustriales\/poscrecimiento\/posdesarrollo. Tambi\u00e9n es miembro del Post-Growth Institute. Ha participado en diversas redes y proyectos tem\u00e1ticos, como: REEVO red de educaci\u00f3n alternativa, Ecoversities Alliance, Enlivened Cooperative, el Proyecto GNU, y el proyecto cinematogr\u00e1fico The Forbidden Education entre otros. Es amigo de los goliardos, aprendiz de las abuelas y seguidor de los muertos.\n<\/span><\/p><\/div><\/div>\t\t\t\t<\/div>\n\t\t\t\t<\/div>\n\t\t\t\t<div class=\"elementor-element elementor-element-410419b elementor-widget elementor-widget-spacer\" data-id=\"410419b\" data-element_type=\"widget\" data-e-type=\"widget\" data-widget_type=\"spacer.default\">\n\t\t\t\t<div class=\"elementor-widget-container\">\n\t\t\t\t\t\t\t<div class=\"elementor-spacer\">\n\t\t\t<div class=\"elementor-spacer-inner\"><\/div>\n\t\t<\/div>\n\t\t\t\t\t\t<\/div>\n\t\t\t\t<\/div>\n\t\t\t\t<div class=\"elementor-element elementor-element-b1ad312 elementor-position-left elementor-vertical-align-top elementor-widget elementor-widget-image-box\" data-id=\"b1ad312\" data-element_type=\"widget\" data-e-type=\"widget\" data-widget_type=\"image-box.default\">\n\t\t\t\t<div class=\"elementor-widget-container\">\n\t\t\t\t\t<div class=\"elementor-image-box-wrapper\"><figure class=\"elementor-image-box-img\"><a href=\"https:\/\/www.learningplanetinstitute.org\/en\/\" tabindex=\"-1\"><img decoding=\"async\" data-src=\"https:\/\/re-imagining.education\/wp-content\/uploads\/elementor\/thumbs\/Gaell-Mainguy-1-pkfjmc96ivqogbycvodm1ojag1iir91j8suuho8l1k.jpeg\" title=\"Gaell Mainguy\" alt=\"Gaell Mainguy\" src=\"data:image\/svg+xml;base64,PHN2ZyB3aWR0aD0iMSIgaGVpZ2h0PSIxIiB4bWxucz0iaHR0cDovL3d3dy53My5vcmcvMjAwMC9zdmciPjwvc3ZnPg==\" class=\"lazyload\" style=\"--smush-placeholder-width: 500px; --smush-placeholder-aspect-ratio: 500\/500;\" \/><\/a><\/figure><div class=\"elementor-image-box-content\"><h3 class=\"elementor-image-box-title\"><a href=\"https:\/\/www.learningplanetinstitute.org\/en\/\">Gaell Mainguy<\/a><\/h3><p class=\"elementor-image-box-description\"><span style=\");font-family: Arial;font-size: 13px;text-align: left\">Gaell es vicepresidente ejecutivo del Learning Planet Institute y ense\u00f1a enfoques sist\u00e9micos de la sostenibilidad y mecanismos de aprendizaje. Tambi\u00e9n es autor del MOOC \"\u00bfQu\u00e9 caminos para un mundo sostenible?\" y miembro del consejo cient\u00edfico del Instituto de Investigaci\u00f3n para el Desarrollo (IRD).\n<\/span><\/p><\/div><\/div>\t\t\t\t<\/div>\n\t\t\t\t<\/div>\n\t\t\t\t<div class=\"elementor-element elementor-element-0611c38 elementor-widget elementor-widget-spacer\" data-id=\"0611c38\" data-element_type=\"widget\" data-e-type=\"widget\" data-widget_type=\"spacer.default\">\n\t\t\t\t<div class=\"elementor-widget-container\">\n\t\t\t\t\t\t\t<div class=\"elementor-spacer\">\n\t\t\t<div class=\"elementor-spacer-inner\"><\/div>\n\t\t<\/div>\n\t\t\t\t\t\t<\/div>\n\t\t\t\t<\/div>\n\t\t\t\t<div class=\"elementor-element elementor-element-929c671 elementor-position-left elementor-vertical-align-top elementor-widget elementor-widget-image-box\" data-id=\"929c671\" data-element_type=\"widget\" data-e-type=\"widget\" data-widget_type=\"image-box.default\">\n\t\t\t\t<div class=\"elementor-widget-container\">\n\t\t\t\t\t<div class=\"elementor-image-box-wrapper\"><figure class=\"elementor-image-box-img\"><a href=\"http:\/\/gregorypettys.substack.com\" tabindex=\"-1\"><img decoding=\"async\" data-src=\"https:\/\/re-imagining.education\/wp-content\/uploads\/elementor\/thumbs\/Gregory-Pettys-q5epwfbglil7gyrcqrlyklylo3smrscxi5xavuyxl4.jpeg\" title=\"Gregory Pettys\" alt=\"Gregory Pettys\" src=\"data:image\/svg+xml;base64,PHN2ZyB3aWR0aD0iMSIgaGVpZ2h0PSIxIiB4bWxucz0iaHR0cDovL3d3dy53My5vcmcvMjAwMC9zdmciPjwvc3ZnPg==\" class=\"lazyload\" style=\"--smush-placeholder-width: 500px; --smush-placeholder-aspect-ratio: 500\/500;\" \/><\/a><\/figure><div class=\"elementor-image-box-content\"><h3 class=\"elementor-image-box-title\"><a href=\"http:\/\/gregorypettys.substack.com\">Gregory Pettys<\/a><\/h3><p class=\"elementor-image-box-description\"><span style=\");font-family: Arial;font-size: 13px;text-align: left\">Gregory es padre, marido y acad\u00e9mico en recuperaci\u00f3n reconvertido en agricultor ecol\u00f3gico\/ahorrador de semillas que vive la mitad del a\u00f1o en Paonia, Colorado, donde su familia ayuda a alimentar una escuela etnobot\u00e1nica no escolarizada (layinggroundwork.org) y la otra mitad en una ecoaldea del norte de Tailandia (punpunthailand.org) dedicada a ense\u00f1ar habilidades de autosuficiencia donde los ni\u00f1os (y los adultos) se cr\u00edan libremente, sabiamente.\n<\/span><\/p><\/div><\/div>\t\t\t\t<\/div>\n\t\t\t\t<\/div>\n\t\t\t\t<div class=\"elementor-element elementor-element-8f7b5a3 elementor-widget elementor-widget-spacer\" data-id=\"8f7b5a3\" data-element_type=\"widget\" data-e-type=\"widget\" data-widget_type=\"spacer.default\">\n\t\t\t\t<div class=\"elementor-widget-container\">\n\t\t\t\t\t\t\t<div class=\"elementor-spacer\">\n\t\t\t<div class=\"elementor-spacer-inner\"><\/div>\n\t\t<\/div>\n\t\t\t\t\t\t<\/div>\n\t\t\t\t<\/div>\n\t\t\t\t<div class=\"elementor-element elementor-element-23824b8 elementor-position-left elementor-vertical-align-top elementor-widget elementor-widget-image-box\" data-id=\"23824b8\" data-element_type=\"widget\" data-e-type=\"widget\" data-widget_type=\"image-box.default\">\n\t\t\t\t<div class=\"elementor-widget-container\">\n\t\t\t\t\t<div class=\"elementor-image-box-wrapper\"><figure class=\"elementor-image-box-img\"><a href=\"https:\/\/www.facebook.com\/people\/Hiraya-Collective-PH\/100087086414554\/\" tabindex=\"-1\"><img decoding=\"async\" data-src=\"https:\/\/re-imagining.education\/wp-content\/uploads\/elementor\/thumbs\/Hagg-Perez-q4prz2t9jtmimf4p2gh6garaxpbg5zyy6jssne32bs.jpg\" title=\"Hagg P\u00e9rez\" alt=\"Hagg P\u00e9rez\" src=\"data:image\/svg+xml;base64,PHN2ZyB3aWR0aD0iMSIgaGVpZ2h0PSIxIiB4bWxucz0iaHR0cDovL3d3dy53My5vcmcvMjAwMC9zdmciPjwvc3ZnPg==\" class=\"lazyload\" style=\"--smush-placeholder-width: 500px; --smush-placeholder-aspect-ratio: 500\/500;\" \/><\/a><\/figure><div class=\"elementor-image-box-content\"><h3 class=\"elementor-image-box-title\"><a href=\"https:\/\/www.facebook.com\/people\/Hiraya-Collective-PH\/100087086414554\/\">Hagg P\u00e9rez<\/a><\/h3><p class=\"elementor-image-box-description\"><span style=\");font-family: Arial;font-size: 13px;text-align: left\">Hagg es uno de los coordinadores del Colectivo HIRAYA. Es ge\u00f3logo, buscador de rocas, monta\u00f1ero y actor. Su campo de inter\u00e9s se centra en c\u00f3mo la naturaleza (terrestre, de transici\u00f3n a marina) se comporta en equilibrio y su vinculaci\u00f3n con el arte para transmitir una comunicaci\u00f3n cient\u00edfica alternativa para todos. Hace campa\u00f1a por un mundo en el que todos puedan maravillarse con los innumerables procesos de la Tierra. Facilita ejercicios de improvisaci\u00f3n teatral y de conjunto para el Colectivo HIRAYA.\n<\/span><\/p><\/div><\/div>\t\t\t\t<\/div>\n\t\t\t\t<\/div>\n\t\t\t\t<div class=\"elementor-element elementor-element-619dc28 elementor-widget elementor-widget-spacer\" data-id=\"619dc28\" data-element_type=\"widget\" data-e-type=\"widget\" data-widget_type=\"spacer.default\">\n\t\t\t\t<div class=\"elementor-widget-container\">\n\t\t\t\t\t\t\t<div class=\"elementor-spacer\">\n\t\t\t<div class=\"elementor-spacer-inner\"><\/div>\n\t\t<\/div>\n\t\t\t\t\t\t<\/div>\n\t\t\t\t<\/div>\n\t\t\t\t<div class=\"elementor-element elementor-element-000c948 elementor-position-left elementor-vertical-align-top elementor-widget elementor-widget-image-box\" data-id=\"000c948\" data-element_type=\"widget\" data-e-type=\"widget\" data-widget_type=\"image-box.default\">\n\t\t\t\t<div class=\"elementor-widget-container\">\n\t\t\t\t\t<div class=\"elementor-image-box-wrapper\"><figure class=\"elementor-image-box-img\"><img decoding=\"async\" data-src=\"https:\/\/re-imagining.education\/wp-content\/uploads\/elementor\/thumbs\/Hibist-Kassa-q51777gwafd1szb1cmgrzj0roxncvlc686qhwvus20.jpeg\" title=\"Hibist Kassa\" alt=\"Hibist Kassa\" src=\"data:image\/svg+xml;base64,PHN2ZyB3aWR0aD0iMSIgaGVpZ2h0PSIxIiB4bWxucz0iaHR0cDovL3d3dy53My5vcmcvMjAwMC9zdmciPjwvc3ZnPg==\" class=\"lazyload\" style=\"--smush-placeholder-width: 500px; --smush-placeholder-aspect-ratio: 500\/500;\" \/><\/figure><div class=\"elementor-image-box-content\"><h3 class=\"elementor-image-box-title\">Hibist Kassa<\/h3><p class=\"elementor-image-box-description\"><span style=\");font-family: Arial;font-size: 13px;text-align: left\">La Dra. Hibist Kassa es una feminista basada en las tradiciones materialistas hist\u00f3ricas de \u00c1frica. Hibist ha dedicado catorce a\u00f1os a comprender la econom\u00eda pol\u00edtica africana desde el punto de vista del movimiento feminista de Ghana y, posteriormente, de todo el mundo. Es Policy Interface Fellow en la Universidad de Leicester.\n<\/span><\/p><\/div><\/div>\t\t\t\t<\/div>\n\t\t\t\t<\/div>\n\t\t\t\t<div class=\"elementor-element elementor-element-8ca591d elementor-widget elementor-widget-spacer\" data-id=\"8ca591d\" data-element_type=\"widget\" data-e-type=\"widget\" data-widget_type=\"spacer.default\">\n\t\t\t\t<div class=\"elementor-widget-container\">\n\t\t\t\t\t\t\t<div class=\"elementor-spacer\">\n\t\t\t<div class=\"elementor-spacer-inner\"><\/div>\n\t\t<\/div>\n\t\t\t\t\t\t<\/div>\n\t\t\t\t<\/div>\n\t\t\t\t<div class=\"elementor-element elementor-element-1eccec5 elementor-position-left elementor-vertical-align-top elementor-widget elementor-widget-image-box\" data-id=\"1eccec5\" data-element_type=\"widget\" data-e-type=\"widget\" data-widget_type=\"image-box.default\">\n\t\t\t\t<div class=\"elementor-widget-container\">\n\t\t\t\t\t<div class=\"elementor-image-box-wrapper\"><figure class=\"elementor-image-box-img\"><a href=\"https:\/\/projectdefy.org\/2021\/12\/21\/our-goal-is-to-break-the-myth-that-education-leads-to-prosperity-and-equality\/\" tabindex=\"-1\"><img decoding=\"async\" data-src=\"https:\/\/re-imagining.education\/wp-content\/uploads\/elementor\/thumbs\/Boicha-Huidrom-scaled-q3q8y6pbmln0zhwkwaslcker4mq9hqxw9hsz2dazrc.jpg\" title=\"Boicha Huidrom\" alt=\"Boicha Huidrom\" src=\"data:image\/svg+xml;base64,PHN2ZyB3aWR0aD0iMSIgaGVpZ2h0PSIxIiB4bWxucz0iaHR0cDovL3d3dy53My5vcmcvMjAwMC9zdmciPjwvc3ZnPg==\" class=\"lazyload\" style=\"--smush-placeholder-width: 500px; --smush-placeholder-aspect-ratio: 500\/500;\" \/><\/a><\/figure><div class=\"elementor-image-box-content\"><h3 class=\"elementor-image-box-title\"><a href=\"https:\/\/projectdefy.org\/2021\/12\/21\/our-goal-is-to-break-the-myth-that-education-leads-to-prosperity-and-equality\/\">Huidrom Boicha<\/a><\/h3><p class=\"elementor-image-box-description\"><span style=\");font-family: Arial;font-size: 13px;text-align: left\">Huidrom Boicha es un aprendiz de por vida, lector, \u00e1vido fot\u00f3grafo y entusiasta de los viajes. Trabaja en el Proyecto DEFY y ha creado espacios de aprendizaje autodise\u00f1ados con diferentes comunidades.\n<\/span><\/p><\/div><\/div>\t\t\t\t<\/div>\n\t\t\t\t<\/div>\n\t\t\t\t<div class=\"elementor-element elementor-element-91bc3ae elementor-widget elementor-widget-spacer\" data-id=\"91bc3ae\" data-element_type=\"widget\" data-e-type=\"widget\" data-widget_type=\"spacer.default\">\n\t\t\t\t<div class=\"elementor-widget-container\">\n\t\t\t\t\t\t\t<div class=\"elementor-spacer\">\n\t\t\t<div class=\"elementor-spacer-inner\"><\/div>\n\t\t<\/div>\n\t\t\t\t\t\t<\/div>\n\t\t\t\t<\/div>\n\t\t\t\t<div class=\"elementor-element elementor-element-dd3f3fe elementor-position-left elementor-vertical-align-top elementor-widget elementor-widget-image-box\" data-id=\"dd3f3fe\" data-element_type=\"widget\" data-e-type=\"widget\" data-widget_type=\"image-box.default\">\n\t\t\t\t<div class=\"elementor-widget-container\">\n\t\t\t\t\t<div class=\"elementor-image-box-wrapper\"><figure class=\"elementor-image-box-img\"><a href=\"https:\/\/crazybeautiful.world\/\" tabindex=\"-1\"><img decoding=\"async\" data-src=\"https:\/\/re-imagining.education\/wp-content\/uploads\/elementor\/thumbs\/Inez-Aponte-q5cabnxjbgp3q4bjngvitp4wctcnvn48dg49fblls8.jpeg\" title=\"In\u00e9s Aponte\" alt=\"In\u00e9s Aponte\" src=\"data:image\/svg+xml;base64,PHN2ZyB3aWR0aD0iMSIgaGVpZ2h0PSIxIiB4bWxucz0iaHR0cDovL3d3dy53My5vcmcvMjAwMC9zdmciPjwvc3ZnPg==\" class=\"lazyload\" style=\"--smush-placeholder-width: 500px; --smush-placeholder-aspect-ratio: 500\/500;\" \/><\/a><\/figure><div class=\"elementor-image-box-content\"><h3 class=\"elementor-image-box-title\"><a href=\"https:\/\/crazybeautiful.world\/\">In\u00e9s Aponte<\/a><\/h3><p class=\"elementor-image-box-description\"><span style=\");font-family: Arial;font-size: 13px;text-align: left\">Inez cuenta con 25 a\u00f1os de experiencia en facilitaci\u00f3n creativa, narraci\u00f3n de espect\u00e1culos, dise\u00f1o participativo y gesti\u00f3n de eventos. Centr\u00e1ndose en la interacci\u00f3n entre el lenguaje, la narraci\u00f3n y el cambio de comportamiento, trata de cultivar nuestra \"imaginaci\u00f3n colectiva radical\".\nSu trabajo con los j\u00f3venes en las comunidades y la educaci\u00f3n, y su papel como madre, le han ofrecido una visi\u00f3n \u00fanica del mundo de la vida de los j\u00f3venes. Su enfoque es a la vez sensible y alegre, lo que le permite conectar con muchas personas y grupos diferentes.\n<\/span><\/p><\/div><\/div>\t\t\t\t<\/div>\n\t\t\t\t<\/div>\n\t\t\t\t<div class=\"elementor-element elementor-element-5ff1377 elementor-widget elementor-widget-spacer\" data-id=\"5ff1377\" data-element_type=\"widget\" data-e-type=\"widget\" data-widget_type=\"spacer.default\">\n\t\t\t\t<div class=\"elementor-widget-container\">\n\t\t\t\t\t\t\t<div class=\"elementor-spacer\">\n\t\t\t<div class=\"elementor-spacer-inner\"><\/div>\n\t\t<\/div>\n\t\t\t\t\t\t<\/div>\n\t\t\t\t<\/div>\n\t\t\t\t<div class=\"elementor-element elementor-element-119872e elementor-position-left elementor-vertical-align-top elementor-widget elementor-widget-image-box\" data-id=\"119872e\" data-element_type=\"widget\" data-e-type=\"widget\" data-widget_type=\"image-box.default\">\n\t\t\t\t<div class=\"elementor-widget-container\">\n\t\t\t\t\t<div class=\"elementor-image-box-wrapper\"><figure class=\"elementor-image-box-img\"><a href=\"https:\/\/www.bethechangeearthalliance.org\/jake_hubley\" tabindex=\"-1\"><img decoding=\"async\" data-src=\"https:\/\/re-imagining.education\/wp-content\/uploads\/elementor\/thumbs\/Jake-Hubley-scaled-q45f1v9geo9g6f4b5t03l0ixvsnp85im7vxjhtp5e0.jpg\" title=\"Jake Hubley\" alt=\"Jake Hubley\" src=\"data:image\/svg+xml;base64,PHN2ZyB3aWR0aD0iMSIgaGVpZ2h0PSIxIiB4bWxucz0iaHR0cDovL3d3dy53My5vcmcvMjAwMC9zdmciPjwvc3ZnPg==\" class=\"lazyload\" style=\"--smush-placeholder-width: 500px; --smush-placeholder-aspect-ratio: 500\/500;\" \/><\/a><\/figure><div class=\"elementor-image-box-content\"><h3 class=\"elementor-image-box-title\"><a href=\"https:\/\/www.bethechangeearthalliance.org\/jake_hubley\">Jake Hubley <\/a><\/h3><p class=\"elementor-image-box-description\"><span style=\");font-family: Arial;font-size: 13px;text-align: left\">Jake es coach integrador, instructor de meditaci\u00f3n y atenci\u00f3n plena y facilitador ecoconectivo al servicio de nuestra transici\u00f3n consciente hacia futuros regenerativos y emergentes a trav\u00e9s de la educaci\u00f3n, el liderazgo y el ser. Con m\u00e1s de 10 a\u00f1os de experiencia en diversas capacidades de cambio, Jake ahora sirve a los agentes de cambio para vivir vidas significativas, alineadas y aut\u00e9nticas, mientras crea un impacto extraordinario frente a la incertidumbre. \n<\/span><\/p><\/div><\/div>\t\t\t\t<\/div>\n\t\t\t\t<\/div>\n\t\t\t\t<div class=\"elementor-element elementor-element-d4f2073 elementor-widget elementor-widget-spacer\" data-id=\"d4f2073\" data-element_type=\"widget\" data-e-type=\"widget\" data-widget_type=\"spacer.default\">\n\t\t\t\t<div class=\"elementor-widget-container\">\n\t\t\t\t\t\t\t<div class=\"elementor-spacer\">\n\t\t\t<div class=\"elementor-spacer-inner\"><\/div>\n\t\t<\/div>\n\t\t\t\t\t\t<\/div>\n\t\t\t\t<\/div>\n\t\t\t\t<div class=\"elementor-element elementor-element-63f7682 elementor-position-left elementor-vertical-align-top elementor-widget elementor-widget-image-box\" data-id=\"63f7682\" data-element_type=\"widget\" data-e-type=\"widget\" data-widget_type=\"image-box.default\">\n\t\t\t\t<div class=\"elementor-widget-container\">\n\t\t\t\t\t<div class=\"elementor-image-box-wrapper\"><figure class=\"elementor-image-box-img\"><a href=\"https:\/\/www.facebook.com\/people\/Hiraya-Collective-PH\/100087086414554\/\" tabindex=\"-1\"><img decoding=\"async\" data-src=\"https:\/\/re-imagining.education\/wp-content\/uploads\/elementor\/thumbs\/Jaelene-Mina-Reynado-e1729272049848-qvr0bk0xt9ueva6xfzip3hx5qwdhdb75bw21affjpk.jpg\" title=\"Jaelene Mina-Reynado\" alt=\"Jaelene Mina-Reynado\" src=\"data:image\/svg+xml;base64,PHN2ZyB3aWR0aD0iMSIgaGVpZ2h0PSIxIiB4bWxucz0iaHR0cDovL3d3dy53My5vcmcvMjAwMC9zdmciPjwvc3ZnPg==\" class=\"lazyload\" style=\"--smush-placeholder-width: 500px; --smush-placeholder-aspect-ratio: 500\/500;\" \/><\/a><\/figure><div class=\"elementor-image-box-content\"><h3 class=\"elementor-image-box-title\"><a href=\"https:\/\/www.facebook.com\/people\/Hiraya-Collective-PH\/100087086414554\/\">Jaelene Mina-Reynado<\/a><\/h3><p class=\"elementor-image-box-description\"><span style=\");font-family: Arial;font-size: 13px;text-align: left\">Jaelene es profesora profesional licenciada y profesional certificada en competencia b\u00e1sica de accesibilidad. Es defensora de los discapacitados, uno de los miembros de VIFAL y convocante del Colectivo HIRAYA. Le encanta viajar, escuchar podcasts de ficci\u00f3n, leer libros y aprender cosas nuevas.<\/span><\/p><\/div><\/div>\t\t\t\t<\/div>\n\t\t\t\t<\/div>\n\t\t\t\t<div class=\"elementor-element elementor-element-07d838a elementor-widget elementor-widget-spacer\" data-id=\"07d838a\" data-element_type=\"widget\" data-e-type=\"widget\" data-widget_type=\"spacer.default\">\n\t\t\t\t<div class=\"elementor-widget-container\">\n\t\t\t\t\t\t\t<div class=\"elementor-spacer\">\n\t\t\t<div class=\"elementor-spacer-inner\"><\/div>\n\t\t<\/div>\n\t\t\t\t\t\t<\/div>\n\t\t\t\t<\/div>\n\t\t\t\t<div class=\"elementor-element elementor-element-6b8758e elementor-position-left elementor-vertical-align-top elementor-widget elementor-widget-image-box\" data-id=\"6b8758e\" data-element_type=\"widget\" data-e-type=\"widget\" data-widget_type=\"image-box.default\">\n\t\t\t\t<div class=\"elementor-widget-container\">\n\t\t\t\t\t<div class=\"elementor-image-box-wrapper\"><figure class=\"elementor-image-box-img\"><a href=\"https:\/\/www.jenniferbrowdy.com\/\" tabindex=\"-1\"><img decoding=\"async\" data-src=\"https:\/\/re-imagining.education\/wp-content\/uploads\/elementor\/thumbs\/Jennifer-Browdy-q26o4rotvssq0inh3orp9fticok32s5cszb7021fuw.jpg\" title=\"Jennifer Browdy\" alt=\"Jennifer Browdy\" src=\"data:image\/svg+xml;base64,PHN2ZyB3aWR0aD0iMSIgaGVpZ2h0PSIxIiB4bWxucz0iaHR0cDovL3d3dy53My5vcmcvMjAwMC9zdmciPjwvc3ZnPg==\" class=\"lazyload\" style=\"--smush-placeholder-width: 500px; --smush-placeholder-aspect-ratio: 500\/500;\" \/><\/a><\/figure><div class=\"elementor-image-box-content\"><h3 class=\"elementor-image-box-title\"><a href=\"https:\/\/www.jenniferbrowdy.com\/\">Jennifer Browdy<\/a><\/h3><p class=\"elementor-image-box-description\"><span style=\");font-family: Arial;font-size: 13px;text-align: left\">Jennifer Browdy, PhD, es profesora universitaria de artes medi\u00e1ticas, galardonada escritora de memorias y profesora de escritura, entrenadora de autores, editora y editora. Como cofundadora de los talleres de escritura y la comunidad en l\u00ednea Birth Your Truest Story, se dedica a ayudar a todos los escritores a contar sus historias m\u00e1s verdaderas, en ficci\u00f3n o en memorias.\n<\/span><\/p><\/div><\/div>\t\t\t\t<\/div>\n\t\t\t\t<\/div>\n\t\t\t\t<div class=\"elementor-element elementor-element-58e7a13 elementor-widget elementor-widget-spacer\" data-id=\"58e7a13\" data-element_type=\"widget\" data-e-type=\"widget\" data-widget_type=\"spacer.default\">\n\t\t\t\t<div class=\"elementor-widget-container\">\n\t\t\t\t\t\t\t<div class=\"elementor-spacer\">\n\t\t\t<div class=\"elementor-spacer-inner\"><\/div>\n\t\t<\/div>\n\t\t\t\t\t\t<\/div>\n\t\t\t\t<\/div>\n\t\t\t\t<div class=\"elementor-element elementor-element-e53df67 elementor-position-left elementor-vertical-align-top elementor-widget elementor-widget-image-box\" data-id=\"e53df67\" data-element_type=\"widget\" data-e-type=\"widget\" data-widget_type=\"image-box.default\">\n\t\t\t\t<div class=\"elementor-widget-container\">\n\t\t\t\t\t<div class=\"elementor-image-box-wrapper\"><figure class=\"elementor-image-box-img\"><a href=\"http:\/\/www.huellasandinas.org\" tabindex=\"-1\"><img decoding=\"async\" data-src=\"https:\/\/re-imagining.education\/wp-content\/uploads\/elementor\/thumbs\/Jeronimo-Derkinderen-scaled-e1729272095701-qvr0cr9ijnhlpcg4fi7ja70d2mgd7dystu2dd5nfrc.jpg\" title=\"Jer\u00f3nimo Derkinderen\" alt=\"Jer\u00f3nimo Derkinderen\" src=\"data:image\/svg+xml;base64,PHN2ZyB3aWR0aD0iMSIgaGVpZ2h0PSIxIiB4bWxucz0iaHR0cDovL3d3dy53My5vcmcvMjAwMC9zdmciPjwvc3ZnPg==\" class=\"lazyload\" style=\"--smush-placeholder-width: 500px; --smush-placeholder-aspect-ratio: 500\/500;\" \/><\/a><\/figure><div class=\"elementor-image-box-content\"><h3 class=\"elementor-image-box-title\"><a href=\"http:\/\/www.huellasandinas.org\">Jer\u00f3nimo Derkinderen<\/a><\/h3><p class=\"elementor-image-box-description\"><span style=\");font-family: Arial;font-size: 13px;text-align: left\">Jer\u00f3nimo Derkinderen es alpinista y escalador aficionado, y miembro de un club de monta\u00f1ismo quite\u00f1o. Actualmente cursa un programa de doctorado en Historia de Am\u00e9rica Latina en la Universidad Andina Sim\u00f3n Bol\u00edvar de Quito (Ecuador), donde se especializa en historia del monta\u00f1ismo. Su investigaci\u00f3n se centra en el andinismo ecuatoriano de la segunda mitad del siglo XX. Sus principales preocupaciones son las facetas sociales, medioambientales e interconectadas de la pr\u00e1ctica de la actividad. Cuando no est\u00e1 leyendo sobre historia del monta\u00f1ismo, se pregunta por qu\u00e9 le gusta pasar miedo en los terrenos escarpados de las monta\u00f1as.\n<\/span><\/p><\/div><\/div>\t\t\t\t<\/div>\n\t\t\t\t<\/div>\n\t\t\t\t<div class=\"elementor-element elementor-element-e433c13 elementor-widget elementor-widget-spacer\" data-id=\"e433c13\" data-element_type=\"widget\" data-e-type=\"widget\" data-widget_type=\"spacer.default\">\n\t\t\t\t<div class=\"elementor-widget-container\">\n\t\t\t\t\t\t\t<div class=\"elementor-spacer\">\n\t\t\t<div class=\"elementor-spacer-inner\"><\/div>\n\t\t<\/div>\n\t\t\t\t\t\t<\/div>\n\t\t\t\t<\/div>\n\t\t\t\t<div class=\"elementor-element elementor-element-cc0e1c8 elementor-position-left elementor-vertical-align-top elementor-widget elementor-widget-image-box\" data-id=\"cc0e1c8\" data-element_type=\"widget\" data-e-type=\"widget\" data-widget_type=\"image-box.default\">\n\t\t\t\t<div class=\"elementor-widget-container\">\n\t\t\t\t\t<div class=\"elementor-image-box-wrapper\"><figure class=\"elementor-image-box-img\"><a href=\"https:\/\/kbjinan.in\/\" tabindex=\"-1\"><img decoding=\"async\" data-src=\"https:\/\/re-imagining.education\/wp-content\/uploads\/elementor\/thumbs\/Screen-Shot-2021-12-21-at-9.18.44-PM-phvdg38jhvvlb9x1sx4ktjn2fsb6cry555ma7c8vbc.jpg\" title=\"Joe Brewer\" alt=\"Joe Brewer\" src=\"data:image\/svg+xml;base64,PHN2ZyB3aWR0aD0iMSIgaGVpZ2h0PSIxIiB4bWxucz0iaHR0cDovL3d3dy53My5vcmcvMjAwMC9zdmciPjwvc3ZnPg==\" class=\"lazyload\" style=\"--smush-placeholder-width: 500px; --smush-placeholder-aspect-ratio: 500\/500;\" \/><\/a><\/figure><div class=\"elementor-image-box-content\"><h3 class=\"elementor-image-box-title\"><a href=\"https:\/\/kbjinan.in\/\">Joe Brewer<\/a><\/h3><p class=\"elementor-image-box-description\"><span style=\");font-family: Arial;font-size: 13px;text-align: left\">Joe tiene una formaci\u00f3n \u00fanica en f\u00edsica, matem\u00e1ticas, filosof\u00eda, ciencias atmosf\u00e9ricas, investigaci\u00f3n de la complejidad y ling\u00fc\u00edstica cognitiva. Hace m\u00e1s de una d\u00e9cada, abandon\u00f3 el mundo acad\u00e9mico para abrir camino a otros investigadores. \n<\/span><\/p><\/div><\/div>\t\t\t\t<\/div>\n\t\t\t\t<\/div>\n\t\t\t\t<div class=\"elementor-element elementor-element-1f2e6d2 elementor-widget elementor-widget-spacer\" data-id=\"1f2e6d2\" data-element_type=\"widget\" data-e-type=\"widget\" data-widget_type=\"spacer.default\">\n\t\t\t\t<div class=\"elementor-widget-container\">\n\t\t\t\t\t\t\t<div class=\"elementor-spacer\">\n\t\t\t<div class=\"elementor-spacer-inner\"><\/div>\n\t\t<\/div>\n\t\t\t\t\t\t<\/div>\n\t\t\t\t<\/div>\n\t\t\t\t<div class=\"elementor-element elementor-element-9915e99 elementor-position-left elementor-vertical-align-top elementor-widget elementor-widget-image-box\" data-id=\"9915e99\" data-element_type=\"widget\" data-e-type=\"widget\" data-widget_type=\"image-box.default\">\n\t\t\t\t<div class=\"elementor-widget-container\">\n\t\t\t\t\t<div class=\"elementor-image-box-wrapper\"><figure class=\"elementor-image-box-img\"><a href=\"https:\/\/tdu.academy\/\" tabindex=\"-1\"><img decoding=\"async\" data-src=\"https:\/\/re-imagining.education\/wp-content\/uploads\/elementor\/thumbs\/Kageki-q3q8jaxbf19l5ritsv78vbm0j031m9uw7ty7indea0.jpg\" title=\"Kageki Asakura\" alt=\"Kageki Asakura\" src=\"data:image\/svg+xml;base64,PHN2ZyB3aWR0aD0iMSIgaGVpZ2h0PSIxIiB4bWxucz0iaHR0cDovL3d3dy53My5vcmcvMjAwMC9zdmciPjwvc3ZnPg==\" class=\"lazyload\" style=\"--smush-placeholder-width: 500px; --smush-placeholder-aspect-ratio: 500\/500;\" \/><\/a><\/figure><div class=\"elementor-image-box-content\"><h3 class=\"elementor-image-box-title\"><a href=\"https:\/\/tdu.academy\/\">Kageki Asakura<\/a><\/h3><p class=\"elementor-image-box-description\"><span style=\");font-family: Arial;font-size: 13px;text-align: left\">Kageki Asakura ha trabajado en ambos \u00e1mbitos, la pr\u00e1ctica y el estudio de la educaci\u00f3n democr\u00e1tica. Asakura ha trabajado en la escuela democr\u00e1tica libre m\u00e1s antigua de Jap\u00f3n y fund\u00f3 la primera universidad democr\u00e1tica japonesa, la Universidad Shure (TDU\/Tekisen Democratic University, en la actualidad). Asakura es director de la misma. Asakura ha visitado escuelas democr\u00e1ticas de todo el mundo y est\u00e1 muy interesado en crear redes internacionales de escuelas y universidades democr\u00e1ticas libres. Ha sido miembro activo de la Conferencia Internacional de Educaci\u00f3n Democr\u00e1tica durante dos d\u00e9cadas. Le encanta ayudar a lanzar universidades democr\u00e1ticas en el mundo. Asakura estudia y escribe sobre educaci\u00f3n democr\u00e1tica, historia de la educaci\u00f3n y etnograf\u00eda de la juventud. Asakura es tambi\u00e9n uno de los primeros estudiosos de la \"auto-olog\u00eda\", un estudio sobre el yo.\n<\/span><\/p><\/div><\/div>\t\t\t\t<\/div>\n\t\t\t\t<\/div>\n\t\t\t\t<div class=\"elementor-element elementor-element-dd6defe elementor-widget elementor-widget-spacer\" data-id=\"dd6defe\" data-element_type=\"widget\" data-e-type=\"widget\" data-widget_type=\"spacer.default\">\n\t\t\t\t<div class=\"elementor-widget-container\">\n\t\t\t\t\t\t\t<div class=\"elementor-spacer\">\n\t\t\t<div class=\"elementor-spacer-inner\"><\/div>\n\t\t<\/div>\n\t\t\t\t\t\t<\/div>\n\t\t\t\t<\/div>\n\t\t\t\t<div class=\"elementor-element elementor-element-e9736d2 elementor-position-left elementor-vertical-align-top elementor-widget elementor-widget-image-box\" data-id=\"e9736d2\" data-element_type=\"widget\" data-e-type=\"widget\" data-widget_type=\"image-box.default\">\n\t\t\t\t<div class=\"elementor-widget-container\">\n\t\t\t\t\t<div class=\"elementor-image-box-wrapper\"><figure class=\"elementor-image-box-img\"><a href=\"https:\/\/katherinedesjardins.net\/\" tabindex=\"-1\"><img decoding=\"async\" data-src=\"https:\/\/re-imagining.education\/wp-content\/uploads\/elementor\/thumbs\/Katherine-Dejardins-q3ahzpk1xh8i9d9dqrbw02v2urdaisrk30lbvc4e4o.jpg\" title=\"Katherine Dejardins\" alt=\"Katherine Dejardins\" src=\"data:image\/svg+xml;base64,PHN2ZyB3aWR0aD0iMSIgaGVpZ2h0PSIxIiB4bWxucz0iaHR0cDovL3d3dy53My5vcmcvMjAwMC9zdmciPjwvc3ZnPg==\" class=\"lazyload\" style=\"--smush-placeholder-width: 500px; --smush-placeholder-aspect-ratio: 500\/500;\" \/><\/a><\/figure><div class=\"elementor-image-box-content\"><h3 class=\"elementor-image-box-title\"><a href=\"https:\/\/katherinedesjardins.net\/\">Katherine Desjarardins<\/a><\/h3><p class=\"elementor-image-box-description\"><span style=\");font-family: Arial;font-size: 13px;text-align: left\">Desjardins se licenci\u00f3 en pintura en Florencia (Italia), donde trabaj\u00f3 estrechamente con mentores surgidos del movimiento italiano de dise\u00f1o radical, con los que sigue colaborando. Esta pr\u00e1ctica \"social\" paralela utiliza la pedagog\u00eda de la experiencia para la creaci\u00f3n colectiva de objetos de dise\u00f1o especulativo. Estos proyectos pretenden ser catalizadores del debate -m\u00e1s que respuestas o soluciones- sobre temas compartidos de preocupaci\u00f3n social, como la violencia de las bandas, la inmigraci\u00f3n y la emergencia clim\u00e1tica mundial.\n\n\n<\/span><\/p><\/div><\/div>\t\t\t\t<\/div>\n\t\t\t\t<\/div>\n\t\t\t\t<div class=\"elementor-element elementor-element-8755f58 elementor-widget elementor-widget-spacer\" data-id=\"8755f58\" data-element_type=\"widget\" data-e-type=\"widget\" data-widget_type=\"spacer.default\">\n\t\t\t\t<div class=\"elementor-widget-container\">\n\t\t\t\t\t\t\t<div class=\"elementor-spacer\">\n\t\t\t<div class=\"elementor-spacer-inner\"><\/div>\n\t\t<\/div>\n\t\t\t\t\t\t<\/div>\n\t\t\t\t<\/div>\n\t\t\t\t<div class=\"elementor-element elementor-element-b607233 elementor-position-left elementor-vertical-align-top elementor-widget elementor-widget-image-box\" data-id=\"b607233\" data-element_type=\"widget\" data-e-type=\"widget\" data-widget_type=\"image-box.default\">\n\t\t\t\t<div class=\"elementor-widget-container\">\n\t\t\t\t\t<div class=\"elementor-image-box-wrapper\"><figure class=\"elementor-image-box-img\"><a href=\"https:\/\/www.start-empowerment.org\/speakerships\" tabindex=\"-1\"><img decoding=\"async\" data-src=\"https:\/\/re-imagining.education\/wp-content\/uploads\/elementor\/thumbs\/Kier-e1679954493926-q45fcfy3akqkshrcevk04ugmgujctkhwo856uw0pe0.jpg\" title=\"Kier Blake\" alt=\"Kier Blake\" src=\"data:image\/svg+xml;base64,PHN2ZyB3aWR0aD0iMSIgaGVpZ2h0PSIxIiB4bWxucz0iaHR0cDovL3d3dy53My5vcmcvMjAwMC9zdmciPjwvc3ZnPg==\" class=\"lazyload\" style=\"--smush-placeholder-width: 500px; --smush-placeholder-aspect-ratio: 500\/500;\" \/><\/a><\/figure><div class=\"elementor-image-box-content\"><h3 class=\"elementor-image-box-title\"><a href=\"https:\/\/www.start-empowerment.org\/speakerships\">Kier Blake<\/a><\/h3><p class=\"elementor-image-box-description\"><span style=\");font-family: Arial;font-size: 13px;text-align: left\">Kier Blake es un estudiante negro, no binario de herencia xamaycan (jamaicana) en el Programa EPSM. Es cofundador y actual Director de Asociaciones Comunitarias de Start:Empowerment, una organizaci\u00f3n sin \u00e1nimo de lucro dirigida por personas queer y negras, ind\u00edgenas y de color (BIPOC) que trabaja en el nexo entre la educaci\u00f3n sobre el clima y la organizaci\u00f3n de la justicia medioambiental.  \n\n<\/span><\/p><\/div><\/div>\t\t\t\t<\/div>\n\t\t\t\t<\/div>\n\t\t\t\t<div class=\"elementor-element elementor-element-bdd0fe0 elementor-widget elementor-widget-spacer\" data-id=\"bdd0fe0\" data-element_type=\"widget\" data-e-type=\"widget\" data-widget_type=\"spacer.default\">\n\t\t\t\t<div class=\"elementor-widget-container\">\n\t\t\t\t\t\t\t<div class=\"elementor-spacer\">\n\t\t\t<div class=\"elementor-spacer-inner\"><\/div>\n\t\t<\/div>\n\t\t\t\t\t\t<\/div>\n\t\t\t\t<\/div>\n\t\t\t\t<div class=\"elementor-element elementor-element-0189b9c elementor-position-left elementor-vertical-align-top elementor-widget elementor-widget-image-box\" data-id=\"0189b9c\" data-element_type=\"widget\" data-e-type=\"widget\" data-widget_type=\"image-box.default\">\n\t\t\t\t<div class=\"elementor-widget-container\">\n\t\t\t\t\t<div class=\"elementor-image-box-wrapper\"><figure class=\"elementor-image-box-img\"><a href=\"https:\/\/www.kuakanaka.com\/\" tabindex=\"-1\"><img decoding=\"async\" data-src=\"https:\/\/re-imagining.education\/wp-content\/uploads\/elementor\/thumbs\/Ku-Kahakalau-Ph.D.-q26o5mpi5bz6nnef2k6e1pzpyeb74skhx8u7u6rg5k.jpg\" title=\"Doctor Ku Kahakalau\" alt=\"Doctor Ku Kahakalau\" src=\"data:image\/svg+xml;base64,PHN2ZyB3aWR0aD0iMSIgaGVpZ2h0PSIxIiB4bWxucz0iaHR0cDovL3d3dy53My5vcmcvMjAwMC9zdmciPjwvc3ZnPg==\" class=\"lazyload\" style=\"--smush-placeholder-width: 500px; --smush-placeholder-aspect-ratio: 500\/500;\" \/><\/a><\/figure><div class=\"elementor-image-box-content\"><h3 class=\"elementor-image-box-title\"><a href=\"https:\/\/www.kuakanaka.com\/\">K\u016b Kahakalau <\/a><\/h3><p class=\"elementor-image-box-description\"><span style=\");font-family: Arial;font-size: 13px;text-align: left\">La Dra. K\u016b Kahakalau es una galardonada educadora nativa hawaiana, investigadora, profesional de la cultura, activista de base, visionaria, l\u00edder comunitaria, compositora de canciones tradicionales y experta en lengua y cultura hawaianas. La Dra. Kahakalau y su hija \u02bbI\u02bbini dirigen K\u016b-A-Kanaka, una empresa social de nativos hawaianos, especializada en consultor\u00eda basada en la cultura y educaci\u00f3n en l\u00ednea, dirigida a hawaianos de entre 15 y 30 a\u00f1os matriculados en EA Ecoversity, un programa de educaci\u00f3n superior y formaci\u00f3n profesional basado en la cultura fundado por la Dra. Kahakalau en 2020. EA son las siglas de Educaci\u00f3n con Aloha, ya que las investigaciones del Dr. Kahakalau confirman que el amor, la compasi\u00f3n, el respeto y la amabilidad son los ingredientes m\u00e1s importantes de la educaci\u00f3n del siglo XXI, al igual que lo fueron en la antig\u00fcedad.\n\n<\/span><\/p><\/div><\/div>\t\t\t\t<\/div>\n\t\t\t\t<\/div>\n\t\t\t\t<div class=\"elementor-element elementor-element-df48860 elementor-widget elementor-widget-spacer\" data-id=\"df48860\" data-element_type=\"widget\" data-e-type=\"widget\" data-widget_type=\"spacer.default\">\n\t\t\t\t<div class=\"elementor-widget-container\">\n\t\t\t\t\t\t\t<div class=\"elementor-spacer\">\n\t\t\t<div class=\"elementor-spacer-inner\"><\/div>\n\t\t<\/div>\n\t\t\t\t\t\t<\/div>\n\t\t\t\t<\/div>\n\t\t\t\t<div class=\"elementor-element elementor-element-ca0e763 elementor-position-left elementor-vertical-align-top elementor-widget elementor-widget-image-box\" data-id=\"ca0e763\" data-element_type=\"widget\" data-e-type=\"widget\" data-widget_type=\"image-box.default\">\n\t\t\t\t<div class=\"elementor-widget-container\">\n\t\t\t\t\t<div class=\"elementor-image-box-wrapper\"><figure class=\"elementor-image-box-img\"><a href=\"https:\/\/weavingearth.org\/staff\/lauren-dalberth-hage\/#:~:text=BIO,and%20adults%20for%2020%20years.\" tabindex=\"-1\"><img decoding=\"async\" data-src=\"https:\/\/re-imagining.education\/wp-content\/uploads\/elementor\/thumbs\/Lauren-Hage-q5lbovywij7t627knknv6wnn2kd581svgiq74sac94.jpg\" title=\"Lauren Hage\" alt=\"Lauren Hage\" src=\"data:image\/svg+xml;base64,PHN2ZyB3aWR0aD0iMSIgaGVpZ2h0PSIxIiB4bWxucz0iaHR0cDovL3d3dy53My5vcmcvMjAwMC9zdmciPjwvc3ZnPg==\" class=\"lazyload\" style=\"--smush-placeholder-width: 500px; --smush-placeholder-aspect-ratio: 500\/500;\" \/><\/a><\/figure><div class=\"elementor-image-box-content\"><h3 class=\"elementor-image-box-title\"><a href=\"https:\/\/weavingearth.org\/staff\/lauren-dalberth-hage\/#:~:text=BIO,and%20adults%20for%2020%20years.\">Lauren Hage<\/a><\/h3><p class=\"elementor-image-box-description\"><span style=\");font-family: Arial;font-size: 13px;text-align: left\">Lauren (ella\/ella) es Directora Ejecutiva, cofundadora y facilitadora del Weaving Earth Center for Relational Education. Tiene ascendencia jud\u00eda asquenaz\u00ed (Odessa), siciliana y escocesa.\n\nLauren lleva 20 a\u00f1os trabajando al aire libre con j\u00f3venes, adolescentes y adultos. Est\u00e1 certificada como facilitadora del cuerpo de trabajo basado en la som\u00e1tica llamado Resilience Toolkit. Es licenciada en Ciencias de la Tierra y Geograf\u00eda, con un enfoque en la relaci\u00f3n hombre-tierra, y tiene certificaciones en Agricultura Ecol\u00f3gica, Dise\u00f1o Regenerativo y Conciencia de la Naturaleza, Permacultura, Justicia Social Corporal y Terapia Integral del Trauma. Tambi\u00e9n forma parte de Beyond Boundaries y de la comunidad de pr\u00e1ctica Fierce Allies.\n<\/span><\/p><\/div><\/div>\t\t\t\t<\/div>\n\t\t\t\t<\/div>\n\t\t\t\t<div class=\"elementor-element elementor-element-0ba60b6 elementor-widget elementor-widget-spacer\" data-id=\"0ba60b6\" data-element_type=\"widget\" data-e-type=\"widget\" data-widget_type=\"spacer.default\">\n\t\t\t\t<div class=\"elementor-widget-container\">\n\t\t\t\t\t\t\t<div class=\"elementor-spacer\">\n\t\t\t<div class=\"elementor-spacer-inner\"><\/div>\n\t\t<\/div>\n\t\t\t\t\t\t<\/div>\n\t\t\t\t<\/div>\n\t\t\t\t<div class=\"elementor-element elementor-element-b9a5672 elementor-position-left elementor-vertical-align-top elementor-widget elementor-widget-image-box\" data-id=\"b9a5672\" data-element_type=\"widget\" data-e-type=\"widget\" data-widget_type=\"image-box.default\">\n\t\t\t\t<div class=\"elementor-widget-container\">\n\t\t\t\t\t<div class=\"elementor-image-box-wrapper\"><figure class=\"elementor-image-box-img\"><a href=\"https:\/\/evolvingeducation.org\/en\/home\/\" tabindex=\"-1\"><img decoding=\"async\" data-src=\"https:\/\/re-imagining.education\/wp-content\/uploads\/elementor\/thumbs\/Luz-Olid-Diaz-q26obdhzwvu9lv21j1kba9t4n5zy67dg1od1f28u4o.jpg\" title=\"David Caballero y Luz Olid D\u00edaz\" alt=\"David Caballero y Luz Olid D\u00edaz\" src=\"data:image\/svg+xml;base64,PHN2ZyB3aWR0aD0iMSIgaGVpZ2h0PSIxIiB4bWxucz0iaHR0cDovL3d3dy53My5vcmcvMjAwMC9zdmciPjwvc3ZnPg==\" class=\"lazyload\" style=\"--smush-placeholder-width: 500px; --smush-placeholder-aspect-ratio: 500\/500;\" \/><\/a><\/figure><div class=\"elementor-image-box-content\"><h3 class=\"elementor-image-box-title\"><a href=\"https:\/\/evolvingeducation.org\/en\/home\/\">Luz Olid D\u00edaz<\/a><\/h3><p class=\"elementor-image-box-description\"><span style=\");font-family: Arial;font-size: 13px;text-align: left\">La aventura de Evolving Education comenz\u00f3 cuando Luz Olid D\u00edaz empez\u00f3 a dar clases. La formaci\u00f3n que recib\u00eda le parec\u00eda insuficiente para guiar a las pr\u00f3ximas generaciones a crear un futuro sostenible y tener una vida plena. As\u00ed que decidi\u00f3 dise\u00f1ar su propio viaje de aprendizaje: viajar por todo el mundo y aprender de los centros educativos m\u00e1s innovadores. Aprender a aprender.<\/span><\/p><\/div><\/div>\t\t\t\t<\/div>\n\t\t\t\t<\/div>\n\t\t\t\t<div class=\"elementor-element elementor-element-64ecba9 elementor-widget elementor-widget-spacer\" data-id=\"64ecba9\" data-element_type=\"widget\" data-e-type=\"widget\" data-widget_type=\"spacer.default\">\n\t\t\t\t<div class=\"elementor-widget-container\">\n\t\t\t\t\t\t\t<div class=\"elementor-spacer\">\n\t\t\t<div class=\"elementor-spacer-inner\"><\/div>\n\t\t<\/div>\n\t\t\t\t\t\t<\/div>\n\t\t\t\t<\/div>\n\t\t\t\t<div class=\"elementor-element elementor-element-1cfec2e elementor-position-left elementor-vertical-align-top elementor-widget elementor-widget-image-box\" data-id=\"1cfec2e\" data-element_type=\"widget\" data-e-type=\"widget\" data-widget_type=\"image-box.default\">\n\t\t\t\t<div class=\"elementor-widget-container\">\n\t\t\t\t\t<div class=\"elementor-image-box-wrapper\"><figure class=\"elementor-image-box-img\"><a href=\"https:\/\/www.instagram.com\/mujerescuerposyterritorios\/\" tabindex=\"-1\"><img decoding=\"async\" data-src=\"https:\/\/re-imagining.education\/wp-content\/uploads\/elementor\/thumbs\/Liliana-Buitrago-q26o6a7gw6vcpwga9cc2a228t13dh85sch5cu3slu0.jpeg\" title=\"Liliana Buitrago\" alt=\"Liliana Buitrago\" src=\"data:image\/svg+xml;base64,PHN2ZyB3aWR0aD0iMSIgaGVpZ2h0PSIxIiB4bWxucz0iaHR0cDovL3d3dy53My5vcmcvMjAwMC9zdmciPjwvc3ZnPg==\" class=\"lazyload\" style=\"--smush-placeholder-width: 500px; --smush-placeholder-aspect-ratio: 500\/500;\" \/><\/a><\/figure><div class=\"elementor-image-box-content\"><h3 class=\"elementor-image-box-title\"><a href=\"https:\/\/www.instagram.com\/mujerescuerposyterritorios\/\">Liliana Buitrago<\/a><\/h3><p class=\"elementor-image-box-description\"><span style=\");font-family: Arial;font-size: 13px;text-align: left\">Ecofeminista, artivista del Observatorio de Ecolog\u00eda Pol\u00edtica de Venezuela. Magister en Linguistica con trabajos en los estudios cr\u00edticos del discurso, movimientos sociales y feminismos ecoterritoriales. HAce parte del Pacto Ecosocial e Intercultural del Sur, Asamblea Mundial por la Amazon\u00eda y la Plataforma Latinoamericana y Caribe\u00f1a por la Justicia Clim\u00e1tica. Coautor del Manifiesto por una Transici\u00f3n Energ\u00e9tica Ecosocial de los Pueblos del Sur.<\/span><\/p><\/div><\/div>\t\t\t\t<\/div>\n\t\t\t\t<\/div>\n\t\t\t\t<div class=\"elementor-element elementor-element-8a8682f elementor-widget elementor-widget-spacer\" data-id=\"8a8682f\" data-element_type=\"widget\" data-e-type=\"widget\" data-widget_type=\"spacer.default\">\n\t\t\t\t<div class=\"elementor-widget-container\">\n\t\t\t\t\t\t\t<div class=\"elementor-spacer\">\n\t\t\t<div class=\"elementor-spacer-inner\"><\/div>\n\t\t<\/div>\n\t\t\t\t\t\t<\/div>\n\t\t\t\t<\/div>\n\t\t\t\t<div class=\"elementor-element elementor-element-eb55722 elementor-position-left elementor-vertical-align-top elementor-widget elementor-widget-image-box\" data-id=\"eb55722\" data-element_type=\"widget\" data-e-type=\"widget\" data-widget_type=\"image-box.default\">\n\t\t\t\t<div class=\"elementor-widget-container\">\n\t\t\t\t\t<div class=\"elementor-image-box-wrapper\"><figure class=\"elementor-image-box-img\"><img decoding=\"async\" data-src=\"https:\/\/re-imagining.education\/wp-content\/uploads\/elementor\/thumbs\/IMG_20230215_143550_998-Mahi-Thakur-q5epzx9u1bdmopoeba1yuq6d9qjtf88ynhcd6xs6fc.jpg\" title=\"IMG_20230215_143550_998 - Mahi Thakur\" alt=\"IMG_20230215_143550_998 - Mahi Thakur\" src=\"data:image\/svg+xml;base64,PHN2ZyB3aWR0aD0iMSIgaGVpZ2h0PSIxIiB4bWxucz0iaHR0cDovL3d3dy53My5vcmcvMjAwMC9zdmciPjwvc3ZnPg==\" class=\"lazyload\" style=\"--smush-placeholder-width: 500px; --smush-placeholder-aspect-ratio: 500\/500;\" \/><\/figure><div class=\"elementor-image-box-content\"><h3 class=\"elementor-image-box-title\">Mahi Thakur<\/h3><p class=\"elementor-image-box-description\"><span style=\");font-family: Arial;font-size: 13px;text-align: left\">Mahi es una estudiante autodidacta india de 22 a\u00f1os. Desde que abandon\u00f3 el sistema educativo convencional en el instituto, ha estado explorando alternativas para reimaginar la educaci\u00f3n y reinventar la vida. Actualmente, viaja lentamente por los pueblos de la India para recuperar la cultura local y las pr\u00e1cticas de conocimiento. <\/span><\/p><\/div><\/div>\t\t\t\t<\/div>\n\t\t\t\t<\/div>\n\t\t\t\t<div class=\"elementor-element elementor-element-5524623 elementor-widget elementor-widget-spacer\" data-id=\"5524623\" data-element_type=\"widget\" data-e-type=\"widget\" data-widget_type=\"spacer.default\">\n\t\t\t\t<div class=\"elementor-widget-container\">\n\t\t\t\t\t\t\t<div class=\"elementor-spacer\">\n\t\t\t<div class=\"elementor-spacer-inner\"><\/div>\n\t\t<\/div>\n\t\t\t\t\t\t<\/div>\n\t\t\t\t<\/div>\n\t\t\t\t<div class=\"elementor-element elementor-element-dfc5955 elementor-position-left elementor-vertical-align-top elementor-widget elementor-widget-image-box\" data-id=\"dfc5955\" data-element_type=\"widget\" data-e-type=\"widget\" data-widget_type=\"image-box.default\">\n\t\t\t\t<div class=\"elementor-widget-container\">\n\t\t\t\t\t<div class=\"elementor-image-box-wrapper\"><figure class=\"elementor-image-box-img\"><a href=\"https:\/\/www.postcapitalistphilanthropy.org\/about\" tabindex=\"-1\"><img decoding=\"async\" data-src=\"https:\/\/re-imagining.education\/wp-content\/uploads\/elementor\/thumbs\/Magdaluz-Bonilla-q38him1ljrktn54c1gn9ez56kha1obtud6kh2anngo.jpeg\" title=\"Magdaluz Bonilla\" alt=\"Magdaluz Bonilla\" src=\"data:image\/svg+xml;base64,PHN2ZyB3aWR0aD0iMSIgaGVpZ2h0PSIxIiB4bWxucz0iaHR0cDovL3d3dy53My5vcmcvMjAwMC9zdmciPjwvc3ZnPg==\" class=\"lazyload\" style=\"--smush-placeholder-width: 500px; --smush-placeholder-aspect-ratio: 500\/500;\" \/><\/a><\/figure><div class=\"elementor-image-box-content\"><h3 class=\"elementor-image-box-title\"><a href=\"https:\/\/www.postcapitalistphilanthropy.org\/about\">Magdaluz Bonilla<\/a><\/h3><p class=\"elementor-image-box-description\"><span style=\");font-family: Arial;font-size: 13px;text-align: left\">Magdaluz participa en Ecoversidades desde 2022. Entusiasmada por encontrar nuevas formas de comunicarse y relacionarse, por inventar otras maneras de compartir y construir conocimiento. Desde 2020 Magdaluz est\u00e1 en formaci\u00f3n en el sistema R\u00edo Abierto, descubriendo lo terap\u00e9utico en el movimiento, el masaje y el trabajo sobre uno mismo, en grupo y desde lo colectivo.\n\n<\/span><\/p><\/div><\/div>\t\t\t\t<\/div>\n\t\t\t\t<\/div>\n\t\t\t\t<div class=\"elementor-element elementor-element-e3ae17f elementor-widget elementor-widget-spacer\" data-id=\"e3ae17f\" data-element_type=\"widget\" data-e-type=\"widget\" data-widget_type=\"spacer.default\">\n\t\t\t\t<div class=\"elementor-widget-container\">\n\t\t\t\t\t\t\t<div class=\"elementor-spacer\">\n\t\t\t<div class=\"elementor-spacer-inner\"><\/div>\n\t\t<\/div>\n\t\t\t\t\t\t<\/div>\n\t\t\t\t<\/div>\n\t\t\t\t<div class=\"elementor-element elementor-element-1d533e8 elementor-position-left elementor-vertical-align-top elementor-widget elementor-widget-image-box\" data-id=\"1d533e8\" data-element_type=\"widget\" data-e-type=\"widget\" data-widget_type=\"image-box.default\">\n\t\t\t\t<div class=\"elementor-widget-container\">\n\t\t\t\t\t<div class=\"elementor-image-box-wrapper\"><figure class=\"elementor-image-box-img\"><a href=\"https:\/\/www.instagram.com\/makariosanand\/\" tabindex=\"-1\"><img decoding=\"async\" data-src=\"https:\/\/re-imagining.education\/wp-content\/uploads\/elementor\/thumbs\/Marco-Andrade-V-q5ca5luz9wekwl4b0um2r85yjf7i9v2i7grm34kxvs.jpeg\" title=\"Marco Andrade V.\" alt=\"Marco Andrade V.\" src=\"data:image\/svg+xml;base64,PHN2ZyB3aWR0aD0iMSIgaGVpZ2h0PSIxIiB4bWxucz0iaHR0cDovL3d3dy53My5vcmcvMjAwMC9zdmciPjwvc3ZnPg==\" class=\"lazyload\" style=\"--smush-placeholder-width: 500px; --smush-placeholder-aspect-ratio: 500\/500;\" \/><\/a><\/figure><div class=\"elementor-image-box-content\"><h3 class=\"elementor-image-box-title\"><a href=\"https:\/\/www.instagram.com\/makariosanand\/\">Marco Andrade V.<\/a><\/h3><p class=\"elementor-image-box-description\"><span style=\");font-family: Arial;font-size: 13px;text-align: left\">Marco Andrade V. (@MakariosAnand) vive en una comunidad de aprendizaje libre y sanaci\u00f3n consciente en la Amazon\u00eda ecuatoriana junto a Karina, Nico y Luana. Comparte su vida junto a ellxs, explorando el camino de desaprendizaje constante para abrazar una REexistencia en armon\u00eda donde todxs\/todxs podamos florecer. Disfruta mucho como creador de contenidos audiovisuales y amplificador de diversos caminos y oportunidades de aprendizaje. Es parte de \"Pulso Articulador\" de la Red Mushuk Away (nuevo tejido).<\/span><\/p><\/div><\/div>\t\t\t\t<\/div>\n\t\t\t\t<\/div>\n\t\t\t\t<div class=\"elementor-element elementor-element-c38c7e0 elementor-widget elementor-widget-spacer\" data-id=\"c38c7e0\" data-element_type=\"widget\" data-e-type=\"widget\" data-widget_type=\"spacer.default\">\n\t\t\t\t<div class=\"elementor-widget-container\">\n\t\t\t\t\t\t\t<div class=\"elementor-spacer\">\n\t\t\t<div class=\"elementor-spacer-inner\"><\/div>\n\t\t<\/div>\n\t\t\t\t\t\t<\/div>\n\t\t\t\t<\/div>\n\t\t\t\t<div class=\"elementor-element elementor-element-7edfa81 elementor-position-left elementor-vertical-align-top elementor-widget elementor-widget-image-box\" data-id=\"7edfa81\" data-element_type=\"widget\" data-e-type=\"widget\" data-widget_type=\"image-box.default\">\n\t\t\t\t<div class=\"elementor-widget-container\">\n\t\t\t\t\t<div class=\"elementor-image-box-wrapper\"><figure class=\"elementor-image-box-img\"><a href=\"https:\/\/www.st-andrews.ac.uk\/international-relations\/people\/mmbs1\" tabindex=\"-1\"><img decoding=\"async\" data-src=\"https:\/\/re-imagining.education\/wp-content\/uploads\/elementor\/thumbs\/Malaka-q3ahzy0lmzk35ux3dczj4iq8787lg2p546gp6truko.jpg\" title=\"Malaka Shwaikh\" alt=\"Malaka Shwaikh\" src=\"data:image\/svg+xml;base64,PHN2ZyB3aWR0aD0iMSIgaGVpZ2h0PSIxIiB4bWxucz0iaHR0cDovL3d3dy53My5vcmcvMjAwMC9zdmciPjwvc3ZnPg==\" class=\"lazyload\" style=\"--smush-placeholder-width: 500px; --smush-placeholder-aspect-ratio: 500\/500;\" \/><\/a><\/figure><div class=\"elementor-image-box-content\"><h3 class=\"elementor-image-box-title\"><a href=\"https:\/\/www.st-andrews.ac.uk\/international-relations\/people\/mmbs1\">Malaka Shwaikh<\/a><\/h3><p class=\"elementor-image-box-description\"><span style=\");font-family: Arial;font-size: 13px;text-align: left\">Soy un acad\u00e9mico palestino de la Franja de Gaza, residente en la Universidad escocesa de St Andrews, donde ense\u00f1o e investigo sobre las prisiones como espacios de poder, resistencia y construcci\u00f3n de la paz. Gran parte de mi investigaci\u00f3n se ha centrado en la din\u00e1mica de las huelgas de hambre en las c\u00e1rceles. Adem\u00e1s de mis compromisos de investigaci\u00f3n, soy fideicomisaria de BRISMES, Firefly y STEPS. En 2021, cofund\u00e9 Freelancers in Gaza con Candace Amani para poner en contacto a j\u00f3venes de Gaza con clientes de todo el mundo y proporcionarles tutor\u00eda. En mi tiempo libre, me encanta hacer senderismo en nuestra hermosa Escocia o nadar en el Mar del Norte cuando hace suficiente calor. Recientemente me he interesado por el yoga y la meditaci\u00f3n. Encuentro un prop\u00f3sito en devolver a mi comunidad, ya sea a trav\u00e9s de la ense\u00f1anza, la tutor\u00eda, el voluntariado en organizaciones que encajan con mis prop\u00f3sitos vitales, o simplemente cuidando bien de las personas que quiero y de m\u00ed misma para seguir siendo capaz de devolver.\n<\/span><\/p><\/div><\/div>\t\t\t\t<\/div>\n\t\t\t\t<\/div>\n\t\t\t\t<div class=\"elementor-element elementor-element-2973da6 elementor-widget elementor-widget-spacer\" data-id=\"2973da6\" data-element_type=\"widget\" data-e-type=\"widget\" data-widget_type=\"spacer.default\">\n\t\t\t\t<div class=\"elementor-widget-container\">\n\t\t\t\t\t\t\t<div class=\"elementor-spacer\">\n\t\t\t<div class=\"elementor-spacer-inner\"><\/div>\n\t\t<\/div>\n\t\t\t\t\t\t<\/div>\n\t\t\t\t<\/div>\n\t\t\t\t<div class=\"elementor-element elementor-element-20149fa elementor-position-left elementor-vertical-align-top elementor-widget elementor-widget-image-box\" data-id=\"20149fa\" data-element_type=\"widget\" data-e-type=\"widget\" data-widget_type=\"image-box.default\">\n\t\t\t\t<div class=\"elementor-widget-container\">\n\t\t\t\t\t<div class=\"elementor-image-box-wrapper\"><figure class=\"elementor-image-box-img\"><img decoding=\"async\" data-src=\"https:\/\/re-imagining.education\/wp-content\/uploads\/elementor\/thumbs\/Maria-Agraciada-q5m7pvpxrjksilf8zgm77gbj4neq263rnb0qeoqdu0.jpeg\" title=\"Mar\u00eda Agraciada\" alt=\"Mar\u00eda Agraciada\" src=\"data:image\/svg+xml;base64,PHN2ZyB3aWR0aD0iMSIgaGVpZ2h0PSIxIiB4bWxucz0iaHR0cDovL3d3dy53My5vcmcvMjAwMC9zdmciPjwvc3ZnPg==\" class=\"lazyload\" style=\"--smush-placeholder-width: 500px; --smush-placeholder-aspect-ratio: 500\/500;\" \/><\/figure><div class=\"elementor-image-box-content\"><h3 class=\"elementor-image-box-title\">Mar\u00eda Agraciada<\/h3><p class=\"elementor-image-box-description\"><span style=\");font-family: Arial;font-size: 13px;text-align: left\">Maria Agraciada es una mujer brasile\u00f1a de 59 a\u00f1os de linaje \u00e9tnico tupinamb\u00e1 y activista por las causas de los pueblos ind\u00edgenas. Es fundadora y directora del Instituto Etno, y lleva m\u00e1s de 20 a\u00f1os gestionando proyectos de empoderamiento de mujeres y j\u00f3venes.\n<\/span><\/p><\/div><\/div>\t\t\t\t<\/div>\n\t\t\t\t<\/div>\n\t\t\t\t<div class=\"elementor-element elementor-element-34c96bf elementor-widget elementor-widget-spacer\" data-id=\"34c96bf\" data-element_type=\"widget\" data-e-type=\"widget\" data-widget_type=\"spacer.default\">\n\t\t\t\t<div class=\"elementor-widget-container\">\n\t\t\t\t\t\t\t<div class=\"elementor-spacer\">\n\t\t\t<div class=\"elementor-spacer-inner\"><\/div>\n\t\t<\/div>\n\t\t\t\t\t\t<\/div>\n\t\t\t\t<\/div>\n\t\t\t\t<div class=\"elementor-element elementor-element-4033439 elementor-position-left elementor-vertical-align-top elementor-widget elementor-widget-image-box\" data-id=\"4033439\" data-element_type=\"widget\" data-e-type=\"widget\" data-widget_type=\"image-box.default\">\n\t\t\t\t<div class=\"elementor-widget-container\">\n\t\t\t\t\t<div class=\"elementor-image-box-wrapper\"><figure class=\"elementor-image-box-img\"><a href=\"https:\/\/campus.dartington.org\/movement-mind-and-ecology\/\" tabindex=\"-1\"><img decoding=\"async\" data-src=\"https:\/\/re-imagining.education\/wp-content\/uploads\/elementor\/thumbs\/Marie-Hale--q45f1x54scc0tn1kuttcq01v2kefnjq2w58igdmd1k.jpg\" title=\"Marie Hale\" alt=\"Marie Hale\" src=\"data:image\/svg+xml;base64,PHN2ZyB3aWR0aD0iMSIgaGVpZ2h0PSIxIiB4bWxucz0iaHR0cDovL3d3dy53My5vcmcvMjAwMC9zdmciPjwvc3ZnPg==\" class=\"lazyload\" style=\"--smush-placeholder-width: 500px; --smush-placeholder-aspect-ratio: 500\/500;\" \/><\/a><\/figure><div class=\"elementor-image-box-content\"><h3 class=\"elementor-image-box-title\"><a href=\"https:\/\/campus.dartington.org\/movement-mind-and-ecology\/\">Marie Hale <\/a><\/h3><p class=\"elementor-image-box-description\"><span style=\");font-family: Arial;font-size: 13px;text-align: left\">Marie es doctora en Geograf\u00eda y profesora del M\u00e1ster Movimiento, Mente y Ecolog\u00eda del Schumacher College. <\/span><\/p><\/div><\/div>\t\t\t\t<\/div>\n\t\t\t\t<\/div>\n\t\t\t\t<div class=\"elementor-element elementor-element-77f2956 elementor-widget elementor-widget-spacer\" data-id=\"77f2956\" data-element_type=\"widget\" data-e-type=\"widget\" data-widget_type=\"spacer.default\">\n\t\t\t\t<div class=\"elementor-widget-container\">\n\t\t\t\t\t\t\t<div class=\"elementor-spacer\">\n\t\t\t<div class=\"elementor-spacer-inner\"><\/div>\n\t\t<\/div>\n\t\t\t\t\t\t<\/div>\n\t\t\t\t<\/div>\n\t\t\t\t<div class=\"elementor-element elementor-element-284b004 elementor-position-left elementor-vertical-align-top elementor-widget elementor-widget-image-box\" data-id=\"284b004\" data-element_type=\"widget\" data-e-type=\"widget\" data-widget_type=\"image-box.default\">\n\t\t\t\t<div class=\"elementor-widget-container\">\n\t\t\t\t\t<div class=\"elementor-image-box-wrapper\"><figure class=\"elementor-image-box-img\"><a href=\"https:\/\/globalstudies.unc.edu\/global-studies-people\/people-page\/michal-osterweil\/\" tabindex=\"-1\"><img decoding=\"async\" data-src=\"https:\/\/re-imagining.education\/wp-content\/uploads\/elementor\/thumbs\/Michal-Osterweil-scaled-q3q9go721ay1bf1wyaggdwh3pfm4vgbuszoqu9w9e0.jpg\" title=\"Michal Osterweil\" alt=\"Michal Osterweil\" src=\"data:image\/svg+xml;base64,PHN2ZyB3aWR0aD0iMSIgaGVpZ2h0PSIxIiB4bWxucz0iaHR0cDovL3d3dy53My5vcmcvMjAwMC9zdmciPjwvc3ZnPg==\" class=\"lazyload\" style=\"--smush-placeholder-width: 500px; --smush-placeholder-aspect-ratio: 500\/500;\" \/><\/a><\/figure><div class=\"elementor-image-box-content\"><h3 class=\"elementor-image-box-title\"><a href=\"https:\/\/globalstudies.unc.edu\/global-studies-people\/people-page\/michal-osterweil\/\">Michal Osterweil<\/a><\/h3><p class=\"elementor-image-box-description\"><span style=\");font-family: Arial;font-size: 13px;text-align: left\">Michal imparte clases en el Programa de Estudios Globales de UNC Chapel Hill. Cree que aprender a vivir en un futuro resiliente requiere una pedagog\u00eda que tenga en cuenta la teor\u00eda, la historia y la filosof\u00eda, as\u00ed como conocimientos y pr\u00e1cticas m\u00e1s pr\u00e1cticos, espirituales y corporales. Michal es madre y ama de casa radical a la que le encanta hacer vida (colectiva) cultivando un huerto, cocinando y alimentando a otros, haciendo mezclas de t\u00e9 y brebajes medicinales y, en general, \u00a1descomodificando la vida! Recientemente se ha estado formando en diversas modalidades de sanaci\u00f3n y pr\u00e1cticas corporales, tratando de integrarlas en su ense\u00f1anza.<\/span><\/p><\/div><\/div>\t\t\t\t<\/div>\n\t\t\t\t<\/div>\n\t\t\t\t<div class=\"elementor-element elementor-element-01fbfaa elementor-widget elementor-widget-spacer\" data-id=\"01fbfaa\" data-element_type=\"widget\" data-e-type=\"widget\" data-widget_type=\"spacer.default\">\n\t\t\t\t<div class=\"elementor-widget-container\">\n\t\t\t\t\t\t\t<div class=\"elementor-spacer\">\n\t\t\t<div class=\"elementor-spacer-inner\"><\/div>\n\t\t<\/div>\n\t\t\t\t\t\t<\/div>\n\t\t\t\t<\/div>\n\t\t\t\t<div class=\"elementor-element elementor-element-1c6f991 elementor-position-left elementor-vertical-align-top elementor-widget elementor-widget-image-box\" data-id=\"1c6f991\" data-element_type=\"widget\" data-e-type=\"widget\" data-widget_type=\"image-box.default\">\n\t\t\t\t<div class=\"elementor-widget-container\">\n\t\t\t\t\t<div class=\"elementor-image-box-wrapper\"><figure class=\"elementor-image-box-img\"><a href=\"https:\/\/globalstudies.unc.edu\/global-studies-people\/people-page\/michal-osterweil\/ahttps:\/\/laviadelmaschilematuro.it\/en\/\" tabindex=\"-1\"><img decoding=\"async\" data-src=\"https:\/\/re-imagining.education\/wp-content\/uploads\/elementor\/thumbs\/Mirco-Ruggeri-q5cc6qox0uiq8cvyyyo399s2foqm62enxg2nb657rc.jpeg\" title=\"Mirco Ruggeri\" alt=\"Mirco Ruggeri\" src=\"data:image\/svg+xml;base64,PHN2ZyB3aWR0aD0iMSIgaGVpZ2h0PSIxIiB4bWxucz0iaHR0cDovL3d3dy53My5vcmcvMjAwMC9zdmciPjwvc3ZnPg==\" class=\"lazyload\" style=\"--smush-placeholder-width: 500px; --smush-placeholder-aspect-ratio: 500\/500;\" \/><\/a><\/figure><div class=\"elementor-image-box-content\"><h3 class=\"elementor-image-box-title\"><a href=\"https:\/\/globalstudies.unc.edu\/global-studies-people\/people-page\/michal-osterweil\/ahttps:\/\/laviadelmaschilematuro.it\/en\/\">Mirco Ruggeri<\/a><\/h3><p class=\"elementor-image-box-description\"><span style=\");font-family: Arial;font-size: 13px;text-align: left\"> Miembro de la Junta de La Via del Maschile Maturo, una fundaci\u00f3n que administra el movimiento de los hombres en Italia. Tras una apertura personal en 2018, se dedic\u00f3 a sus pasiones; el trabajo de los hombres, la naturaleza, la pedagog\u00eda y la educaci\u00f3n experiencial. Facilitador en paternidad consciente y trabajo de hombres. Formador en c\u00edrculos sagrados para hombres.<\/span><\/p><\/div><\/div>\t\t\t\t<\/div>\n\t\t\t\t<\/div>\n\t\t\t\t<div class=\"elementor-element elementor-element-e9e97cc elementor-widget elementor-widget-spacer\" data-id=\"e9e97cc\" data-element_type=\"widget\" data-e-type=\"widget\" data-widget_type=\"spacer.default\">\n\t\t\t\t<div class=\"elementor-widget-container\">\n\t\t\t\t\t\t\t<div class=\"elementor-spacer\">\n\t\t\t<div class=\"elementor-spacer-inner\"><\/div>\n\t\t<\/div>\n\t\t\t\t\t\t<\/div>\n\t\t\t\t<\/div>\n\t\t\t\t<div class=\"elementor-element elementor-element-6d2093e elementor-position-left elementor-vertical-align-top elementor-widget elementor-widget-image-box\" data-id=\"6d2093e\" data-element_type=\"widget\" data-e-type=\"widget\" data-widget_type=\"image-box.default\">\n\t\t\t\t<div class=\"elementor-widget-container\">\n\t\t\t\t\t<div class=\"elementor-image-box-wrapper\"><figure class=\"elementor-image-box-img\"><a href=\"https:\/\/eg.linkedin.com\/in\/nariman-moustafa\" tabindex=\"-1\"><img decoding=\"async\" data-src=\"https:\/\/re-imagining.education\/wp-content\/uploads\/elementor\/thumbs\/Nariman-Moustafa-q5113ym46l8brbrulcqhwcr7kga8h5y330qb4exle0.jpeg\" title=\"Nariman Moustafa\" alt=\"Nariman Moustafa\" src=\"data:image\/svg+xml;base64,PHN2ZyB3aWR0aD0iMSIgaGVpZ2h0PSIxIiB4bWxucz0iaHR0cDovL3d3dy53My5vcmcvMjAwMC9zdmciPjwvc3ZnPg==\" class=\"lazyload\" style=\"--smush-placeholder-width: 500px; --smush-placeholder-aspect-ratio: 500\/500;\" \/><\/a><\/figure><div class=\"elementor-image-box-content\"><h3 class=\"elementor-image-box-title\"><a href=\"https:\/\/eg.linkedin.com\/in\/nariman-moustafa\">Nariman Moustafa<\/a><\/h3><p class=\"elementor-image-box-description\"><span style=\");font-family: Arial;font-size: 13px;text-align: left\">Co-conspiradora en la Alianza Ecoversidades, vengo de El Cairo, Egipto, con un largo linaje de maestros que incluye el Nilo, el desierto, mi abuela y la revoluci\u00f3n de la plaza Tahrir de 2011. Trabajo en el nexo entre la educaci\u00f3n, la organizaci\u00f3n comunitaria y la investigaci\u00f3n utilizando m\u00e9todos \u00e1giles y adaptativos. M\u00e1s formalmente, soy investigadora del Edtech Hub y analista s\u00e9nior de desarrollo abierto y educaci\u00f3n. Estoy en mi elemento cuando facilito procesos participativos, basados en las artes, para la emergencia, el ensamblaje y la reimaginaci\u00f3n. Encontr\u00e9 varias experiencias de educaci\u00f3n alternativa en Egipto, como Mesahat para ni\u00f1os y Tagawor para adultos. Tambi\u00e9n dise\u00f1o y convoco zonas aut\u00f3nomas temporales en todo el mundo para practicar una vida comunitaria adaptable e intencional.<\/span><\/p><\/div><\/div>\t\t\t\t<\/div>\n\t\t\t\t<\/div>\n\t\t\t\t<div class=\"elementor-element elementor-element-49fb72c elementor-widget elementor-widget-spacer\" data-id=\"49fb72c\" data-element_type=\"widget\" data-e-type=\"widget\" data-widget_type=\"spacer.default\">\n\t\t\t\t<div class=\"elementor-widget-container\">\n\t\t\t\t\t\t\t<div class=\"elementor-spacer\">\n\t\t\t<div class=\"elementor-spacer-inner\"><\/div>\n\t\t<\/div>\n\t\t\t\t\t\t<\/div>\n\t\t\t\t<\/div>\n\t\t\t\t<div class=\"elementor-element elementor-element-aec4257 elementor-position-left elementor-vertical-align-top elementor-widget elementor-widget-image-box\" data-id=\"aec4257\" data-element_type=\"widget\" data-e-type=\"widget\" data-widget_type=\"image-box.default\">\n\t\t\t\t<div class=\"elementor-widget-container\">\n\t\t\t\t\t<div class=\"elementor-image-box-wrapper\"><figure class=\"elementor-image-box-img\"><a href=\"http:\/\/blackmountainscollege.uk\" tabindex=\"-1\"><img decoding=\"async\" data-src=\"https:\/\/re-imagining.education\/wp-content\/uploads\/elementor\/thumbs\/Natalia-q38h165eqfpa7mgdvx8h5dl9r38uuil5aus4hgimx4.jpeg\" title=\"Natalia Erstman\" alt=\"Natalia Erstman\" src=\"data:image\/svg+xml;base64,PHN2ZyB3aWR0aD0iMSIgaGVpZ2h0PSIxIiB4bWxucz0iaHR0cDovL3d3dy53My5vcmcvMjAwMC9zdmciPjwvc3ZnPg==\" class=\"lazyload\" style=\"--smush-placeholder-width: 500px; --smush-placeholder-aspect-ratio: 500\/500;\" \/><\/a><\/figure><div class=\"elementor-image-box-content\"><h3 class=\"elementor-image-box-title\"><a href=\"http:\/\/blackmountainscollege.uk\">Natalia Erstman<\/a><\/h3><p class=\"elementor-image-box-description\"><span style=\");font-family: Arial;font-size: 13px;text-align: left\">Natalia es la Directora de Pr\u00e1ctica Creativa del Black Mountains College, donde crea y gestiona nuestros cursos residenciales de corta duraci\u00f3n, y ser\u00e1 profesora en nuestro nuevo programa de Grado. Divide su tiempo entre el BMC y la Arts University Plymouth, donde dirige el M\u00e1ster en Educaci\u00f3n Creativa. Es artista, investigadora y educadora especializada en la creaci\u00f3n de espacios en los que las comunidades puedan aprender a enfrentarse a un futuro incierto marcado por el cambio clim\u00e1tico a trav\u00e9s de medios art\u00edsticos y performativos.\n<\/span><\/p><\/div><\/div>\t\t\t\t<\/div>\n\t\t\t\t<\/div>\n\t\t\t\t<div class=\"elementor-element elementor-element-832e775 elementor-widget elementor-widget-spacer\" data-id=\"832e775\" data-element_type=\"widget\" data-e-type=\"widget\" data-widget_type=\"spacer.default\">\n\t\t\t\t<div class=\"elementor-widget-container\">\n\t\t\t\t\t\t\t<div class=\"elementor-spacer\">\n\t\t\t<div class=\"elementor-spacer-inner\"><\/div>\n\t\t<\/div>\n\t\t\t\t\t\t<\/div>\n\t\t\t\t<\/div>\n\t\t\t\t<div class=\"elementor-element elementor-element-55bbba1 elementor-position-left elementor-vertical-align-top elementor-widget elementor-widget-image-box\" data-id=\"55bbba1\" data-element_type=\"widget\" data-e-type=\"widget\" data-widget_type=\"image-box.default\">\n\t\t\t\t<div class=\"elementor-widget-container\">\n\t\t\t\t\t<div class=\"elementor-image-box-wrapper\"><figure class=\"elementor-image-box-img\"><a href=\"https:\/\/www.instagram.com\/spaceswithnada\/\" tabindex=\"-1\"><img decoding=\"async\" data-src=\"https:\/\/re-imagining.education\/wp-content\/uploads\/elementor\/thumbs\/Nada-Elissa-scaled-q45f2t3n8pjrsdr5o7mo2rzj9o0wx98ycjf0rsaz60.jpg\" title=\"Nada Elissa\" alt=\"Nada Elissa\" src=\"data:image\/svg+xml;base64,PHN2ZyB3aWR0aD0iMSIgaGVpZ2h0PSIxIiB4bWxucz0iaHR0cDovL3d3dy53My5vcmcvMjAwMC9zdmciPjwvc3ZnPg==\" class=\"lazyload\" style=\"--smush-placeholder-width: 500px; --smush-placeholder-aspect-ratio: 500\/500;\" \/><\/a><\/figure><div class=\"elementor-image-box-content\"><h3 class=\"elementor-image-box-title\"><a href=\"https:\/\/www.instagram.com\/spaceswithnada\/\">Nada Elissa <\/a><\/h3><p class=\"elementor-image-box-description\"><span style=\");font-family: Arial;font-size: 13px;text-align: left\">Nada es una artista interdisciplinar, dise\u00f1adora y facilitadora. El trabajo de su vida integra pr\u00e1cticas de construcci\u00f3n de comunidades, trabajo informado sobre traumas, aprendizaje corporal, artes expresivas y principios de dise\u00f1o biom\u00edmico. Entretejiendo varias herramientas, crea espacios fuera de lo com\u00fan para que los dem\u00e1s experimenten su esencia y conecten con su potencial creativo.\n<\/span><\/p><\/div><\/div>\t\t\t\t<\/div>\n\t\t\t\t<\/div>\n\t\t\t\t<div class=\"elementor-element elementor-element-b13377a elementor-widget elementor-widget-spacer\" data-id=\"b13377a\" data-element_type=\"widget\" data-e-type=\"widget\" data-widget_type=\"spacer.default\">\n\t\t\t\t<div class=\"elementor-widget-container\">\n\t\t\t\t\t\t\t<div class=\"elementor-spacer\">\n\t\t\t<div class=\"elementor-spacer-inner\"><\/div>\n\t\t<\/div>\n\t\t\t\t\t\t<\/div>\n\t\t\t\t<\/div>\n\t\t\t\t<div class=\"elementor-element elementor-element-1785eaa elementor-position-left elementor-vertical-align-top elementor-widget elementor-widget-image-box\" data-id=\"1785eaa\" data-element_type=\"widget\" data-e-type=\"widget\" data-widget_type=\"image-box.default\">\n\t\t\t\t<div class=\"elementor-widget-container\">\n\t\t\t\t\t<div class=\"elementor-image-box-wrapper\"><figure class=\"elementor-image-box-img\"><a href=\"https:\/\/nikolayoleynikov.wordpress.com\" tabindex=\"-1\"><img decoding=\"async\" data-src=\"https:\/\/re-imagining.education\/wp-content\/uploads\/elementor\/thumbs\/Nikolay-Oleynikov--q510wd32xstvwst5yki28rs2pbqf98s71ew0gw75oo.jpeg\" title=\"Nikolay Oleynikov\" alt=\"Nikolay Oleynikov\" src=\"data:image\/svg+xml;base64,PHN2ZyB3aWR0aD0iMSIgaGVpZ2h0PSIxIiB4bWxucz0iaHR0cDovL3d3dy53My5vcmcvMjAwMC9zdmciPjwvc3ZnPg==\" class=\"lazyload\" style=\"--smush-placeholder-width: 500px; --smush-placeholder-aspect-ratio: 500\/500;\" \/><\/a><\/figure><div class=\"elementor-image-box-content\"><h3 class=\"elementor-image-box-title\"><a href=\"https:\/\/nikolayoleynikov.wordpress.com\">Nikolay Oleynikov<\/a><\/h3><p class=\"elementor-image-box-description\"><span style=\");font-family: Arial;font-size: 13px;text-align: left\">artista; punk; antifascista; miembro de CHTO DELAT; arm\u00f3nica\/percusi\u00f3n\/voz de la banda de Arkady Kots; mentor en Chto Delat SCHOOL of ENGAGED ART; presente en la Casa de la Cultura de ROSA; copiloto en Free Home University; parte de la cohorte FireFlyFrequencies.org; colaborador y editor de arteseverywhere.ca; autor de SEX of the OPPRESSED (FreeMarxistPress\/PS-Guelph). Exposiciones individuales y colectivas en todo el mundo.\n\n<\/span><\/p><\/div><\/div>\t\t\t\t<\/div>\n\t\t\t\t<\/div>\n\t\t\t\t<div class=\"elementor-element elementor-element-df5ce20 elementor-widget elementor-widget-spacer\" data-id=\"df5ce20\" data-element_type=\"widget\" data-e-type=\"widget\" data-widget_type=\"spacer.default\">\n\t\t\t\t<div class=\"elementor-widget-container\">\n\t\t\t\t\t\t\t<div class=\"elementor-spacer\">\n\t\t\t<div class=\"elementor-spacer-inner\"><\/div>\n\t\t<\/div>\n\t\t\t\t\t\t<\/div>\n\t\t\t\t<\/div>\n\t\t\t\t<div class=\"elementor-element elementor-element-dfef410 elementor-position-left elementor-vertical-align-top elementor-widget elementor-widget-image-box\" data-id=\"dfef410\" data-element_type=\"widget\" data-e-type=\"widget\" data-widget_type=\"image-box.default\">\n\t\t\t\t<div class=\"elementor-widget-container\">\n\t\t\t\t\t<div class=\"elementor-image-box-wrapper\"><figure class=\"elementor-image-box-img\"><a href=\"http:\/\/www.kanthari.org\" target=\"_blank\" tabindex=\"-1\"><img decoding=\"async\" data-src=\"https:\/\/re-imagining.education\/wp-content\/uploads\/elementor\/thumbs\/Paul-Kronenberg-e1729272319475-qvr0imr79dj49lwx4jmld7n2qbhybaaemwumcexuvc.jpg\" title=\"Paul Kronenberg\" alt=\"Paul Kronenberg\" src=\"data:image\/svg+xml;base64,PHN2ZyB3aWR0aD0iMSIgaGVpZ2h0PSIxIiB4bWxucz0iaHR0cDovL3d3dy53My5vcmcvMjAwMC9zdmciPjwvc3ZnPg==\" class=\"lazyload\" style=\"--smush-placeholder-width: 500px; --smush-placeholder-aspect-ratio: 500\/500;\" \/><\/a><\/figure><div class=\"elementor-image-box-content\"><h3 class=\"elementor-image-box-title\"><a href=\"http:\/\/www.kanthari.org\" target=\"_blank\">Paul Kronenberg<\/a><\/h3><p class=\"elementor-image-box-description\"><span style=\");font-family: Arial;font-size: 13px;text-align: left\">cofundadora\/directora de Braille Sin Fronteras y kanthari\nemprendedora social, conferenciante, catalizadora, agente de cambio, mentora\n\n<\/span><\/p><\/div><\/div>\t\t\t\t<\/div>\n\t\t\t\t<\/div>\n\t\t\t\t<div class=\"elementor-element elementor-element-6f8e818 elementor-widget elementor-widget-spacer\" data-id=\"6f8e818\" data-element_type=\"widget\" data-e-type=\"widget\" data-widget_type=\"spacer.default\">\n\t\t\t\t<div class=\"elementor-widget-container\">\n\t\t\t\t\t\t\t<div class=\"elementor-spacer\">\n\t\t\t<div class=\"elementor-spacer-inner\"><\/div>\n\t\t<\/div>\n\t\t\t\t\t\t<\/div>\n\t\t\t\t<\/div>\n\t\t\t\t<div class=\"elementor-element elementor-element-de9be69 elementor-position-left elementor-vertical-align-top elementor-widget elementor-widget-image-box\" data-id=\"de9be69\" data-element_type=\"widget\" data-e-type=\"widget\" data-widget_type=\"image-box.default\">\n\t\t\t\t<div class=\"elementor-widget-container\">\n\t\t\t\t\t<div class=\"elementor-image-box-wrapper\"><figure class=\"elementor-image-box-img\"><a href=\"https:\/\/campus.dartington.org\/dr-pavel-cenkl\/\" tabindex=\"-1\"><img decoding=\"async\" data-src=\"https:\/\/re-imagining.education\/wp-content\/uploads\/elementor\/thumbs\/Pavel-Cenkl-e1729272350914-qvr0jeycyelpxwryjvteg0iwjvmyq7ecqsf6qps1oo.jpg\" title=\"Pavel Cenkl\" alt=\"Pavel Cenkl\" src=\"data:image\/svg+xml;base64,PHN2ZyB3aWR0aD0iMSIgaGVpZ2h0PSIxIiB4bWxucz0iaHR0cDovL3d3dy53My5vcmcvMjAwMC9zdmciPjwvc3ZnPg==\" class=\"lazyload\" style=\"--smush-placeholder-width: 500px; --smush-placeholder-aspect-ratio: 500\/500;\" \/><\/a><\/figure><div class=\"elementor-image-box-content\"><h3 class=\"elementor-image-box-title\"><a href=\"https:\/\/campus.dartington.org\/dr-pavel-cenkl\/\">Pavel Cenkl<\/a><\/h3><p class=\"elementor-image-box-description\"><span style=\");font-family: Arial;font-size: 13px;text-align: left\">El Dr. Pavel Cenkl es Director del Schumacher College y Director de Aprendizaje y Tierra en Dartington Trust en Devon, Inglaterra, donde ha trabajado desde 2019 para apoyar una comunidad de aprendizaje en evoluci\u00f3n fundada en la intersecci\u00f3n de las artes, la ecolog\u00eda y la justicia social. Pavel ha escrito y presentado ampliamente en las \u00e1reas de dise\u00f1o curricular, redes de aprendizaje global, pedagog\u00eda regenerativa, humanidades ambientales y ecolog\u00eda, y ha codesarrollado programas en ecolog\u00eda, humanidades y alimentos y agricultura sostenibles y regenerativos en los Estados Unidos y el Reino Unido.\n<\/span><\/p><\/div><\/div>\t\t\t\t<\/div>\n\t\t\t\t<\/div>\n\t\t\t\t<div class=\"elementor-element elementor-element-8f93b22 elementor-widget elementor-widget-spacer\" data-id=\"8f93b22\" data-element_type=\"widget\" data-e-type=\"widget\" data-widget_type=\"spacer.default\">\n\t\t\t\t<div class=\"elementor-widget-container\">\n\t\t\t\t\t\t\t<div class=\"elementor-spacer\">\n\t\t\t<div class=\"elementor-spacer-inner\"><\/div>\n\t\t<\/div>\n\t\t\t\t\t\t<\/div>\n\t\t\t\t<\/div>\n\t\t\t\t<div class=\"elementor-element elementor-element-d777978 elementor-position-left elementor-vertical-align-top elementor-widget elementor-widget-image-box\" data-id=\"d777978\" data-element_type=\"widget\" data-e-type=\"widget\" data-widget_type=\"image-box.default\">\n\t\t\t\t<div class=\"elementor-widget-container\">\n\t\t\t\t\t<div class=\"elementor-image-box-wrapper\"><figure class=\"elementor-image-box-img\"><img decoding=\"async\" data-src=\"https:\/\/re-imagining.education\/wp-content\/uploads\/elementor\/thumbs\/Maria-del-Pilar-Martinez-Santiago-q4vlh2e6aa1ehzyz5iunw3r8r7tfcr53rxcq3zi4y0.jpeg\" title=\"Pilar Santiago\" alt=\"Pilar Santiago\" src=\"data:image\/svg+xml;base64,PHN2ZyB3aWR0aD0iMSIgaGVpZ2h0PSIxIiB4bWxucz0iaHR0cDovL3d3dy53My5vcmcvMjAwMC9zdmciPjwvc3ZnPg==\" class=\"lazyload\" style=\"--smush-placeholder-width: 500px; --smush-placeholder-aspect-ratio: 500\/500;\" \/><\/figure><div class=\"elementor-image-box-content\"><h3 class=\"elementor-image-box-title\">Pilar Santiago<\/h3><p class=\"elementor-image-box-description\"><span style=\");font-family: Arial;font-size: 13px;text-align: left\">Se dedica a la investigaci\u00f3n corporal a partir del tacto, donde desarrolla temas sobre el territorio, la autonom\u00eda y el Autocuidado; coreograf\u00eda y bailarina.\n<\/span><\/p><\/div><\/div>\t\t\t\t<\/div>\n\t\t\t\t<\/div>\n\t\t\t\t<div class=\"elementor-element elementor-element-1d7c483 elementor-widget elementor-widget-spacer\" data-id=\"1d7c483\" data-element_type=\"widget\" data-e-type=\"widget\" data-widget_type=\"spacer.default\">\n\t\t\t\t<div class=\"elementor-widget-container\">\n\t\t\t\t\t\t\t<div class=\"elementor-spacer\">\n\t\t\t<div class=\"elementor-spacer-inner\"><\/div>\n\t\t<\/div>\n\t\t\t\t\t\t<\/div>\n\t\t\t\t<\/div>\n\t\t\t\t<div class=\"elementor-element elementor-element-10e27dc elementor-position-left elementor-vertical-align-top elementor-widget elementor-widget-image-box\" data-id=\"10e27dc\" data-element_type=\"widget\" data-e-type=\"widget\" data-widget_type=\"image-box.default\">\n\t\t\t\t<div class=\"elementor-widget-container\">\n\t\t\t\t\t<div class=\"elementor-image-box-wrapper\"><figure class=\"elementor-image-box-img\"><a href=\"https:\/\/www.instagram.com\/chikaner\" tabindex=\"-1\"><img decoding=\"async\" data-src=\"https:\/\/re-imagining.education\/wp-content\/uploads\/elementor\/thumbs\/Rekgotsofetse-Chikane-q26olfdv03lnrqgdtvzog8hlcig9hoa3rfiz6lc9l4.jpeg\" title=\"Rekgotsofetse Chikane\" alt=\"Rekgotsofetse Chikane\" src=\"data:image\/svg+xml;base64,PHN2ZyB3aWR0aD0iMSIgaGVpZ2h0PSIxIiB4bWxucz0iaHR0cDovL3d3dy53My5vcmcvMjAwMC9zdmciPjwvc3ZnPg==\" class=\"lazyload\" style=\"--smush-placeholder-width: 500px; --smush-placeholder-aspect-ratio: 500\/500;\" \/><\/a><\/figure><div class=\"elementor-image-box-content\"><h3 class=\"elementor-image-box-title\"><a href=\"https:\/\/www.instagram.com\/chikaner\">Rekgotsofetse Chikane<\/a><\/h3><p class=\"elementor-image-box-description\"><span style=\");font-family: Arial;font-size: 13px;text-align: left\">Actualmente soy profesora en la Universidad de Witwatersrand y estoy realizando un doctorado en Desarrollo, Econom\u00eda de la Complejidad y Decolonialidad. Estoy especializada en procesos de pol\u00edticas p\u00fablicas, administraci\u00f3n p\u00fablica y gobierno en la era digital.\n<\/span><\/p><\/div><\/div>\t\t\t\t<\/div>\n\t\t\t\t<\/div>\n\t\t\t\t<div class=\"elementor-element elementor-element-3351846 elementor-widget elementor-widget-spacer\" data-id=\"3351846\" data-element_type=\"widget\" data-e-type=\"widget\" data-widget_type=\"spacer.default\">\n\t\t\t\t<div class=\"elementor-widget-container\">\n\t\t\t\t\t\t\t<div class=\"elementor-spacer\">\n\t\t\t<div class=\"elementor-spacer-inner\"><\/div>\n\t\t<\/div>\n\t\t\t\t\t\t<\/div>\n\t\t\t\t<\/div>\n\t\t\t\t<div class=\"elementor-element elementor-element-07e87d2 elementor-position-left elementor-vertical-align-top elementor-widget elementor-widget-image-box\" data-id=\"07e87d2\" data-element_type=\"widget\" data-e-type=\"widget\" data-widget_type=\"image-box.default\">\n\t\t\t\t<div class=\"elementor-widget-container\">\n\t\t\t\t\t<div class=\"elementor-image-box-wrapper\"><figure class=\"elementor-image-box-img\"><a href=\"https:\/\/in.linkedin.com\/in\/ritu-ngapnon-varuni-277783b\" target=\"_blank\" tabindex=\"-1\"><img decoding=\"async\" data-src=\"https:\/\/re-imagining.education\/wp-content\/uploads\/elementor\/thumbs\/Ritu-Ngapnon-Varuni-q53xk0k708gmki32inok3in1krgfhd3mpk5trrv348.jpeg\" title=\"Ritu-Ngapnon Varuni\" alt=\"Ritu-Ngapnon Varuni\" src=\"data:image\/svg+xml;base64,PHN2ZyB3aWR0aD0iMSIgaGVpZ2h0PSIxIiB4bWxucz0iaHR0cDovL3d3dy53My5vcmcvMjAwMC9zdmciPjwvc3ZnPg==\" class=\"lazyload\" style=\"--smush-placeholder-width: 500px; --smush-placeholder-aspect-ratio: 500\/500;\" \/><\/a><\/figure><div class=\"elementor-image-box-content\"><h3 class=\"elementor-image-box-title\"><a href=\"https:\/\/in.linkedin.com\/in\/ritu-ngapnon-varuni-277783b\" target=\"_blank\">Ritu-Ngapnon Varuni<\/a><\/h3><p class=\"elementor-image-box-description\"><span style=\");font-family: Arial;font-size: 13px;text-align: left\">Ritu-Ngapnon Varuni, m\u00e1s conocida como Ritu Varuni, es una arquitecta y dise\u00f1adora de formaci\u00f3n que se dedica a la arquitectura natural, la artesan\u00eda y el dise\u00f1o de muebles, la escritura y la poes\u00eda, el pensamiento creativo y el aprendizaje \u00e9tico, y la agricultura natural del Himalaya. Tras completar su tesis de investigaci\u00f3n en Nagaland en los a\u00f1os noventa, trabaj\u00f3 durante seis a\u00f1os en Arunachal Pradesh y Assam, donde se dedic\u00f3 a investigar y desarrollar el uso del bamb\u00fa en la vivienda y la artesan\u00eda, adem\u00e1s de otras labores de base. Su trabajo de dise\u00f1o, bajo el nombre de su estudio \"E'thaan\", se ha centrado en el dise\u00f1o de artesan\u00eda tradicional india y el desarrollo de habilidades durante la mayor parte de su vida laboral, y se ha expuesto en la India y a escala internacional. Ha escrito numerosos art\u00edculos para libros y revistas. Varuni reside actualmente en Himachal Pradesh y es la fundadora y directora de la Fundaci\u00f3n Himalaya Rilung, dedicada al desarrollo de un programa de aprendizaje pr\u00e1ctico y experimental centrado en el entorno del Himalaya, denominado \"Mountainwind\". Su libro The Apatani Way of life: Shaping a culture through Bamboo, Cane and Land use. (La tribu Apatani, Arunachal Pradesh, India) se basa en sus propias experiencias e investigaciones.\n<\/span><\/p><\/div><\/div>\t\t\t\t<\/div>\n\t\t\t\t<\/div>\n\t\t\t\t<div class=\"elementor-element elementor-element-520ebea elementor-widget elementor-widget-spacer\" data-id=\"520ebea\" data-element_type=\"widget\" data-e-type=\"widget\" data-widget_type=\"spacer.default\">\n\t\t\t\t<div class=\"elementor-widget-container\">\n\t\t\t\t\t\t\t<div class=\"elementor-spacer\">\n\t\t\t<div class=\"elementor-spacer-inner\"><\/div>\n\t\t<\/div>\n\t\t\t\t\t\t<\/div>\n\t\t\t\t<\/div>\n\t\t\t\t<div class=\"elementor-element elementor-element-855a0c6 elementor-position-left elementor-vertical-align-top elementor-widget elementor-widget-image-box\" data-id=\"855a0c6\" data-element_type=\"widget\" data-e-type=\"widget\" data-widget_type=\"image-box.default\">\n\t\t\t\t<div class=\"elementor-widget-container\">\n\t\t\t\t\t<div class=\"elementor-image-box-wrapper\"><figure class=\"elementor-image-box-img\"><img decoding=\"async\" data-src=\"https:\/\/re-imagining.education\/wp-content\/uploads\/elementor\/thumbs\/Safoora-Arbab--q5m7jdo4hsoe7ov7y5g3gldr7pgbtjalr4ktwsdevc.jpeg\" title=\"Safoora Arbab\" alt=\"Safoora Arbab\" src=\"data:image\/svg+xml;base64,PHN2ZyB3aWR0aD0iMSIgaGVpZ2h0PSIxIiB4bWxucz0iaHR0cDovL3d3dy53My5vcmcvMjAwMC9zdmciPjwvc3ZnPg==\" class=\"lazyload\" style=\"--smush-placeholder-width: 500px; --smush-placeholder-aspect-ratio: 500\/500;\" \/><\/figure><div class=\"elementor-image-box-content\"><h3 class=\"elementor-image-box-title\">Safoora Arbab<\/h3><p class=\"elementor-image-box-description\"><span style=\");font-family: Arial;font-size: 13px;text-align: left\">Safoora es una acad\u00e9mica independiente y mis investigaciones, escritos y ense\u00f1anzas se centran en el marco de la no violencia.\n<\/span><\/p><\/div><\/div>\t\t\t\t<\/div>\n\t\t\t\t<\/div>\n\t\t\t\t<div class=\"elementor-element elementor-element-d4e94c1 elementor-widget elementor-widget-spacer\" data-id=\"d4e94c1\" data-element_type=\"widget\" data-e-type=\"widget\" data-widget_type=\"spacer.default\">\n\t\t\t\t<div class=\"elementor-widget-container\">\n\t\t\t\t\t\t\t<div class=\"elementor-spacer\">\n\t\t\t<div class=\"elementor-spacer-inner\"><\/div>\n\t\t<\/div>\n\t\t\t\t\t\t<\/div>\n\t\t\t\t<\/div>\n\t\t\t\t<div class=\"elementor-element elementor-element-a4044f6 elementor-position-left elementor-vertical-align-top elementor-widget elementor-widget-image-box\" data-id=\"a4044f6\" data-element_type=\"widget\" data-e-type=\"widget\" data-widget_type=\"image-box.default\">\n\t\t\t\t<div class=\"elementor-widget-container\">\n\t\t\t\t\t<div class=\"elementor-image-box-wrapper\"><figure class=\"elementor-image-box-img\"><a href=\"https:\/\/www.opensocietyfoundations.org\/\" target=\"_blank\" tabindex=\"-1\"><img decoding=\"async\" data-src=\"https:\/\/re-imagining.education\/wp-content\/uploads\/elementor\/thumbs\/Sara-Abbas-q3ai1jcr7vqku2lt2jrrum9cfqczhm0ro29bgpeu14.jpg\" title=\"Sara Abbas\" alt=\"Sara Abbas\" src=\"data:image\/svg+xml;base64,PHN2ZyB3aWR0aD0iMSIgaGVpZ2h0PSIxIiB4bWxucz0iaHR0cDovL3d3dy53My5vcmcvMjAwMC9zdmciPjwvc3ZnPg==\" class=\"lazyload\" style=\"--smush-placeholder-width: 500px; --smush-placeholder-aspect-ratio: 500\/500;\" \/><\/a><\/figure><div class=\"elementor-image-box-content\"><h3 class=\"elementor-image-box-title\"><a href=\"https:\/\/www.opensocietyfoundations.org\/\" target=\"_blank\">Sara Abbas<\/a><\/h3><p class=\"elementor-image-box-description\"><span style=\");font-family: Arial;font-size: 13px;text-align: left\">Sara Abbas es investigadora y actual becaria de la Open Society Foundations en el marco del tema \"enfoques nuevos y radicales para hacer frente a la desigualdad econ\u00f3mica\". Est\u00e1 investigando los imaginarios y las pr\u00e1cticas colectivas que han surgido en los espacios ocupados por sentadas\/protestantes durante la revoluci\u00f3n en curso en Sud\u00e1n. Entre las publicaciones de Sara figuran colaboraciones en Diversity on Common Ground: Diez perspectivas sobre el feminismo contempor\u00e1neo (2020 - Fundaci\u00f3n Rosa Luxemburg) y A Region in Revolt: Mapping the recent uprisings in the Middle East and North Africa (2020- Daraja Press). Sara es miembro activo de varios grupos y coaliciones que trabajan por un mundo justo: la Global Prison Abolitionist Coalition, la Alliance of Internationalist Feminists-Berlin y SudanUprising Germany. Su pasi\u00f3n actual es aprender sobre las plantas, la siembra y las pr\u00e1cticas agr\u00edcolas y de cultivo aut\u00f3ctonas y sostenibles. \n<\/span><\/p><\/div><\/div>\t\t\t\t<\/div>\n\t\t\t\t<\/div>\n\t\t\t\t<div class=\"elementor-element elementor-element-799081b elementor-widget elementor-widget-spacer\" data-id=\"799081b\" data-element_type=\"widget\" data-e-type=\"widget\" data-widget_type=\"spacer.default\">\n\t\t\t\t<div class=\"elementor-widget-container\">\n\t\t\t\t\t\t\t<div class=\"elementor-spacer\">\n\t\t\t<div class=\"elementor-spacer-inner\"><\/div>\n\t\t<\/div>\n\t\t\t\t\t\t<\/div>\n\t\t\t\t<\/div>\n\t\t\t\t<div class=\"elementor-element elementor-element-8721223 elementor-position-left elementor-vertical-align-top elementor-widget elementor-widget-image-box\" data-id=\"8721223\" data-element_type=\"widget\" data-e-type=\"widget\" data-widget_type=\"image-box.default\">\n\t\t\t\t<div class=\"elementor-widget-container\">\n\t\t\t\t\t<div class=\"elementor-image-box-wrapper\"><figure class=\"elementor-image-box-img\"><a href=\"http:\/\/www.senkamilutinovic.com\/\" target=\"_blank\" tabindex=\"-1\"><img decoding=\"async\" data-src=\"https:\/\/re-imagining.education\/wp-content\/uploads\/elementor\/thumbs\/Senka-Milutinovic-q38h1k8zky8l1rvwllbvos16nvbd1z54cskeolxqbs.jpeg\" title=\"Senka Milutinovi\u0107\" alt=\"Senka Milutinovi\u0107\" src=\"data:image\/svg+xml;base64,PHN2ZyB3aWR0aD0iMSIgaGVpZ2h0PSIxIiB4bWxucz0iaHR0cDovL3d3dy53My5vcmcvMjAwMC9zdmciPjwvc3ZnPg==\" class=\"lazyload\" style=\"--smush-placeholder-width: 500px; --smush-placeholder-aspect-ratio: 500\/500;\" \/><\/a><\/figure><div class=\"elementor-image-box-content\"><h3 class=\"elementor-image-box-title\"><a href=\"http:\/\/www.senkamilutinovic.com\/\" target=\"_blank\">Senka Milutinovi\u0107<\/a><\/h3><p class=\"elementor-image-box-description\"><span style=\");font-family: Arial;font-size: 13px;text-align: left\">Senka Milutinovi\u0107 es investigadora, escritora y dise\u00f1adora multimedia. Su pr\u00e1ctica gira en torno a la narraci\u00f3n ficticia y pol\u00edtica, la teor\u00eda de los medios y el archivo. Exploran la hibridez de los medios y el intercambio colectivo de conocimientos mediante la creaci\u00f3n de publicaciones, eventos, la escritura y la presentaci\u00f3n de un programa de radio. Para ellos, el aspecto m\u00e1s importante de la investigaci\u00f3n son las comunidades que se crean en torno a ella y a trav\u00e9s de ella.\n<\/span><\/p><\/div><\/div>\t\t\t\t<\/div>\n\t\t\t\t<\/div>\n\t\t\t\t<div class=\"elementor-element elementor-element-22ea014 elementor-widget elementor-widget-spacer\" data-id=\"22ea014\" data-element_type=\"widget\" data-e-type=\"widget\" data-widget_type=\"spacer.default\">\n\t\t\t\t<div class=\"elementor-widget-container\">\n\t\t\t\t\t\t\t<div class=\"elementor-spacer\">\n\t\t\t<div class=\"elementor-spacer-inner\"><\/div>\n\t\t<\/div>\n\t\t\t\t\t\t<\/div>\n\t\t\t\t<\/div>\n\t\t\t\t<div class=\"elementor-element elementor-element-8b163fa elementor-position-left elementor-vertical-align-top elementor-widget elementor-widget-image-box\" data-id=\"8b163fa\" data-element_type=\"widget\" data-e-type=\"widget\" data-widget_type=\"image-box.default\">\n\t\t\t\t<div class=\"elementor-widget-container\">\n\t\t\t\t\t<div class=\"elementor-image-box-wrapper\"><figure class=\"elementor-image-box-img\"><a href=\"https:\/\/www.instagram.com\/sierraya\/\" target=\"_blank\" tabindex=\"-1\"><img decoding=\"async\" data-src=\"https:\/\/re-imagining.education\/wp-content\/uploads\/elementor\/thumbs\/Screen-Shot-2021-12-23-at-6.26.52-PM-1-phymz558vxvbqa2sfbdpxcqw9rzlczxoix9ox4tl6w.jpg\" title=\"sierra ying allen\" alt=\"sierra ying allen\" src=\"data:image\/svg+xml;base64,PHN2ZyB3aWR0aD0iMSIgaGVpZ2h0PSIxIiB4bWxucz0iaHR0cDovL3d3dy53My5vcmcvMjAwMC9zdmciPjwvc3ZnPg==\" class=\"lazyload\" style=\"--smush-placeholder-width: 500px; --smush-placeholder-aspect-ratio: 500\/500;\" \/><\/a><\/figure><div class=\"elementor-image-box-content\"><h3 class=\"elementor-image-box-title\"><a href=\"https:\/\/www.instagram.com\/sierraya\/\" target=\"_blank\">sierra ying allen<\/a><\/h3><p class=\"elementor-image-box-description\"><span style=\");font-family: Arial;font-size: 13px;text-align: left\">Sierra se gu\u00eda por el misterio y la vitalidad relacional, y se siente m\u00e1s a gusto entre \u00e1rboles y rocas en espacios salvajes. Co-conspiradora y tejedora de comunidades con EDiT - Educaci\u00f3n en Transformaci\u00f3n, y la Alianza Ecoversities. \n<\/span><\/p><\/div><\/div>\t\t\t\t<\/div>\n\t\t\t\t<\/div>\n\t\t\t\t<div class=\"elementor-element elementor-element-591279c elementor-widget elementor-widget-spacer\" data-id=\"591279c\" data-element_type=\"widget\" data-e-type=\"widget\" data-widget_type=\"spacer.default\">\n\t\t\t\t<div class=\"elementor-widget-container\">\n\t\t\t\t\t\t\t<div class=\"elementor-spacer\">\n\t\t\t<div class=\"elementor-spacer-inner\"><\/div>\n\t\t<\/div>\n\t\t\t\t\t\t<\/div>\n\t\t\t\t<\/div>\n\t\t\t\t<div class=\"elementor-element elementor-element-32ffaef elementor-position-left elementor-vertical-align-top elementor-widget elementor-widget-image-box\" data-id=\"32ffaef\" data-element_type=\"widget\" data-e-type=\"widget\" data-widget_type=\"image-box.default\">\n\t\t\t\t<div class=\"elementor-widget-container\">\n\t\t\t\t\t<div class=\"elementor-image-box-wrapper\"><figure class=\"elementor-image-box-img\"><img decoding=\"async\" data-src=\"https:\/\/re-imagining.education\/wp-content\/uploads\/elementor\/thumbs\/Silvana-Beraldo-q4ps0a1ua79pghdw1z60mzui9fec02qloht4q4aydk.jpeg\" title=\"Silvana Beraldo\" alt=\"Silvana Beraldo\" src=\"data:image\/svg+xml;base64,PHN2ZyB3aWR0aD0iMSIgaGVpZ2h0PSIxIiB4bWxucz0iaHR0cDovL3d3dy53My5vcmcvMjAwMC9zdmciPjwvc3ZnPg==\" class=\"lazyload\" style=\"--smush-placeholder-width: 500px; --smush-placeholder-aspect-ratio: 500\/500;\" \/><\/figure><div class=\"elementor-image-box-content\"><h3 class=\"elementor-image-box-title\">Silvana Beraldo<\/h3><p class=\"elementor-image-box-description\"><span style=\");font-family: Arial;font-size: 13px;text-align: left\">Silvana Beraldo es una mujer latina estadounidense, madre, artista, escritora y educadora. (en la foto con sus dos hijos no escolarizados)\n<\/span><\/p><\/div><\/div>\t\t\t\t<\/div>\n\t\t\t\t<\/div>\n\t\t\t\t<div class=\"elementor-element elementor-element-c1566fd elementor-widget elementor-widget-spacer\" data-id=\"c1566fd\" data-element_type=\"widget\" data-e-type=\"widget\" data-widget_type=\"spacer.default\">\n\t\t\t\t<div class=\"elementor-widget-container\">\n\t\t\t\t\t\t\t<div class=\"elementor-spacer\">\n\t\t\t<div class=\"elementor-spacer-inner\"><\/div>\n\t\t<\/div>\n\t\t\t\t\t\t<\/div>\n\t\t\t\t<\/div>\n\t\t\t\t<div class=\"elementor-element elementor-element-0c67625 elementor-position-left elementor-vertical-align-top elementor-widget elementor-widget-image-box\" data-id=\"0c67625\" data-element_type=\"widget\" data-e-type=\"widget\" data-widget_type=\"image-box.default\">\n\t\t\t\t<div class=\"elementor-widget-container\">\n\t\t\t\t\t<div class=\"elementor-image-box-wrapper\"><figure class=\"elementor-image-box-img\"><a href=\"https:\/\/es.wikipedia.org\/wiki\/Silvia_Federici\" target=\"_blank\" tabindex=\"-1\"><img decoding=\"async\" data-src=\"https:\/\/re-imagining.education\/wp-content\/uploads\/elementor\/thumbs\/Silvia-Federici-q5eoyaseh1vfymbv0ikkjpz59hzwbdvr599on7khhk.jpeg\" title=\"Silvia Federici\" alt=\"Silvia Federici\" src=\"data:image\/svg+xml;base64,PHN2ZyB3aWR0aD0iMSIgaGVpZ2h0PSIxIiB4bWxucz0iaHR0cDovL3d3dy53My5vcmcvMjAwMC9zdmciPjwvc3ZnPg==\" class=\"lazyload\" style=\"--smush-placeholder-width: 500px; --smush-placeholder-aspect-ratio: 500\/500;\" \/><\/a><\/figure><div class=\"elementor-image-box-content\"><h3 class=\"elementor-image-box-title\"><a href=\"https:\/\/es.wikipedia.org\/wiki\/Silvia_Federici\" target=\"_blank\">Silvia Federici<\/a><\/h3><p class=\"elementor-image-box-description\"><span style=\");font-family: Arial;font-size: 13px;text-align: left\">activista feminista, escritora, te\u00f3rica pol\u00edtica y profesora em\u00e9rita de la Universidad de Hofstra. Tambi\u00e9n ha ense\u00f1ado en la Universidad de Port Harcourt (Nigeria). Forma parte del Colectivo Feminista Internacional, que lanz\u00f3 internacionalmente la campa\u00f1a Salarios para el trabajo dom\u00e9stico, y es cofundadora del Comit\u00e9 por la Libertad Acad\u00e9mica en \u00c1frica, del Colectivo Notas de Medianoche y del proyecto contra la pena de muerte de la Asociaci\u00f3n Filos\u00f3fica Radical (RPA). Entre sus obras m\u00e1s difundidas figuran Wages Against Housework (1975) y Caliban and the Witch: Mujeres, cuerpo y acumulaci\u00f3n primitiva (2004), Brujas, caza de brujas y mujeres (2018), Revoluci\u00f3n en el punto cero: trabajo dom\u00e9stico, reproducci\u00f3n y lucha feminista (2012), Reencantando el mundo: Feminism and the Politics of the Commons (2018), y su reciente libro Beyond the Periphery of the Skin: Repensar, rehacer, reivindicar el cuerpo en el capitalismo contempor\u00e1neo (2020).\n\n<\/p><\/div><\/div>\t\t\t\t<\/div>\n\t\t\t\t<\/div>\n\t\t\t\t<div class=\"elementor-element elementor-element-15498cf elementor-widget elementor-widget-spacer\" data-id=\"15498cf\" data-element_type=\"widget\" data-e-type=\"widget\" data-widget_type=\"spacer.default\">\n\t\t\t\t<div class=\"elementor-widget-container\">\n\t\t\t\t\t\t\t<div class=\"elementor-spacer\">\n\t\t\t<div class=\"elementor-spacer-inner\"><\/div>\n\t\t<\/div>\n\t\t\t\t\t\t<\/div>\n\t\t\t\t<\/div>\n\t\t\t\t<div class=\"elementor-element elementor-element-9aede8b elementor-position-left elementor-vertical-align-top elementor-widget elementor-widget-image-box\" data-id=\"9aede8b\" data-element_type=\"widget\" data-e-type=\"widget\" data-widget_type=\"image-box.default\">\n\t\t\t\t<div class=\"elementor-widget-container\">\n\t\t\t\t\t<div class=\"elementor-image-box-wrapper\"><figure class=\"elementor-image-box-img\"><a href=\"https:\/\/simonejohnsonwashere.com\/\" target=\"_blank\" tabindex=\"-1\"><img decoding=\"async\" data-src=\"https:\/\/re-imagining.education\/wp-content\/uploads\/elementor\/thumbs\/Simone-Johnson-q45f37783832mj6odvq2m6fg6g3f4psxeh7ayxq2ko.jpg\" title=\"Simone Johnson\" alt=\"Simone Johnson\" src=\"data:image\/svg+xml;base64,PHN2ZyB3aWR0aD0iMSIgaGVpZ2h0PSIxIiB4bWxucz0iaHR0cDovL3d3dy53My5vcmcvMjAwMC9zdmciPjwvc3ZnPg==\" class=\"lazyload\" style=\"--smush-placeholder-width: 500px; --smush-placeholder-aspect-ratio: 500\/500;\" \/><\/a><\/figure><div class=\"elementor-image-box-content\"><h3 class=\"elementor-image-box-title\"><a href=\"https:\/\/simonejohnsonwashere.com\/\" target=\"_blank\">Simone Johnson<\/a><\/h3><p class=\"elementor-image-box-description\"><span style=\");font-family: Arial;font-size: 13px;text-align: left\"> Simone Johnson es una artista interdisciplinar, investigadora y trabajadora cultural que trabaja sobre todo con el agua.\n<\/span><\/p><\/div><\/div>\t\t\t\t<\/div>\n\t\t\t\t<\/div>\n\t\t\t\t<div class=\"elementor-element elementor-element-2bb8ce7 elementor-widget elementor-widget-spacer\" data-id=\"2bb8ce7\" data-element_type=\"widget\" data-e-type=\"widget\" data-widget_type=\"spacer.default\">\n\t\t\t\t<div class=\"elementor-widget-container\">\n\t\t\t\t\t\t\t<div class=\"elementor-spacer\">\n\t\t\t<div class=\"elementor-spacer-inner\"><\/div>\n\t\t<\/div>\n\t\t\t\t\t\t<\/div>\n\t\t\t\t<\/div>\n\t\t\t\t<div class=\"elementor-element elementor-element-249d618 elementor-position-left elementor-vertical-align-top elementor-widget elementor-widget-image-box\" data-id=\"249d618\" data-element_type=\"widget\" data-e-type=\"widget\" data-widget_type=\"image-box.default\">\n\t\t\t\t<div class=\"elementor-widget-container\">\n\t\t\t\t\t<div class=\"elementor-image-box-wrapper\"><figure class=\"elementor-image-box-img\"><a href=\"https:\/\/shanefinan.org\/\" target=\"_blank\" tabindex=\"-1\"><img decoding=\"async\" data-src=\"https:\/\/re-imagining.education\/wp-content\/uploads\/elementor\/thumbs\/shane-finan-q4q4v9g0kh2420vkk3qms5vzptevd0r001qyglu1l4.jpeg\" title=\"Shane Finan\" alt=\"Shane Finan\" src=\"data:image\/svg+xml;base64,PHN2ZyB3aWR0aD0iMSIgaGVpZ2h0PSIxIiB4bWxucz0iaHR0cDovL3d3dy53My5vcmcvMjAwMC9zdmciPjwvc3ZnPg==\" class=\"lazyload\" style=\"--smush-placeholder-width: 500px; --smush-placeholder-aspect-ratio: 500\/500;\" \/><\/a><\/figure><div class=\"elementor-image-box-content\"><h3 class=\"elementor-image-box-title\"><a href=\"https:\/\/shanefinan.org\/\" target=\"_blank\">Shane Finan<\/a><\/h3><p class=\"elementor-image-box-description\"><span style=\");font-family: Arial;font-size: 13px;text-align: left\">Colaboraci\u00f3n con hongos, ovejas, humanos, semiconductores, aves.\n\nEnsamblar cosas para crear arte: electr\u00f3nica, luz, pintura, madera y mucho m\u00e1s.\n\nMiembro orgulloso de Visual Artists Ireland, el organismo que representa a los artistas en Irlanda, y una fuente constante de apoyo e informaci\u00f3n.\n<\/span><\/p><\/div><\/div>\t\t\t\t<\/div>\n\t\t\t\t<\/div>\n\t\t\t\t<div class=\"elementor-element elementor-element-79d354e elementor-widget elementor-widget-spacer\" data-id=\"79d354e\" data-element_type=\"widget\" data-e-type=\"widget\" data-widget_type=\"spacer.default\">\n\t\t\t\t<div class=\"elementor-widget-container\">\n\t\t\t\t\t\t\t<div class=\"elementor-spacer\">\n\t\t\t<div class=\"elementor-spacer-inner\"><\/div>\n\t\t<\/div>\n\t\t\t\t\t\t<\/div>\n\t\t\t\t<\/div>\n\t\t\t\t<div class=\"elementor-element elementor-element-fe624ff elementor-position-left elementor-vertical-align-top elementor-widget elementor-widget-image-box\" data-id=\"fe624ff\" data-element_type=\"widget\" data-e-type=\"widget\" data-widget_type=\"image-box.default\">\n\t\t\t\t<div class=\"elementor-widget-container\">\n\t\t\t\t\t<div class=\"elementor-image-box-wrapper\"><figure class=\"elementor-image-box-img\"><a href=\"https:\/\/www.darkoptimism.org\/\" target=\"_blank\" tabindex=\"-1\"><img decoding=\"async\" data-src=\"https:\/\/re-imagining.education\/wp-content\/uploads\/elementor\/thumbs\/Shaun-Chamberlin-scaled-q26oahjhgimin4cgpnqzxhvgg2dgwhukla6j3nk808.jpg\" title=\"Shaun Chamberlin\" alt=\"Shaun Chamberlin\" src=\"data:image\/svg+xml;base64,PHN2ZyB3aWR0aD0iMSIgaGVpZ2h0PSIxIiB4bWxucz0iaHR0cDovL3d3dy53My5vcmcvMjAwMC9zdmciPjwvc3ZnPg==\" class=\"lazyload\" style=\"--smush-placeholder-width: 500px; --smush-placeholder-aspect-ratio: 500\/500;\" \/><\/a><\/figure><div class=\"elementor-image-box-content\"><h3 class=\"elementor-image-box-title\"><a href=\"https:\/\/www.darkoptimism.org\/\" target=\"_blank\">Shaun Chamberlain<\/a><\/h3><p class=\"elementor-image-box-description\"><span style=\");font-family: Arial;font-size: 13px;text-align: left\">Shaun es el creador y director del programa en l\u00ednea \"Sobrevivir al futuro: Conversaciones para nuestro tiempo\". Como autor y activista, ha sido pionero del movimiento de Ciudades en Transici\u00f3n, uno de los primeros detenidos en la Rebeli\u00f3n de la Extinci\u00f3n y presidente de la Cooperativa de Tierras Ecol\u00f3gicas. Y ha creado el libro \"Surviving the Future: Culture, Carnival and Capital in the Aftermath of the Market Economy' a partir del legado de su difunto mentor David Fleming.\n<\/span><\/p><\/div><\/div>\t\t\t\t<\/div>\n\t\t\t\t<\/div>\n\t\t\t\t<div class=\"elementor-element elementor-element-7cc0399 elementor-widget elementor-widget-spacer\" data-id=\"7cc0399\" data-element_type=\"widget\" data-e-type=\"widget\" data-widget_type=\"spacer.default\">\n\t\t\t\t<div class=\"elementor-widget-container\">\n\t\t\t\t\t\t\t<div class=\"elementor-spacer\">\n\t\t\t<div class=\"elementor-spacer-inner\"><\/div>\n\t\t<\/div>\n\t\t\t\t\t\t<\/div>\n\t\t\t\t<\/div>\n\t\t\t\t<div class=\"elementor-element elementor-element-d108685 elementor-position-left elementor-vertical-align-top elementor-widget elementor-widget-image-box\" data-id=\"d108685\" data-element_type=\"widget\" data-e-type=\"widget\" data-widget_type=\"image-box.default\">\n\t\t\t\t<div class=\"elementor-widget-container\">\n\t\t\t\t\t<div class=\"elementor-image-box-wrapper\"><figure class=\"elementor-image-box-img\"><a href=\"https:\/\/www.instagram.com\/sadhanacenter\" target=\"_blank\" tabindex=\"-1\"><img decoding=\"async\" data-src=\"https:\/\/re-imagining.education\/wp-content\/uploads\/elementor\/thumbs\/Sondra-Loring-scaled-q3q91v8ke8oggik2ee2zm4yqvyl0n2k1rpsfqduhe0.jpg\" title=\"Sondra Loring\" alt=\"Sondra Loring\" src=\"data:image\/svg+xml;base64,PHN2ZyB3aWR0aD0iMSIgaGVpZ2h0PSIxIiB4bWxucz0iaHR0cDovL3d3dy53My5vcmcvMjAwMC9zdmciPjwvc3ZnPg==\" class=\"lazyload\" style=\"--smush-placeholder-width: 500px; --smush-placeholder-aspect-ratio: 500\/500;\" \/><\/a><\/figure><div class=\"elementor-image-box-content\"><h3 class=\"elementor-image-box-title\"><a href=\"https:\/\/www.instagram.com\/sadhanacenter\" target=\"_blank\">Sondra Loring<\/a><\/h3><p class=\"elementor-image-box-description\"><span style=\");font-family: Arial;font-size: 13px;text-align: left\">Sondra es una bruja queer interdisciplinar que incorpora a su ense\u00f1anza pr\u00e1cticas som\u00e1ticas, yoga, meditaci\u00f3n, ciencia, poes\u00eda y mantras. Sus clases son muy apreciadas por la fluidez de sus movimientos, su fuerte sentido del juego y el fomento de la comunidad. Vive en Feathertail Farm, ahora un peque\u00f1o jard\u00edn comunitario, con su hijo Mateo y su travieso perro mayor, Pequena, y su cachorro ardilla, Beb\u00e9.\n<\/span><\/p><\/div><\/div>\t\t\t\t<\/div>\n\t\t\t\t<\/div>\n\t\t\t\t<div class=\"elementor-element elementor-element-172e228 elementor-widget elementor-widget-spacer\" data-id=\"172e228\" data-element_type=\"widget\" data-e-type=\"widget\" data-widget_type=\"spacer.default\">\n\t\t\t\t<div class=\"elementor-widget-container\">\n\t\t\t\t\t\t\t<div class=\"elementor-spacer\">\n\t\t\t<div class=\"elementor-spacer-inner\"><\/div>\n\t\t<\/div>\n\t\t\t\t\t\t<\/div>\n\t\t\t\t<\/div>\n\t\t\t\t<div class=\"elementor-element elementor-element-2a3b5ea elementor-position-left elementor-vertical-align-top elementor-widget elementor-widget-image-box\" data-id=\"2a3b5ea\" data-element_type=\"widget\" data-e-type=\"widget\" data-widget_type=\"image-box.default\">\n\t\t\t\t<div class=\"elementor-widget-container\">\n\t\t\t\t\t<div class=\"elementor-image-box-wrapper\"><figure class=\"elementor-image-box-img\"><a href=\"https:\/\/healthyhumanculture.com\" target=\"_blank\" tabindex=\"-1\"><img decoding=\"async\" data-src=\"https:\/\/re-imagining.education\/wp-content\/uploads\/elementor\/thumbs\/Sophy-Banks-q26oh2etarmrwuseai4zdu3m55xys7yxhukw1dt0g8.jpeg\" title=\"Sophy Banks\" alt=\"Sophy Banks\" src=\"data:image\/svg+xml;base64,PHN2ZyB3aWR0aD0iMSIgaGVpZ2h0PSIxIiB4bWxucz0iaHR0cDovL3d3dy53My5vcmcvMjAwMC9zdmciPjwvc3ZnPg==\" class=\"lazyload\" style=\"--smush-placeholder-width: 500px; --smush-placeholder-aspect-ratio: 500\/500;\" \/><\/a><\/figure><div class=\"elementor-image-box-content\"><h3 class=\"elementor-image-box-title\"><a href=\"https:\/\/healthyhumanculture.com\" target=\"_blank\">Sophy Banks<\/a><\/h3><p class=\"elementor-image-box-description\"><span style=\");font-family: Arial;font-size: 13px;text-align: left\">La ecl\u00e9ctica vida de Sophy se ha guiado por una pregunta global: \u00bfpor qu\u00e9 los humanos creamos tanto sufrimiento involuntario y c\u00f3mo podemos dejar de hacerlo? Trabaj\u00f3 durante 10 a\u00f1os para el movimiento de Transici\u00f3n, formando a personas de todo el mundo en respuestas comunitarias a crisis globales de visi\u00f3n del mundo, medio ambiente y justicia social. Healthy Human Culture es la culminaci\u00f3n de este viaje vital.\n<\/span><\/p><\/div><\/div>\t\t\t\t<\/div>\n\t\t\t\t<\/div>\n\t\t\t\t<div class=\"elementor-element elementor-element-d6e525e elementor-widget elementor-widget-spacer\" data-id=\"d6e525e\" data-element_type=\"widget\" data-e-type=\"widget\" data-widget_type=\"spacer.default\">\n\t\t\t\t<div class=\"elementor-widget-container\">\n\t\t\t\t\t\t\t<div class=\"elementor-spacer\">\n\t\t\t<div class=\"elementor-spacer-inner\"><\/div>\n\t\t<\/div>\n\t\t\t\t\t\t<\/div>\n\t\t\t\t<\/div>\n\t\t\t\t<div class=\"elementor-element elementor-element-76cab7a elementor-position-left elementor-vertical-align-top elementor-widget elementor-widget-image-box\" data-id=\"76cab7a\" data-element_type=\"widget\" data-e-type=\"widget\" data-widget_type=\"image-box.default\">\n\t\t\t\t<div class=\"elementor-widget-container\">\n\t\t\t\t\t<div class=\"elementor-image-box-wrapper\"><figure class=\"elementor-image-box-img\"><a href=\"https:\/\/www.instagram.com\/suzananory\" target=\"_blank\" tabindex=\"-1\"><img decoding=\"async\" data-src=\"https:\/\/re-imagining.education\/wp-content\/uploads\/elementor\/thumbs\/SuzanaNori-q3q8h6se1gdd1clf5gagrctoesibasgmxd3vn8iaa0.jpg\" title=\"SuzanaNori\" alt=\"SuzanaNori\" src=\"data:image\/svg+xml;base64,PHN2ZyB3aWR0aD0iMSIgaGVpZ2h0PSIxIiB4bWxucz0iaHR0cDovL3d3dy53My5vcmcvMjAwMC9zdmciPjwvc3ZnPg==\" class=\"lazyload\" style=\"--smush-placeholder-width: 500px; --smush-placeholder-aspect-ratio: 500\/500;\" \/><\/a><\/figure><div class=\"elementor-image-box-content\"><h3 class=\"elementor-image-box-title\"><a href=\"https:\/\/www.instagram.com\/suzananory\" target=\"_blank\">Suzana Nory<\/a><\/h3><p class=\"elementor-image-box-description\"><span style=\");font-family: Arial;font-size: 13px;text-align: left\">Licenciada en Filolog\u00eda Inglesa con especializaci\u00f3n en Ling\u00fc\u00edstica y Semi\u00f3tica por la PUC\/SP. Educadora y empresaria desde 1986. En 2018, transform\u00f3 su forma de ver la educaci\u00f3n y los medios de producci\u00f3n intelectual y material en el mundo, convirti\u00e9ndose en una fil\u00f3sofa de la educaci\u00f3n que investiga las interconexiones entre las personas y la ecolog\u00eda profunda de sus territorios socioculturales y f\u00edsicos.<\/p><\/div><\/div>\t\t\t\t<\/div>\n\t\t\t\t<\/div>\n\t\t\t\t<div class=\"elementor-element elementor-element-7b9df1a elementor-widget elementor-widget-spacer\" data-id=\"7b9df1a\" data-element_type=\"widget\" data-e-type=\"widget\" data-widget_type=\"spacer.default\">\n\t\t\t\t<div class=\"elementor-widget-container\">\n\t\t\t\t\t\t\t<div class=\"elementor-spacer\">\n\t\t\t<div class=\"elementor-spacer-inner\"><\/div>\n\t\t<\/div>\n\t\t\t\t\t\t<\/div>\n\t\t\t\t<\/div>\n\t\t\t\t<div class=\"elementor-element elementor-element-49ce68e elementor-position-left elementor-vertical-align-top elementor-widget elementor-widget-image-box\" data-id=\"49ce68e\" data-element_type=\"widget\" data-e-type=\"widget\" data-widget_type=\"image-box.default\">\n\t\t\t\t<div class=\"elementor-widget-container\">\n\t\t\t\t\t<div class=\"elementor-image-box-wrapper\"><figure class=\"elementor-image-box-img\"><img decoding=\"async\" data-src=\"https:\/\/re-imagining.education\/wp-content\/uploads\/elementor\/thumbs\/Suzette-Swanson-e1682691226347-q5ok8oxhm8yg7hkj3qenslz6yds1kvurzto3z14jgo.jpeg\" title=\"Suzette Swanson\" alt=\"Suzette Swanson\" src=\"data:image\/svg+xml;base64,PHN2ZyB3aWR0aD0iMSIgaGVpZ2h0PSIxIiB4bWxucz0iaHR0cDovL3d3dy53My5vcmcvMjAwMC9zdmciPjwvc3ZnPg==\" class=\"lazyload\" style=\"--smush-placeholder-width: 500px; --smush-placeholder-aspect-ratio: 500\/500;\" \/><\/figure><div class=\"elementor-image-box-content\"><h3 class=\"elementor-image-box-title\">Suzette Swanson<\/h3><p class=\"elementor-image-box-description\"><span style=\");font-family: Arial;font-size: 13px;text-align: left\">Suzette Swanson, originaria de Alaska, vive en Egipto desde hace m\u00e1s de 20 a\u00f1os. Combina su experiencia en teatro, asesoramiento espiritual y educaci\u00f3n infantil para crear un entorno educativo \u00fanico, especialmente en Egipto.  En 2021, junto con un equipo de padres, abri\u00f3 Luminare, una microescuela en Dahab, Egipto. Atiende a 40 estudiantes de edades comprendidas entre los 4 y los 13 a\u00f1os. Suzette es actualmente la directora\/propietaria, esposa y madre de 3 hijos.<\/p><\/div><\/div>\t\t\t\t<\/div>\n\t\t\t\t<\/div>\n\t\t\t\t<div class=\"elementor-element elementor-element-f4db208 elementor-widget elementor-widget-spacer\" data-id=\"f4db208\" data-element_type=\"widget\" data-e-type=\"widget\" data-widget_type=\"spacer.default\">\n\t\t\t\t<div class=\"elementor-widget-container\">\n\t\t\t\t\t\t\t<div class=\"elementor-spacer\">\n\t\t\t<div class=\"elementor-spacer-inner\"><\/div>\n\t\t<\/div>\n\t\t\t\t\t\t<\/div>\n\t\t\t\t<\/div>\n\t\t\t\t<div class=\"elementor-element elementor-element-f63dfeb elementor-position-left elementor-vertical-align-top elementor-widget elementor-widget-image-box\" data-id=\"f63dfeb\" data-element_type=\"widget\" data-e-type=\"widget\" data-widget_type=\"image-box.default\">\n\t\t\t\t<div class=\"elementor-widget-container\">\n\t\t\t\t\t<div class=\"elementor-image-box-wrapper\"><figure class=\"elementor-image-box-img\"><img decoding=\"async\" data-src=\"https:\/\/re-imagining.education\/wp-content\/uploads\/elementor\/thumbs\/Aidee-Thamara-Monroy-Gracia-q4vlgvtayfse8q8j7y09wnf0lipuuvezf0sbr1rw5k.jpeg\" title=\"Aide\u00e9 Thamara Monroy Gracia\" alt=\"Aide\u00e9 Thamara Monroy Gracia\" src=\"data:image\/svg+xml;base64,PHN2ZyB3aWR0aD0iMSIgaGVpZ2h0PSIxIiB4bWxucz0iaHR0cDovL3d3dy53My5vcmcvMjAwMC9zdmciPjwvc3ZnPg==\" class=\"lazyload\" style=\"--smush-placeholder-width: 500px; --smush-placeholder-aspect-ratio: 500\/500;\" \/><\/figure><div class=\"elementor-image-box-content\"><h3 class=\"elementor-image-box-title\">Thamara Monroy Gracia<\/h3><p class=\"elementor-image-box-description\"><span style=\");font-family: Arial;font-size: 13px;text-align: left\">Estudio e investigo la relaci\u00f3n entre ecosom\u00e1tica, corpovocalidad, parkour\/freerunning\/add, pedagog\u00edas cr\u00edticas y movimiento consciente restaurativo. Me considero acompa\u00f1ante, tallerista y facilitadora de din\u00e1micas grupales de aprendizaje dial\u00f3gico y movimiento consciente.\nPracticante de Parkour desde 2009 y creadora de la propuesta \"Parkour Silvestre\", que retoma el m\u00e9todo de entrenamiento natural y a\u00f1ade tanto las aportaciones del m\u00e9todo de entrenamiento som\u00e1tico como las cuestiones y perspectiva de la ecosom\u00e1tica. Colaboro con el proyecto \"KataZ. Nodos de autoformaci\u00f3n\" como catalizador de procesos creativos de aprendizaje colaborativo y autodirigido; tambi\u00e9n participo en el proyecto Katapulta como facilitador del laboratorio \"Workids (parkour, crossfit y arquitectura) enfocado a la convivencia l\u00fadica entre ni\u00f1os de 3 a 11 a\u00f1os.<\/span><\/p><\/div><\/div>\t\t\t\t<\/div>\n\t\t\t\t<\/div>\n\t\t\t\t<div class=\"elementor-element elementor-element-ca84bc3 elementor-position-left elementor-vertical-align-top elementor-widget elementor-widget-image-box\" data-id=\"ca84bc3\" data-element_type=\"widget\" data-e-type=\"widget\" data-widget_type=\"image-box.default\">\n\t\t\t\t<div class=\"elementor-widget-container\">\n\t\t\t\t\t<div class=\"elementor-image-box-wrapper\"><figure class=\"elementor-image-box-img\"><img decoding=\"async\" data-src=\"https:\/\/re-imagining.education\/wp-content\/uploads\/elementor\/thumbs\/Ulises-Vega-scaled-e1682201672635-qvqu9rt4c5pqvsja5cjivydevzswxxm11yl1dgcbd4.jpg\" title=\"Ulises Vega\" alt=\"Ulises Vega\" src=\"data:image\/svg+xml;base64,PHN2ZyB3aWR0aD0iMSIgaGVpZ2h0PSIxIiB4bWxucz0iaHR0cDovL3d3dy53My5vcmcvMjAwMC9zdmciPjwvc3ZnPg==\" class=\"lazyload\" style=\"--smush-placeholder-width: 500px; --smush-placeholder-aspect-ratio: 500\/500;\" \/><\/figure><div class=\"elementor-image-box-content\"><h3 class=\"elementor-image-box-title\">Ulises Contreras Vega<\/h3><p class=\"elementor-image-box-description\"><span style=\");font-family: Arial;font-size: 13px;text-align: left\">Nacido en San Luis Potos\u00ed, S.L.P. M\u00e9xico\nDise\u00f1ador Gr\u00e1fico egresado de la Facultad del H\u00e1bitat en la UASLP, especializado en producci\u00f3n\naudiovisual e identidad de marca.\nTerapeuta certificado en \"Medicina de energ\u00eda\" por el CIET y actualmente estudiante de la Terapia\ndel Campo Punto Cero en la Casa de Cultivo el Semillero.\nCofundador de \"Navegantes de la Consciencia\", espacio de encuentro para practicantes de la\nmeditaci\u00f3n y herramientas para el desarrollo de una mejor vida diaria.\nProfesor de Fundamentos del Dise\u00f1o en el Instituto Thinkers<\/span><\/p><\/div><\/div>\t\t\t\t<\/div>\n\t\t\t\t<\/div>\n\t\t\t\t<div class=\"elementor-element elementor-element-506b60b elementor-widget elementor-widget-spacer\" data-id=\"506b60b\" data-element_type=\"widget\" data-e-type=\"widget\" data-widget_type=\"spacer.default\">\n\t\t\t\t<div class=\"elementor-widget-container\">\n\t\t\t\t\t\t\t<div class=\"elementor-spacer\">\n\t\t\t<div class=\"elementor-spacer-inner\"><\/div>\n\t\t<\/div>\n\t\t\t\t\t\t<\/div>\n\t\t\t\t<\/div>\n\t\t\t\t<div class=\"elementor-element elementor-element-1e45ac8 elementor-position-left elementor-vertical-align-top elementor-widget elementor-widget-image-box\" data-id=\"1e45ac8\" data-element_type=\"widget\" data-e-type=\"widget\" data-widget_type=\"image-box.default\">\n\t\t\t\t<div class=\"elementor-widget-container\">\n\t\t\t\t\t<div class=\"elementor-image-box-wrapper\"><figure class=\"elementor-image-box-img\"><img decoding=\"async\" data-src=\"https:\/\/re-imagining.education\/wp-content\/uploads\/elementor\/thumbs\/Vanessa-Meng-q4vlw6mq7cqf880fvk3nhsf4pbay5i5our2uz736vc.jpg\" title=\"Vanessa Meng\" alt=\"Vanessa Meng\" src=\"data:image\/svg+xml;base64,PHN2ZyB3aWR0aD0iMSIgaGVpZ2h0PSIxIiB4bWxucz0iaHR0cDovL3d3dy53My5vcmcvMjAwMC9zdmciPjwvc3ZnPg==\" class=\"lazyload\" style=\"--smush-placeholder-width: 500px; --smush-placeholder-aspect-ratio: 500\/500;\" \/><\/figure><div class=\"elementor-image-box-content\"><h3 class=\"elementor-image-box-title\">Vanessa Meng<\/h3><p class=\"elementor-image-box-description\"><span style=\");font-family: Arial;font-size: 13px;text-align: left\">Ms. Butterfly es mi nombre art\u00edstico y p\u00fablico. Crec\u00ed entre Hong Kong, Pek\u00edn y Taiw\u00e1n. Me licenci\u00e9 en Filosof\u00eda y Estudios sobre la Paz y los Conflictos en el Swarthmore College en 2020, y actualmente estoy cursando un m\u00e1ster en Psicolog\u00eda Aplicada en el Instituto de Estudios Integrales de California. Formo parte de la Asociaci\u00f3n de Estudios sobre Paz y Justicia y participo en la Alianza Pol\u00edtica de Isle\u00f1os Asi\u00e1ticos del Pac\u00edfico. Guiada por mi coraz\u00f3n, soy educadora, sanadora, creadora y amiga.\n <span><\/p><\/div><\/div>\t\t\t\t<\/div>\n\t\t\t\t<\/div>\n\t\t\t\t<div class=\"elementor-element elementor-element-49c5806 elementor-widget elementor-widget-spacer\" data-id=\"49c5806\" data-element_type=\"widget\" data-e-type=\"widget\" data-widget_type=\"spacer.default\">\n\t\t\t\t<div class=\"elementor-widget-container\">\n\t\t\t\t\t\t\t<div class=\"elementor-spacer\">\n\t\t\t<div class=\"elementor-spacer-inner\"><\/div>\n\t\t<\/div>\n\t\t\t\t\t\t<\/div>\n\t\t\t\t<\/div>\n\t\t\t\t<div class=\"elementor-element elementor-element-e88a3fb elementor-position-left elementor-vertical-align-top elementor-widget elementor-widget-image-box\" data-id=\"e88a3fb\" data-element_type=\"widget\" data-e-type=\"widget\" data-widget_type=\"image-box.default\">\n\t\t\t\t<div class=\"elementor-widget-container\">\n\t\t\t\t\t<div class=\"elementor-image-box-wrapper\"><figure class=\"elementor-image-box-img\"><a href=\"https:\/\/www.verafranco.org\/\" target=\"_blank\" tabindex=\"-1\"><img decoding=\"async\" data-src=\"https:\/\/re-imagining.education\/wp-content\/uploads\/elementor\/thumbs\/Screenshot-2021-12-29-at-10.05.56-PM-Vera-Franco-pj4lzpz4qwooca0fm1bbu2erkc6ctpkycznxekh0g8.jpg\" title=\"Vera Franco\" alt=\"Vera Franco\" src=\"data:image\/svg+xml;base64,PHN2ZyB3aWR0aD0iMSIgaGVpZ2h0PSIxIiB4bWxucz0iaHR0cDovL3d3dy53My5vcmcvMjAwMC9zdmciPjwvc3ZnPg==\" class=\"lazyload\" style=\"--smush-placeholder-width: 500px; --smush-placeholder-aspect-ratio: 500\/500;\" \/><\/a><\/figure><div class=\"elementor-image-box-content\"><h3 class=\"elementor-image-box-title\"><a href=\"https:\/\/www.verafranco.org\/\" target=\"_blank\">Vera Franco<\/a><\/h3><p class=\"elementor-image-box-description\"><span style=\");font-family: Arial;font-size: 13px;text-align: left\">Soy comadrona de la abundancia. Abro portales a una abundancia de posibilidades, ayud\u00e1ndote a eliminar bloqueos y el velo que se interpone en el camino de nuevas opciones que antes no ve\u00edas.\n\n \n\nSoy Evolucionista, tomo partido por la evoluci\u00f3n de la conciencia humana y la vida pr\u00f3spera en la Tierra (y m\u00e1s all\u00e1). Facilito el cambio de contexto para una mayor conciencia y presencia en las comunidades; empresas; pr\u00f3ximas culturas; y entornos de aprendizaje, centrados en aut\u00e9nticos procesos inici\u00e1ticos de la edad adulta.\n\n \n\nMi trabajo consiste en ayudarte a encontrar tu llave interior, para que puedas sanarte y evolucionar. <span><\/p><\/div><\/div>\t\t\t\t<\/div>\n\t\t\t\t<\/div>\n\t\t\t\t<div class=\"elementor-element elementor-element-22812a6 elementor-widget elementor-widget-spacer\" data-id=\"22812a6\" data-element_type=\"widget\" data-e-type=\"widget\" data-widget_type=\"spacer.default\">\n\t\t\t\t<div class=\"elementor-widget-container\">\n\t\t\t\t\t\t\t<div class=\"elementor-spacer\">\n\t\t\t<div class=\"elementor-spacer-inner\"><\/div>\n\t\t<\/div>\n\t\t\t\t\t\t<\/div>\n\t\t\t\t<\/div>\n\t\t\t\t<div class=\"elementor-element elementor-element-8d486d1 elementor-position-left elementor-vertical-align-top elementor-widget elementor-widget-image-box\" data-id=\"8d486d1\" data-element_type=\"widget\" data-e-type=\"widget\" data-widget_type=\"image-box.default\">\n\t\t\t\t<div class=\"elementor-widget-container\">\n\t\t\t\t\t<div class=\"elementor-image-box-wrapper\"><figure class=\"elementor-image-box-img\"><a href=\"https:\/\/mx.linkedin.com\/in\/universidadelmedioambiente\" target=\"_blank\" tabindex=\"-1\"><img decoding=\"async\" data-src=\"https:\/\/re-imagining.education\/wp-content\/uploads\/elementor\/thumbs\/Victoria-Haro-q510wuy0jnic1e382a7z259tznaebhr3fva8l5goeg.jpg\" title=\"Victoria Haro\" alt=\"Victoria Haro\" src=\"data:image\/svg+xml;base64,PHN2ZyB3aWR0aD0iMSIgaGVpZ2h0PSIxIiB4bWxucz0iaHR0cDovL3d3dy53My5vcmcvMjAwMC9zdmciPjwvc3ZnPg==\" class=\"lazyload\" style=\"--smush-placeholder-width: 500px; --smush-placeholder-aspect-ratio: 500\/500;\" \/><\/a><\/figure><div class=\"elementor-image-box-content\"><h3 class=\"elementor-image-box-title\"><a href=\"https:\/\/mx.linkedin.com\/in\/universidadelmedioambiente\" target=\"_blank\">Victoria Haro<\/a><\/h3><p class=\"elementor-image-box-description\"><span style=\");font-family: Arial;font-size: 13px;text-align: left\">\n\nCo-fundador y co-director de la Universidad del Medio Ambiente (UMA) en M\u00e9xico, una universidad formal enfocada en carreras de sustentabilidad en diversas disciplinas. La UMA es una comunidad de pr\u00e1ctica donde aprendemos desarrollando proyectos socioambientales colaborativos, explorando procesos personales, interpersonales y transpersonales de regeneraci\u00f3n. \n<span><\/p><\/div><\/div>\t\t\t\t<\/div>\n\t\t\t\t<\/div>\n\t\t\t\t<div class=\"elementor-element elementor-element-495222c elementor-widget elementor-widget-spacer\" data-id=\"495222c\" data-element_type=\"widget\" data-e-type=\"widget\" data-widget_type=\"spacer.default\">\n\t\t\t\t<div class=\"elementor-widget-container\">\n\t\t\t\t\t\t\t<div class=\"elementor-spacer\">\n\t\t\t<div class=\"elementor-spacer-inner\"><\/div>\n\t\t<\/div>\n\t\t\t\t\t\t<\/div>\n\t\t\t\t<\/div>\n\t\t\t\t<div class=\"elementor-element elementor-element-a38746f elementor-position-left elementor-vertical-align-top elementor-widget elementor-widget-image-box\" data-id=\"a38746f\" data-element_type=\"widget\" data-e-type=\"widget\" data-widget_type=\"image-box.default\">\n\t\t\t\t<div class=\"elementor-widget-container\">\n\t\t\t\t\t<div class=\"elementor-image-box-wrapper\"><figure class=\"elementor-image-box-img\"><a href=\"https:\/\/www.educambiando.org\/\" target=\"_blank\" tabindex=\"-1\"><img decoding=\"async\" data-src=\"https:\/\/re-imagining.education\/wp-content\/uploads\/elementor\/thumbs\/Yohualli-q4ix9azxfl5c7yefdrgci2zvbkg0igy61uuond6emg.jpeg\" title=\"Yohualli\" alt=\"Yohualli\" src=\"data:image\/svg+xml;base64,PHN2ZyB3aWR0aD0iMSIgaGVpZ2h0PSIxIiB4bWxucz0iaHR0cDovL3d3dy53My5vcmcvMjAwMC9zdmciPjwvc3ZnPg==\" class=\"lazyload\" style=\"--smush-placeholder-width: 500px; --smush-placeholder-aspect-ratio: 500\/500;\" \/><\/a><\/figure><div class=\"elementor-image-box-content\"><h3 class=\"elementor-image-box-title\"><a href=\"https:\/\/www.educambiando.org\/\" target=\"_blank\">Yohualli<\/a><\/h3><p class=\"elementor-image-box-description\"><span style=\");font-family: Arial;font-size: 13px;text-align: left\">Hola, soy Yohualli, tengo 13 a\u00f1os, y estoy desecolarizada desde los siete. Me considero una persona bastante alegre, sensible y comprensiva. Las cosas que m\u00e1s me gusta hacer y mis hobbies son; bailar Ballet, dibujar, cocinar y cantar, esas son las cosas que hago con m\u00e1s frecuencia, pero tambi\u00e9n me interesa bastante el mundo de la moda en general.\n <span><\/p><\/div><\/div>\t\t\t\t<\/div>\n\t\t\t\t<\/div>\n\t\t\t\t<div class=\"elementor-element elementor-element-c35dcbc elementor-widget elementor-widget-spacer\" data-id=\"c35dcbc\" data-element_type=\"widget\" data-e-type=\"widget\" data-widget_type=\"spacer.default\">\n\t\t\t\t<div class=\"elementor-widget-container\">\n\t\t\t\t\t\t\t<div class=\"elementor-spacer\">\n\t\t\t<div class=\"elementor-spacer-inner\"><\/div>\n\t\t<\/div>\n\t\t\t\t\t\t<\/div>\n\t\t\t\t<\/div>\n\t\t\t\t<div class=\"elementor-element elementor-element-2e2e61c elementor-position-left elementor-vertical-align-top elementor-widget elementor-widget-image-box\" data-id=\"2e2e61c\" data-element_type=\"widget\" data-e-type=\"widget\" data-widget_type=\"image-box.default\">\n\t\t\t\t<div class=\"elementor-widget-container\">\n\t\t\t\t\t<div class=\"elementor-image-box-wrapper\"><figure class=\"elementor-image-box-img\"><a href=\"https:\/\/www.instagram.com\/_fromtheroots\/\" target=\"_blank\" tabindex=\"-1\"><img decoding=\"async\" data-src=\"https:\/\/re-imagining.education\/wp-content\/uploads\/elementor\/thumbs\/Wangui-q3ai217otqf0ynvv69honzr3q1wyjuzo2injkyocqw.jpg\" title=\"Wang\u0169i wa Kamonji\" alt=\"Wang\u0169i wa Kamonji\" src=\"data:image\/svg+xml;base64,PHN2ZyB3aWR0aD0iMSIgaGVpZ2h0PSIxIiB4bWxucz0iaHR0cDovL3d3dy53My5vcmcvMjAwMC9zdmciPjwvc3ZnPg==\" class=\"lazyload\" style=\"--smush-placeholder-width: 500px; --smush-placeholder-aspect-ratio: 500\/500;\" \/><\/a><\/figure><div class=\"elementor-image-box-content\"><h3 class=\"elementor-image-box-title\"><a href=\"https:\/\/www.instagram.com\/_fromtheroots\/\" target=\"_blank\">Wang\u0169i wa Kamonji <\/a><\/h3><p class=\"elementor-image-box-description\"><span style=\");font-family: Arial;font-size: 13px;text-align: left\">Wang\u0169i wa Kamonji es una regeneradora que investiga y traduce los conocimientos ind\u00edgenas afrikanos en procesos experienciales, arte y miel. Su trabajo est\u00e1 motivado por el doble reto de sanar y generar nuevas realidades para el presente y el futuro. Wang\u0169i se basa en la investigaci\u00f3n con m\u00e9todos acad\u00e9micos e ind\u00edgenas; la narraci\u00f3n de historias en forma escrita y oral; la danza tradicional afrikana y la pr\u00e1ctica del movimiento; y la facilitaci\u00f3n de espacios para la conciencia cr\u00edtica y la transformaci\u00f3n. Su objetivo es proporcionar a los afrikanos herramientas enraizadas y encarnadas para curar los traumas coloniales del pasado y del presente, y (re)crear formas de vivir regenerativamente con ellos mismos, la Tierra y los antepasados, es decir, para descolonizarnos y reindigenizarnos. Su trabajo incluye la conexi\u00f3n ancestral, la danza coreogr\u00e1fica, el movimiento de improvisaci\u00f3n, el canto ancestral, el dise\u00f1o ritual, la comida ind\u00edgena, la narraci\u00f3n oral, la poes\u00eda escrita, la historia y los ensayos, la creatividad colectiva, el trabajo de procesos y la regulaci\u00f3n del sistema nervioso con el Resilience Toolkit\u2122. Wang\u0169i reside en Ongata Rongai, \u00c1frica Oriental.\n <span><\/span><\/span><\/p><\/div><\/div>\t\t\t\t<\/div>\n\t\t\t\t<\/div>\n\t\t\t\t<div class=\"elementor-element elementor-element-58afb6f elementor-widget elementor-widget-spacer\" data-id=\"58afb6f\" data-element_type=\"widget\" data-e-type=\"widget\" data-widget_type=\"spacer.default\">\n\t\t\t\t<div class=\"elementor-widget-container\">\n\t\t\t\t\t\t\t<div class=\"elementor-spacer\">\n\t\t\t<div class=\"elementor-spacer-inner\"><\/div>\n\t\t<\/div>\n\t\t\t\t\t\t<\/div>\n\t\t\t\t<\/div>\n\t\t\t\t<div class=\"elementor-element elementor-element-63a2f54 elementor-position-left elementor-vertical-align-top elementor-widget elementor-widget-image-box\" data-id=\"63a2f54\" data-element_type=\"widget\" data-e-type=\"widget\" data-widget_type=\"image-box.default\">\n\t\t\t\t<div class=\"elementor-widget-container\">\n\t\t\t\t\t<div class=\"elementor-image-box-wrapper\"><figure class=\"elementor-image-box-img\"><a href=\"https:\/\/www.instagram.com\/yeyoenoax\/?hl=en\" target=\"_blank\" tabindex=\"-1\"><img decoding=\"async\" data-src=\"https:\/\/re-imagining.education\/wp-content\/uploads\/elementor\/thumbs\/Yeyo-Beltran-e1729272441677-qvr0ltfif5w3m1acix72tepb7bsqecxnqofuw67ts8.jpg\" title=\"Yeyo Beltr\u00e1n\" alt=\"Yeyo Beltr\u00e1n\" src=\"data:image\/svg+xml;base64,PHN2ZyB3aWR0aD0iMSIgaGVpZ2h0PSIxIiB4bWxucz0iaHR0cDovL3d3dy53My5vcmcvMjAwMC9zdmciPjwvc3ZnPg==\" class=\"lazyload\" style=\"--smush-placeholder-width: 500px; --smush-placeholder-aspect-ratio: 500\/500;\" \/><\/a><\/figure><div class=\"elementor-image-box-content\"><h3 class=\"elementor-image-box-title\"><a href=\"https:\/\/www.instagram.com\/yeyoenoax\/?hl=en\" target=\"_blank\">Yeyo Beltr\u00e1n<\/a><\/h3><p class=\"elementor-image-box-description\"><span style=\");font-family: Arial;font-size: 13px;text-align: left\">Sergio \"Yeyo\" Beltr\u00e1n ha dise\u00f1ado y participado en m\u00faltiples experiencias de facilitaci\u00f3n de grupos interculturales. Es cofundador de la Universidad de la Tierra en Oaxaca y de Herramientas para el Buen Vivir, A.C. Actualmente apoya y difunde proyectos de comunicaci\u00f3n popular y alternativas educativas alrededor del mundo y practica el Arte de Ser Anfitri\u00f3n de Conversaciones Significativas como consultor externo para empresas, instituciones y organizaciones sin fines de lucro. Es miembro de la Alianza Ecoversidades entre otras redes globales.\n <span><\/p><\/div><\/div>\t\t\t\t<\/div>\n\t\t\t\t<\/div>\n\t\t\t\t\t<\/div>\n\t\t<\/div>\n\t\t\t\t<div class=\"elementor-column elementor-col-50 elementor-top-column elementor-element elementor-element-d2e14b8\" data-id=\"d2e14b8\" data-element_type=\"column\" data-e-type=\"column\">\n\t\t\t<div class=\"elementor-widget-wrap elementor-element-populated\">\n\t\t\t\t\t\t<div class=\"elementor-element elementor-element-1c11cbe elementor-widget elementor-widget-spacer\" data-id=\"1c11cbe\" data-element_type=\"widget\" data-e-type=\"widget\" data-widget_type=\"spacer.default\">\n\t\t\t\t<div class=\"elementor-widget-container\">\n\t\t\t\t\t\t\t<div class=\"elementor-spacer\">\n\t\t\t<div class=\"elementor-spacer-inner\"><\/div>\n\t\t<\/div>\n\t\t\t\t\t\t<\/div>\n\t\t\t\t<\/div>\n\t\t\t\t<div class=\"elementor-element elementor-element-bc70c33 elementor-position-left elementor-vertical-align-top elementor-widget elementor-widget-image-box\" data-id=\"bc70c33\" data-element_type=\"widget\" data-e-type=\"widget\" data-widget_type=\"image-box.default\">\n\t\t\t\t<div class=\"elementor-widget-container\">\n\t\t\t\t\t<div class=\"elementor-image-box-wrapper\"><figure class=\"elementor-image-box-img\"><a href=\"https:\/\/www.vtlff.org\/vsarn\" tabindex=\"-1\"><img decoding=\"async\" data-src=\"https:\/\/re-imagining.education\/wp-content\/uploads\/elementor\/thumbs\/IMG_2199-addie-a-plilg2qks6njd8hmkihxozoe8ykhub6nrqhdxuofwo.jpg\" title=\"IMG_2199 - addie a\" alt=\"IMG_2199 - addie a\" src=\"data:image\/svg+xml;base64,PHN2ZyB3aWR0aD0iMSIgaGVpZ2h0PSIxIiB4bWxucz0iaHR0cDovL3d3dy53My5vcmcvMjAwMC9zdmciPjwvc3ZnPg==\" class=\"lazyload\" style=\"--smush-placeholder-width: 500px; --smush-placeholder-aspect-ratio: 500\/500;\" \/><\/a><\/figure><div class=\"elementor-image-box-content\"><h3 class=\"elementor-image-box-title\"><a href=\"https:\/\/www.vtlff.org\/vsarn\">Addie Lentzner<\/a><\/h3><p class=\"elementor-image-box-description\"><span style=\");font-family: Arial;font-size: 13px;text-align: left\">Addie es defensora de los j\u00f3venes, activista y estudiante universitaria de primer a\u00f1o en el Middlebury College de Vermont (Estados Unidos). Es la fundadora de la Red Estudiantil Antirracista de Vermont, un grupo de estudiantes que trabajan para construir escuelas antirracistas mediante el dise\u00f1o de planes de estudios, la direcci\u00f3n de clases con estudiantes, la donaci\u00f3n de libros a las escuelas y la defensa de pol\u00edticas. Es miembro ejecutivo de Our Turn, una organizaci\u00f3n educativa nacional sin \u00e1nimo de lucro cuya misi\u00f3n es alzar las voces de los estudiantes en la lucha por la justicia educativa. Aparte de la educaci\u00f3n y la lucha contra el racismo, Addie ha trabajado en la defensa de pol\u00edticas relativas a las personas sin hogar y la vivienda, y consigui\u00f3 restablecer una pol\u00edtica que permit\u00eda que las personas sin hogar pudieran alojarse durante el invierno. Se dedica a alzar las voces de los j\u00f3venes de manera significativa para lograr el cambio que necesitamos urgentemente.<\/span><\/p><\/div><\/div>\t\t\t\t<\/div>\n\t\t\t\t<\/div>\n\t\t\t\t<div class=\"elementor-element elementor-element-3034639 elementor-widget elementor-widget-spacer\" data-id=\"3034639\" data-element_type=\"widget\" data-e-type=\"widget\" data-widget_type=\"spacer.default\">\n\t\t\t\t<div class=\"elementor-widget-container\">\n\t\t\t\t\t\t\t<div class=\"elementor-spacer\">\n\t\t\t<div class=\"elementor-spacer-inner\"><\/div>\n\t\t<\/div>\n\t\t\t\t\t\t<\/div>\n\t\t\t\t<\/div>\n\t\t\t\t<div class=\"elementor-element elementor-element-c209d2b elementor-position-left elementor-vertical-align-top elementor-widget elementor-widget-image-box\" data-id=\"c209d2b\" data-element_type=\"widget\" data-e-type=\"widget\" data-widget_type=\"image-box.default\">\n\t\t\t\t<div class=\"elementor-widget-container\">\n\t\t\t\t\t<div class=\"elementor-image-box-wrapper\"><figure class=\"elementor-image-box-img\"><a href=\"https:\/\/www.linkedin.com\/in\/adleryang\/\" tabindex=\"-1\"><img decoding=\"async\" data-src=\"https:\/\/re-imagining.education\/wp-content\/uploads\/elementor\/thumbs\/Adler-Yang-e1729271821511-qvr05mnkpvqbnssv1xadvhriwfl5u0o2ujytcm7wy0.jpg\" title=\"Adler Yang\" alt=\"Adler Yang\" src=\"data:image\/svg+xml;base64,PHN2ZyB3aWR0aD0iMSIgaGVpZ2h0PSIxIiB4bWxucz0iaHR0cDovL3d3dy53My5vcmcvMjAwMC9zdmciPjwvc3ZnPg==\" class=\"lazyload\" style=\"--smush-placeholder-width: 500px; --smush-placeholder-aspect-ratio: 500\/500;\" \/><\/a><\/figure><div class=\"elementor-image-box-content\"><h3 class=\"elementor-image-box-title\"><a href=\"https:\/\/www.linkedin.com\/in\/adleryang\/\">Adler Yang<\/a><\/h3><p class=\"elementor-image-box-description\"><span style=\");font-family: Arial;font-size: 13px;text-align: left\">Adler ha sido voluntario, cineasta, periodista, empresario y tiene experiencia en diversos campos a lo largo de su vida. Aunque el puesto que ocupa ha ido cambiando constantemente, siempre se ha considerado un aprendiz eterno.<\/span><\/p><\/div><\/div>\t\t\t\t<\/div>\n\t\t\t\t<\/div>\n\t\t\t\t<div class=\"elementor-element elementor-element-2c909b4 elementor-widget elementor-widget-spacer\" data-id=\"2c909b4\" data-element_type=\"widget\" data-e-type=\"widget\" data-widget_type=\"spacer.default\">\n\t\t\t\t<div class=\"elementor-widget-container\">\n\t\t\t\t\t\t\t<div class=\"elementor-spacer\">\n\t\t\t<div class=\"elementor-spacer-inner\"><\/div>\n\t\t<\/div>\n\t\t\t\t\t\t<\/div>\n\t\t\t\t<\/div>\n\t\t\t\t<div class=\"elementor-element elementor-element-6b87a83 elementor-position-left elementor-vertical-align-top elementor-widget elementor-widget-image-box\" data-id=\"6b87a83\" data-element_type=\"widget\" data-e-type=\"widget\" data-widget_type=\"image-box.default\">\n\t\t\t\t<div class=\"elementor-widget-container\">\n\t\t\t\t\t<div class=\"elementor-image-box-wrapper\"><figure class=\"elementor-image-box-img\"><a href=\"https:\/\/www.vtlff.org\/vsarn\" tabindex=\"-1\"><img decoding=\"async\" data-src=\"https:\/\/re-imagining.education\/wp-content\/uploads\/elementor\/thumbs\/Albert-Stephen-Salazar-Corrales-e1729271870259-qvr06vrttxg352zbqgsh76dnexes3hn70ra4dwd0nc.jpg\" title=\"Albert Stephen Salazar Corrales\" alt=\"Albert Stephen Salazar Corrales\" src=\"data:image\/svg+xml;base64,PHN2ZyB3aWR0aD0iMSIgaGVpZ2h0PSIxIiB4bWxucz0iaHR0cDovL3d3dy53My5vcmcvMjAwMC9zdmciPjwvc3ZnPg==\" class=\"lazyload\" style=\"--smush-placeholder-width: 500px; --smush-placeholder-aspect-ratio: 500\/500;\" \/><\/a><\/figure><div class=\"elementor-image-box-content\"><h3 class=\"elementor-image-box-title\"><a href=\"https:\/\/www.vtlff.org\/vsarn\">Albert Stephen Salazar Corrales<\/a><\/h3><p class=\"elementor-image-box-description\"><span style=\");font-family: Arial;font-size: 13px;text-align: left\">Albert es narrador, ocean\u00f3grafo, no investigador, embaucador, habitante de muchos mundos. Vive en la pen\u00ednsula de California, en Kumeyaay Country, entre el desierto y el mar. Siente una profunda reverencia y simpat\u00eda hacia los f\u00f3siles y las piedras de agua. \u00daltimamente ha estado escuchando a la Tierra, sanando con el clima, aprendiendo a estar al servicio de la vitalidad que le rodea, abrazando el mundo m\u00e1s-que-humano, explorando su propia voz. A veces, sus sue\u00f1os nocturnos son visitados por ballenas errantes.<\/span><\/p><\/div><\/div>\t\t\t\t<\/div>\n\t\t\t\t<\/div>\n\t\t\t\t<div class=\"elementor-element elementor-element-3ad00f7 elementor-widget elementor-widget-spacer\" data-id=\"3ad00f7\" data-element_type=\"widget\" data-e-type=\"widget\" data-widget_type=\"spacer.default\">\n\t\t\t\t<div class=\"elementor-widget-container\">\n\t\t\t\t\t\t\t<div class=\"elementor-spacer\">\n\t\t\t<div class=\"elementor-spacer-inner\"><\/div>\n\t\t<\/div>\n\t\t\t\t\t\t<\/div>\n\t\t\t\t<\/div>\n\t\t\t\t<div class=\"elementor-element elementor-element-7682987 elementor-position-left elementor-vertical-align-top elementor-widget elementor-widget-image-box\" data-id=\"7682987\" data-element_type=\"widget\" data-e-type=\"widget\" data-widget_type=\"image-box.default\">\n\t\t\t\t<div class=\"elementor-widget-container\">\n\t\t\t\t\t<div class=\"elementor-image-box-wrapper\"><figure class=\"elementor-image-box-img\"><a href=\"https:\/\/www.ciis.edu\/\" tabindex=\"-1\"><img decoding=\"async\" data-src=\"https:\/\/re-imagining.education\/wp-content\/uploads\/elementor\/thumbs\/Alka-Arora-q303cmff7yfipc08uw3l5hymhji51lyr44tw59k614.jpg\" title=\"Alka Arora\" alt=\"Alka Arora\" src=\"data:image\/svg+xml;base64,PHN2ZyB3aWR0aD0iMSIgaGVpZ2h0PSIxIiB4bWxucz0iaHR0cDovL3d3dy53My5vcmcvMjAwMC9zdmciPjwvc3ZnPg==\" class=\"lazyload\" style=\"--smush-placeholder-width: 500px; --smush-placeholder-aspect-ratio: 500\/500;\" \/><\/a><\/figure><div class=\"elementor-image-box-content\"><h3 class=\"elementor-image-box-title\"><a href=\"https:\/\/www.ciis.edu\/\">Alka Arora<\/a><\/h3><p class=\"elementor-image-box-description\"><span style=\");font-family: Arial;font-size: 13px;text-align: left\">Alka Arora, Ph.D. es profesora asociada de estudios de la mujer y espiritualidad de la mujer en el Instituto de Estudios Integrales de California, donde ha estado ense\u00f1ando desde 2011. Durante m\u00e1s de una d\u00e9cada, la Dra. Arora ha estado desarrollando el campo de la educaci\u00f3n feminista integral y el activismo espiritual feminista, trabajando junto a acad\u00e9micas hermanas para ofrecer un enfoque transdisciplinario y socialmente comprometido para el estudio del g\u00e9nero, la espiritualidad y la religi\u00f3n.<\/span><\/p><\/div><\/div>\t\t\t\t<\/div>\n\t\t\t\t<\/div>\n\t\t\t\t<div class=\"elementor-element elementor-element-1b8511c elementor-widget elementor-widget-spacer\" data-id=\"1b8511c\" data-element_type=\"widget\" data-e-type=\"widget\" data-widget_type=\"spacer.default\">\n\t\t\t\t<div class=\"elementor-widget-container\">\n\t\t\t\t\t\t\t<div class=\"elementor-spacer\">\n\t\t\t<div class=\"elementor-spacer-inner\"><\/div>\n\t\t<\/div>\n\t\t\t\t\t\t<\/div>\n\t\t\t\t<\/div>\n\t\t\t\t<div class=\"elementor-element elementor-element-aa0fa05 elementor-position-left elementor-vertical-align-top elementor-widget elementor-widget-image-box\" data-id=\"aa0fa05\" data-element_type=\"widget\" data-e-type=\"widget\" data-widget_type=\"image-box.default\">\n\t\t\t\t<div class=\"elementor-widget-container\">\n\t\t\t\t\t<div class=\"elementor-image-box-wrapper\"><figure class=\"elementor-image-box-img\"><img decoding=\"async\" data-src=\"https:\/\/re-imagining.education\/wp-content\/uploads\/elementor\/thumbs\/Amali-Morning-Song-scaled-q45f0rs8fmremspnkbxroahkxm2a8v5w2gj5c7bonc.jpeg\" title=\"Canci\u00f3n matutina de Amali\" alt=\"Canci\u00f3n matutina de Amali\" src=\"data:image\/svg+xml;base64,PHN2ZyB3aWR0aD0iMSIgaGVpZ2h0PSIxIiB4bWxucz0iaHR0cDovL3d3dy53My5vcmcvMjAwMC9zdmciPjwvc3ZnPg==\" class=\"lazyload\" style=\"--smush-placeholder-width: 500px; --smush-placeholder-aspect-ratio: 500\/500;\" \/><\/figure><div class=\"elementor-image-box-content\"><h3 class=\"elementor-image-box-title\">Canci\u00f3n matutina de Amali <\/h3><p class=\"elementor-image-box-description\"><span style=\");font-family: Arial;font-size: 13px;text-align: left\">\u00a1Casi 40 comunitarios en ciernes!  Soy partidaria de estar abierta a las preguntas y sensaciones que surgen en la vida.  Estar abierto al proceso de convertirnos en lo que olvidamos que somos.<\/span><\/p><\/div><\/div>\t\t\t\t<\/div>\n\t\t\t\t<\/div>\n\t\t\t\t<div class=\"elementor-element elementor-element-fd8b431 elementor-widget elementor-widget-spacer\" data-id=\"fd8b431\" data-element_type=\"widget\" data-e-type=\"widget\" data-widget_type=\"spacer.default\">\n\t\t\t\t<div class=\"elementor-widget-container\">\n\t\t\t\t\t\t\t<div class=\"elementor-spacer\">\n\t\t\t<div class=\"elementor-spacer-inner\"><\/div>\n\t\t<\/div>\n\t\t\t\t\t\t<\/div>\n\t\t\t\t<\/div>\n\t\t\t\t<div class=\"elementor-element elementor-element-27728c5 elementor-position-left elementor-vertical-align-top elementor-widget elementor-widget-image-box\" data-id=\"27728c5\" data-element_type=\"widget\" data-e-type=\"widget\" data-widget_type=\"image-box.default\">\n\t\t\t\t<div class=\"elementor-widget-container\">\n\t\t\t\t\t<div class=\"elementor-image-box-wrapper\"><figure class=\"elementor-image-box-img\"><img decoding=\"async\" data-src=\"https:\/\/re-imagining.education\/wp-content\/uploads\/elementor\/thumbs\/Aser-Cortines-q3q8gybuby1s4uxpiumtmwyj2bo0dij1w78ibqutu0.jpg\" title=\"Aser Cortines\" alt=\"Aser Cortines\" src=\"data:image\/svg+xml;base64,PHN2ZyB3aWR0aD0iMSIgaGVpZ2h0PSIxIiB4bWxucz0iaHR0cDovL3d3dy53My5vcmcvMjAwMC9zdmciPjwvc3ZnPg==\" class=\"lazyload\" style=\"--smush-placeholder-width: 500px; --smush-placeholder-aspect-ratio: 500\/500;\" \/><\/figure><div class=\"elementor-image-box-content\"><h3 class=\"elementor-image-box-title\">Aser Cortines <\/h3><p class=\"elementor-image-box-description\"><span style=\");font-family: Arial;font-size: 13px;text-align: left\">Socio de Cortines&amp;Sebasti\u00e1 y consejero de varias organizaciones del tercer sector. Fue vicepresidente del Banco Caixa durante 6 a\u00f1os y profesor en programas de grado y posgrado en las siguientes instituciones: Facultad de Econom\u00eda de la UFF, Facultad de Ingenier\u00eda de la UFRJ, y MBA en el Instituto Brasile\u00f1o de Mercado de Capitales y en la Funda\u00e7\u00e3o Get\u00falio Vargas .<\/span><\/p><\/div><\/div>\t\t\t\t<\/div>\n\t\t\t\t<\/div>\n\t\t\t\t<div class=\"elementor-element elementor-element-89bef48 elementor-widget elementor-widget-spacer\" data-id=\"89bef48\" data-element_type=\"widget\" data-e-type=\"widget\" data-widget_type=\"spacer.default\">\n\t\t\t\t<div class=\"elementor-widget-container\">\n\t\t\t\t\t\t\t<div class=\"elementor-spacer\">\n\t\t\t<div class=\"elementor-spacer-inner\"><\/div>\n\t\t<\/div>\n\t\t\t\t\t\t<\/div>\n\t\t\t\t<\/div>\n\t\t\t\t<div class=\"elementor-element elementor-element-1b8d3cd elementor-position-left elementor-vertical-align-top elementor-widget elementor-widget-image-box\" data-id=\"1b8d3cd\" data-element_type=\"widget\" data-e-type=\"widget\" data-widget_type=\"image-box.default\">\n\t\t\t\t<div class=\"elementor-widget-container\">\n\t\t\t\t\t<div class=\"elementor-image-box-wrapper\"><figure class=\"elementor-image-box-img\"><a href=\"https:\/\/www.instagram.com\/ana.calandrelli\/?hl=en\" tabindex=\"-1\"><img decoding=\"async\" data-src=\"https:\/\/re-imagining.education\/wp-content\/uploads\/elementor\/thumbs\/Ana-Calandrelli-q303go4en9yyow4m852rdz72k9k16p15c5y5j5k58o.jpg\" title=\"Ana Calandrelli\" alt=\"Ana Calandrelli\" src=\"data:image\/svg+xml;base64,PHN2ZyB3aWR0aD0iMSIgaGVpZ2h0PSIxIiB4bWxucz0iaHR0cDovL3d3dy53My5vcmcvMjAwMC9zdmciPjwvc3ZnPg==\" class=\"lazyload\" style=\"--smush-placeholder-width: 500px; --smush-placeholder-aspect-ratio: 500\/500;\" \/><\/a><\/figure><div class=\"elementor-image-box-content\"><h3 class=\"elementor-image-box-title\"><a href=\"https:\/\/www.instagram.com\/ana.calandrelli\/?hl=en\">\u00c2na Calendrelli<\/a><\/h3><p class=\"elementor-image-box-description\"><span style=\");font-family: Arial;font-size: 13px;text-align: left\">Ana es fan y facilitadora de R\u00edo Abierto \ud83d\ude42 Comparto sesiones de movimiento y terapias de masaje. Madre de dos adolescentes, analista de finanzas, tambi\u00e9n me encanta dibujar y hacer fotos. Aprendiendo a vivir una vida m\u00e1s encarnada y conectada.<\/span><\/p><\/div><\/div>\t\t\t\t<\/div>\n\t\t\t\t<\/div>\n\t\t\t\t<div class=\"elementor-element elementor-element-1df058c elementor-widget elementor-widget-spacer\" data-id=\"1df058c\" data-element_type=\"widget\" data-e-type=\"widget\" data-widget_type=\"spacer.default\">\n\t\t\t\t<div class=\"elementor-widget-container\">\n\t\t\t\t\t\t\t<div class=\"elementor-spacer\">\n\t\t\t<div class=\"elementor-spacer-inner\"><\/div>\n\t\t<\/div>\n\t\t\t\t\t\t<\/div>\n\t\t\t\t<\/div>\n\t\t\t\t<div class=\"elementor-element elementor-element-52b7723 elementor-position-left elementor-vertical-align-top elementor-widget elementor-widget-image-box\" data-id=\"52b7723\" data-element_type=\"widget\" data-e-type=\"widget\" data-widget_type=\"image-box.default\">\n\t\t\t\t<div class=\"elementor-widget-container\">\n\t\t\t\t\t<div class=\"elementor-image-box-wrapper\"><figure class=\"elementor-image-box-img\"><img decoding=\"async\" data-src=\"https:\/\/re-imagining.education\/wp-content\/uploads\/elementor\/thumbs\/Ana-Pura-scaled-q5ca5bir6q0fcvjbp856hsrw06mgx6xgi1l9t309s8.jpg\" title=\"Ana Pura\" alt=\"Ana Pura\" src=\"data:image\/svg+xml;base64,PHN2ZyB3aWR0aD0iMSIgaGVpZ2h0PSIxIiB4bWxucz0iaHR0cDovL3d3dy53My5vcmcvMjAwMC9zdmciPjwvc3ZnPg==\" class=\"lazyload\" style=\"--smush-placeholder-width: 500px; --smush-placeholder-aspect-ratio: 500\/500;\" \/><\/figure><div class=\"elementor-image-box-content\"><h3 class=\"elementor-image-box-title\">Ana Pura<\/h3><p class=\"elementor-image-box-description\"><span style=\");font-family: Arial;font-size: 13px;text-align: left\">Errante y aprendiz desde su nacimiento, Ana Pura (alias Ana C. G. Marques) es una activista de la atenci\u00f3n que dise\u00f1a experiencias regenerativas bajo los principios del amor, la claridad, la transformaci\u00f3n y la diversi\u00f3n de alto nivel. Abrir caminos para que los potenciales cobren vida le proporciona la m\u00e1xima alegr\u00eda, junto con la agudeza de la desilusi\u00f3n y el empoderamiento de la responsabilidad. Se mueve r\u00e1pidamente y sin prisas entre attent\u0113, donde magnetiza attentionauts en torno a pr\u00e1cticas de atenci\u00f3n profunda, y n\u014dvi y MoL, donde apoya a comunidades y organizaciones a fomentar culturas de aprendizaje aut\u00f3nomas.<\/span><\/p><\/div><\/div>\t\t\t\t<\/div>\n\t\t\t\t<\/div>\n\t\t\t\t<div class=\"elementor-element elementor-element-f585c3d elementor-widget elementor-widget-spacer\" data-id=\"f585c3d\" data-element_type=\"widget\" data-e-type=\"widget\" data-widget_type=\"spacer.default\">\n\t\t\t\t<div class=\"elementor-widget-container\">\n\t\t\t\t\t\t\t<div class=\"elementor-spacer\">\n\t\t\t<div class=\"elementor-spacer-inner\"><\/div>\n\t\t<\/div>\n\t\t\t\t\t\t<\/div>\n\t\t\t\t<\/div>\n\t\t\t\t<div class=\"elementor-element elementor-element-1c6e9e9 elementor-position-left elementor-vertical-align-top elementor-widget elementor-widget-image-box\" data-id=\"1c6e9e9\" data-element_type=\"widget\" data-e-type=\"widget\" data-widget_type=\"image-box.default\">\n\t\t\t\t<div class=\"elementor-widget-container\">\n\t\t\t\t\t<div class=\"elementor-image-box-wrapper\"><figure class=\"elementor-image-box-img\"><a href=\"https:\/\/kalpavriksh.org\/\" tabindex=\"-1\"><img decoding=\"async\" data-src=\"https:\/\/re-imagining.education\/wp-content\/uploads\/elementor\/thumbs\/Ashish-Kothari-scaled-q26o02hvpmd3yph8jnmusmijfbq0l9ho5pvsm90ayw.jpg\" title=\"Ashish Kothari\" alt=\"Ashish Kothari\" src=\"data:image\/svg+xml;base64,PHN2ZyB3aWR0aD0iMSIgaGVpZ2h0PSIxIiB4bWxucz0iaHR0cDovL3d3dy53My5vcmcvMjAwMC9zdmciPjwvc3ZnPg==\" class=\"lazyload\" style=\"--smush-placeholder-width: 500px; --smush-placeholder-aspect-ratio: 500\/500;\" \/><\/a><\/figure><div class=\"elementor-image-box-content\"><h3 class=\"elementor-image-box-title\"><a href=\"https:\/\/kalpavriksh.org\/\">Ashish Kothari<\/a><\/h3><p class=\"elementor-image-box-description\"><span style=\");font-family: Arial;font-size: 13px;text-align: left\">Miembro fundador de Kalpavriksh; equipo coordinador de Vikalp Sangam y Global Tapestry of Alternatives; miembro del jurado del Tribunal Internacional de Derechos de la Naturaleza; coeditor de Alternative Futures: India Unshackled; coeditor, Pluriverse: A Post-development Dictionary<\/span><\/p><\/div><\/div>\t\t\t\t<\/div>\n\t\t\t\t<\/div>\n\t\t\t\t<div class=\"elementor-element elementor-element-bec2f61 elementor-widget elementor-widget-spacer\" data-id=\"bec2f61\" data-element_type=\"widget\" data-e-type=\"widget\" data-widget_type=\"spacer.default\">\n\t\t\t\t<div class=\"elementor-widget-container\">\n\t\t\t\t\t\t\t<div class=\"elementor-spacer\">\n\t\t\t<div class=\"elementor-spacer-inner\"><\/div>\n\t\t<\/div>\n\t\t\t\t\t\t<\/div>\n\t\t\t\t<\/div>\n\t\t\t\t<div class=\"elementor-element elementor-element-19afa13 elementor-position-left elementor-vertical-align-top elementor-widget elementor-widget-image-box\" data-id=\"19afa13\" data-element_type=\"widget\" data-e-type=\"widget\" data-widget_type=\"image-box.default\">\n\t\t\t\t<div class=\"elementor-widget-container\">\n\t\t\t\t\t<div class=\"elementor-image-box-wrapper\"><figure class=\"elementor-image-box-img\"><img decoding=\"async\" data-src=\"https:\/\/re-imagining.education\/wp-content\/uploads\/elementor\/thumbs\/Atul-Shrivastava-q5eq97wdmc3phw6c1ap5idqgqwqhjh5elhl81g00w8.jpg\" title=\"Atul Shrivastava\" alt=\"Atul Shrivastava\" src=\"data:image\/svg+xml;base64,PHN2ZyB3aWR0aD0iMSIgaGVpZ2h0PSIxIiB4bWxucz0iaHR0cDovL3d3dy53My5vcmcvMjAwMC9zdmciPjwvc3ZnPg==\" class=\"lazyload\" style=\"--smush-placeholder-width: 500px; --smush-placeholder-aspect-ratio: 500\/500;\" \/><\/figure><div class=\"elementor-image-box-content\"><h3 class=\"elementor-image-box-title\">Atul Shrivastava<\/h3><p class=\"elementor-image-box-description\"><span style=\");font-family: Arial;font-size: 13px;text-align: left\">En un continuo camino de autodescubrimiento, Atul ve su b\u00fasqueda de la verdadera educaci\u00f3n como una manifestaci\u00f3n externa de su propia b\u00fasqueda interior para conocer su verdadero yo. Actualmente vive en Delhi (India), donde apoya el ecosistema de la educaci\u00f3n alternativa como mentor, creador de comunidades, polinizador cruzado e inversor \u00e1ngel. En todos los proyectos que le apasionan, se esfuerza por encontrar el equilibrio adecuado entre la cabeza y el coraz\u00f3n: la delicada danza entre el impulso por la estrategia, el rigor y la concentraci\u00f3n (algo que aprendi\u00f3 de su paso por empresas y la educaci\u00f3n de nivel A) y las virtudes de la entrega, la belleza y la ecuanimidad (que aprendi\u00f3 de distintos maestros en su camino espiritual).<\/span><\/p><\/div><\/div>\t\t\t\t<\/div>\n\t\t\t\t<\/div>\n\t\t\t\t<div class=\"elementor-element elementor-element-0966369 elementor-widget elementor-widget-spacer\" data-id=\"0966369\" data-element_type=\"widget\" data-e-type=\"widget\" data-widget_type=\"spacer.default\">\n\t\t\t\t<div class=\"elementor-widget-container\">\n\t\t\t\t\t\t\t<div class=\"elementor-spacer\">\n\t\t\t<div class=\"elementor-spacer-inner\"><\/div>\n\t\t<\/div>\n\t\t\t\t\t\t<\/div>\n\t\t\t\t<\/div>\n\t\t\t\t<div class=\"elementor-element elementor-element-4d9582e elementor-position-left elementor-vertical-align-top elementor-widget elementor-widget-image-box\" data-id=\"4d9582e\" data-element_type=\"widget\" data-e-type=\"widget\" data-widget_type=\"image-box.default\">\n\t\t\t\t<div class=\"elementor-widget-container\">\n\t\t\t\t\t<div class=\"elementor-image-box-wrapper\"><figure class=\"elementor-image-box-img\"><img decoding=\"async\" data-src=\"https:\/\/re-imagining.education\/wp-content\/uploads\/elementor\/thumbs\/Camilo-Bossio-pkpxj20thqg2a7ihr58pxx06u3cya55fx5pvi9wfpk.jpg\" title=\"Camilo Bossio\" alt=\"Camilo Bossio\" src=\"data:image\/svg+xml;base64,PHN2ZyB3aWR0aD0iMSIgaGVpZ2h0PSIxIiB4bWxucz0iaHR0cDovL3d3dy53My5vcmcvMjAwMC9zdmciPjwvc3ZnPg==\" class=\"lazyload\" style=\"--smush-placeholder-width: 500px; --smush-placeholder-aspect-ratio: 500\/500;\" \/><\/figure><div class=\"elementor-image-box-content\"><h3 class=\"elementor-image-box-title\">Camilo Bossio<\/h3><p class=\"elementor-image-box-description\"><span style=\"text-align: left\"><font face=\"Arial\"><span style=\"font-size: 13px\">Tejedor social colombiano que a veces vive en Ecuador, en ambos territorios, participa en Transici\u00f3n, como parte de redes de educaci\u00f3n alternativa: Ecoversidades (Global) y Mushuk Away (Ecuador). Es chaski (el que lleva el mensaje) de estas redes, principalmente como acompa\u00f1ante (o gu\u00eda) de grupos de j\u00f3venes desde 2014 y como gestor de comunicaci\u00f3n.<\/span><\/font><\/span><\/p><\/div><\/div>\t\t\t\t<\/div>\n\t\t\t\t<\/div>\n\t\t\t\t<div class=\"elementor-element elementor-element-8dc6004 elementor-widget elementor-widget-spacer\" data-id=\"8dc6004\" data-element_type=\"widget\" data-e-type=\"widget\" data-widget_type=\"spacer.default\">\n\t\t\t\t<div class=\"elementor-widget-container\">\n\t\t\t\t\t\t\t<div class=\"elementor-spacer\">\n\t\t\t<div class=\"elementor-spacer-inner\"><\/div>\n\t\t<\/div>\n\t\t\t\t\t\t<\/div>\n\t\t\t\t<\/div>\n\t\t\t\t<div class=\"elementor-element elementor-element-acb9050 elementor-position-left elementor-vertical-align-top elementor-widget elementor-widget-image-box\" data-id=\"acb9050\" data-element_type=\"widget\" data-e-type=\"widget\" data-widget_type=\"image-box.default\">\n\t\t\t\t<div class=\"elementor-widget-container\">\n\t\t\t\t\t<div class=\"elementor-image-box-wrapper\"><figure class=\"elementor-image-box-img\"><a href=\"https:\/\/www.instagram.com\/cat_rosa_orchidaceae\/?hl=en\" tabindex=\"-1\"><img decoding=\"async\" data-src=\"https:\/\/re-imagining.education\/wp-content\/uploads\/elementor\/thumbs\/Catarina-Rosa-e1729271974800-qvr09lj1kp5woj1bvn1oehpl700yc0fa274maoc2o8.jpeg\" title=\"Catarina Rosa\" alt=\"Catarina Rosa\" src=\"data:image\/svg+xml;base64,PHN2ZyB3aWR0aD0iMSIgaGVpZ2h0PSIxIiB4bWxucz0iaHR0cDovL3d3dy53My5vcmcvMjAwMC9zdmciPjwvc3ZnPg==\" class=\"lazyload\" style=\"--smush-placeholder-width: 500px; --smush-placeholder-aspect-ratio: 500\/500;\" \/><\/a><\/figure><div class=\"elementor-image-box-content\"><h3 class=\"elementor-image-box-title\"><a href=\"https:\/\/www.instagram.com\/cat_rosa_orchidaceae\/?hl=en\">Catarina Rosa<\/a><\/h3><p class=\"elementor-image-box-description\"><span style=\");font-family: Arial;font-size: 13px;text-align: left\">Catarina, bi\u00f3loga con maestr\u00eda especializada en vocalizaciones animales, comportamiento y evoluci\u00f3n. Bailarina y profesora con m\u00e1s de una d\u00e9cada de experiencia, en Portugal (su tierra natal) e internacionalmente, movi\u00e9ndose a trav\u00e9s de diferentes estilos y t\u00e9cnicas y exploraciones som\u00e1ticas y de mindfulness. Eco.femi.activista, responsable de comunicaci\u00f3n, traductora, entrenadora de animales, comisaria de festivales y talleres. Ave de esperanza entre mar, monta\u00f1a, desierto, ruralidad y urbanidad, profunda amante de la Naturaleza y de los humanos que la cuidan.<\/span><\/p><\/div><\/div>\t\t\t\t<\/div>\n\t\t\t\t<\/div>\n\t\t\t\t<div class=\"elementor-element elementor-element-d4b70e2 elementor-widget elementor-widget-spacer\" data-id=\"d4b70e2\" data-element_type=\"widget\" data-e-type=\"widget\" data-widget_type=\"spacer.default\">\n\t\t\t\t<div class=\"elementor-widget-container\">\n\t\t\t\t\t\t\t<div class=\"elementor-spacer\">\n\t\t\t<div class=\"elementor-spacer-inner\"><\/div>\n\t\t<\/div>\n\t\t\t\t\t\t<\/div>\n\t\t\t\t<\/div>\n\t\t\t\t<div class=\"elementor-element elementor-element-5e49268 elementor-position-left elementor-vertical-align-top elementor-widget elementor-widget-image-box\" data-id=\"5e49268\" data-element_type=\"widget\" data-e-type=\"widget\" data-widget_type=\"image-box.default\">\n\t\t\t\t<div class=\"elementor-widget-container\">\n\t\t\t\t\t<div class=\"elementor-image-box-wrapper\"><figure class=\"elementor-image-box-img\"><a href=\"https:\/\/charleseisenstein.org\/\" tabindex=\"-1\"><img decoding=\"async\" data-src=\"https:\/\/re-imagining.education\/wp-content\/uploads\/elementor\/thumbs\/Charles-Eisenstein-q38hieiw13aj29f99de8v11hteb3yqzzo5cl82ysug.jpeg\" title=\"Charles Eisenstein\" alt=\"Charles Eisenstein\" src=\"data:image\/svg+xml;base64,PHN2ZyB3aWR0aD0iMSIgaGVpZ2h0PSIxIiB4bWxucz0iaHR0cDovL3d3dy53My5vcmcvMjAwMC9zdmciPjwvc3ZnPg==\" class=\"lazyload\" style=\"--smush-placeholder-width: 500px; --smush-placeholder-aspect-ratio: 500\/500;\" \/><\/a><\/figure><div class=\"elementor-image-box-content\"><h3 class=\"elementor-image-box-title\"><a href=\"https:\/\/charleseisenstein.org\/\">Charles Eisenstein<\/a><\/h3><p class=\"elementor-image-box-description\"><span style=\");font-family: Arial;font-size: 13px;text-align: left\">Charles es un orador p\u00fablico y escritor centrado en temas de civilizaci\u00f3n, conciencia, dinero y evoluci\u00f3n cultural humana. Es autor de varios libros. Estos, junto con sus cortometrajes y ensayos virales, le han consagrado como fil\u00f3sofo social que desaf\u00eda los g\u00e9neros e intelectual contracultural.<\/span><\/p><\/div><\/div>\t\t\t\t<\/div>\n\t\t\t\t<\/div>\n\t\t\t\t<div class=\"elementor-element elementor-element-ba91e9f elementor-widget elementor-widget-spacer\" data-id=\"ba91e9f\" data-element_type=\"widget\" data-e-type=\"widget\" data-widget_type=\"spacer.default\">\n\t\t\t\t<div class=\"elementor-widget-container\">\n\t\t\t\t\t\t\t<div class=\"elementor-spacer\">\n\t\t\t<div class=\"elementor-spacer-inner\"><\/div>\n\t\t<\/div>\n\t\t\t\t\t\t<\/div>\n\t\t\t\t<\/div>\n\t\t\t\t<div class=\"elementor-element elementor-element-80c0961 elementor-position-left elementor-vertical-align-top elementor-widget elementor-widget-image-box\" data-id=\"80c0961\" data-element_type=\"widget\" data-e-type=\"widget\" data-widget_type=\"image-box.default\">\n\t\t\t\t<div class=\"elementor-widget-container\">\n\t\t\t\t\t<div class=\"elementor-image-box-wrapper\"><figure class=\"elementor-image-box-img\"><a href=\"https:\/\/vannas911.wixsite.com\/reimaginedlearning\" tabindex=\"-1\"><img decoding=\"async\" data-src=\"https:\/\/re-imagining.education\/wp-content\/uploads\/elementor\/thumbs\/image_67143681-Chevanni-Davids-1-scaled-e1729272014245-qvr0an4l62ldkxips3ar6880yevmvwkjjd81hqsbrc.jpg\" title=\"Chevanni Davids\" alt=\"Chevanni Davids\" src=\"data:image\/svg+xml;base64,PHN2ZyB3aWR0aD0iMSIgaGVpZ2h0PSIxIiB4bWxucz0iaHR0cDovL3d3dy53My5vcmcvMjAwMC9zdmciPjwvc3ZnPg==\" class=\"lazyload\" style=\"--smush-placeholder-width: 500px; --smush-placeholder-aspect-ratio: 500\/500;\" \/><\/a><\/figure><div class=\"elementor-image-box-content\"><h3 class=\"elementor-image-box-title\"><a href=\"https:\/\/vannas911.wixsite.com\/reimaginedlearning\">Che'vanni Davids<\/a><\/h3><p class=\"elementor-image-box-description\"><span style=\");font-family: Arial;font-size: 13px;text-align: left\">Che-vanni Beon Davids es un investigador social y entusiasta del aprendizaje que se dedica a transformar la forma en que abordamos el aprendizaje y el crecimiento personal. Fund\u00f3 la Reimagined Learning Community, una plataforma que incorpora la sabidur\u00eda de los j\u00f3venes, la naturaleza y la intuici\u00f3n para ayudar a las personas a desarrollar todo su potencial. Chevanni abraza el poder de la medicina vegetal, pasa tiempo de calidad con su hijo y su familia, y aprovecha el pozo ilimitado de inspiraci\u00f3n de sus sue\u00f1os.<\/span><\/p><\/div><\/div>\t\t\t\t<\/div>\n\t\t\t\t<\/div>\n\t\t\t\t<div class=\"elementor-element elementor-element-85e3473 elementor-widget elementor-widget-spacer\" data-id=\"85e3473\" data-element_type=\"widget\" data-e-type=\"widget\" data-widget_type=\"spacer.default\">\n\t\t\t\t<div class=\"elementor-widget-container\">\n\t\t\t\t\t\t\t<div class=\"elementor-spacer\">\n\t\t\t<div class=\"elementor-spacer-inner\"><\/div>\n\t\t<\/div>\n\t\t\t\t\t\t<\/div>\n\t\t\t\t<\/div>\n\t\t\t\t<div class=\"elementor-element elementor-element-31c4c52 elementor-position-left elementor-vertical-align-top elementor-widget elementor-widget-image-box\" data-id=\"31c4c52\" data-element_type=\"widget\" data-e-type=\"widget\" data-widget_type=\"image-box.default\">\n\t\t\t\t<div class=\"elementor-widget-container\">\n\t\t\t\t\t<div class=\"elementor-image-box-wrapper\"><figure class=\"elementor-image-box-img\"><a href=\"https:\/\/www.holistic-wellnessandhealth.com\/about\/\" tabindex=\"-1\"><img decoding=\"async\" data-src=\"https:\/\/re-imagining.education\/wp-content\/uploads\/elementor\/thumbs\/WhatsApp-Image-2022-01-22-at-8.14.28-AM-pjeaazkhzjzurm103pbnxbrft9q7mclmoliaz2dkso.jpeg\" title=\"Crystal Forman\" alt=\"Crystal Forman\" src=\"data:image\/svg+xml;base64,PHN2ZyB3aWR0aD0iMSIgaGVpZ2h0PSIxIiB4bWxucz0iaHR0cDovL3d3dy53My5vcmcvMjAwMC9zdmciPjwvc3ZnPg==\" class=\"lazyload\" style=\"--smush-placeholder-width: 500px; --smush-placeholder-aspect-ratio: 500\/500;\" \/><\/a><\/figure><div class=\"elementor-image-box-content\"><h3 class=\"elementor-image-box-title\"><a href=\"https:\/\/www.holistic-wellnessandhealth.com\/about\/\">Crystal Foreman <\/a><\/h3><p class=\"elementor-image-box-description\"><span style=\");font-family: Arial;font-size: 13px;text-align: left\">Crystal L. Forman, MPH, MHA es la propietaria y educadora de Holistic Wellness and Health. Holistic Wellness and Health hace que la vida sana sea f\u00e1cil, nutritiva, deliciosa y divertida con un enfoque en alimentos de origen vegetal para ayudarle a vivir una vida m\u00e1s sana, compasiva y vibrante. Crystal utiliza un enfoque integral centrado en la mente, el cuerpo, el alma y el esp\u00edritu para mejorar la calidad de vida de todos los seres. Holistic Wellness and Health ofrece clases de cocina saludable basada en plantas, talleres de bienestar, coaching de salud, consulta de jardiner\u00eda y meditaci\u00f3n de atenci\u00f3n plena.\n\n<\/span><\/p><\/div><\/div>\t\t\t\t<\/div>\n\t\t\t\t<\/div>\n\t\t\t\t<div class=\"elementor-element elementor-element-bfa0482 elementor-widget elementor-widget-spacer\" data-id=\"bfa0482\" data-element_type=\"widget\" data-e-type=\"widget\" data-widget_type=\"spacer.default\">\n\t\t\t\t<div class=\"elementor-widget-container\">\n\t\t\t\t\t\t\t<div class=\"elementor-spacer\">\n\t\t\t<div class=\"elementor-spacer-inner\"><\/div>\n\t\t<\/div>\n\t\t\t\t\t\t<\/div>\n\t\t\t\t<\/div>\n\t\t\t\t<div class=\"elementor-element elementor-element-1f8ba77 elementor-position-left elementor-vertical-align-top elementor-widget elementor-widget-image-box\" data-id=\"1f8ba77\" data-element_type=\"widget\" data-e-type=\"widget\" data-widget_type=\"image-box.default\">\n\t\t\t\t<div class=\"elementor-widget-container\">\n\t\t\t\t\t<div class=\"elementor-image-box-wrapper\"><figure class=\"elementor-image-box-img\"><a href=\"https:\/\/www.monasticacademy.com\/\" tabindex=\"-1\"><img decoding=\"async\" data-src=\"https:\/\/re-imagining.education\/wp-content\/uploads\/elementor\/thumbs\/Screen-Shot-2021-02-22-at-12.02.42-AM-p3880oyi6du2vfq9cwqin070xq11t0c99hwdi30c5k.jpg\" title=\"Dan Rudolph\" alt=\"Dan Rudolph\" src=\"data:image\/svg+xml;base64,PHN2ZyB3aWR0aD0iMSIgaGVpZ2h0PSIxIiB4bWxucz0iaHR0cDovL3d3dy53My5vcmcvMjAwMC9zdmciPjwvc3ZnPg==\" class=\"lazyload\" style=\"--smush-placeholder-width: 500px; --smush-placeholder-aspect-ratio: 500\/500;\" \/><\/a><\/figure><div class=\"elementor-image-box-content\"><h3 class=\"elementor-image-box-title\"><a href=\"https:\/\/www.monasticacademy.com\/\">Dan Rudolph<\/a><\/h3><p class=\"elementor-image-box-description\"><span style=\");font-family: Arial;font-size: 13px;text-align: left\">Daniel Rudolph est\u00e1 interesado en explorar oportunidades alternativas de aprendizaje experimental para personas de todas las edades. Le apasiona habilitar espacios p\u00fablicos comunitarios para encuentros significativos y transformadores.  Durante el \u00faltimo a\u00f1o y medio, Dan ha sido residente en la Academia Mon\u00e1stica MAPLE y ha participado en un programa de formaci\u00f3n en liderazgo despierto. Durante este tiempo ha continuado su aprendizaje autodirigido de malabares, clown sagrado y meditaci\u00f3n de atenci\u00f3n plena. \n\n<\/span><\/p><\/div><\/div>\t\t\t\t<\/div>\n\t\t\t\t<\/div>\n\t\t\t\t<div class=\"elementor-element elementor-element-b705e14 elementor-widget elementor-widget-spacer\" data-id=\"b705e14\" data-element_type=\"widget\" data-e-type=\"widget\" data-widget_type=\"spacer.default\">\n\t\t\t\t<div class=\"elementor-widget-container\">\n\t\t\t\t\t\t\t<div class=\"elementor-spacer\">\n\t\t\t<div class=\"elementor-spacer-inner\"><\/div>\n\t\t<\/div>\n\t\t\t\t\t\t<\/div>\n\t\t\t\t<\/div>\n\t\t\t\t<div class=\"elementor-element elementor-element-e6471fb elementor-position-left elementor-vertical-align-top elementor-widget elementor-widget-image-box\" data-id=\"e6471fb\" data-element_type=\"widget\" data-e-type=\"widget\" data-widget_type=\"image-box.default\">\n\t\t\t\t<div class=\"elementor-widget-container\">\n\t\t\t\t\t<div class=\"elementor-image-box-wrapper\"><figure class=\"elementor-image-box-img\"><a href=\"https:\/\/koenigbrasil.net\/\" tabindex=\"-1\"><img decoding=\"async\" data-src=\"https:\/\/re-imagining.education\/wp-content\/uploads\/elementor\/thumbs\/Daniela-Brasil-scaled-q26o1orvhckvyj4l3ctq37t497qruhx11qbwdelw94.jpg\" title=\"Daniela Brasil\" alt=\"Daniela Brasil\" src=\"data:image\/svg+xml;base64,PHN2ZyB3aWR0aD0iMSIgaGVpZ2h0PSIxIiB4bWxucz0iaHR0cDovL3d3dy53My5vcmcvMjAwMC9zdmciPjwvc3ZnPg==\" class=\"lazyload\" style=\"--smush-placeholder-width: 500px; --smush-placeholder-aspect-ratio: 500\/500;\" \/><\/a><\/figure><div class=\"elementor-image-box-content\"><h3 class=\"elementor-image-box-title\"><a href=\"https:\/\/koenigbrasil.net\/\">Daniela Brasil<\/a><\/h3><p class=\"elementor-image-box-description\"><span style=\");font-family: Arial;font-size: 13px;text-align: left\">Daniela Brasil fund\u00f3 el a\u00f1o pasado la editorial Toukan con sus hijos, y \u00e9sta es su primera publicaci\u00f3n. Es artista multitarea, narradora, activista, comisaria, educadora e investigadora feminista decolonial comprometida con la justicia social y ecol\u00f3gica. Como familia, co-crean y mantienen espacios de encuentro y entornos de aprendizaje para todas las edades...\n\n<\/span><\/p><\/div><\/div>\t\t\t\t<\/div>\n\t\t\t\t<\/div>\n\t\t\t\t<div class=\"elementor-element elementor-element-d253c89 elementor-widget elementor-widget-spacer\" data-id=\"d253c89\" data-element_type=\"widget\" data-e-type=\"widget\" data-widget_type=\"spacer.default\">\n\t\t\t\t<div class=\"elementor-widget-container\">\n\t\t\t\t\t\t\t<div class=\"elementor-spacer\">\n\t\t\t<div class=\"elementor-spacer-inner\"><\/div>\n\t\t<\/div>\n\t\t\t\t\t\t<\/div>\n\t\t\t\t<\/div>\n\t\t\t\t<div class=\"elementor-element elementor-element-20a0bf5 elementor-position-left elementor-vertical-align-top elementor-widget elementor-widget-image-box\" data-id=\"20a0bf5\" data-element_type=\"widget\" data-e-type=\"widget\" data-widget_type=\"image-box.default\">\n\t\t\t\t<div class=\"elementor-widget-container\">\n\t\t\t\t\t<div class=\"elementor-image-box-wrapper\"><figure class=\"elementor-image-box-img\"><a href=\"https:\/\/www.darrensilver.earth\/\" tabindex=\"-1\"><img decoding=\"async\" data-src=\"https:\/\/re-imagining.education\/wp-content\/uploads\/elementor\/thumbs\/Darren-Silver-e1679954455431-q45fbh629peyux5v1yit2l8khlarwrnu7g083ng9s8.jpeg\" title=\"Darren Silver\" alt=\"Darren Silver\" src=\"data:image\/svg+xml;base64,PHN2ZyB3aWR0aD0iMSIgaGVpZ2h0PSIxIiB4bWxucz0iaHR0cDovL3d3dy53My5vcmcvMjAwMC9zdmciPjwvc3ZnPg==\" class=\"lazyload\" style=\"--smush-placeholder-width: 500px; --smush-placeholder-aspect-ratio: 500\/500;\" \/><\/a><\/figure><div class=\"elementor-image-box-content\"><h3 class=\"elementor-image-box-title\"><a href=\"https:\/\/www.darrensilver.earth\/\">Darren SIlver <\/a><\/h3><p class=\"elementor-image-box-description\"><span style=\");font-family: Arial;font-size: 13px;text-align: left\">Darren Silver, MA, es un gu\u00eda de ritos de paso, Nature-Connected Coach, ceremonialista y educador innovador. Tiene m\u00e1s de una d\u00e9cada de experiencia trabajando con rituales, t\u00e9cnicas de vida en la naturaleza y guiando experiencias transformadoras a nivel nacional e internacional. Dotado para contar historias y aprendiz de los viejos mitos, Darren entrelaza el poder del mundo natural, la visi\u00f3n y la comunidad en devoci\u00f3n al recuerdo de la cultura regenerativa.\n<\/span><\/p><\/div><\/div>\t\t\t\t<\/div>\n\t\t\t\t<\/div>\n\t\t\t\t<div class=\"elementor-element elementor-element-009051e elementor-widget elementor-widget-spacer\" data-id=\"009051e\" data-element_type=\"widget\" data-e-type=\"widget\" data-widget_type=\"spacer.default\">\n\t\t\t\t<div class=\"elementor-widget-container\">\n\t\t\t\t\t\t\t<div class=\"elementor-spacer\">\n\t\t\t<div class=\"elementor-spacer-inner\"><\/div>\n\t\t<\/div>\n\t\t\t\t\t\t<\/div>\n\t\t\t\t<\/div>\n\t\t\t\t<div class=\"elementor-element elementor-element-0672ae2 elementor-position-left elementor-vertical-align-top elementor-widget elementor-widget-image-box\" data-id=\"0672ae2\" data-element_type=\"widget\" data-e-type=\"widget\" data-widget_type=\"image-box.default\">\n\t\t\t\t<div class=\"elementor-widget-container\">\n\t\t\t\t\t<div class=\"elementor-image-box-wrapper\"><figure class=\"elementor-image-box-img\"><a href=\"https:\/\/evolvingeducation.org\/\" tabindex=\"-1\"><img decoding=\"async\" data-src=\"https:\/\/re-imagining.education\/wp-content\/uploads\/elementor\/thumbs\/Luz-Olid-Diaz-q26obdhzwvu9lv21j1kba9t4n5zy67dg1od1f28u4o.jpg\" title=\"David Caballero y Luz Olid D\u00edaz\" alt=\"David Caballero y Luz Olid D\u00edaz\" src=\"data:image\/svg+xml;base64,PHN2ZyB3aWR0aD0iMSIgaGVpZ2h0PSIxIiB4bWxucz0iaHR0cDovL3d3dy53My5vcmcvMjAwMC9zdmciPjwvc3ZnPg==\" class=\"lazyload\" style=\"--smush-placeholder-width: 500px; --smush-placeholder-aspect-ratio: 500\/500;\" \/><\/a><\/figure><div class=\"elementor-image-box-content\"><h3 class=\"elementor-image-box-title\"><a href=\"https:\/\/evolvingeducation.org\/\">David Caballero<\/a><\/h3><p class=\"elementor-image-box-description\"><span style=\");font-family: Arial;font-size: 13px;text-align: left\"> Soy David, un cient\u00edfico reconvertido en emprendedor social, investigador educativo y dise\u00f1ador de experiencias de aprendizaje. Me dedico a democratizar las pr\u00e1cticas de los centros de aprendizaje m\u00e1s progresistas para capacitar a ni\u00f1os y j\u00f3venes a crear un mundo con valores. En Evolving Education imaginamos un mundo en el que las escuelas no sean un espejo de c\u00f3mo es la sociedad, sino de c\u00f3mo podr\u00eda ser.\n<\/span><\/p><\/div><\/div>\t\t\t\t<\/div>\n\t\t\t\t<\/div>\n\t\t\t\t<div class=\"elementor-element elementor-element-bfe81b8 elementor-widget elementor-widget-spacer\" data-id=\"bfe81b8\" data-element_type=\"widget\" data-e-type=\"widget\" data-widget_type=\"spacer.default\">\n\t\t\t\t<div class=\"elementor-widget-container\">\n\t\t\t\t\t\t\t<div class=\"elementor-spacer\">\n\t\t\t<div class=\"elementor-spacer-inner\"><\/div>\n\t\t<\/div>\n\t\t\t\t\t\t<\/div>\n\t\t\t\t<\/div>\n\t\t\t\t<div class=\"elementor-element elementor-element-192eaa9 elementor-position-left elementor-vertical-align-top elementor-widget elementor-widget-image-box\" data-id=\"192eaa9\" data-element_type=\"widget\" data-e-type=\"widget\" data-widget_type=\"image-box.default\">\n\t\t\t\t<div class=\"elementor-widget-container\">\n\t\t\t\t\t<div class=\"elementor-image-box-wrapper\"><figure class=\"elementor-image-box-img\"><a href=\"https:\/\/evolvingeducation.org\/\" tabindex=\"-1\"><img decoding=\"async\" data-src=\"https:\/\/re-imagining.education\/wp-content\/uploads\/elementor\/thumbs\/Doerte-Weig_Ecoversities-e1681530933171-q516pdh4mky7jb7kheyl6j0xyrjnubji3x5v4wao3s.jpg\" title=\"Doerte Weig_Ecoversities\" alt=\"Doerte Weig_Ecoversities\" src=\"data:image\/svg+xml;base64,PHN2ZyB3aWR0aD0iMSIgaGVpZ2h0PSIxIiB4bWxucz0iaHR0cDovL3d3dy53My5vcmcvMjAwMC9zdmciPjwvc3ZnPg==\" class=\"lazyload\" style=\"--smush-placeholder-width: 500px; --smush-placeholder-aspect-ratio: 500\/500;\" \/><\/a><\/figure><div class=\"elementor-image-box-content\"><h3 class=\"elementor-image-box-title\"><a href=\"https:\/\/evolvingeducation.org\/\">Doerte Weig<\/a><\/h3><p class=\"elementor-image-box-description\"><span style=\");font-family: Arial;font-size: 13px;text-align: left\"> A Doerte Weig le fascina descubrir c\u00f3mo se relacionan las distintas facetas de la fisicalidad humana con la transformaci\u00f3n sociopol\u00edtica y la conciencia ecol\u00f3gica. Doerte es doctora en antropolog\u00eda social y tiene experiencia en la investigaci\u00f3n con cazadores-recolectores, bailarines contempor\u00e1neos, cient\u00edficos ciudadanos, directivos de empresas y especialistas en fascia. Le gustan los medios audiovisuales para presentar los resultados de sus investigaciones (por ejemplo, Changing Perspectives by Water Magic o The Sounds of Non-Violence). Doerte cree que no podemos pensar-percibir o especular sobre el futuro de las sociedades humanas, la educaci\u00f3n, la salud o el trabajo sin tener m\u00e1s en cuenta la sensorialidad de nuestros cuerpos que se mueven-sienten. En su libro Tensional Responsiveness: Ecosomatic Aliveness and Sensitivity with Human and More-than, Doerte ofrece nuevos vocabularios en torno al \"bodying\" y otras inspiraciones para aumentar la sensibilidad ecosist\u00e9mica receptiva y la conciencia en los seres humanos. www.movementresearch.net\n<\/span><\/p><\/div><\/div>\t\t\t\t<\/div>\n\t\t\t\t<\/div>\n\t\t\t\t<div class=\"elementor-element elementor-element-6ab7e4e elementor-widget elementor-widget-spacer\" data-id=\"6ab7e4e\" data-element_type=\"widget\" data-e-type=\"widget\" data-widget_type=\"spacer.default\">\n\t\t\t\t<div class=\"elementor-widget-container\">\n\t\t\t\t\t\t\t<div class=\"elementor-spacer\">\n\t\t\t<div class=\"elementor-spacer-inner\"><\/div>\n\t\t<\/div>\n\t\t\t\t\t\t<\/div>\n\t\t\t\t<\/div>\n\t\t\t\t<div class=\"elementor-element elementor-element-6100d20 elementor-position-left elementor-vertical-align-top elementor-widget elementor-widget-image-box\" data-id=\"6100d20\" data-element_type=\"widget\" data-e-type=\"widget\" data-widget_type=\"image-box.default\">\n\t\t\t\t<div class=\"elementor-widget-container\">\n\t\t\t\t\t<div class=\"elementor-image-box-wrapper\"><figure class=\"elementor-image-box-img\"><a href=\"https:\/\/elliottbayev.medium.com\/\" tabindex=\"-1\"><img decoding=\"async\" data-src=\"https:\/\/re-imagining.education\/wp-content\/uploads\/elementor\/thumbs\/Elliott-Bayev-q45f0zaxyb1p7oeqcf6s88l9op17yfzqrhr16f0j9k.jpg\" title=\"Elliott Bayev\" alt=\"Elliott Bayev\" src=\"data:image\/svg+xml;base64,PHN2ZyB3aWR0aD0iMSIgaGVpZ2h0PSIxIiB4bWxucz0iaHR0cDovL3d3dy53My5vcmcvMjAwMC9zdmciPjwvc3ZnPg==\" class=\"lazyload\" style=\"--smush-placeholder-width: 500px; --smush-placeholder-aspect-ratio: 500\/500;\" \/><\/a><\/figure><div class=\"elementor-image-box-content\"><h3 class=\"elementor-image-box-title\"><a href=\"https:\/\/elliottbayev.medium.com\/\">Elliot Bayev <\/a><\/h3><p class=\"elementor-image-box-description\"><span style=\");font-family: Arial;font-size: 13px;text-align: left\">Elliott es cofundador de Global Unity, un movimiento mundial por la paz centrado en unir a la humanidad combinando la moderna tecnolog\u00eda web3 con la sabidur\u00eda ancestral. Tambi\u00e9n es fundador de Transformative Impact Summit, que re\u00fane a agentes de cambio de todo el mundo para poner de relieve su labor, ponerlos en contacto con financiadores y tejer redes m\u00e1s s\u00f3lidas entre ellos.\n<\/span><\/p><\/div><\/div>\t\t\t\t<\/div>\n\t\t\t\t<\/div>\n\t\t\t\t<div class=\"elementor-element elementor-element-62f2a50 elementor-widget elementor-widget-spacer\" data-id=\"62f2a50\" data-element_type=\"widget\" data-e-type=\"widget\" data-widget_type=\"spacer.default\">\n\t\t\t\t<div class=\"elementor-widget-container\">\n\t\t\t\t\t\t\t<div class=\"elementor-spacer\">\n\t\t\t<div class=\"elementor-spacer-inner\"><\/div>\n\t\t<\/div>\n\t\t\t\t\t\t<\/div>\n\t\t\t\t<\/div>\n\t\t\t\t<div class=\"elementor-element elementor-element-6ee6699 elementor-position-left elementor-vertical-align-top elementor-widget elementor-widget-image-box\" data-id=\"6ee6699\" data-element_type=\"widget\" data-e-type=\"widget\" data-widget_type=\"image-box.default\">\n\t\t\t\t<div class=\"elementor-widget-container\">\n\t\t\t\t\t<div class=\"elementor-image-box-wrapper\"><figure class=\"elementor-image-box-img\"><a href=\"https:\/\/www.unweaversnest.com\/\" tabindex=\"-1\"><img decoding=\"async\" data-src=\"https:\/\/re-imagining.education\/wp-content\/uploads\/elementor\/thumbs\/Elzanne-Roos-q510wa9kdaq0xyx9f1a6jahox64bm5h010xk12bc7c.jpeg\" title=\"Elzanne Roos\" alt=\"Elzanne Roos\" src=\"data:image\/svg+xml;base64,PHN2ZyB3aWR0aD0iMSIgaGVpZ2h0PSIxIiB4bWxucz0iaHR0cDovL3d3dy53My5vcmcvMjAwMC9zdmciPjwvc3ZnPg==\" class=\"lazyload\" style=\"--smush-placeholder-width: 500px; --smush-placeholder-aspect-ratio: 500\/500;\" \/><\/a><\/figure><div class=\"elementor-image-box-content\"><h3 class=\"elementor-image-box-title\"><a href=\"https:\/\/www.unweaversnest.com\/\">Elzanne Roos<\/a><\/h3><p class=\"elementor-image-box-description\"><span style=\");font-family: Arial;font-size: 13px;text-align: left\">Elzanne Roos es terapeuta imaginal y trabajadora con sue\u00f1os, con 16 a\u00f1os de experiencia facilitando procesos de imaginaci\u00f3n profunda con individuos y grupos. Tambi\u00e9n es una experimentada profesional de EdTech que ha desarrollado cursos para empresas e instituciones terciarias, incluidas universidades de la Ivy League en Estados Unidos y Reino Unido.\n<\/span><\/p><\/div><\/div>\t\t\t\t<\/div>\n\t\t\t\t<\/div>\n\t\t\t\t<div class=\"elementor-element elementor-element-ab0c2b2 elementor-widget elementor-widget-spacer\" data-id=\"ab0c2b2\" data-element_type=\"widget\" data-e-type=\"widget\" data-widget_type=\"spacer.default\">\n\t\t\t\t<div class=\"elementor-widget-container\">\n\t\t\t\t\t\t\t<div class=\"elementor-spacer\">\n\t\t\t<div class=\"elementor-spacer-inner\"><\/div>\n\t\t<\/div>\n\t\t\t\t\t\t<\/div>\n\t\t\t\t<\/div>\n\t\t\t\t<div class=\"elementor-element elementor-element-7aaff84 elementor-position-left elementor-vertical-align-top elementor-widget elementor-widget-image-box\" data-id=\"7aaff84\" data-element_type=\"widget\" data-e-type=\"widget\" data-widget_type=\"image-box.default\">\n\t\t\t\t<div class=\"elementor-widget-container\">\n\t\t\t\t\t<div class=\"elementor-image-box-wrapper\"><figure class=\"elementor-image-box-img\"><a href=\"https:\/\/www.youthxyouth.com\/\" tabindex=\"-1\"><img decoding=\"async\" data-src=\"https:\/\/re-imagining.education\/wp-content\/uploads\/elementor\/thumbs\/Erioluwa-Adeyinka-1-q3q8h3yvgy9i2ipilx2l1vjammw7np5fwz5f7emgso.jpeg\" title=\"Erioluwa Adeyinka\" alt=\"Erioluwa Adeyinka\" src=\"data:image\/svg+xml;base64,PHN2ZyB3aWR0aD0iMSIgaGVpZ2h0PSIxIiB4bWxucz0iaHR0cDovL3d3dy53My5vcmcvMjAwMC9zdmciPjwvc3ZnPg==\" class=\"lazyload\" style=\"--smush-placeholder-width: 500px; --smush-placeholder-aspect-ratio: 500\/500;\" \/><\/a><\/figure><div class=\"elementor-image-box-content\"><h3 class=\"elementor-image-box-title\"><a href=\"https:\/\/www.youthxyouth.com\/\">Erioluwa Adeyinka<\/a><\/h3><p class=\"elementor-image-box-description\"><span style=\");font-family: Arial;font-size: 13px;text-align: left\">Hola, soy Erioluwa Adeyinka.\n\nMi trabajo se centra en la intersecci\u00f3n de la educaci\u00f3n, la empresa y el desarrollo. Me gusta construir comunidades, gestionar proyectos y espacios que hagan prosperar a las personas. Para ello, aprovecho la tecnolog\u00eda, los espacios y las redes para que la gente prospere y crezca. Soy organizadora comunitaria mundial de YouthxYouth, activista juvenil, autora y narradora de historias.\n<\/span><\/p><\/div><\/div>\t\t\t\t<\/div>\n\t\t\t\t<\/div>\n\t\t\t\t<div class=\"elementor-element elementor-element-b5c3941 elementor-widget elementor-widget-spacer\" data-id=\"b5c3941\" data-element_type=\"widget\" data-e-type=\"widget\" data-widget_type=\"spacer.default\">\n\t\t\t\t<div class=\"elementor-widget-container\">\n\t\t\t\t\t\t\t<div class=\"elementor-spacer\">\n\t\t\t<div class=\"elementor-spacer-inner\"><\/div>\n\t\t<\/div>\n\t\t\t\t\t\t<\/div>\n\t\t\t\t<\/div>\n\t\t\t\t<div class=\"elementor-element elementor-element-89b7e77 elementor-position-left elementor-vertical-align-top elementor-widget elementor-widget-image-box\" data-id=\"89b7e77\" data-element_type=\"widget\" data-e-type=\"widget\" data-widget_type=\"image-box.default\">\n\t\t\t\t<div class=\"elementor-widget-container\">\n\t\t\t\t\t<div class=\"elementor-image-box-wrapper\"><figure class=\"elementor-image-box-img\"><a href=\"https:\/\/www.fourarrowsbooks.com\/\" tabindex=\"-1\"><img decoding=\"async\" data-src=\"https:\/\/re-imagining.education\/wp-content\/uploads\/elementor\/thumbs\/headshotSB-Don-Jacobs-phbdousyk9cn8nfj7na1r5l8xhhhsg57cgc9tr3atk.jpeg\" title=\"Cuatro flechas\" alt=\"Cuatro flechas\" src=\"data:image\/svg+xml;base64,PHN2ZyB3aWR0aD0iMSIgaGVpZ2h0PSIxIiB4bWxucz0iaHR0cDovL3d3dy53My5vcmcvMjAwMC9zdmciPjwvc3ZnPg==\" class=\"lazyload\" style=\"--smush-placeholder-width: 500px; --smush-placeholder-aspect-ratio: 500\/500;\" \/><\/a><\/figure><div class=\"elementor-image-box-content\"><h3 class=\"elementor-image-box-title\"><a href=\"https:\/\/www.fourarrowsbooks.com\/\">Cuatro flechas<\/a><\/h3><p class=\"elementor-image-box-description\"><span style=\");font-family: Arial;font-size: 13px;text-align: left\">Four Arrows es un autor internacionalmente respetado de numerosos libros, cap\u00edtulos y art\u00edculos sobre aplicaciones de la cosmovisi\u00f3n ind\u00edgena para restablecer el equilibrio en el mundo. AERO le ha seleccionado como uno de los 27 visionarios de la educaci\u00f3n y ha recibido el Premio al Valor Moral por su activismo del Instituto Martin Springer de Estudios sobre el Holocausto de la NAU.\n<\/span><\/p><\/div><\/div>\t\t\t\t<\/div>\n\t\t\t\t<\/div>\n\t\t\t\t<div class=\"elementor-element elementor-element-75dd131 elementor-widget elementor-widget-spacer\" data-id=\"75dd131\" data-element_type=\"widget\" data-e-type=\"widget\" data-widget_type=\"spacer.default\">\n\t\t\t\t<div class=\"elementor-widget-container\">\n\t\t\t\t\t\t\t<div class=\"elementor-spacer\">\n\t\t\t<div class=\"elementor-spacer-inner\"><\/div>\n\t\t<\/div>\n\t\t\t\t\t\t<\/div>\n\t\t\t\t<\/div>\n\t\t\t\t<div class=\"elementor-element elementor-element-9339b39 elementor-position-left elementor-vertical-align-top elementor-widget elementor-widget-image-box\" data-id=\"9339b39\" data-element_type=\"widget\" data-e-type=\"widget\" data-widget_type=\"image-box.default\">\n\t\t\t\t<div class=\"elementor-widget-container\">\n\t\t\t\t\t<div class=\"elementor-image-box-wrapper\"><figure class=\"elementor-image-box-img\"><a href=\"https:\/\/twitter.com\/franfdroguett?lang=en\" tabindex=\"-1\"><img decoding=\"async\" data-src=\"https:\/\/re-imagining.education\/wp-content\/uploads\/elementor\/thumbs\/Francisca-Fernandez-Droguett-q5cblq0u77qwm9f2pdlf02q08ic51pyqpewrzfb4w8.jpeg\" title=\"Francisca Fern\u00e1ndez Droguett\" alt=\"Francisca Fern\u00e1ndez Droguett\" src=\"data:image\/svg+xml;base64,PHN2ZyB3aWR0aD0iMSIgaGVpZ2h0PSIxIiB4bWxucz0iaHR0cDovL3d3dy53My5vcmcvMjAwMC9zdmciPjwvc3ZnPg==\" class=\"lazyload\" style=\"--smush-placeholder-width: 500px; --smush-placeholder-aspect-ratio: 500\/500;\" \/><\/a><\/figure><div class=\"elementor-image-box-content\"><h3 class=\"elementor-image-box-title\"><a href=\"https:\/\/twitter.com\/franfdroguett?lang=en\">Francisca Fern\u00e1ndez Droguet<\/a><\/h3><p class=\"elementor-image-box-description\"><span style=\");font-family: Arial;font-size: 13px;text-align: left\">Antrop\u00f3loga, activista en el Movimiento por el Agua y los Territorios-MAT y de la Escuela Superior Campesina de Curaco de V\u00e9lez, Chilo\u00e9. Doctora en Estudios Americanos, con investigaciones sobre estudios andinos, g\u00e9nero y etnicidad, conflictos socioambientales y metodolog\u00edas participativas.\n<\/span><\/p><\/div><\/div>\t\t\t\t<\/div>\n\t\t\t\t<\/div>\n\t\t\t\t<div class=\"elementor-element elementor-element-dd2a4f8 elementor-widget elementor-widget-spacer\" data-id=\"dd2a4f8\" data-element_type=\"widget\" data-e-type=\"widget\" data-widget_type=\"spacer.default\">\n\t\t\t\t<div class=\"elementor-widget-container\">\n\t\t\t\t\t\t\t<div class=\"elementor-spacer\">\n\t\t\t<div class=\"elementor-spacer-inner\"><\/div>\n\t\t<\/div>\n\t\t\t\t\t\t<\/div>\n\t\t\t\t<\/div>\n\t\t\t\t<div class=\"elementor-element elementor-element-02c87dc elementor-position-left elementor-vertical-align-top elementor-widget elementor-widget-image-box\" data-id=\"02c87dc\" data-element_type=\"widget\" data-e-type=\"widget\" data-widget_type=\"image-box.default\">\n\t\t\t\t<div class=\"elementor-widget-container\">\n\t\t\t\t\t<div class=\"elementor-image-box-wrapper\"><figure class=\"elementor-image-box-img\"><a href=\"https:\/\/www.firemakers.nl\/\" tabindex=\"-1\"><img decoding=\"async\" data-src=\"https:\/\/re-imagining.education\/wp-content\/uploads\/elementor\/thumbs\/Frederik-Maarten-Groenendijk-q5cbrmgd3rtpi4ui8xf3nl46hl93dbe2umcifyk5u0.jpeg\" title=\"Frederik Maarten Groenendijk\" alt=\"Frederik Maarten Groenendijk\" src=\"data:image\/svg+xml;base64,PHN2ZyB3aWR0aD0iMSIgaGVpZ2h0PSIxIiB4bWxucz0iaHR0cDovL3d3dy53My5vcmcvMjAwMC9zdmciPjwvc3ZnPg==\" class=\"lazyload\" style=\"--smush-placeholder-width: 500px; --smush-placeholder-aspect-ratio: 500\/500;\" \/><\/a><\/figure><div class=\"elementor-image-box-content\"><h3 class=\"elementor-image-box-title\"><a href=\"https:\/\/www.firemakers.nl\/\">Frederik Maarten Groenendijk<\/a><\/h3><p class=\"elementor-image-box-description\"><span style=\");font-family: Arial;font-size: 13px;text-align: left\">Frederik Groenendijk es facilitador de hombres desde hace m\u00e1s de 8 a\u00f1os. Tiene un don especial para las palabras, pero a menudo su silencio habla con la misma profundidad. Es formador de c\u00edrculos de hombres en todo el mundo y titular de un espacio en el Festival Europeo de la Hermandad. Es fundador y miembro del consejo de la Firemaker's Foundation para la iniciaci\u00f3n de los hombres.\n<\/span><\/p><\/div><\/div>\t\t\t\t<\/div>\n\t\t\t\t<\/div>\n\t\t\t\t<div class=\"elementor-element elementor-element-0802f1c elementor-widget elementor-widget-spacer\" data-id=\"0802f1c\" data-element_type=\"widget\" data-e-type=\"widget\" data-widget_type=\"spacer.default\">\n\t\t\t\t<div class=\"elementor-widget-container\">\n\t\t\t\t\t\t\t<div class=\"elementor-spacer\">\n\t\t\t<div class=\"elementor-spacer-inner\"><\/div>\n\t\t<\/div>\n\t\t\t\t\t\t<\/div>\n\t\t\t\t<\/div>\n\t\t\t\t<div class=\"elementor-element elementor-element-b7f149d elementor-position-left elementor-vertical-align-top elementor-widget elementor-widget-image-box\" data-id=\"b7f149d\" data-element_type=\"widget\" data-e-type=\"widget\" data-widget_type=\"image-box.default\">\n\t\t\t\t<div class=\"elementor-widget-container\">\n\t\t\t\t\t<div class=\"elementor-image-box-wrapper\"><figure class=\"elementor-image-box-img\"><a href=\"https:\/\/gabiscardi.academia.edu\/\" tabindex=\"-1\"><img decoding=\"async\" data-src=\"https:\/\/re-imagining.education\/wp-content\/uploads\/elementor\/thumbs\/Gabi-scaled-q3ahxa529vwu9mscx7jl26x7lxc5my4iqzx68lq07c.jpg\" title=\"Gabi Scardi\" alt=\"Gabi Scardi\" src=\"data:image\/svg+xml;base64,PHN2ZyB3aWR0aD0iMSIgaGVpZ2h0PSIxIiB4bWxucz0iaHR0cDovL3d3dy53My5vcmcvMjAwMC9zdmciPjwvc3ZnPg==\" class=\"lazyload\" style=\"--smush-placeholder-width: 500px; --smush-placeholder-aspect-ratio: 500\/500;\" \/><\/a><\/figure><div class=\"elementor-image-box-content\"><h3 class=\"elementor-image-box-title\"><a href=\"https:\/\/gabiscardi.academia.edu\/\">Gabi Scardi<\/a><\/h3><p class=\"elementor-image-box-description\"><span style=\");font-family: Arial;font-size: 13px;text-align: left\">Gabi imparte m\u00f3dulos sobre Arte Contempor\u00e1neo y Arte P\u00fablico en la Universit\u00e0 Cattolica y Estudios Curatoriales en el IED - Instituto Europeo de Dise\u00f1o de Mil\u00e1n; ha ense\u00f1ado arte en varias escuelas de arte y universidades, y ha sido profesora visitante en instituciones italianas y extranjeras.\n\n<\/span><\/p><\/div><\/div>\t\t\t\t<\/div>\n\t\t\t\t<\/div>\n\t\t\t\t<div class=\"elementor-element elementor-element-9c8feb6 elementor-widget elementor-widget-spacer\" data-id=\"9c8feb6\" data-element_type=\"widget\" data-e-type=\"widget\" data-widget_type=\"spacer.default\">\n\t\t\t\t<div class=\"elementor-widget-container\">\n\t\t\t\t\t\t\t<div class=\"elementor-spacer\">\n\t\t\t<div class=\"elementor-spacer-inner\"><\/div>\n\t\t<\/div>\n\t\t\t\t\t\t<\/div>\n\t\t\t\t<\/div>\n\t\t\t\t<div class=\"elementor-element elementor-element-3f29cf0 elementor-position-left elementor-vertical-align-top elementor-widget elementor-widget-image-box\" data-id=\"3f29cf0\" data-element_type=\"widget\" data-e-type=\"widget\" data-widget_type=\"image-box.default\">\n\t\t\t\t<div class=\"elementor-widget-container\">\n\t\t\t\t\t<div class=\"elementor-image-box-wrapper\"><figure class=\"elementor-image-box-img\"><a href=\"https:\/\/za.linkedin.com\/in\/gecik\" tabindex=\"-1\"><img decoding=\"async\" data-src=\"https:\/\/re-imagining.education\/wp-content\/uploads\/elementor\/thumbs\/Geci-Karuri-Sebina-q26o2lo84jtx8vssr91o0hi91p8mbwjmu95w63947c.jpeg\" title=\"Geci Karuri-Sebina\" alt=\"Geci Karuri-Sebina\" src=\"data:image\/svg+xml;base64,PHN2ZyB3aWR0aD0iMSIgaGVpZ2h0PSIxIiB4bWxucz0iaHR0cDovL3d3dy53My5vcmcvMjAwMC9zdmciPjwvc3ZnPg==\" class=\"lazyload\" style=\"--smush-placeholder-width: 500px; --smush-placeholder-aspect-ratio: 500\/500;\" \/><\/a><\/figure><div class=\"elementor-image-box-content\"><h3 class=\"elementor-image-box-title\"><a href=\"https:\/\/za.linkedin.com\/in\/gecik\">Geci Karuri-Sebina<\/a><\/h3><p class=\"elementor-image-box-description\"><span style=\");font-family: Arial;font-size: 13px;text-align: left\">Geci es una acad\u00e9mica con sede en Johannesburgo que trabaja en la intersecci\u00f3n entre las personas, el lugar y el cambio tecnol\u00f3gico. Es profesora asociada de Gobernanza Digital en la Escuela de Gobernanza de Wits, donde coordina la creaci\u00f3n del nuevo Centro Tayarisha y alberga la Red Africana de Innovaci\u00f3n en Tecnolog\u00eda C\u00edvica. Tambi\u00e9n es directora de la Escuela de Futuros Internacionales (SOIF), profesora adjunta del Centro Africano de Ciudad del Cabo, asociada de la Red Sudafricana de Ciudades, y miembro de la facultad global de Singularity University sobre el futuro de las ciudades y la gobernanza.\n<\/span><\/p><\/div><\/div>\t\t\t\t<\/div>\n\t\t\t\t<\/div>\n\t\t\t\t<div class=\"elementor-element elementor-element-642aaf8 elementor-widget elementor-widget-spacer\" data-id=\"642aaf8\" data-element_type=\"widget\" data-e-type=\"widget\" data-widget_type=\"spacer.default\">\n\t\t\t\t<div class=\"elementor-widget-container\">\n\t\t\t\t\t\t\t<div class=\"elementor-spacer\">\n\t\t\t<div class=\"elementor-spacer-inner\"><\/div>\n\t\t<\/div>\n\t\t\t\t\t\t<\/div>\n\t\t\t\t<\/div>\n\t\t\t\t<div class=\"elementor-element elementor-element-f7048d8 elementor-position-left elementor-vertical-align-top elementor-widget elementor-widget-image-box\" data-id=\"f7048d8\" data-element_type=\"widget\" data-e-type=\"widget\" data-widget_type=\"image-box.default\">\n\t\t\t\t<div class=\"elementor-widget-container\">\n\t\t\t\t\t<div class=\"elementor-image-box-wrapper\"><figure class=\"elementor-image-box-img\"><a href=\"http:\/\/www.hasnaamokhtar.com\/\" tabindex=\"-1\"><img decoding=\"async\" data-src=\"https:\/\/re-imagining.education\/wp-content\/uploads\/elementor\/thumbs\/Hasnaa-q3ahzg5o14vn19n19n9mb58gwwnmdtq8pq2h2kibuw.jpg\" title=\"Hasnaa Mokhtar\" alt=\"Hasnaa Mokhtar\" src=\"data:image\/svg+xml;base64,PHN2ZyB3aWR0aD0iMSIgaGVpZ2h0PSIxIiB4bWxucz0iaHR0cDovL3d3dy53My5vcmcvMjAwMC9zdmciPjwvc3ZnPg==\" class=\"lazyload\" style=\"--smush-placeholder-width: 500px; --smush-placeholder-aspect-ratio: 500\/500;\" \/><\/a><\/figure><div class=\"elementor-image-box-content\"><h3 class=\"elementor-image-box-title\"><a href=\"http:\/\/www.hasnaamokhtar.com\/\">Hasnaa Mokhtar<\/a><\/h3><p class=\"elementor-image-box-description\"><span style=\");font-family: Arial;font-size: 13px;text-align: left\">Hasnaa Mokhtar es Directora de Global en el Douglass College de la Universidad Rutgers. Es doctora por la Universidad Clark y su tesis se centra en el poder narrativo y el trauma invisible de la violencia de g\u00e9nero en los pa\u00edses de mayor\u00eda musulmana. Es acad\u00e9mica, investigadora y activista, con experiencia en el Golfo Ar\u00e1bigo, centrada en las narrativas de supervivientes musulmanas de la violencia de g\u00e9nero. Despu\u00e9s de graduarse en 2015 con una maestr\u00eda en Desarrollo Internacional y Cambio Social, Hasnaa desarroll\u00f3 una pasi\u00f3n por los enfoques transdisciplinarios para abordar la violencia en las comunidades musulmanas. Anteriormente, Hasnaa se desempe\u00f1\u00f3 como directora ejecutiva del Centro de Soluciones No Violentas en Worcester, MA, y m\u00e1s recientemente como directora de programas especiales en Peaceful Families Project. Hasnaa es una apasionada de la vida, el crecimiento personal, la espiritualidad y todo lo dem\u00e1s.\n<\/span><\/p><\/div><\/div>\t\t\t\t<\/div>\n\t\t\t\t<\/div>\n\t\t\t\t<div class=\"elementor-element elementor-element-0035df0 elementor-widget elementor-widget-spacer\" data-id=\"0035df0\" data-element_type=\"widget\" data-e-type=\"widget\" data-widget_type=\"spacer.default\">\n\t\t\t\t<div class=\"elementor-widget-container\">\n\t\t\t\t\t\t\t<div class=\"elementor-spacer\">\n\t\t\t<div class=\"elementor-spacer-inner\"><\/div>\n\t\t<\/div>\n\t\t\t\t\t\t<\/div>\n\t\t\t\t<\/div>\n\t\t\t\t<div class=\"elementor-element elementor-element-769d64b elementor-position-left elementor-vertical-align-top elementor-widget elementor-widget-image-box\" data-id=\"769d64b\" data-element_type=\"widget\" data-e-type=\"widget\" data-widget_type=\"image-box.default\">\n\t\t\t\t<div class=\"elementor-widget-container\">\n\t\t\t\t\t<div class=\"elementor-image-box-wrapper\"><figure class=\"elementor-image-box-img\"><a href=\"https:\/\/www.gse.harvard.edu\/faculty\/houman-harouni\" tabindex=\"-1\"><img decoding=\"async\" data-src=\"https:\/\/re-imagining.education\/wp-content\/uploads\/elementor\/thumbs\/Houman-Harouni-1-q510x2gq2bsmm9saudgzm3diqq9c12ky4wi4fd5j0o.jpg\" title=\"Houman Harouni\" alt=\"Houman Harouni\" src=\"data:image\/svg+xml;base64,PHN2ZyB3aWR0aD0iMSIgaGVpZ2h0PSIxIiB4bWxucz0iaHR0cDovL3d3dy53My5vcmcvMjAwMC9zdmciPjwvc3ZnPg==\" class=\"lazyload\" style=\"--smush-placeholder-width: 500px; --smush-placeholder-aspect-ratio: 500\/500;\" \/><\/a><\/figure><div class=\"elementor-image-box-content\"><h3 class=\"elementor-image-box-title\"><a href=\"https:\/\/www.gse.harvard.edu\/faculty\/houman-harouni\">Houman Harouni<\/a><\/h3><p class=\"elementor-image-box-description\"><span style=\");font-family: Arial;font-size: 13px;text-align: left\">Houman Harouni naci\u00f3 en Ir\u00e1n en 1982. Es profesor en la Universidad de Harvard, y sus escritos sobre educaci\u00f3n, filosof\u00eda, arte, pol\u00edtica e historia de la ciencia se han publicado en The Guardian, Harvard Review of Education, American Reader y White Review, entre otros medios. Houman Harouni es un te\u00f3rico de la cultura y la educaci\u00f3n basado en la pr\u00e1ctica. Su trabajo -que combina psicolog\u00eda, filosof\u00eda, econom\u00eda pol\u00edtica y pedagog\u00eda- aborda el potencial de las instituciones para mantener o cambiar las relaciones sociales. Su estudio de la din\u00e1mica del poder en la cultura permite extraer conclusiones relevantes para la educaci\u00f3n, as\u00ed como para el liderazgo, los estudios organizativos y la teor\u00eda social. Ha sido asesor de varios ministerios y organizador y colaborador durante mucho tiempo en la formaci\u00f3n de profesores que trabajan con poblaciones de refugiados en Oriente Medio.\n<\/span><\/p><\/div><\/div>\t\t\t\t<\/div>\n\t\t\t\t<\/div>\n\t\t\t\t<div class=\"elementor-element elementor-element-461cb28 elementor-widget elementor-widget-spacer\" data-id=\"461cb28\" data-element_type=\"widget\" data-e-type=\"widget\" data-widget_type=\"spacer.default\">\n\t\t\t\t<div class=\"elementor-widget-container\">\n\t\t\t\t\t\t\t<div class=\"elementor-spacer\">\n\t\t\t<div class=\"elementor-spacer-inner\"><\/div>\n\t\t<\/div>\n\t\t\t\t\t\t<\/div>\n\t\t\t\t<\/div>\n\t\t\t\t<div class=\"elementor-element elementor-element-30045e7 elementor-position-left elementor-vertical-align-top elementor-widget elementor-widget-image-box\" data-id=\"30045e7\" data-element_type=\"widget\" data-e-type=\"widget\" data-widget_type=\"image-box.default\">\n\t\t\t\t<div class=\"elementor-widget-container\">\n\t\t\t\t\t<div class=\"elementor-image-box-wrapper\"><figure class=\"elementor-image-box-img\"><img decoding=\"async\" data-src=\"https:\/\/re-imagining.education\/wp-content\/uploads\/elementor\/thumbs\/Ichuni-q5m86rvilcpb6avvc9htiourgy57ec63mx3vwpoo08.jpeg\" title=\"Ichuni\" alt=\"Ichuni\" src=\"data:image\/svg+xml;base64,PHN2ZyB3aWR0aD0iMSIgaGVpZ2h0PSIxIiB4bWxucz0iaHR0cDovL3d3dy53My5vcmcvMjAwMC9zdmciPjwvc3ZnPg==\" class=\"lazyload\" style=\"--smush-placeholder-width: 500px; --smush-placeholder-aspect-ratio: 500\/500;\" \/><\/figure><div class=\"elementor-image-box-content\"><h3 class=\"elementor-image-box-title\">Ichuni<\/h3><p class=\"elementor-image-box-description\"><span style=\");font-family: Arial;font-size: 13px;text-align: left\">Estudiante de la Universidad de la Paz en Costa Rica\n<\/span><\/p><\/div><\/div>\t\t\t\t<\/div>\n\t\t\t\t<\/div>\n\t\t\t\t<div class=\"elementor-element elementor-element-8bd9eff elementor-widget elementor-widget-spacer\" data-id=\"8bd9eff\" data-element_type=\"widget\" data-e-type=\"widget\" data-widget_type=\"spacer.default\">\n\t\t\t\t<div class=\"elementor-widget-container\">\n\t\t\t\t\t\t\t<div class=\"elementor-spacer\">\n\t\t\t<div class=\"elementor-spacer-inner\"><\/div>\n\t\t<\/div>\n\t\t\t\t\t\t<\/div>\n\t\t\t\t<\/div>\n\t\t\t\t<div class=\"elementor-element elementor-element-6a910f6 elementor-position-left elementor-vertical-align-top elementor-widget elementor-widget-image-box\" data-id=\"6a910f6\" data-element_type=\"widget\" data-e-type=\"widget\" data-widget_type=\"image-box.default\">\n\t\t\t\t<div class=\"elementor-widget-container\">\n\t\t\t\t\t<div class=\"elementor-image-box-wrapper\"><figure class=\"elementor-image-box-img\"><a href=\"https:\/\/www.layinggroundwork.org\/who-we-are\/\" tabindex=\"-1\"><img decoding=\"async\" data-src=\"https:\/\/re-imagining.education\/wp-content\/uploads\/elementor\/thumbs\/Jeff-Wagner-q4vlgymtixw97k4frh85m4pedobyhyq6feqs6vnpmw.jpeg\" title=\"Jeff Wagner\" alt=\"Jeff Wagner\" src=\"data:image\/svg+xml;base64,PHN2ZyB3aWR0aD0iMSIgaGVpZ2h0PSIxIiB4bWxucz0iaHR0cDovL3d3dy53My5vcmcvMjAwMC9zdmciPjwvc3ZnPg==\" class=\"lazyload\" style=\"--smush-placeholder-width: 500px; --smush-placeholder-aspect-ratio: 500\/500;\" \/><\/a><\/figure><div class=\"elementor-image-box-content\"><h3 class=\"elementor-image-box-title\"><a href=\"https:\/\/www.layinggroundwork.org\/who-we-are\/\">Jeff Wagner<\/a><\/h3><p class=\"elementor-image-box-description\"><span style=\");font-family: Arial;font-size: 13px;text-align: left\">Despu\u00e9s de que una educaci\u00f3n universitaria no le proporcionara suficientes respuestas, Jeff empez\u00f3 a buscar respuestas a las grandes preguntas que no ten\u00edan respuesta en el mundo acad\u00e9mico: c\u00f3mo podr\u00edamos reimaginar la sociedad estadounidense en la era del cambio clim\u00e1tico y qu\u00e9 significa ser un ser humano responsable en un mundo que se desmorona. Como persona dedicada a cuestionar las mentalidades derivadas del colonialismo de los colonos, Jeff encuentra inspiraci\u00f3n en las comunidades que trabajan para mantener y fortalecer las relaciones con el mundo natural y con las fuentes de alimentos, agua, ropa, refugio y significado. A Jeff le gusta caminar despacio, tejer telas y cestas, y cultivar hermosas variedades de semillas aut\u00f3ctonas. Jeff fund\u00f3 Groundwork para ayudar a las personas a alcanzar el objetivo de convertirse en antepasados de los que sus descendientes se sientan orgullosos de contar historias. Jeff es socorrista certificado.\n<\/span><\/p><\/div><\/div>\t\t\t\t<\/div>\n\t\t\t\t<\/div>\n\t\t\t\t<div class=\"elementor-element elementor-element-7424c58 elementor-widget elementor-widget-spacer\" data-id=\"7424c58\" data-element_type=\"widget\" data-e-type=\"widget\" data-widget_type=\"spacer.default\">\n\t\t\t\t<div class=\"elementor-widget-container\">\n\t\t\t\t\t\t\t<div class=\"elementor-spacer\">\n\t\t\t<div class=\"elementor-spacer-inner\"><\/div>\n\t\t<\/div>\n\t\t\t\t\t\t<\/div>\n\t\t\t\t<\/div>\n\t\t\t\t<div class=\"elementor-element elementor-element-6cd81ec elementor-position-left elementor-vertical-align-top elementor-widget elementor-widget-image-box\" data-id=\"6cd81ec\" data-element_type=\"widget\" data-e-type=\"widget\" data-widget_type=\"image-box.default\">\n\t\t\t\t<div class=\"elementor-widget-container\">\n\t\t\t\t\t<div class=\"elementor-image-box-wrapper\"><figure class=\"elementor-image-box-img\"><a href=\"https:\/\/kbjinan.in\/\" tabindex=\"-1\"><img decoding=\"async\" data-src=\"https:\/\/re-imagining.education\/wp-content\/uploads\/elementor\/thumbs\/Jinan.-KBjpg-q26o58lxatfvthywcw2zibjt1m8oxc0ivb1xn1ccqw.jpg\" title=\"Jinan. KB\" alt=\"Jinan. KB\" src=\"data:image\/svg+xml;base64,PHN2ZyB3aWR0aD0iMSIgaGVpZ2h0PSIxIiB4bWxucz0iaHR0cDovL3d3dy53My5vcmcvMjAwMC9zdmciPjwvc3ZnPg==\" class=\"lazyload\" style=\"--smush-placeholder-width: 500px; --smush-placeholder-aspect-ratio: 500\/500;\" \/><\/a><\/figure><div class=\"elementor-image-box-content\"><h3 class=\"elementor-image-box-title\"><a href=\"https:\/\/kbjinan.in\/\">Jinan K.B.<\/a><\/h3><p class=\"elementor-image-box-description\"><span style=\");font-family: Arial;font-size: 13px;text-align: left\">Jinan se describe a s\u00ed mismo como una v\u00edctima de la modernidad, condicionado a aprender la palabra en lugar del mundo, que intenta recuperar con la ayuda de los analfabetos, los ni\u00f1os y la Naturaleza.\n<\/span><\/p><\/div><\/div>\t\t\t\t<\/div>\n\t\t\t\t<\/div>\n\t\t\t\t<div class=\"elementor-element elementor-element-3056fa4 elementor-widget elementor-widget-spacer\" data-id=\"3056fa4\" data-element_type=\"widget\" data-e-type=\"widget\" data-widget_type=\"spacer.default\">\n\t\t\t\t<div class=\"elementor-widget-container\">\n\t\t\t\t\t\t\t<div class=\"elementor-spacer\">\n\t\t\t<div class=\"elementor-spacer-inner\"><\/div>\n\t\t<\/div>\n\t\t\t\t\t\t<\/div>\n\t\t\t\t<\/div>\n\t\t\t\t<div class=\"elementor-element elementor-element-ae0b7b8 elementor-position-left elementor-vertical-align-top elementor-widget elementor-widget-image-box\" data-id=\"ae0b7b8\" data-element_type=\"widget\" data-e-type=\"widget\" data-widget_type=\"image-box.default\">\n\t\t\t\t<div class=\"elementor-widget-container\">\n\t\t\t\t\t<div class=\"elementor-image-box-wrapper\"><figure class=\"elementor-image-box-img\"><a href=\"http:\/\/joulia-strauss.net\/\" tabindex=\"-1\"><img decoding=\"async\" data-src=\"https:\/\/re-imagining.education\/wp-content\/uploads\/elementor\/thumbs\/Joulia-Strauss-q303epmiepagi4z0nslqoyzi0d7i5e9a2h0qjego7c.jpg\" title=\"Joulia Strauss\" alt=\"Joulia Strauss\" src=\"data:image\/svg+xml;base64,PHN2ZyB3aWR0aD0iMSIgaGVpZ2h0PSIxIiB4bWxucz0iaHR0cDovL3d3dy53My5vcmcvMjAwMC9zdmciPjwvc3ZnPg==\" class=\"lazyload\" style=\"--smush-placeholder-width: 500px; --smush-placeholder-aspect-ratio: 500\/500;\" \/><\/a><\/figure><div class=\"elementor-image-box-content\"><h3 class=\"elementor-image-box-title\"><a href=\"http:\/\/joulia-strauss.net\/\">Joulia Strauss<\/a><\/h3><p class=\"elementor-image-box-description\"><span style=\");font-family: Arial;font-size: 13px;text-align: left\">Joulia Strauss es artista, activista y escultora multimedia. Naci\u00f3 en la Uni\u00f3n Sovi\u00e9tica como Mari, una de las \u00faltimas culturas ind\u00edgenas de Europa con tradici\u00f3n cham\u00e1nica, y vive y trabaja en Atenas y Berl\u00edn. \"Joulia Strauss\" representa un acorde de medios art\u00edsticos, que resuenan en un profundo v\u00ednculo con la filosof\u00eda, la tecnolog\u00eda y la continua reloveuci\u00f3n por el mundo m\u00e1s all\u00e1 del Imperio. Strauss es fundadora y organizadora de Avtonomi Akadimia en Atenas. Actualmente se entrena para conseguir su tercera raya en Vi\u1ec7t V\u00f5 \u0110\u1ea1o Kung Fu y est\u00e1 finalizando su pel\u00edcula Transindigeneous Assembly.\n<\/span><\/p><\/div><\/div>\t\t\t\t<\/div>\n\t\t\t\t<\/div>\n\t\t\t\t<div class=\"elementor-element elementor-element-5b58c08 elementor-widget elementor-widget-spacer\" data-id=\"5b58c08\" data-element_type=\"widget\" data-e-type=\"widget\" data-widget_type=\"spacer.default\">\n\t\t\t\t<div class=\"elementor-widget-container\">\n\t\t\t\t\t\t\t<div class=\"elementor-spacer\">\n\t\t\t<div class=\"elementor-spacer-inner\"><\/div>\n\t\t<\/div>\n\t\t\t\t\t\t<\/div>\n\t\t\t\t<\/div>\n\t\t\t\t<div class=\"elementor-element elementor-element-c6855cc elementor-position-left elementor-vertical-align-top elementor-widget elementor-widget-image-box\" data-id=\"c6855cc\" data-element_type=\"widget\" data-e-type=\"widget\" data-widget_type=\"image-box.default\">\n\t\t\t\t<div class=\"elementor-widget-container\">\n\t\t\t\t\t<div class=\"elementor-image-box-wrapper\"><figure class=\"elementor-image-box-img\"><img decoding=\"async\" data-src=\"https:\/\/re-imagining.education\/wp-content\/uploads\/elementor\/thumbs\/Julia-Wilhelm-1-q38h12e1z3k4x6luhvlyvejfdjrdzq67yc66kco7m0.jpeg\" title=\"Julia Wilhelm\" alt=\"Julia Wilhelm\" src=\"data:image\/svg+xml;base64,PHN2ZyB3aWR0aD0iMSIgaGVpZ2h0PSIxIiB4bWxucz0iaHR0cDovL3d3dy53My5vcmcvMjAwMC9zdmciPjwvc3ZnPg==\" class=\"lazyload\" style=\"--smush-placeholder-width: 500px; --smush-placeholder-aspect-ratio: 500\/500;\" \/><\/figure><div class=\"elementor-image-box-content\"><h3 class=\"elementor-image-box-title\">Julia Wilhelm<\/h3><p class=\"elementor-image-box-description\"><span style=\");font-family: Arial;font-size: 13px;text-align: left\">Julia Wilhelm es una trabajadora cultural interesada en la creaci\u00f3n de infraestructuras sostenibles para el encuentro, la autoorganizaci\u00f3n, el aprendizaje mutuo y el replanteamiento del modo en que creamos y difundimos conocimientos.\n<\/span><\/p><\/div><\/div>\t\t\t\t<\/div>\n\t\t\t\t<\/div>\n\t\t\t\t<div class=\"elementor-element elementor-element-e8dea83 elementor-widget elementor-widget-spacer\" data-id=\"e8dea83\" data-element_type=\"widget\" data-e-type=\"widget\" data-widget_type=\"spacer.default\">\n\t\t\t\t<div class=\"elementor-widget-container\">\n\t\t\t\t\t\t\t<div class=\"elementor-spacer\">\n\t\t\t<div class=\"elementor-spacer-inner\"><\/div>\n\t\t<\/div>\n\t\t\t\t\t\t<\/div>\n\t\t\t\t<\/div>\n\t\t\t\t<div class=\"elementor-element elementor-element-e17a203 elementor-position-left elementor-vertical-align-top elementor-widget elementor-widget-image-box\" data-id=\"e17a203\" data-element_type=\"widget\" data-e-type=\"widget\" data-widget_type=\"image-box.default\">\n\t\t\t\t<div class=\"elementor-widget-container\">\n\t\t\t\t\t<div class=\"elementor-image-box-wrapper\"><figure class=\"elementor-image-box-img\"><a href=\"https:\/\/elnidocasaabierta.com\/author\/karinaars185\/page\/3\/\" tabindex=\"-1\"><img decoding=\"async\" data-src=\"https:\/\/re-imagining.education\/wp-content\/uploads\/elementor\/thumbs\/Karina-e1729271768466-qvr047wagtsu8uulabcj4ukmtmjcad2knkqlfob6a0.jpeg\" title=\"Karina Rodr\u00edguez\" alt=\"Karina Rodr\u00edguez\" src=\"data:image\/svg+xml;base64,PHN2ZyB3aWR0aD0iMSIgaGVpZ2h0PSIxIiB4bWxucz0iaHR0cDovL3d3dy53My5vcmcvMjAwMC9zdmciPjwvc3ZnPg==\" class=\"lazyload\" style=\"--smush-placeholder-width: 500px; --smush-placeholder-aspect-ratio: 500\/500;\" \/><\/a><\/figure><div class=\"elementor-image-box-content\"><h3 class=\"elementor-image-box-title\"><a href=\"https:\/\/elnidocasaabierta.com\/author\/karinaars185\/page\/3\/\">Karina Rodr\u00edguez<\/a><\/h3><p class=\"elementor-image-box-description\"><span style=\");font-family: Arial;font-size: 13px;text-align: left\">Constantemente invitada por la vida a encontrar respuestas y crear nuevos caminos, he explorado y gestado diversos senderos. Desde las estrellas, el dise\u00f1o, la psicolog\u00eda transpersonal, la educaci\u00f3n, la maternidad, las plantas y el arte; todos me llevan hacia adentro; all\u00ed donde no puedo escapar del grito de mi alma que me pide abrazarme desnuda, completa... aqu\u00ed y ahora.\n<\/span><\/p><\/div><\/div>\t\t\t\t<\/div>\n\t\t\t\t<\/div>\n\t\t\t\t<div class=\"elementor-element elementor-element-ed5e9fe elementor-widget elementor-widget-spacer\" data-id=\"ed5e9fe\" data-element_type=\"widget\" data-e-type=\"widget\" data-widget_type=\"spacer.default\">\n\t\t\t\t<div class=\"elementor-widget-container\">\n\t\t\t\t\t\t\t<div class=\"elementor-spacer\">\n\t\t\t<div class=\"elementor-spacer-inner\"><\/div>\n\t\t<\/div>\n\t\t\t\t\t\t<\/div>\n\t\t\t\t<\/div>\n\t\t\t\t<div class=\"elementor-element elementor-element-e0be9df elementor-position-left elementor-vertical-align-top elementor-widget elementor-widget-image-box\" data-id=\"e0be9df\" data-element_type=\"widget\" data-e-type=\"widget\" data-widget_type=\"image-box.default\">\n\t\t\t\t<div class=\"elementor-widget-container\">\n\t\t\t\t\t<div class=\"elementor-image-box-wrapper\"><figure class=\"elementor-image-box-img\"><a href=\"https:\/\/www.facebook.com\/people\/Hiraya-Collective-PH\/100087086414554\/\" tabindex=\"-1\"><img decoding=\"async\" data-src=\"https:\/\/re-imagining.education\/wp-content\/uploads\/elementor\/thumbs\/Karla-Sunga-q4przabz2hwt7atrujq708uzosadvkssvl0ohlrwy0.jpg\" title=\"Karla Sunga\" alt=\"Karla Sunga\" src=\"data:image\/svg+xml;base64,PHN2ZyB3aWR0aD0iMSIgaGVpZ2h0PSIxIiB4bWxucz0iaHR0cDovL3d3dy53My5vcmcvMjAwMC9zdmciPjwvc3ZnPg==\" class=\"lazyload\" style=\"--smush-placeholder-width: 500px; --smush-placeholder-aspect-ratio: 500\/500;\" \/><\/a><\/figure><div class=\"elementor-image-box-content\"><h3 class=\"elementor-image-box-title\"><a href=\"https:\/\/www.facebook.com\/people\/Hiraya-Collective-PH\/100087086414554\/\">Karla Sunga<\/a><\/h3><p class=\"elementor-image-box-description\"><span style=\");font-family: Arial;font-size: 13px;text-align: left\">Karla es una de las fundadoras de Visually Impaired's Fashion and Lifestyle (VIFAL) y se encarga de sus redes sociales. Es formadora en tecnolog\u00edas de apoyo desde 2018 y dise\u00f1adora de sonido en The Audio Book Project. Le encanta cocinar y hornear, y ha experimentado trabajando como camarera en Noche Dine in the Dark - Manila. Es una de las convocantes del Colectivo HIRAYA que desarrolla talleres de cocina para la comunidad ciega.\n<\/span><\/p><\/div><\/div>\t\t\t\t<\/div>\n\t\t\t\t<\/div>\n\t\t\t\t<div class=\"elementor-element elementor-element-7c073dc elementor-widget elementor-widget-spacer\" data-id=\"7c073dc\" data-element_type=\"widget\" data-e-type=\"widget\" data-widget_type=\"spacer.default\">\n\t\t\t\t<div class=\"elementor-widget-container\">\n\t\t\t\t\t\t\t<div class=\"elementor-spacer\">\n\t\t\t<div class=\"elementor-spacer-inner\"><\/div>\n\t\t<\/div>\n\t\t\t\t\t\t<\/div>\n\t\t\t\t<\/div>\n\t\t\t\t<div class=\"elementor-element elementor-element-458f800 elementor-position-left elementor-vertical-align-top elementor-widget elementor-widget-image-box\" data-id=\"458f800\" data-element_type=\"widget\" data-e-type=\"widget\" data-widget_type=\"image-box.default\">\n\t\t\t\t<div class=\"elementor-widget-container\">\n\t\t\t\t\t<div class=\"elementor-image-box-wrapper\"><figure class=\"elementor-image-box-img\"><a href=\"https:\/\/www.kaushiekpranoo.com\/\" tabindex=\"-1\"><img decoding=\"async\" data-src=\"https:\/\/re-imagining.education\/wp-content\/uploads\/elementor\/thumbs\/Kaushiek-Pranoo-e1729272168637-qvr0envqek3j8vogatvau7p0fr25taj7f9otectp54.jpeg\" title=\"Kaushiek Pranoo\" alt=\"Kaushiek Pranoo\" src=\"data:image\/svg+xml;base64,PHN2ZyB3aWR0aD0iMSIgaGVpZ2h0PSIxIiB4bWxucz0iaHR0cDovL3d3dy53My5vcmcvMjAwMC9zdmciPjwvc3ZnPg==\" class=\"lazyload\" style=\"--smush-placeholder-width: 500px; --smush-placeholder-aspect-ratio: 500\/500;\" \/><\/a><\/figure><div class=\"elementor-image-box-content\"><h3 class=\"elementor-image-box-title\"><a href=\"https:\/\/www.kaushiekpranoo.com\/\">Kaushiek Pranoo<\/a><\/h3><p class=\"elementor-image-box-description\"><span style=\");font-family: Arial;font-size: 13px;text-align: left\">Kaushiek Pranoo es el fundador de Unlearning Ashram, a trav\u00e9s del cual ofrece viajes experienciales de desaprendizaje que potencian la transformaci\u00f3n humana desde dentro. Durante la \u00faltima d\u00e9cada, ha profundizado en el aut\u00e9ntico trabajo interior, el liderazgo, el bienestar, la construcci\u00f3n de comunidades y las pedagog\u00edas de aprendizaje alternativas, y ha desempe\u00f1ado m\u00faltiples funciones como facilitador, coach de vida, mentor, escritor y consultor empresarial, habiendo tenido el privilegio de trabajar estrechamente con personas de diversos or\u00edgenes y de todos los grupos de edad, desde comunidades ind\u00edgenas y rurales hasta urbanas. Resume su viaje de desaprendizaje de la siguiente manera: \"Puedo ver. Puedo responder. Puedo inclinarme\".\n\n\n<\/span><\/p><\/div><\/div>\t\t\t\t<\/div>\n\t\t\t\t<\/div>\n\t\t\t\t<div class=\"elementor-element elementor-element-c606c4a elementor-widget elementor-widget-spacer\" data-id=\"c606c4a\" data-element_type=\"widget\" data-e-type=\"widget\" data-widget_type=\"spacer.default\">\n\t\t\t\t<div class=\"elementor-widget-container\">\n\t\t\t\t\t\t\t<div class=\"elementor-spacer\">\n\t\t\t<div class=\"elementor-spacer-inner\"><\/div>\n\t\t<\/div>\n\t\t\t\t\t\t<\/div>\n\t\t\t\t<\/div>\n\t\t\t\t<div class=\"elementor-element elementor-element-18cd67b elementor-position-left elementor-vertical-align-top elementor-widget elementor-widget-image-box\" data-id=\"18cd67b\" data-element_type=\"widget\" data-e-type=\"widget\" data-widget_type=\"image-box.default\">\n\t\t\t\t<div class=\"elementor-widget-container\">\n\t\t\t\t\t<div class=\"elementor-image-box-wrapper\"><figure class=\"elementor-image-box-img\"><a href=\"https:\/\/www.instagram.com\/kk.mohta\/\" tabindex=\"-1\"><img decoding=\"async\" data-src=\"https:\/\/re-imagining.education\/wp-content\/uploads\/elementor\/thumbs\/keshav-mohta-scaled-qr0rhi11lczafra0pz1e6qqdl59kv9euewpnnpoc5k.jpg\" title=\"keshav mohta\" alt=\"keshav mohta\" src=\"data:image\/svg+xml;base64,PHN2ZyB3aWR0aD0iMSIgaGVpZ2h0PSIxIiB4bWxucz0iaHR0cDovL3d3dy53My5vcmcvMjAwMC9zdmciPjwvc3ZnPg==\" class=\"lazyload\" style=\"--smush-placeholder-width: 500px; --smush-placeholder-aspect-ratio: 500\/500;\" \/><\/a><\/figure><div class=\"elementor-image-box-content\"><h3 class=\"elementor-image-box-title\"><a href=\"https:\/\/www.instagram.com\/kk.mohta\/\">Keshav Mohta<\/a><\/h3><p class=\"elementor-image-box-description\"><span style=\");font-family: Arial;font-size: 13px;text-align: left\">El trabajo de Keshav gira en torno a la investigaci\u00f3n de la naturaleza de la conciencia no dual. Le interesa la investigaci\u00f3n interdisciplinar entre los sistemas de sabidur\u00eda de los mundos antiguo y contempor\u00e1neo.\n\n\n<\/span><\/p><\/div><\/div>\t\t\t\t<\/div>\n\t\t\t\t<\/div>\n\t\t\t\t<div class=\"elementor-element elementor-element-ec13841 elementor-widget elementor-widget-spacer\" data-id=\"ec13841\" data-element_type=\"widget\" data-e-type=\"widget\" data-widget_type=\"spacer.default\">\n\t\t\t\t<div class=\"elementor-widget-container\">\n\t\t\t\t\t\t\t<div class=\"elementor-spacer\">\n\t\t\t<div class=\"elementor-spacer-inner\"><\/div>\n\t\t<\/div>\n\t\t\t\t\t\t<\/div>\n\t\t\t\t<\/div>\n\t\t\t\t<div class=\"elementor-element elementor-element-5374630 elementor-position-left elementor-vertical-align-top elementor-widget elementor-widget-image-box\" data-id=\"5374630\" data-element_type=\"widget\" data-e-type=\"widget\" data-widget_type=\"image-box.default\">\n\t\t\t\t<div class=\"elementor-widget-container\">\n\t\t\t\t\t<div class=\"elementor-image-box-wrapper\"><figure class=\"elementor-image-box-img\"><img decoding=\"async\" data-src=\"https:\/\/re-imagining.education\/wp-content\/uploads\/elementor\/thumbs\/Khethiwe-Bikirah-Mndawe-q5m7symw5zsmkky4zsk6dobx8481agc3ek011c5xfs.jpeg\" title=\"Khethiwe Bikirah Mndawe\" alt=\"Khethiwe Bikirah Mndawe\" src=\"data:image\/svg+xml;base64,PHN2ZyB3aWR0aD0iMSIgaGVpZ2h0PSIxIiB4bWxucz0iaHR0cDovL3d3dy53My5vcmcvMjAwMC9zdmciPjwvc3ZnPg==\" class=\"lazyload\" style=\"--smush-placeholder-width: 500px; --smush-placeholder-aspect-ratio: 500\/500;\" \/><\/figure><div class=\"elementor-image-box-content\"><h3 class=\"elementor-image-box-title\">Khethiwe Bikirah Mndawe<\/h3><p class=\"elementor-image-box-description\"><span style=\");font-family: Arial;font-size: 13px;text-align: left\">Khethiwe Bikirah Mndawe es una joven periodista y profesional de la comunicaci\u00f3n y los sistemas de conocimiento ind\u00edgenas, poeta, centrada en las artes y la literatura con una s\u00f3lida formaci\u00f3n en medios de comunicaci\u00f3n y relaciones p\u00fablicas. Ha realizado trabajos y proyectos en torno al desarrollo comunitario, las marcas sudafricanas, los iconos y los artistas del patrimonio, el arte y la artesan\u00eda. Tambi\u00e9n es publicista de arte africano y activista juvenil del patrimonio creativo.\n\n\n<\/span><\/p><\/div><\/div>\t\t\t\t<\/div>\n\t\t\t\t<\/div>\n\t\t\t\t<div class=\"elementor-element elementor-element-99366a5 elementor-widget elementor-widget-spacer\" data-id=\"99366a5\" data-element_type=\"widget\" data-e-type=\"widget\" data-widget_type=\"spacer.default\">\n\t\t\t\t<div class=\"elementor-widget-container\">\n\t\t\t\t\t\t\t<div class=\"elementor-spacer\">\n\t\t\t<div class=\"elementor-spacer-inner\"><\/div>\n\t\t<\/div>\n\t\t\t\t\t\t<\/div>\n\t\t\t\t<\/div>\n\t\t\t\t<div class=\"elementor-element elementor-element-c4d7682 elementor-position-left elementor-vertical-align-top elementor-widget elementor-widget-image-box\" data-id=\"c4d7682\" data-element_type=\"widget\" data-e-type=\"widget\" data-widget_type=\"image-box.default\">\n\t\t\t\t<div class=\"elementor-widget-container\">\n\t\t\t\t\t<div class=\"elementor-image-box-wrapper\"><figure class=\"elementor-image-box-img\"><a href=\"https:\/\/www.facebook.com\/people\/Hiraya-Collective-PH\/100087086414554\/\" tabindex=\"-1\"><img decoding=\"async\" data-src=\"https:\/\/re-imagining.education\/wp-content\/uploads\/elementor\/thumbs\/Kristin-Bunda-q4przgwuec5tgkk7s4kkzp77uhdydgix8hl2uji5qg.jpg\" title=\"Kristin Bunda\" alt=\"Kristin Bunda\" src=\"data:image\/svg+xml;base64,PHN2ZyB3aWR0aD0iMSIgaGVpZ2h0PSIxIiB4bWxucz0iaHR0cDovL3d3dy53My5vcmcvMjAwMC9zdmciPjwvc3ZnPg==\" class=\"lazyload\" style=\"--smush-placeholder-width: 500px; --smush-placeholder-aspect-ratio: 500\/500;\" \/><\/a><\/figure><div class=\"elementor-image-box-content\"><h3 class=\"elementor-image-box-title\"><a href=\"https:\/\/www.facebook.com\/people\/Hiraya-Collective-PH\/100087086414554\/\">Kristin Bunda<\/a><\/h3><p class=\"elementor-image-box-description\"><span style=\");font-family: Arial;font-size: 13px;text-align: left\">Kristin es coordinadora del Colectivo HIRAYA, atra\u00edda por la naturaleza, la cultura, la gente y las historias. Est\u00e1 interesada en la ecolog\u00eda comprometida y en c\u00f3mo las experiencias vividas, con la ciencia y la narraci\u00f3n, pueden recordarnos nuestra interconexi\u00f3n. Con formaci\u00f3n en comunicaci\u00f3n y marketing digital, su trabajo pretende tender puentes entre la ciencia y el p\u00fablico en general, as\u00ed como ayudar a las personas a reconectar con la naturaleza. Espera ayudar a crear un espacio acogedor para todos. Un espacio inclusivo y no intimidatorio, con un lenguaje que acerque a las personas en lugar de dividirlas. Cree que todos somos narradores de historias y que los juegos son una forma estupenda de hacerlas m\u00e1s divertidas e impactantes para todos.\n\n<\/span><\/p><\/div><\/div>\t\t\t\t<\/div>\n\t\t\t\t<\/div>\n\t\t\t\t<div class=\"elementor-element elementor-element-28bc6a4 elementor-widget elementor-widget-spacer\" data-id=\"28bc6a4\" data-element_type=\"widget\" data-e-type=\"widget\" data-widget_type=\"spacer.default\">\n\t\t\t\t<div class=\"elementor-widget-container\">\n\t\t\t\t\t\t\t<div class=\"elementor-spacer\">\n\t\t\t<div class=\"elementor-spacer-inner\"><\/div>\n\t\t<\/div>\n\t\t\t\t\t\t<\/div>\n\t\t\t\t<\/div>\n\t\t\t\t<div class=\"elementor-element elementor-element-490086f elementor-position-left elementor-vertical-align-top elementor-widget elementor-widget-image-box\" data-id=\"490086f\" data-element_type=\"widget\" data-e-type=\"widget\" data-widget_type=\"image-box.default\">\n\t\t\t\t<div class=\"elementor-widget-container\">\n\t\t\t\t\t<div class=\"elementor-image-box-wrapper\"><figure class=\"elementor-image-box-img\"><a href=\"https:\/\/gaiauniversity.org\/\" tabindex=\"-1\"><img decoding=\"async\" data-src=\"https:\/\/re-imagining.education\/wp-content\/uploads\/elementor\/thumbs\/Liora-Adler-q3q8tct6i90zbmx63pmm1aah8cjcxqrjxl45a6gtqg.jpg\" title=\"Liora Adler\" alt=\"Liora Adler\" src=\"data:image\/svg+xml;base64,PHN2ZyB3aWR0aD0iMSIgaGVpZ2h0PSIxIiB4bWxucz0iaHR0cDovL3d3dy53My5vcmcvMjAwMC9zdmciPjwvc3ZnPg==\" class=\"lazyload\" style=\"--smush-placeholder-width: 500px; --smush-placeholder-aspect-ratio: 500\/500;\" \/><\/a><\/figure><div class=\"elementor-image-box-content\"><h3 class=\"elementor-image-box-title\"><a href=\"https:\/\/gaiauniversity.org\/\">Liora Adler <\/a><\/h3><p class=\"elementor-image-box-description\"><span style=\");font-family: Arial;font-size: 13px;text-align: left\">Liora es una activista ecosocial pionera, educadora, facilitadora, mentora, organizadora de eventos y bailarina. Criada durante los movimientos sociales de los a\u00f1os 60 en Estados Unidos, lleg\u00f3 a comprender que la protesta por s\u00ed sola no era suficiente para lograr cambios sociales sustanciales. Mientras formaba parte del Consejo de Administraci\u00f3n de la Red Mundial de Ecoaldeas, tambi\u00e9n represent\u00f3 a GEN en las Naciones Unidas. Ha organizado cursos, talleres, eventos y actividades art\u00edsticas para cientos de personas, incluidos agricultores, pueblos ind\u00edgenas y profesionales de la permacultura en los cinco continentes.  \nEn 2005, Liora y su marido, el dise\u00f1ador de permacultura Andrew Langford, cofundaron la Universidad Gaia.\nCon tantas cosas en su plato estos d\u00edas, Liora baila al son de \"mayor y m\u00e1s audaz\".<\/span><\/p><\/div><\/div>\t\t\t\t<\/div>\n\t\t\t\t<\/div>\n\t\t\t\t<div class=\"elementor-element elementor-element-fa0bc2c elementor-widget elementor-widget-spacer\" data-id=\"fa0bc2c\" data-element_type=\"widget\" data-e-type=\"widget\" data-widget_type=\"spacer.default\">\n\t\t\t\t<div class=\"elementor-widget-container\">\n\t\t\t\t\t\t\t<div class=\"elementor-spacer\">\n\t\t\t<div class=\"elementor-spacer-inner\"><\/div>\n\t\t<\/div>\n\t\t\t\t\t\t<\/div>\n\t\t\t\t<\/div>\n\t\t\t\t<div class=\"elementor-element elementor-element-e8769a4 elementor-position-left elementor-vertical-align-top elementor-widget elementor-widget-image-box\" data-id=\"e8769a4\" data-element_type=\"widget\" data-e-type=\"widget\" data-widget_type=\"image-box.default\">\n\t\t\t\t<div class=\"elementor-widget-container\">\n\t\t\t\t\t<div class=\"elementor-image-box-wrapper\"><figure class=\"elementor-image-box-img\"><a href=\"https:\/\/www.laurenproper.com\/\" tabindex=\"-1\"><img decoding=\"async\" data-src=\"https:\/\/re-imagining.education\/wp-content\/uploads\/elementor\/thumbs\/lauren-breland-pj4maj4bcbhduub6hpivic7lhuwbcehtuhqy34g0w8.jpeg\" title=\"Lauren Breland\" alt=\"Lauren Breland\" src=\"data:image\/svg+xml;base64,PHN2ZyB3aWR0aD0iMSIgaGVpZ2h0PSIxIiB4bWxucz0iaHR0cDovL3d3dy53My5vcmcvMjAwMC9zdmciPjwvc3ZnPg==\" class=\"lazyload\" style=\"--smush-placeholder-width: 500px; --smush-placeholder-aspect-ratio: 500\/500;\" \/><\/a><\/figure><div class=\"elementor-image-box-content\"><h3 class=\"elementor-image-box-title\"><a href=\"https:\/\/www.laurenproper.com\/\">Lauren \"Proper\" Breland<\/a><\/h3><p class=\"elementor-image-box-description\"><span style=\");font-family: Arial;font-size: 13px;text-align: left\">Lauren Breland es una fuerza. Es una ferviente defensora de los derechos humanos, educadora y facilitadora, atractiva oradora motivacional, poeta, antigua voluntaria del Cuerpo de Paz de Estados Unidos y creyente en la capacidad de todos los seres humanos para transformar sus vidas a mejor.\n\n<\/span><\/p><\/div><\/div>\t\t\t\t<\/div>\n\t\t\t\t<\/div>\n\t\t\t\t<div class=\"elementor-element elementor-element-75b1d34 elementor-widget elementor-widget-spacer\" data-id=\"75b1d34\" data-element_type=\"widget\" data-e-type=\"widget\" data-widget_type=\"spacer.default\">\n\t\t\t\t<div class=\"elementor-widget-container\">\n\t\t\t\t\t\t\t<div class=\"elementor-spacer\">\n\t\t\t<div class=\"elementor-spacer-inner\"><\/div>\n\t\t<\/div>\n\t\t\t\t\t\t<\/div>\n\t\t\t\t<\/div>\n\t\t\t\t<div class=\"elementor-element elementor-element-7469284 elementor-position-left elementor-vertical-align-top elementor-widget elementor-widget-image-box\" data-id=\"7469284\" data-element_type=\"widget\" data-e-type=\"widget\" data-widget_type=\"image-box.default\">\n\t\t\t\t<div class=\"elementor-widget-container\">\n\t\t\t\t\t<div class=\"elementor-image-box-wrapper\"><figure class=\"elementor-image-box-img\"><a href=\"https:\/\/ng.linkedin.com\/in\/muraina-l\" tabindex=\"-1\"><img decoding=\"async\" data-src=\"https:\/\/re-imagining.education\/wp-content\/uploads\/elementor\/thumbs\/Luqman-Muraina-q5epuxqnryjv36x6fmg84hhbt54pl1g8asqmj36dfs.jpeg\" title=\"Luqman Muraina\" alt=\"Luqman Muraina\" src=\"data:image\/svg+xml;base64,PHN2ZyB3aWR0aD0iMSIgaGVpZ2h0PSIxIiB4bWxucz0iaHR0cDovL3d3dy53My5vcmcvMjAwMC9zdmciPjwvc3ZnPg==\" class=\"lazyload\" style=\"--smush-placeholder-width: 500px; --smush-placeholder-aspect-ratio: 500\/500;\" \/><\/a><\/figure><div class=\"elementor-image-box-content\"><h3 class=\"elementor-image-box-title\"><a href=\"https:\/\/ng.linkedin.com\/in\/muraina-l\">Luqman Muraina<\/a><\/h3><p class=\"elementor-image-box-description\"><span style=\");font-family: Arial;font-size: 13px;text-align: left\">Luqman Muraina cursa un programa de doctorado sobre desarrollo global en el IGDC de la Universidad de York. Luqman investiga sobre descolonizaci\u00f3n, educaci\u00f3n superior, pol\u00edtica africana y desarrollo, feminismo negro, etc. Luqman aboga por cuestiones relacionadas con la marginaci\u00f3n y la injusticia, incluida la causa negra\/africana y palestina. Sue\u00f1a con un continente africano que pueda erguirse entre otras naciones y un mundo libre de desigualdades, imperialismo, injusticias sociales y violencia.\n\n<\/span><\/p><\/div><\/div>\t\t\t\t<\/div>\n\t\t\t\t<\/div>\n\t\t\t\t<div class=\"elementor-element elementor-element-9d3a0df elementor-widget elementor-widget-spacer\" data-id=\"9d3a0df\" data-element_type=\"widget\" data-e-type=\"widget\" data-widget_type=\"spacer.default\">\n\t\t\t\t<div class=\"elementor-widget-container\">\n\t\t\t\t\t\t\t<div class=\"elementor-spacer\">\n\t\t\t<div class=\"elementor-spacer-inner\"><\/div>\n\t\t<\/div>\n\t\t\t\t\t\t<\/div>\n\t\t\t\t<\/div>\n\t\t\t\t<div class=\"elementor-element elementor-element-61f1a13 elementor-position-left elementor-vertical-align-top elementor-widget elementor-widget-image-box\" data-id=\"61f1a13\" data-element_type=\"widget\" data-e-type=\"widget\" data-widget_type=\"image-box.default\">\n\t\t\t\t<div class=\"elementor-widget-container\">\n\t\t\t\t\t<div class=\"elementor-image-box-wrapper\"><figure class=\"elementor-image-box-img\"><a href=\"https:\/\/www.postcapitalistphilanthropy.org\/about\" tabindex=\"-1\"><img decoding=\"async\" data-src=\"https:\/\/re-imagining.education\/wp-content\/uploads\/elementor\/thumbs\/Lynn-Murphy-q4izerv2p1732zvg0qyfi18htsm1wfhrpagbjcbbt4.jpg\" title=\"Lynn Murphy\" alt=\"Lynn Murphy\" src=\"data:image\/svg+xml;base64,PHN2ZyB3aWR0aD0iMSIgaGVpZ2h0PSIxIiB4bWxucz0iaHR0cDovL3d3dy53My5vcmcvMjAwMC9zdmciPjwvc3ZnPg==\" class=\"lazyload\" style=\"--smush-placeholder-width: 500px; --smush-placeholder-aspect-ratio: 500\/500;\" \/><\/a><\/figure><div class=\"elementor-image-box-content\"><h3 class=\"elementor-image-box-title\"><a href=\"https:\/\/www.postcapitalistphilanthropy.org\/about\">Lynn Murphy<\/a><\/h3><p class=\"elementor-image-box-description\"><span style=\");font-family: Arial;font-size: 13px;text-align: left\">Lynn Murphy es asesora estrat\u00e9gica de fundaciones y ONG que trabajan en el Sur geopol\u00edtico. Fue miembro senior y responsable de programas en la Fundaci\u00f3n William y Flora Hewlett, donde se centr\u00f3 en la educaci\u00f3n internacional y el desarrollo global. Dimiti\u00f3 como \"objetora de conciencia\" a la filantrop\u00eda neocolonial. Tiene un m\u00e1ster y un doctorado en educaci\u00f3n internacional comparada por la Universidad de Stanford. Tambi\u00e9n es analista del movimiento Laban\/Bartenieff.\n\n<\/span><\/p><\/div><\/div>\t\t\t\t<\/div>\n\t\t\t\t<\/div>\n\t\t\t\t<div class=\"elementor-element elementor-element-527b745 elementor-widget elementor-widget-spacer\" data-id=\"527b745\" data-element_type=\"widget\" data-e-type=\"widget\" data-widget_type=\"spacer.default\">\n\t\t\t\t<div class=\"elementor-widget-container\">\n\t\t\t\t\t\t\t<div class=\"elementor-spacer\">\n\t\t\t<div class=\"elementor-spacer-inner\"><\/div>\n\t\t<\/div>\n\t\t\t\t\t\t<\/div>\n\t\t\t\t<\/div>\n\t\t\t\t<div class=\"elementor-element elementor-element-e275938 elementor-position-left elementor-vertical-align-top elementor-widget elementor-widget-image-box\" data-id=\"e275938\" data-element_type=\"widget\" data-e-type=\"widget\" data-widget_type=\"image-box.default\">\n\t\t\t\t<div class=\"elementor-widget-container\">\n\t\t\t\t\t<div class=\"elementor-image-box-wrapper\"><figure class=\"elementor-image-box-img\"><a href=\"https:\/\/re-imagining.education\/wp-content\/uploads\/2023\/04\/Mama-D.-Ujuaje-Bio-Ecoversities.pdf\" target=\"_blank\" tabindex=\"-1\"><img decoding=\"async\" data-src=\"https:\/\/re-imagining.education\/wp-content\/uploads\/elementor\/thumbs\/IMG_9672-scaled-q4yi472ik0yepi06rdwmczczqy43axdwphkttbxxu0.jpg\" title=\"IMG_9672\" alt=\"IMG_9672\" src=\"data:image\/svg+xml;base64,PHN2ZyB3aWR0aD0iMSIgaGVpZ2h0PSIxIiB4bWxucz0iaHR0cDovL3d3dy53My5vcmcvMjAwMC9zdmciPjwvc3ZnPg==\" class=\"lazyload\" style=\"--smush-placeholder-width: 500px; --smush-placeholder-aspect-ratio: 500\/500;\" \/><\/a><\/figure><div class=\"elementor-image-box-content\"><h3 class=\"elementor-image-box-title\"><a href=\"https:\/\/re-imagining.education\/wp-content\/uploads\/2023\/04\/Mama-D.-Ujuaje-Bio-Ecoversities.pdf\" target=\"_blank\">Mama D. Ujuaje<\/a><\/h3><p class=\"elementor-image-box-description\"><span style=\");font-family: Arial;font-size: 13px;text-align: left\">Mama D Ujuaje, de la di\u00e1spora africana que atraviesa el Caribe, es creativa, investigadora comunitaria y facilitadora del aprendizaje. Formada en\nAgricultura y horticultura, con experiencia de vida y trabajo con comunidades urbanas y rurales de \u00c1frica Oriental y Occidental y el Caribe, y centrada en procesos decoloniales y basados en el arte en vivo.\nen torno a la constituci\u00f3n y el ejercicio del poder en diferentes escalas sociales y geograf\u00edas. Explora y examina los conceptos de\nmodernidad\/colonialidad que perturban y desv\u00edan la atenci\u00f3n de la curaci\u00f3n, reparaci\u00f3n y revitalizaci\u00f3n som\u00e1tica y social. Su profundo cuidado y constante atenci\u00f3n\ncomo un mecanismo cr\u00edtico a trav\u00e9s del cual se han negociado con \u00e9xito las relaciones\nde vida se han negociado con \u00e9xito en distintos niveles de organizaci\u00f3n.\n<\/span><\/p><\/div><\/div>\t\t\t\t<\/div>\n\t\t\t\t<\/div>\n\t\t\t\t<div class=\"elementor-element elementor-element-87fb9ff elementor-widget elementor-widget-spacer\" data-id=\"87fb9ff\" data-element_type=\"widget\" data-e-type=\"widget\" data-widget_type=\"spacer.default\">\n\t\t\t\t<div class=\"elementor-widget-container\">\n\t\t\t\t\t\t\t<div class=\"elementor-spacer\">\n\t\t\t<div class=\"elementor-spacer-inner\"><\/div>\n\t\t<\/div>\n\t\t\t\t\t\t<\/div>\n\t\t\t\t<\/div>\n\t\t\t\t<div class=\"elementor-element elementor-element-46d412b elementor-position-left elementor-vertical-align-top elementor-widget elementor-widget-image-box\" data-id=\"46d412b\" data-element_type=\"widget\" data-e-type=\"widget\" data-widget_type=\"image-box.default\">\n\t\t\t\t<div class=\"elementor-widget-container\">\n\t\t\t\t\t<div class=\"elementor-image-box-wrapper\"><figure class=\"elementor-image-box-img\"><a href=\"https:\/\/www.centroamazanga.com\/\" target=\"_blank\" tabindex=\"-1\"><img decoding=\"async\" data-src=\"https:\/\/re-imagining.education\/wp-content\/uploads\/elementor\/thumbs\/Mallku-Solar-q5m83zasa2vmo0xynk0qlw8fwpwxiq2tl3axk3tsi0.jpg\" title=\"Mallku Solar\" alt=\"Mallku Solar\" src=\"data:image\/svg+xml;base64,PHN2ZyB3aWR0aD0iMSIgaGVpZ2h0PSIxIiB4bWxucz0iaHR0cDovL3d3dy53My5vcmcvMjAwMC9zdmciPjwvc3ZnPg==\" class=\"lazyload\" style=\"--smush-placeholder-width: 500px; --smush-placeholder-aspect-ratio: 500\/500;\" \/><\/a><\/figure><div class=\"elementor-image-box-content\"><h3 class=\"elementor-image-box-title\"><a href=\"https:\/\/www.centroamazanga.com\/\" target=\"_blank\">Mallku Solar<\/a><\/h3><p class=\"elementor-image-box-description\"><span style=\");font-family: Arial;font-size: 13px;text-align: left\">Fundador y Creador Centro Amazanga\n\nMi compromiso por el despertar se hace consciente en la acci\u00f3n de proteger, conservar y transmitir los saberes de mi selva amaz\u00f3nica. Impulsando formas arm\u00f3nicas de vivir entre seres humanos y naturaleza.\n\n<\/span><\/p><\/div><\/div>\t\t\t\t<\/div>\n\t\t\t\t<\/div>\n\t\t\t\t<div class=\"elementor-element elementor-element-d5ee5fe elementor-widget elementor-widget-spacer\" data-id=\"d5ee5fe\" data-element_type=\"widget\" data-e-type=\"widget\" data-widget_type=\"spacer.default\">\n\t\t\t\t<div class=\"elementor-widget-container\">\n\t\t\t\t\t\t\t<div class=\"elementor-spacer\">\n\t\t\t<div class=\"elementor-spacer-inner\"><\/div>\n\t\t<\/div>\n\t\t\t\t\t\t<\/div>\n\t\t\t\t<\/div>\n\t\t\t\t<div class=\"elementor-element elementor-element-7e6c9bb elementor-position-left elementor-vertical-align-top elementor-widget elementor-widget-image-box\" data-id=\"7e6c9bb\" data-element_type=\"widget\" data-e-type=\"widget\" data-widget_type=\"image-box.default\">\n\t\t\t\t<div class=\"elementor-widget-container\">\n\t\t\t\t\t<div class=\"elementor-image-box-wrapper\"><figure class=\"elementor-image-box-img\"><a href=\"https:\/\/www.youtube.com\/watch?v=NHNtGzwM5jo\" target=\"_blank\" tabindex=\"-1\"><img decoding=\"async\" data-src=\"https:\/\/re-imagining.education\/wp-content\/uploads\/elementor\/thumbs\/Marcela-Scarpellini-q5lc8xuybao0ul2zk8pcduhnahj1fleq7rr3pajzig.jpg\" title=\"Marcela Scarpellini\" alt=\"Marcela Scarpellini\" src=\"data:image\/svg+xml;base64,PHN2ZyB3aWR0aD0iMSIgaGVpZ2h0PSIxIiB4bWxucz0iaHR0cDovL3d3dy53My5vcmcvMjAwMC9zdmciPjwvc3ZnPg==\" class=\"lazyload\" style=\"--smush-placeholder-width: 500px; --smush-placeholder-aspect-ratio: 500\/500;\" \/><\/a><\/figure><div class=\"elementor-image-box-content\"><h3 class=\"elementor-image-box-title\"><a href=\"https:\/\/www.youtube.com\/watch?v=NHNtGzwM5jo\" target=\"_blank\">Marcela Scarpellini<\/a><\/h3><p class=\"elementor-image-box-description\"><span style=\");font-family: Arial;font-size: 13px;text-align: left\">Marcela Scarpellini (1985) naci\u00f3 y creci\u00f3 en Venezuela. Estudi\u00f3 Derecho en Caracas y se licenci\u00f3 en Derecho Medioambiental por la Universidad de Estocolmo. Adem\u00e1s de ense\u00f1ar yoga y mantener el espacio para Darua, actualmente trabaja como doula de muerte y juego y es poeta. A trav\u00e9s de sus obras, se ocupa de conectar la oscuridad y la luz, llevando la conciencia a esas partes de nosotros que pueden estar dormidas o asustadas, a esas partes t\u00edmidas de nosotros deseosas de explorar y jugar. Le encanta convertir los lugares de miedo en lugares de asombro y alegr\u00eda.\n<\/span><\/p><\/div><\/div>\t\t\t\t<\/div>\n\t\t\t\t<\/div>\n\t\t\t\t<div class=\"elementor-element elementor-element-5c6d435 elementor-widget elementor-widget-spacer\" data-id=\"5c6d435\" data-element_type=\"widget\" data-e-type=\"widget\" data-widget_type=\"spacer.default\">\n\t\t\t\t<div class=\"elementor-widget-container\">\n\t\t\t\t\t\t\t<div class=\"elementor-spacer\">\n\t\t\t<div class=\"elementor-spacer-inner\"><\/div>\n\t\t<\/div>\n\t\t\t\t\t\t<\/div>\n\t\t\t\t<\/div>\n\t\t\t\t<div class=\"elementor-element elementor-element-b1af2d3 elementor-position-left elementor-vertical-align-top elementor-widget elementor-widget-image-box\" data-id=\"b1af2d3\" data-element_type=\"widget\" data-e-type=\"widget\" data-widget_type=\"image-box.default\">\n\t\t\t\t<div class=\"elementor-widget-container\">\n\t\t\t\t\t<div class=\"elementor-image-box-wrapper\"><figure class=\"elementor-image-box-img\"><a href=\"https:\/\/www.swarajuniversity.org\/%20\" tabindex=\"-1\"><img decoding=\"async\" data-src=\"https:\/\/re-imagining.education\/wp-content\/uploads\/elementor\/thumbs\/Screen-Shot-2021-02-12-at-11.00.35-AM-1-p37htznlx1cgyb232x5fge5l8yhp14vinjuheqriiw.jpg\" title=\"Manish Jain\" alt=\"Manish Jain\" src=\"data:image\/svg+xml;base64,PHN2ZyB3aWR0aD0iMSIgaGVpZ2h0PSIxIiB4bWxucz0iaHR0cDovL3d3dy53My5vcmcvMjAwMC9zdmciPjwvc3ZnPg==\" class=\"lazyload\" style=\"--smush-placeholder-width: 500px; --smush-placeholder-aspect-ratio: 500\/500;\" \/><\/a><\/figure><div class=\"elementor-image-box-content\"><h3 class=\"elementor-image-box-title\"><a href=\"https:\/\/www.swarajuniversity.org\/%20\">Manish Jain<\/a><\/h3><p class=\"elementor-image-box-description\"><span style=\");font-family: Arial;font-size: 13px;text-align: left\">Cofundador de la Universidad Swaraj, primera universidad de aprendizaje autodise\u00f1ada de la India dedicada a la regeneraci\u00f3n de la cultura, la econom\u00eda y la ecolog\u00eda locales. Tambi\u00e9n es cofundador de la Red de Sociedades de Aprendizaje y ha sido pionero de la Desconferencia de Sociedades de Aprendizaje en la India.<\/span><\/p><\/div><\/div>\t\t\t\t<\/div>\n\t\t\t\t<\/div>\n\t\t\t\t<div class=\"elementor-element elementor-element-4cb7449 elementor-widget elementor-widget-spacer\" data-id=\"4cb7449\" data-element_type=\"widget\" data-e-type=\"widget\" data-widget_type=\"spacer.default\">\n\t\t\t\t<div class=\"elementor-widget-container\">\n\t\t\t\t\t\t\t<div class=\"elementor-spacer\">\n\t\t\t<div class=\"elementor-spacer-inner\"><\/div>\n\t\t<\/div>\n\t\t\t\t\t\t<\/div>\n\t\t\t\t<\/div>\n\t\t\t\t<div class=\"elementor-element elementor-element-b2f28cf elementor-position-left elementor-vertical-align-top elementor-widget elementor-widget-image-box\" data-id=\"b2f28cf\" data-element_type=\"widget\" data-e-type=\"widget\" data-widget_type=\"image-box.default\">\n\t\t\t\t<div class=\"elementor-widget-container\">\n\t\t\t\t\t<div class=\"elementor-image-box-wrapper\"><figure class=\"elementor-image-box-img\"><img decoding=\"async\" data-src=\"https:\/\/re-imagining.education\/wp-content\/uploads\/elementor\/thumbs\/Maria-Muniz-MAYA-q5m7n50vtxtonjelzrydfn84r6x6ly7y9qir0mspzc.jpeg\" title=\"Mar\u00eda Mu\u00f1iz (MAY\u00c1)\" alt=\"Mar\u00eda Mu\u00f1iz (MAY\u00c1)\" src=\"data:image\/svg+xml;base64,PHN2ZyB3aWR0aD0iMSIgaGVpZ2h0PSIxIiB4bWxucz0iaHR0cDovL3d3dy53My5vcmcvMjAwMC9zdmciPjwvc3ZnPg==\" class=\"lazyload\" style=\"--smush-placeholder-width: 500px; --smush-placeholder-aspect-ratio: 500\/500;\" \/><\/figure><div class=\"elementor-image-box-content\"><h3 class=\"elementor-image-box-title\">Maria Muniz (May\u00e1)<\/h3><p class=\"elementor-image-box-description\"><span style=\");font-family: Arial;font-size: 13px;text-align: left\">May\u00e1, de 73 a\u00f1os, es una mujer ind\u00edgena brasile\u00f1a de la etnia Patax\u00f3 H\u00e3-h\u00e3-h\u00e3-h\u00e3e. Es una de las educadoras ind\u00edgenas m\u00e1s notables de la historia reciente de Brasil, profesora de cultura popular, escritora y l\u00edder pol\u00edtica y espiritual. May\u00e1 ha llevado su escuela a trav\u00e9s de 396 retomas de tierras a lo largo de 30 a\u00f1os. Este largo recorrido, junto con las ense\u00f1anzas de su madre, que mantuvo viva la relaci\u00f3n de sus hijos con las entidades espirituales, forj\u00f3 a esta mujer como educadora, dando cuerpo e intensidad a su teor\u00eda y a su m\u00e9todo contrahistoriogr\u00e1fico y descolonizador.<\/span><\/p><\/div><\/div>\t\t\t\t<\/div>\n\t\t\t\t<\/div>\n\t\t\t\t<div class=\"elementor-element elementor-element-3e0516a elementor-widget elementor-widget-spacer\" data-id=\"3e0516a\" data-element_type=\"widget\" data-e-type=\"widget\" data-widget_type=\"spacer.default\">\n\t\t\t\t<div class=\"elementor-widget-container\">\n\t\t\t\t\t\t\t<div class=\"elementor-spacer\">\n\t\t\t<div class=\"elementor-spacer-inner\"><\/div>\n\t\t<\/div>\n\t\t\t\t\t\t<\/div>\n\t\t\t\t<\/div>\n\t\t\t\t<div class=\"elementor-element elementor-element-a547f9f elementor-position-left elementor-vertical-align-top elementor-widget elementor-widget-image-box\" data-id=\"a547f9f\" data-element_type=\"widget\" data-e-type=\"widget\" data-widget_type=\"image-box.default\">\n\t\t\t\t<div class=\"elementor-widget-container\">\n\t\t\t\t\t<div class=\"elementor-image-box-wrapper\"><figure class=\"elementor-image-box-img\"><a href=\"https:\/\/www.instagram.com\/marinapechlivanis\/?hl=en\" tabindex=\"-1\"><img decoding=\"async\" data-src=\"https:\/\/re-imagining.education\/wp-content\/uploads\/elementor\/thumbs\/Marina-Pechlivanis-scaled-q303g1ka3942y91dvvbpq4w0b0n81yjl92ai0ihle0.jpg\" title=\"Marina Pechlivanis\" alt=\"Marina Pechlivanis\" src=\"data:image\/svg+xml;base64,PHN2ZyB3aWR0aD0iMSIgaGVpZ2h0PSIxIiB4bWxucz0iaHR0cDovL3d3dy53My5vcmcvMjAwMC9zdmciPjwvc3ZnPg==\" class=\"lazyload\" style=\"--smush-placeholder-width: 500px; --smush-placeholder-aspect-ratio: 500\/500;\" \/><\/a><\/figure><div class=\"elementor-image-box-content\"><h3 class=\"elementor-image-box-title\"><a href=\"https:\/\/www.instagram.com\/marinapechlivanis\/?hl=en\">Marina Pechlivanis<\/a><\/h3><p class=\"elementor-image-box-description\"><span style=\");font-family: Arial;font-size: 13px;text-align: left\">Marina es socia de Umbigo do Mundo. M\u00e1ster en Comunicaci\u00f3n y Consumo. Profesora de posgrado. Autora de Gesti\u00f3n Sist\u00e9mica para un Mundo Complejo y Econom\u00eda del Regalo, entre otros. Fundadora de la Plataforma Educativa para la Bondad y la Generosidad. <\/span><\/p><\/div><\/div>\t\t\t\t<\/div>\n\t\t\t\t<\/div>\n\t\t\t\t<div class=\"elementor-element elementor-element-a02dac3 elementor-widget elementor-widget-spacer\" data-id=\"a02dac3\" data-element_type=\"widget\" data-e-type=\"widget\" data-widget_type=\"spacer.default\">\n\t\t\t\t<div class=\"elementor-widget-container\">\n\t\t\t\t\t\t\t<div class=\"elementor-spacer\">\n\t\t\t<div class=\"elementor-spacer-inner\"><\/div>\n\t\t<\/div>\n\t\t\t\t\t\t<\/div>\n\t\t\t\t<\/div>\n\t\t\t\t<div class=\"elementor-element elementor-element-73fe8e7 elementor-position-left elementor-vertical-align-top elementor-widget elementor-widget-image-box\" data-id=\"73fe8e7\" data-element_type=\"widget\" data-e-type=\"widget\" data-widget_type=\"image-box.default\">\n\t\t\t\t<div class=\"elementor-widget-container\">\n\t\t\t\t\t<div class=\"elementor-image-box-wrapper\"><figure class=\"elementor-image-box-img\"><a href=\"https:\/\/www.personalmycologyconsulting.com\/\" tabindex=\"-1\"><img decoding=\"async\" data-src=\"https:\/\/re-imagining.education\/wp-content\/uploads\/elementor\/thumbs\/Screen-Shot-2022-06-18-at-1.01.34-PM-pqifjw4q1kx9nihd7uy97n0n9myuef9dyblqekpcp4.jpg\" title=\"Marie Goodwin\" alt=\"Marie Goodwin\" src=\"data:image\/svg+xml;base64,PHN2ZyB3aWR0aD0iMSIgaGVpZ2h0PSIxIiB4bWxucz0iaHR0cDovL3d3dy53My5vcmcvMjAwMC9zdmciPjwvc3ZnPg==\" class=\"lazyload\" style=\"--smush-placeholder-width: 500px; --smush-placeholder-aspect-ratio: 500\/500;\" \/><\/a><\/figure><div class=\"elementor-image-box-content\"><h3 class=\"elementor-image-box-title\"><a href=\"https:\/\/www.personalmycologyconsulting.com\/\">Marie Goodwin<\/a><\/h3><p class=\"elementor-image-box-description\"><span style=\");font-family: Arial;font-size: 13px;text-align: left\">Marie es una acad\u00e9mica en recuperaci\u00f3n, escritora, activista y madre de dos adolescentes sin escolarizar. Recientemente ha fundado Personal Mycology, una empresa de consultor\u00eda dedicada a la desescolarizaci\u00f3n y al apoyo a la desescolarizaci\u00f3n.<\/span><\/p><\/div><\/div>\t\t\t\t<\/div>\n\t\t\t\t<\/div>\n\t\t\t\t<div class=\"elementor-element elementor-element-a210679 elementor-widget elementor-widget-spacer\" data-id=\"a210679\" data-element_type=\"widget\" data-e-type=\"widget\" data-widget_type=\"spacer.default\">\n\t\t\t\t<div class=\"elementor-widget-container\">\n\t\t\t\t\t\t\t<div class=\"elementor-spacer\">\n\t\t\t<div class=\"elementor-spacer-inner\"><\/div>\n\t\t<\/div>\n\t\t\t\t\t\t<\/div>\n\t\t\t\t<\/div>\n\t\t\t\t<div class=\"elementor-element elementor-element-c436ea2 elementor-position-left elementor-vertical-align-top elementor-widget elementor-widget-image-box\" data-id=\"c436ea2\" data-element_type=\"widget\" data-e-type=\"widget\" data-widget_type=\"image-box.default\">\n\t\t\t\t<div class=\"elementor-widget-container\">\n\t\t\t\t\t<div class=\"elementor-image-box-wrapper\"><figure class=\"elementor-image-box-img\"><a href=\"https:\/\/www.nsota.org\/ensemble\" tabindex=\"-1\"><img decoding=\"async\" data-src=\"https:\/\/re-imagining.education\/wp-content\/uploads\/elementor\/thumbs\/Michael-Hrebeniak-q5cc2n497uwplkubwovnvt0p66xzll4t15neyq80w8.jpeg\" title=\"Michael Hrebeniak\" alt=\"Michael Hrebeniak\" src=\"data:image\/svg+xml;base64,PHN2ZyB3aWR0aD0iMSIgaGVpZ2h0PSIxIiB4bWxucz0iaHR0cDovL3d3dy53My5vcmcvMjAwMC9zdmciPjwvc3ZnPg==\" class=\"lazyload\" style=\"--smush-placeholder-width: 500px; --smush-placeholder-aspect-ratio: 500\/500;\" \/><\/a><\/figure><div class=\"elementor-image-box-content\"><h3 class=\"elementor-image-box-title\"><a href=\"https:\/\/www.nsota.org\/ensemble\">Michael Hrebeniak<\/a><\/h3><p class=\"elementor-image-box-description\"><span style=\");font-family: Arial;font-size: 13px;text-align: left\">Michael Hrebeniak es coordinador de la Nueva Escuela del Antropoceno y profesor de Po\u00e9tica Cinematogr\u00e1fica en el University College de Londres. Ha escrito mucho sobre la Generaci\u00f3n Beat, el jazz, la ecopo\u00e9tica, el cine y la cultura visual, y es tambi\u00e9n cineasta psicogeogr\u00e1fico. <\/span><\/p><\/div><\/div>\t\t\t\t<\/div>\n\t\t\t\t<\/div>\n\t\t\t\t<div class=\"elementor-element elementor-element-ca6de55 elementor-widget elementor-widget-spacer\" data-id=\"ca6de55\" data-element_type=\"widget\" data-e-type=\"widget\" data-widget_type=\"spacer.default\">\n\t\t\t\t<div class=\"elementor-widget-container\">\n\t\t\t\t\t\t\t<div class=\"elementor-spacer\">\n\t\t\t<div class=\"elementor-spacer-inner\"><\/div>\n\t\t<\/div>\n\t\t\t\t\t\t<\/div>\n\t\t\t\t<\/div>\n\t\t\t\t<div class=\"elementor-element elementor-element-60e621c elementor-position-left elementor-vertical-align-top elementor-widget elementor-widget-image-box\" data-id=\"60e621c\" data-element_type=\"widget\" data-e-type=\"widget\" data-widget_type=\"image-box.default\">\n\t\t\t\t<div class=\"elementor-widget-container\">\n\t\t\t\t\t<div class=\"elementor-image-box-wrapper\"><figure class=\"elementor-image-box-img\"><a href=\"http:\/\/www.sociology.uct.ac.za\/michelle-pressend\" tabindex=\"-1\"><img decoding=\"async\" data-src=\"https:\/\/re-imagining.education\/wp-content\/uploads\/elementor\/thumbs\/Michelle-Pressend-e1729272245719-qvr0gp757mvwegpyepk78p6yrt0shom9pckotxszns.jpeg\" title=\"Michelle Pressend\" alt=\"Michelle Pressend\" src=\"data:image\/svg+xml;base64,PHN2ZyB3aWR0aD0iMSIgaGVpZ2h0PSIxIiB4bWxucz0iaHR0cDovL3d3dy53My5vcmcvMjAwMC9zdmciPjwvc3ZnPg==\" class=\"lazyload\" style=\"--smush-placeholder-width: 500px; --smush-placeholder-aspect-ratio: 500\/500;\" \/><\/a><\/figure><div class=\"elementor-image-box-content\"><h3 class=\"elementor-image-box-title\"><a href=\"http:\/\/www.sociology.uct.ac.za\/michelle-pressend\">Michelle Presend <\/a><\/h3><p class=\"elementor-image-box-description\"><span style=\");font-family: Arial;font-size: 13px;text-align: left\">Coordinadora Acad\u00e9mica del Centro Regional Africano de TRAJECTS (Centro de Transici\u00f3n para Transiciones Justas en Energ\u00eda, Clima y Sostenibilidad) en el Grupo de Investigaci\u00f3n del Sistema Energ\u00e9tico de la UCT, a tiempo parcial, doctoranda en Antropolog\u00eda en Humanidades Medioambientales del Sur en la Universidad de Ciudad del Cabo, investigadora, facilitadora y escritora independiente sobre temas relacionales y decoloniales.\n<\/span><\/p><\/div><\/div>\t\t\t\t<\/div>\n\t\t\t\t<\/div>\n\t\t\t\t<div class=\"elementor-element elementor-element-3a9351a elementor-widget elementor-widget-spacer\" data-id=\"3a9351a\" data-element_type=\"widget\" data-e-type=\"widget\" data-widget_type=\"spacer.default\">\n\t\t\t\t<div class=\"elementor-widget-container\">\n\t\t\t\t\t\t\t<div class=\"elementor-spacer\">\n\t\t\t<div class=\"elementor-spacer-inner\"><\/div>\n\t\t<\/div>\n\t\t\t\t\t\t<\/div>\n\t\t\t\t<\/div>\n\t\t\t\t<div class=\"elementor-element elementor-element-454700b elementor-position-left elementor-vertical-align-top elementor-widget elementor-widget-image-box\" data-id=\"454700b\" data-element_type=\"widget\" data-e-type=\"widget\" data-widget_type=\"image-box.default\">\n\t\t\t\t<div class=\"elementor-widget-container\">\n\t\t\t\t\t<div class=\"elementor-image-box-wrapper\"><figure class=\"elementor-image-box-img\"><a href=\"https:\/\/moshecohen.net\/\" tabindex=\"-1\"><img decoding=\"async\" data-src=\"https:\/\/re-imagining.education\/wp-content\/uploads\/elementor\/thumbs\/Moshe-Cohen-q26o7av6aq9jaoz1ba6ihat7z22otf7bhilajwa93c.jpg\" title=\"Moshe Cohen\" alt=\"Moshe Cohen\" src=\"data:image\/svg+xml;base64,PHN2ZyB3aWR0aD0iMSIgaGVpZ2h0PSIxIiB4bWxucz0iaHR0cDovL3d3dy53My5vcmcvMjAwMC9zdmciPjwvc3ZnPg==\" class=\"lazyload\" style=\"--smush-placeholder-width: 500px; --smush-placeholder-aspect-ratio: 500\/500;\" \/><\/a><\/figure><div class=\"elementor-image-box-content\"><h3 class=\"elementor-image-box-title\"><a href=\"https:\/\/moshecohen.net\/\">Moshe Cohen<\/a><\/h3><p class=\"elementor-image-box-description\"><span style=\");font-family: Arial;font-size: 13px;text-align: left\">Moshe Cohen (Mr. YooWho) crea, act\u00faa y ense\u00f1a en el mundo de \"lo gracioso\". Durante m\u00e1s de 40 a\u00f1os, ha perseguido la excelencia en la esquiva forma de arte llamada Payaso, buscando traer m\u00e1s ligereza y risa al mundo a trav\u00e9s de sus acciones. Desde su primera actuaci\u00f3n en un campo de refugiados en Chiapas (MX) en 1987, Moshe ha estado llevando la risa a lugares donde se necesita a trav\u00e9s de su trabajo con Payasos sin Fronteras y, actualmente, Medical Clown Project.\n<\/span><\/p><\/div><\/div>\t\t\t\t<\/div>\n\t\t\t\t<\/div>\n\t\t\t\t<div class=\"elementor-element elementor-element-6b568f6 elementor-widget elementor-widget-spacer\" data-id=\"6b568f6\" data-element_type=\"widget\" data-e-type=\"widget\" data-widget_type=\"spacer.default\">\n\t\t\t\t<div class=\"elementor-widget-container\">\n\t\t\t\t\t\t\t<div class=\"elementor-spacer\">\n\t\t\t<div class=\"elementor-spacer-inner\"><\/div>\n\t\t<\/div>\n\t\t\t\t\t\t<\/div>\n\t\t\t\t<\/div>\n\t\t\t\t<div class=\"elementor-element elementor-element-c8f6775 elementor-position-left elementor-vertical-align-top elementor-widget elementor-widget-image-box\" data-id=\"c8f6775\" data-element_type=\"widget\" data-e-type=\"widget\" data-widget_type=\"image-box.default\">\n\t\t\t\t<div class=\"elementor-widget-container\">\n\t\t\t\t\t<div class=\"elementor-image-box-wrapper\"><figure class=\"elementor-image-box-img\"><a href=\"https:\/\/yesworld.org\/\" tabindex=\"-1\"><img decoding=\"async\" data-src=\"https:\/\/re-imagining.education\/wp-content\/uploads\/elementor\/thumbs\/Nour-Elkhattaby-Strauch-q26o7tny3ez9qw7q9ib1v62furi13d9y83n05fidmw.jpeg\" title=\"Nour Elkhattaby Strauch\" alt=\"Nour Elkhattaby Strauch\" src=\"data:image\/svg+xml;base64,PHN2ZyB3aWR0aD0iMSIgaGVpZ2h0PSIxIiB4bWxucz0iaHR0cDovL3d3dy53My5vcmcvMjAwMC9zdmciPjwvc3ZnPg==\" class=\"lazyload\" style=\"--smush-placeholder-width: 500px; --smush-placeholder-aspect-ratio: 500\/500;\" \/><\/a><\/figure><div class=\"elementor-image-box-content\"><h3 class=\"elementor-image-box-title\"><a href=\"https:\/\/yesworld.org\/\">Nour Elkhattaby Strauch<\/a><\/h3><p class=\"elementor-image-box-description\"><span style=\");font-family: Arial;font-size: 13px;text-align: left\">Nour Elkhattaby Strauch es una organizadora comunitaria y facilitadora de Casablanca, Marruecos, que actualmente vive en el oeste de Massachusetts. Nour comienza una nueva aventura como Directora Ejecutiva de YES!, y espera seguir aumentando el impacto de esta organizaci\u00f3n que trabaja con agentes de cambio social en el punto de encuentro del cambio interno, interpersonal y sist\u00e9mico para cocrear formas de vida pr\u00f3speras, justas y equilibradas para todos.\n<\/span><\/p><\/div><\/div>\t\t\t\t<\/div>\n\t\t\t\t<\/div>\n\t\t\t\t<div class=\"elementor-element elementor-element-65e60d1 elementor-widget elementor-widget-spacer\" data-id=\"65e60d1\" data-element_type=\"widget\" data-e-type=\"widget\" data-widget_type=\"spacer.default\">\n\t\t\t\t<div class=\"elementor-widget-container\">\n\t\t\t\t\t\t\t<div class=\"elementor-spacer\">\n\t\t\t<div class=\"elementor-spacer-inner\"><\/div>\n\t\t<\/div>\n\t\t\t\t\t\t<\/div>\n\t\t\t\t<\/div>\n\t\t\t\t<div class=\"elementor-element elementor-element-4cf6a37 elementor-position-left elementor-vertical-align-top elementor-widget elementor-widget-image-box\" data-id=\"4cf6a37\" data-element_type=\"widget\" data-e-type=\"widget\" data-widget_type=\"image-box.default\">\n\t\t\t\t<div class=\"elementor-widget-container\">\n\t\t\t\t\t<div class=\"elementor-image-box-wrapper\"><figure class=\"elementor-image-box-img\"><a href=\"https:\/\/www.nadiachaney.com\/timezoneresearchlab\" tabindex=\"-1\"><img decoding=\"async\" data-src=\"https:\/\/re-imagining.education\/wp-content\/uploads\/elementor\/thumbs\/Nadia-Cheney--q45f30mcrdu2d9g8gavomq380qzumu2t1kmwlzzts8.jpg\" title=\"Nadia Cheney\" alt=\"Nadia Cheney\" src=\"data:image\/svg+xml;base64,PHN2ZyB3aWR0aD0iMSIgaGVpZ2h0PSIxIiB4bWxucz0iaHR0cDovL3d3dy53My5vcmcvMjAwMC9zdmciPjwvc3ZnPg==\" class=\"lazyload\" style=\"--smush-placeholder-width: 500px; --smush-placeholder-aspect-ratio: 500\/500;\" \/><\/a><\/figure><div class=\"elementor-image-box-content\"><h3 class=\"elementor-image-box-title\"><a href=\"https:\/\/www.nadiachaney.com\/timezoneresearchlab\">Nadia Cheney<\/a><\/h3><p class=\"elementor-image-box-description\"><span style=\");font-family: Arial;font-size: 13px;text-align: left\">Nadia Chaney es facilitadora y formadora en artes comunitarias. Es la presentadora del Time Zone Research Lab y la creadora de Toolsi, formaci\u00f3n a la carta para facilitadores comunitarios. \n<\/span><\/p><\/div><\/div>\t\t\t\t<\/div>\n\t\t\t\t<\/div>\n\t\t\t\t<div class=\"elementor-element elementor-element-c01376f elementor-widget elementor-widget-spacer\" data-id=\"c01376f\" data-element_type=\"widget\" data-e-type=\"widget\" data-widget_type=\"spacer.default\">\n\t\t\t\t<div class=\"elementor-widget-container\">\n\t\t\t\t\t\t\t<div class=\"elementor-spacer\">\n\t\t\t<div class=\"elementor-spacer-inner\"><\/div>\n\t\t<\/div>\n\t\t\t\t\t\t<\/div>\n\t\t\t\t<\/div>\n\t\t\t\t<div class=\"elementor-element elementor-element-bbca899 elementor-position-left elementor-vertical-align-top elementor-widget elementor-widget-image-box\" data-id=\"bbca899\" data-element_type=\"widget\" data-e-type=\"widget\" data-widget_type=\"image-box.default\">\n\t\t\t\t<div class=\"elementor-widget-container\">\n\t\t\t\t\t<div class=\"elementor-image-box-wrapper\"><figure class=\"elementor-image-box-img\"><a href=\"https:\/\/www.sterlingcollege.edu\/profile\/nicole-civita-2\/\" tabindex=\"-1\"><img decoding=\"async\" data-src=\"https:\/\/re-imagining.education\/wp-content\/uploads\/elementor\/thumbs\/Nicole-Civita-q3q98h1qfbq01uymtqvlmyyd6g0vqhs50eua5e1vns.jpeg\" title=\"Nicole Civita\" alt=\"Nicole Civita\" src=\"data:image\/svg+xml;base64,PHN2ZyB3aWR0aD0iMSIgaGVpZ2h0PSIxIiB4bWxucz0iaHR0cDovL3d3dy53My5vcmcvMjAwMC9zdmciPjwvc3ZnPg==\" class=\"lazyload\" style=\"--smush-placeholder-width: 500px; --smush-placeholder-aspect-ratio: 500\/500;\" \/><\/a><\/figure><div class=\"elementor-image-box-content\"><h3 class=\"elementor-image-box-title\"><a href=\"https:\/\/www.sterlingcollege.edu\/profile\/nicole-civita-2\/\">Nicole Civita<\/a><\/h3><p class=\"elementor-image-box-description\"><span style=\");font-family: Arial;font-size: 13px;text-align: left\">Nicole es innovadora en sistemas alimentarios, educadora, especialista en \u00e9tica y abogada. Su enfoque para fomentar el cambio en y a trav\u00e9s de los alimentos se basa en el pensamiento sist\u00e9mico y el conocimiento ecol\u00f3gico, atento a las relaciones de cuidado y reciprocidad, y enmarcado por un amplio conocimiento del derecho y la pol\u00edtica.<\/span><\/p><\/div><\/div>\t\t\t\t<\/div>\n\t\t\t\t<\/div>\n\t\t\t\t<div class=\"elementor-element elementor-element-a0dda79 elementor-widget elementor-widget-spacer\" data-id=\"a0dda79\" data-element_type=\"widget\" data-e-type=\"widget\" data-widget_type=\"spacer.default\">\n\t\t\t\t<div class=\"elementor-widget-container\">\n\t\t\t\t\t\t\t<div class=\"elementor-spacer\">\n\t\t\t<div class=\"elementor-spacer-inner\"><\/div>\n\t\t<\/div>\n\t\t\t\t\t\t<\/div>\n\t\t\t\t<\/div>\n\t\t\t\t<div class=\"elementor-element elementor-element-95c94e4 elementor-position-left elementor-vertical-align-top elementor-widget elementor-widget-image-box\" data-id=\"95c94e4\" data-element_type=\"widget\" data-e-type=\"widget\" data-widget_type=\"image-box.default\">\n\t\t\t\t<div class=\"elementor-widget-container\">\n\t\t\t\t\t<div class=\"elementor-image-box-wrapper\"><figure class=\"elementor-image-box-img\"><a href=\"https:\/\/www.newschool.edu\/public-engagement\/faculty\/pratik-raghu\/\" tabindex=\"-1\"><img decoding=\"async\" data-src=\"https:\/\/re-imagining.education\/wp-content\/uploads\/elementor\/thumbs\/Pratik-Raghu-scaled-qr0rhpjr419l0mz3i2aeqou2c88iku8p3xxjhxd6rs.jpg\" title=\"Pratik Raghu\" alt=\"Pratik Raghu\" src=\"data:image\/svg+xml;base64,PHN2ZyB3aWR0aD0iMSIgaGVpZ2h0PSIxIiB4bWxucz0iaHR0cDovL3d3dy53My5vcmcvMjAwMC9zdmciPjwvc3ZnPg==\" class=\"lazyload\" style=\"--smush-placeholder-width: 500px; --smush-placeholder-aspect-ratio: 500\/500;\" \/><\/a><\/figure><div class=\"elementor-image-box-content\"><h3 class=\"elementor-image-box-title\"><a href=\"https:\/\/www.newschool.edu\/public-engagement\/faculty\/pratik-raghu\/\">Pratik Raghu<\/a><\/h3><p class=\"elementor-image-box-description\"><span style=\");font-family: Arial;font-size: 13px;text-align: left\">Pratik Raghu es Profesor Asistente Visitante en el Programa de Maestr\u00eda en Ciencias de Pol\u00edtica Medioambiental y Gesti\u00f3n de la Sostenibilidad (EPSM) de la New School de Nueva York. Sus estudios sobre activismo se centran en los movimientos ind\u00edgenas, decoloniales, anticapitalistas y antiautoritarios y en los marcos te\u00f3ricos del sur de Asia, Am\u00e9rica Latina y otras partes del Sur Global.\n<\/span><\/p><\/div><\/div>\t\t\t\t<\/div>\n\t\t\t\t<\/div>\n\t\t\t\t<div class=\"elementor-element elementor-element-3aa3980 elementor-widget elementor-widget-spacer\" data-id=\"3aa3980\" data-element_type=\"widget\" data-e-type=\"widget\" data-widget_type=\"spacer.default\">\n\t\t\t\t<div class=\"elementor-widget-container\">\n\t\t\t\t\t\t\t<div class=\"elementor-spacer\">\n\t\t\t<div class=\"elementor-spacer-inner\"><\/div>\n\t\t<\/div>\n\t\t\t\t\t\t<\/div>\n\t\t\t\t<\/div>\n\t\t\t\t<div class=\"elementor-element elementor-element-6abbb44 elementor-position-left elementor-vertical-align-top elementor-widget elementor-widget-image-box\" data-id=\"6abbb44\" data-element_type=\"widget\" data-e-type=\"widget\" data-widget_type=\"image-box.default\">\n\t\t\t\t<div class=\"elementor-widget-container\">\n\t\t\t\t\t<div class=\"elementor-image-box-wrapper\"><figure class=\"elementor-image-box-img\"><a href=\"https:\/\/www.instagram.com\/el_semillero\/\" tabindex=\"-1\"><img decoding=\"async\" data-src=\"https:\/\/re-imagining.education\/wp-content\/uploads\/elementor\/thumbs\/Pia-Gonzalez-Tova-q5ca5zyk4exvqqjtqiphamlvg7a0hbmh9ejwaa01ag.jpeg\" title=\"Pia Gonz\u00e1lez-Tova\" alt=\"Pia Gonz\u00e1lez-Tova\" src=\"data:image\/svg+xml;base64,PHN2ZyB3aWR0aD0iMSIgaGVpZ2h0PSIxIiB4bWxucz0iaHR0cDovL3d3dy53My5vcmcvMjAwMC9zdmciPjwvc3ZnPg==\" class=\"lazyload\" style=\"--smush-placeholder-width: 500px; --smush-placeholder-aspect-ratio: 500\/500;\" \/><\/a><\/figure><div class=\"elementor-image-box-content\"><h3 class=\"elementor-image-box-title\"><a href=\"https:\/\/www.instagram.com\/el_semillero\/\">Pia Gonz\u00e1lez-Tova<\/a><\/h3><p class=\"elementor-image-box-description\"><span style=\");font-family: Arial;font-size: 13px;text-align: left\">Sanante mexicana, madre y mujer antrop\u00f3loga, defensora de derechos humanos.\n\nCreadora y directora general del centro de desarrollo de habilidades humanas El Semillero, Casa de Cultivo.\n\nHa creado una propuesta metodol\u00f3gica y sistematizado experiencias en el marco de las terapias alternativas como herramienta de liberaci\u00f3n e impulso social con miras a construir Buen Vivir, publicado en su tesis de maestr\u00eda en Derechos Humanos. \n<\/span><\/p><\/div><\/div>\t\t\t\t<\/div>\n\t\t\t\t<\/div>\n\t\t\t\t<div class=\"elementor-element elementor-element-58cea7f elementor-widget elementor-widget-spacer\" data-id=\"58cea7f\" data-element_type=\"widget\" data-e-type=\"widget\" data-widget_type=\"spacer.default\">\n\t\t\t\t<div class=\"elementor-widget-container\">\n\t\t\t\t\t\t\t<div class=\"elementor-spacer\">\n\t\t\t<div class=\"elementor-spacer-inner\"><\/div>\n\t\t<\/div>\n\t\t\t\t\t\t<\/div>\n\t\t\t\t<\/div>\n\t\t\t\t<div class=\"elementor-element elementor-element-e629384 elementor-position-left elementor-vertical-align-top elementor-widget elementor-widget-image-box\" data-id=\"e629384\" data-element_type=\"widget\" data-e-type=\"widget\" data-widget_type=\"image-box.default\">\n\t\t\t\t<div class=\"elementor-widget-container\">\n\t\t\t\t\t<div class=\"elementor-image-box-wrapper\"><figure class=\"elementor-image-box-img\"><a href=\"https:\/\/www.bloomworld.org\/\" tabindex=\"-1\"><img decoding=\"async\" data-src=\"https:\/\/re-imagining.education\/wp-content\/uploads\/elementor\/thumbs\/Rehana-Tejpar-scaled-e1642898941781-pjevqp2cywemmh2tva110l755m2r4g88s75b5a5oco.jpg\" title=\"Rehana Tejpar\" alt=\"Rehana Tejpar\" src=\"data:image\/svg+xml;base64,PHN2ZyB3aWR0aD0iMSIgaGVpZ2h0PSIxIiB4bWxucz0iaHR0cDovL3d3dy53My5vcmcvMjAwMC9zdmciPjwvc3ZnPg==\" class=\"lazyload\" style=\"--smush-placeholder-width: 500px; --smush-placeholder-aspect-ratio: 500\/500;\" \/><\/a><\/figure><div class=\"elementor-image-box-content\"><h3 class=\"elementor-image-box-title\"><a href=\"https:\/\/www.bloomworld.org\/\">Rehana Tejpar<\/a><\/h3><p class=\"elementor-image-box-description\"><span style=\");font-family: Arial;font-size: 13px;text-align: left\">Rehana Tejpar es una facilitadora, mediadora y coach que trabaja con l\u00edderes y ecosistemas organizativos en Bloom Consulting, para apoyar el cambio cultural hacia la equidad, la colaboraci\u00f3n, la salud organizativa y la creatividad. Desde 2005, ha estado jugando con el aprendizaje basado en el juego y la transformaci\u00f3n a trav\u00e9s del Teatro del Oprimido, InterPlay y, m\u00e1s recientemente, el clown sagrado. \n<\/span><\/p><\/div><\/div>\t\t\t\t<\/div>\n\t\t\t\t<\/div>\n\t\t\t\t<div class=\"elementor-element elementor-element-e20e049 elementor-widget elementor-widget-spacer\" data-id=\"e20e049\" data-element_type=\"widget\" data-e-type=\"widget\" data-widget_type=\"spacer.default\">\n\t\t\t\t<div class=\"elementor-widget-container\">\n\t\t\t\t\t\t\t<div class=\"elementor-spacer\">\n\t\t\t<div class=\"elementor-spacer-inner\"><\/div>\n\t\t<\/div>\n\t\t\t\t\t\t<\/div>\n\t\t\t\t<\/div>\n\t\t\t\t<div class=\"elementor-element elementor-element-442fd42 elementor-position-left elementor-vertical-align-top elementor-widget elementor-widget-image-box\" data-id=\"442fd42\" data-element_type=\"widget\" data-e-type=\"widget\" data-widget_type=\"image-box.default\">\n\t\t\t\t<div class=\"elementor-widget-container\">\n\t\t\t\t\t<div class=\"elementor-image-box-wrapper\"><figure class=\"elementor-image-box-img\"><img decoding=\"async\" data-src=\"https:\/\/re-imagining.education\/wp-content\/uploads\/elementor\/thumbs\/riham-1-q3q9i12nwosy352x0vl1zk52lgx7zppwbplzsnvseg.jpg\" title=\"Riham Aziz el Din\" alt=\"Riham Aziz el Din\" src=\"data:image\/svg+xml;base64,PHN2ZyB3aWR0aD0iMSIgaGVpZ2h0PSIxIiB4bWxucz0iaHR0cDovL3d3dy53My5vcmcvMjAwMC9zdmciPjwvc3ZnPg==\" class=\"lazyload\" style=\"--smush-placeholder-width: 500px; --smush-placeholder-aspect-ratio: 500\/500;\" \/><\/figure><div class=\"elementor-image-box-content\"><h3 class=\"elementor-image-box-title\">Riham Aziz el Din<\/h3><p class=\"elementor-image-box-description\"><span style=\");font-family: Arial;font-size: 13px;text-align: left\">Riham Aziz El Din es investigadora independiente de ling\u00fc\u00edstica aplicada, pedagog\u00edas feministas y cr\u00edticas y desarrollo profesional para educadores.\n\nRiham tiene un M\u00e1ster en Dramaturgia Creativa con m\u00e1s de 10 a\u00f1os de experiencia pr\u00e1ctica en dise\u00f1o curricular, empoderamiento digital para comunidades marginadas, educaci\u00f3n en derechos humanos y psicolog\u00eda humanista en la ense\u00f1anza y el aprendizaje.\n\nRiham es una escritora creativa y poetisa que sue\u00f1a con un lugar en el que todos podamos vivir juntos: animales, \u00e1rboles, seres humanos y encontrar una forma creativa, quiz\u00e1 un idioma u otra cosa, de comunicarnos y prosperar juntos en paz, armon\u00eda y conexi\u00f3n.\n\nRiham cree en la magia cuando los seres humanos aprenden algo nuevo a su manera, con su propia definici\u00f3n y a su propio ritmo.\n\nCitando a Riham: \"Cuando veo un gato, digo \u00a1Hola!\".\n<\/span><\/p><\/div><\/div>\t\t\t\t<\/div>\n\t\t\t\t<\/div>\n\t\t\t\t<div class=\"elementor-element elementor-element-bd50ddc elementor-widget elementor-widget-spacer\" data-id=\"bd50ddc\" data-element_type=\"widget\" data-e-type=\"widget\" data-widget_type=\"spacer.default\">\n\t\t\t\t<div class=\"elementor-widget-container\">\n\t\t\t\t\t\t\t<div class=\"elementor-spacer\">\n\t\t\t<div class=\"elementor-spacer-inner\"><\/div>\n\t\t<\/div>\n\t\t\t\t\t\t<\/div>\n\t\t\t\t<\/div>\n\t\t\t\t<div class=\"elementor-element elementor-element-cf0ce3e elementor-position-left elementor-vertical-align-top elementor-widget elementor-widget-image-box\" data-id=\"cf0ce3e\" data-element_type=\"widget\" data-e-type=\"widget\" data-widget_type=\"image-box.default\">\n\t\t\t\t<div class=\"elementor-widget-container\">\n\t\t\t\t\t<div class=\"elementor-image-box-wrapper\"><figure class=\"elementor-image-box-img\"><a href=\"http:\/\/www.rubendario.fun\" tabindex=\"-1\"><img decoding=\"async\" data-src=\"https:\/\/re-imagining.education\/wp-content\/uploads\/elementor\/thumbs\/Ruben-Dario-q4ixojxoau0sk892ccqgy8h28laddphetbu8wykhoo.jpg\" title=\"Rub\u00e9n Dar\u00edo\" alt=\"Rub\u00e9n Dar\u00edo\" src=\"data:image\/svg+xml;base64,PHN2ZyB3aWR0aD0iMSIgaGVpZ2h0PSIxIiB4bWxucz0iaHR0cDovL3d3dy53My5vcmcvMjAwMC9zdmciPjwvc3ZnPg==\" class=\"lazyload\" style=\"--smush-placeholder-width: 500px; --smush-placeholder-aspect-ratio: 500\/500;\" \/><\/a><\/figure><div class=\"elementor-image-box-content\"><h3 class=\"elementor-image-box-title\"><a href=\"http:\/\/www.rubendario.fun\">Rub\u00e9n Dar\u00edo<\/a><\/h3><p class=\"elementor-image-box-description\"><span style=\");font-family: Arial;font-size: 13px;text-align: left\">Aprendiz y facilitador de aprendizaje autodirigido.\n<\/span><\/p><\/div><\/div>\t\t\t\t<\/div>\n\t\t\t\t<\/div>\n\t\t\t\t<div class=\"elementor-element elementor-element-d5b8282 elementor-widget elementor-widget-spacer\" data-id=\"d5b8282\" data-element_type=\"widget\" data-e-type=\"widget\" data-widget_type=\"spacer.default\">\n\t\t\t\t<div class=\"elementor-widget-container\">\n\t\t\t\t\t\t\t<div class=\"elementor-spacer\">\n\t\t\t<div class=\"elementor-spacer-inner\"><\/div>\n\t\t<\/div>\n\t\t\t\t\t\t<\/div>\n\t\t\t\t<\/div>\n\t\t\t\t<div class=\"elementor-element elementor-element-762cc5d elementor-position-left elementor-vertical-align-top elementor-widget elementor-widget-image-box\" data-id=\"762cc5d\" data-element_type=\"widget\" data-e-type=\"widget\" data-widget_type=\"image-box.default\">\n\t\t\t\t<div class=\"elementor-widget-container\">\n\t\t\t\t\t<div class=\"elementor-image-box-wrapper\"><figure class=\"elementor-image-box-img\"><a href=\"https:\/\/www.curiositylearning.org\/\" tabindex=\"-1\"><img decoding=\"async\" data-src=\"https:\/\/re-imagining.education\/wp-content\/uploads\/elementor\/thumbs\/Ron-Berlinski-q3ai05jb5nudqqm65g8jogtwyb6j5nizt7ol11gp6w.jpg\" title=\"Ron Berlinski\" alt=\"Ron Berlinski\" src=\"data:image\/svg+xml;base64,PHN2ZyB3aWR0aD0iMSIgaGVpZ2h0PSIxIiB4bWxucz0iaHR0cDovL3d3dy53My5vcmcvMjAwMC9zdmciPjwvc3ZnPg==\" class=\"lazyload\" style=\"--smush-placeholder-width: 500px; --smush-placeholder-aspect-ratio: 500\/500;\" \/><\/a><\/figure><div class=\"elementor-image-box-content\"><h3 class=\"elementor-image-box-title\"><a href=\"https:\/\/www.curiositylearning.org\/\">Ron Berlinski<\/a><\/h3><p class=\"elementor-image-box-description\"><span style=\");font-family: Arial;font-size: 13px;text-align: left\">A Ron le encantaba aprender, pero sent\u00eda que el sistema educativo se lo quitaba. Cree que estar intr\u00ednsecamente motivado para aprender es la mejor manera de estar preparado para el futuro, y la escuela se lo quita a la gente. Ahora hace todo lo posible por cambiar esa situaci\u00f3n.\n<\/span><\/p><\/div><\/div>\t\t\t\t<\/div>\n\t\t\t\t<\/div>\n\t\t\t\t<div class=\"elementor-element elementor-element-393046f elementor-widget elementor-widget-spacer\" data-id=\"393046f\" data-element_type=\"widget\" data-e-type=\"widget\" data-widget_type=\"spacer.default\">\n\t\t\t\t<div class=\"elementor-widget-container\">\n\t\t\t\t\t\t\t<div class=\"elementor-spacer\">\n\t\t\t<div class=\"elementor-spacer-inner\"><\/div>\n\t\t<\/div>\n\t\t\t\t\t\t<\/div>\n\t\t\t\t<\/div>\n\t\t\t\t<div class=\"elementor-element elementor-element-74f13c8 elementor-position-left elementor-vertical-align-top elementor-widget elementor-widget-image-box\" data-id=\"74f13c8\" data-element_type=\"widget\" data-e-type=\"widget\" data-widget_type=\"image-box.default\">\n\t\t\t\t<div class=\"elementor-widget-container\">\n\t\t\t\t\t<div class=\"elementor-image-box-wrapper\"><figure class=\"elementor-image-box-img\"><a href=\"https:\/\/www.instagram.com\/kikiesque\" target=\"_blank\" tabindex=\"-1\"><img decoding=\"async\" data-src=\"https:\/\/re-imagining.education\/wp-content\/uploads\/elementor\/thumbs\/Sara-El-Sayeh-q38h1cqa29yagw6tti2v4txhwscfceb9nrciue8vpk.jpeg\" title=\"Sara El-Sayeh\" alt=\"Sara El-Sayeh\" src=\"data:image\/svg+xml;base64,PHN2ZyB3aWR0aD0iMSIgaGVpZ2h0PSIxIiB4bWxucz0iaHR0cDovL3d3dy53My5vcmcvMjAwMC9zdmciPjwvc3ZnPg==\" class=\"lazyload\" style=\"--smush-placeholder-width: 500px; --smush-placeholder-aspect-ratio: 500\/500;\" \/><\/a><\/figure><div class=\"elementor-image-box-content\"><h3 class=\"elementor-image-box-title\"><a href=\"https:\/\/www.instagram.com\/kikiesque\" target=\"_blank\">Sara El-Sayeh<\/a><\/h3><p class=\"elementor-image-box-description\"><span style=\");font-family: Arial;font-size: 13px;text-align: left\">Sara es una madre egipcia que vive en El Cairo, Egipto. A lo largo de su vida ha explorado formas de reimaginar y recordar. Esta exploraci\u00f3n ha tomado diferentes formas que van desde la econom\u00eda al trabajo energ\u00e9tico. Sara recorre un camino suf\u00ed mientras experimenta en este laboratorio llamado. Vida. Se siente m\u00e1s viva siendo madre, escribiendo, reuni\u00e9ndose, facilitando el recuerdo y tejiendo magia en lo mundano.\n<\/span><\/p><\/div><\/div>\t\t\t\t<\/div>\n\t\t\t\t<\/div>\n\t\t\t\t<div class=\"elementor-element elementor-element-31ccdd7 elementor-widget elementor-widget-spacer\" data-id=\"31ccdd7\" data-element_type=\"widget\" data-e-type=\"widget\" data-widget_type=\"spacer.default\">\n\t\t\t\t<div class=\"elementor-widget-container\">\n\t\t\t\t\t\t\t<div class=\"elementor-spacer\">\n\t\t\t<div class=\"elementor-spacer-inner\"><\/div>\n\t\t<\/div>\n\t\t\t\t\t\t<\/div>\n\t\t\t\t<\/div>\n\t\t\t\t<div class=\"elementor-element elementor-element-5d63f14 elementor-position-left elementor-vertical-align-top elementor-widget elementor-widget-image-box\" data-id=\"5d63f14\" data-element_type=\"widget\" data-e-type=\"widget\" data-widget_type=\"image-box.default\">\n\t\t\t\t<div class=\"elementor-widget-container\">\n\t\t\t\t\t<div class=\"elementor-image-box-wrapper\"><figure class=\"elementor-image-box-img\"><a href=\"https:\/\/eg.linkedin.com\/in\/sarah-harb-3a89b8128\" target=\"_blank\" tabindex=\"-1\"><img decoding=\"async\" data-src=\"https:\/\/re-imagining.education\/wp-content\/uploads\/elementor\/thumbs\/Sarah-Harb-q5eq5wividkajezqed3j7puxaz2vdwzht2qk3ax0ug.jpg\" title=\"Sarah Harb\" alt=\"Sarah Harb\" src=\"data:image\/svg+xml;base64,PHN2ZyB3aWR0aD0iMSIgaGVpZ2h0PSIxIiB4bWxucz0iaHR0cDovL3d3dy53My5vcmcvMjAwMC9zdmciPjwvc3ZnPg==\" class=\"lazyload\" style=\"--smush-placeholder-width: 500px; --smush-placeholder-aspect-ratio: 500\/500;\" \/><\/a><\/figure><div class=\"elementor-image-box-content\"><h3 class=\"elementor-image-box-title\"><a href=\"https:\/\/eg.linkedin.com\/in\/sarah-harb-3a89b8128\" target=\"_blank\">Sarah Harb<\/a><\/h3><p class=\"elementor-image-box-description\"><span style=\");font-family: Arial;font-size: 13px;text-align: left\">Apasionado l\u00edder educativo \/ activista ambiental con 10 a\u00f1os de experiencia profesional en la construcci\u00f3n de comunidades seguras, tengo un historial probado en la direcci\u00f3n de equipos de (ni\u00f1os, j\u00f3venes y mujeres) que participan efectivamente con los ni\u00f1os y las familias.\nhistorial en la direcci\u00f3n de equipos de (ni\u00f1os, j\u00f3venes y mujeres) que participan de manera efectiva con los ni\u00f1os y las familias.\nFundadora de Dai Company para soluciones educativas sostenibles.\nla empresa ofrece programas educativos para personas con conocimientos, habilidades, actitudes y valores, prestando atenci\u00f3n\nal desarrollo sostenible y sus problemas y esforz\u00e1ndose por ser respetuosos con el medio ambiente...\nOtro programa Espacio Educativo Nussima\n(Primer espacio de aprendizaje autodirigido en (Alejandr\u00eda, Egipto) para ni\u00f1os y sus padres mediante el uso del aprendizaje activo.\nestrategias, t\u00e9cnicas y herramientas de aprendizaje activo en el proceso educativo.\nEscuelas alternativas basadas en una metodolog\u00eda autodirigida que aspira a redefinir la educaci\u00f3n en Egipto. Hemos dise\u00f1ado y aplicado 10 programas educativos hasta la fecha.\n\n<\/span><\/p><\/div><\/div>\t\t\t\t<\/div>\n\t\t\t\t<\/div>\n\t\t\t\t<div class=\"elementor-element elementor-element-717b916 elementor-widget elementor-widget-spacer\" data-id=\"717b916\" data-element_type=\"widget\" data-e-type=\"widget\" data-widget_type=\"spacer.default\">\n\t\t\t\t<div class=\"elementor-widget-container\">\n\t\t\t\t\t\t\t<div class=\"elementor-spacer\">\n\t\t\t<div class=\"elementor-spacer-inner\"><\/div>\n\t\t<\/div>\n\t\t\t\t\t\t<\/div>\n\t\t\t\t<\/div>\n\t\t\t\t<div class=\"elementor-element elementor-element-c224279 elementor-position-left elementor-vertical-align-top elementor-widget elementor-widget-image-box\" data-id=\"c224279\" data-element_type=\"widget\" data-e-type=\"widget\" data-widget_type=\"image-box.default\">\n\t\t\t\t<div class=\"elementor-widget-container\">\n\t\t\t\t\t<div class=\"elementor-image-box-wrapper\"><figure class=\"elementor-image-box-img\"><img decoding=\"async\" data-src=\"https:\/\/re-imagining.education\/wp-content\/uploads\/elementor\/thumbs\/Sami-q38h181343ruuudnky1qad46xuzl9wslz433g0fuko.jpeg\" title=\"Sami\" alt=\"Sami\" src=\"data:image\/svg+xml;base64,PHN2ZyB3aWR0aD0iMSIgaGVpZ2h0PSIxIiB4bWxucz0iaHR0cDovL3d3dy53My5vcmcvMjAwMC9zdmciPjwvc3ZnPg==\" class=\"lazyload\" style=\"--smush-placeholder-width: 500px; --smush-placeholder-aspect-ratio: 500\/500;\" \/><\/figure><div class=\"elementor-image-box-content\"><h3 class=\"elementor-image-box-title\">Sami Soliman<\/h3><p class=\"elementor-image-box-description\"><span style=\");font-family: Arial;font-size: 13px;text-align: left\">Me presentaron por primera vez el poder de la respiraci\u00f3n en 2012 y desde entonces he estado aprendiendo y experimentando, desde 2021 he estado ofreciendo sesiones y nada me trae m\u00e1s alegr\u00eda que ver a la gente salir de la sesi\u00f3n y darse cuenta de c\u00f3mo la herramienta m\u00e1s poderosa para navegar por la vida con facilidad est\u00e1 literalmente justo debajo de su nariz.\n<\/span><\/p><\/div><\/div>\t\t\t\t<\/div>\n\t\t\t\t<\/div>\n\t\t\t\t<div class=\"elementor-element elementor-element-914a87e elementor-widget elementor-widget-spacer\" data-id=\"914a87e\" data-element_type=\"widget\" data-e-type=\"widget\" data-widget_type=\"spacer.default\">\n\t\t\t\t<div class=\"elementor-widget-container\">\n\t\t\t\t\t\t\t<div class=\"elementor-spacer\">\n\t\t\t<div class=\"elementor-spacer-inner\"><\/div>\n\t\t<\/div>\n\t\t\t\t\t\t<\/div>\n\t\t\t\t<\/div>\n\t\t\t\t<div class=\"elementor-element elementor-element-798d37a elementor-position-left elementor-vertical-align-top elementor-widget elementor-widget-image-box\" data-id=\"798d37a\" data-element_type=\"widget\" data-e-type=\"widget\" data-widget_type=\"image-box.default\">\n\t\t\t\t<div class=\"elementor-widget-container\">\n\t\t\t\t\t<div class=\"elementor-image-box-wrapper\"><figure class=\"elementor-image-box-img\"><a href=\"https:\/\/www.instagram.com\/j_salomon_e\/\" target=\"_blank\" tabindex=\"-1\"><img decoding=\"async\" data-src=\"https:\/\/re-imagining.education\/wp-content\/uploads\/elementor\/thumbs\/PortraitSalo-scaled-q45f8u8d3ft0aazrgbhhkr70hoapbc6y6e46mpd18o.jpg\" title=\"Salom\u00f3n Espinoza\" alt=\"Salom\u00f3n Espinoza\" src=\"data:image\/svg+xml;base64,PHN2ZyB3aWR0aD0iMSIgaGVpZ2h0PSIxIiB4bWxucz0iaHR0cDovL3d3dy53My5vcmcvMjAwMC9zdmciPjwvc3ZnPg==\" class=\"lazyload\" style=\"--smush-placeholder-width: 500px; --smush-placeholder-aspect-ratio: 500\/500;\" \/><\/a><\/figure><div class=\"elementor-image-box-content\"><h3 class=\"elementor-image-box-title\"><a href=\"https:\/\/www.instagram.com\/j_salomon_e\/\" target=\"_blank\">Salo<\/a><\/h3><p class=\"elementor-image-box-description\"><span style=\");font-family: Arial;font-size: 13px;text-align: left\">Salo estudi\u00f3 publicidad, pero le apasionan la ilustraci\u00f3n, la fotograf\u00eda, viajar, la bioconstrucci\u00f3n y la escalada. Ha sido CM, dise\u00f1ador, fot\u00f3grafo y coproductor de proyectos internacionales que cuidan de nuestro planeta y sus comunidades humanas. Uno de sus prop\u00f3sitos es inspirar a m\u00e1s seres humanos a regenerar la vida.\n<\/span><\/p><\/div><\/div>\t\t\t\t<\/div>\n\t\t\t\t<\/div>\n\t\t\t\t<div class=\"elementor-element elementor-element-1710e88 elementor-widget elementor-widget-spacer\" data-id=\"1710e88\" data-element_type=\"widget\" data-e-type=\"widget\" data-widget_type=\"spacer.default\">\n\t\t\t\t<div class=\"elementor-widget-container\">\n\t\t\t\t\t\t\t<div class=\"elementor-spacer\">\n\t\t\t<div class=\"elementor-spacer-inner\"><\/div>\n\t\t<\/div>\n\t\t\t\t\t\t<\/div>\n\t\t\t\t<\/div>\n\t\t\t\t<div class=\"elementor-element elementor-element-9fddf38 elementor-position-left elementor-vertical-align-top elementor-widget elementor-widget-image-box\" data-id=\"9fddf38\" data-element_type=\"widget\" data-e-type=\"widget\" data-widget_type=\"image-box.default\">\n\t\t\t\t<div class=\"elementor-widget-container\">\n\t\t\t\t\t<div class=\"elementor-image-box-wrapper\"><figure class=\"elementor-image-box-img\"><a href=\"https:\/\/www.instagram.com\/versifier18\/?hl=en\" target=\"_blank\" tabindex=\"-1\"><img decoding=\"async\" data-src=\"https:\/\/re-imagining.education\/wp-content\/uploads\/elementor\/thumbs\/Shafaat-Shahbandari-q5eousu11930qvetg04k9lrdnv8pnxzpzxumc4r8nc.jpeg\" title=\"Shafaat Shahbandari\" alt=\"Shafaat Shahbandari\" src=\"data:image\/svg+xml;base64,PHN2ZyB3aWR0aD0iMSIgaGVpZ2h0PSIxIiB4bWxucz0iaHR0cDovL3d3dy53My5vcmcvMjAwMC9zdmciPjwvc3ZnPg==\" class=\"lazyload\" style=\"--smush-placeholder-width: 500px; --smush-placeholder-aspect-ratio: 500\/500;\" \/><\/a><\/figure><div class=\"elementor-image-box-content\"><h3 class=\"elementor-image-box-title\"><a href=\"https:\/\/www.instagram.com\/versifier18\/?hl=en\" target=\"_blank\">Shafaat Shahbandari<\/a><\/h3><p class=\"elementor-image-box-description\"><span style=\");font-family: Arial;font-size: 13px;text-align: left\">Shafaat Shahbandari es escritor, periodista, poeta y cineasta.\nLas palabras y sus connotaciones m\u00e1gicas han sido sus compa\u00f1eras constantes desde que se enamor\u00f3 de ellas cuando era adolescente y ha estado casado con ellas desde entonces.\nEscribir para cambiar las cosas y dar un nuevo significado a la palabra escrita es su pasi\u00f3n eterna.\nComo escritor, le gusta dar voz a los sin voz, contar historias de personas que est\u00e1n marcando la diferencia en nuestro mundo en silencio.\nComo poeta, Shafaat aborda una amplia gama de temas, desde las cosas cotidianas mundanas como la muerte hasta asuntos m\u00e1s serios como la belleza de un cuervo. Sus obras po\u00e9ticas est\u00e1n impregnadas de generosas dosis de sarcasmo y humor negro.\nComo periodista, Shafaat ha trabajado en la India y los Emiratos \u00c1rabes Unidos a lo largo de casi 20 a\u00f1os de agitada carrera, explorando historias en la India, Asia, Oriente Pr\u00f3ximo y \u00c1frica.\nComo cineasta, documenta historias que importan, historias que rara vez se cuentan, historias que te ayudan a hacer una pausa y a replantearte tu realidad.\nActualmente reside en Bengaluru y es el fundador de Thousand Shades of India, una iniciativa de medios de comunicaci\u00f3n alternativos que celebra la diversidad de la India a trav\u00e9s de intervenciones visuales y literarias.\n<\/span><\/p><\/div><\/div>\t\t\t\t<\/div>\n\t\t\t\t<\/div>\n\t\t\t\t<div class=\"elementor-element elementor-element-c617511 elementor-widget elementor-widget-spacer\" data-id=\"c617511\" data-element_type=\"widget\" data-e-type=\"widget\" data-widget_type=\"spacer.default\">\n\t\t\t\t<div class=\"elementor-widget-container\">\n\t\t\t\t\t\t\t<div class=\"elementor-spacer\">\n\t\t\t<div class=\"elementor-spacer-inner\"><\/div>\n\t\t<\/div>\n\t\t\t\t\t\t<\/div>\n\t\t\t\t<\/div>\n\t\t\t\t<div class=\"elementor-element elementor-element-6feedd7 elementor-position-left elementor-vertical-align-top elementor-widget elementor-widget-image-box\" data-id=\"6feedd7\" data-element_type=\"widget\" data-e-type=\"widget\" data-widget_type=\"image-box.default\">\n\t\t\t\t<div class=\"elementor-widget-container\">\n\t\t\t\t\t<div class=\"elementor-image-box-wrapper\"><figure class=\"elementor-image-box-img\"><a href=\"https:\/\/linktr.ee\/forgottengreens\" target=\"_blank\" tabindex=\"-1\"><img decoding=\"async\" data-src=\"https:\/\/re-imagining.education\/wp-content\/uploads\/elementor\/thumbs\/WhatsApp-Image-2022-01-06-at-8.13.17-AM-pimta6zgjnpte7z73c2m02lxi184p01bh88urhykco.jpeg\" title=\"Shruti Tharayil\" alt=\"Shruti Tharayil\" src=\"data:image\/svg+xml;base64,PHN2ZyB3aWR0aD0iMSIgaGVpZ2h0PSIxIiB4bWxucz0iaHR0cDovL3d3dy53My5vcmcvMjAwMC9zdmciPjwvc3ZnPg==\" class=\"lazyload\" style=\"--smush-placeholder-width: 500px; --smush-placeholder-aspect-ratio: 500\/500;\" \/><\/a><\/figure><div class=\"elementor-image-box-content\"><h3 class=\"elementor-image-box-title\"><a href=\"https:\/\/linktr.ee\/forgottengreens\" target=\"_blank\">Shruti Tharayil<\/a><\/h3><p class=\"elementor-image-box-description\"><span style=\");font-family: Arial;font-size: 13px;text-align: left\">Shruti codirige el espacio Unlearning Ashram en Calicut, Kerala. Shruti es tambi\u00e9n la fundadora de Forgotten Greens, una iniciativa centrada en revivir y reclamar los sistemas de conocimiento de los vegetales no cultivados, que est\u00e1n desapareciendo r\u00e1pidamente.\n<\/span><\/p><\/div><\/div>\t\t\t\t<\/div>\n\t\t\t\t<\/div>\n\t\t\t\t<div class=\"elementor-element elementor-element-d1adccb elementor-widget elementor-widget-spacer\" data-id=\"d1adccb\" data-element_type=\"widget\" data-e-type=\"widget\" data-widget_type=\"spacer.default\">\n\t\t\t\t<div class=\"elementor-widget-container\">\n\t\t\t\t\t\t\t<div class=\"elementor-spacer\">\n\t\t\t<div class=\"elementor-spacer-inner\"><\/div>\n\t\t<\/div>\n\t\t\t\t\t\t<\/div>\n\t\t\t\t<\/div>\n\t\t\t\t<div class=\"elementor-element elementor-element-e07969c elementor-position-left elementor-vertical-align-top elementor-widget elementor-widget-image-box\" data-id=\"e07969c\" data-element_type=\"widget\" data-e-type=\"widget\" data-widget_type=\"image-box.default\">\n\t\t\t\t<div class=\"elementor-widget-container\">\n\t\t\t\t\t<div class=\"elementor-image-box-wrapper\"><figure class=\"elementor-image-box-img\"><a href=\"https:\/\/id.linkedin.com\/in\/sophiabazile\" target=\"_blank\" tabindex=\"-1\"><img decoding=\"async\" data-src=\"https:\/\/re-imagining.education\/wp-content\/uploads\/elementor\/thumbs\/Sophia-Bazile-Headshot-Bali-Scarf-Vignette-Sophia-Bazile-1-q5eq2vhlhlf14ne431yt6hdgea0al0ymq328f7eow8.jpg\" title=\"Sophia Bazile Headshot Bali Scarf Vignette - Sophia Bazile (1)\" alt=\"Sophia Bazile Headshot Bali Scarf Vignette - Sophia Bazile (1)\" src=\"data:image\/svg+xml;base64,PHN2ZyB3aWR0aD0iMSIgaGVpZ2h0PSIxIiB4bWxucz0iaHR0cDovL3d3dy53My5vcmcvMjAwMC9zdmciPjwvc3ZnPg==\" class=\"lazyload\" style=\"--smush-placeholder-width: 500px; --smush-placeholder-aspect-ratio: 500\/500;\" \/><\/a><\/figure><div class=\"elementor-image-box-content\"><h3 class=\"elementor-image-box-title\"><a href=\"https:\/\/id.linkedin.com\/in\/sophiabazile\" target=\"_blank\">Sophia Bazile<\/a><\/h3><p class=\"elementor-image-box-description\"><span style=\");font-family: Arial;font-size: 13px;text-align: left\">Hola, soy Sophia: educadora, facilitadora, comisaria, convocante y buscadora perpetua. A menudo act\u00fao como acompa\u00f1ante o gu\u00eda en viajes de investigaci\u00f3n individual y colectiva. Como entusiasta \"generalista\"\/\"especialista en serie\" centrada en el cambio sociocultural, he realizado intercambios en diversos contextos y en torno a temas muy variados, entre los que se incluyen Futuros de: Trabajo, Educaci\u00f3n, Talento, Turismo, Resiliencia al Riesgo de Desastres, Igualdad de G\u00e9nero y Empoderamiento de la Mujer, Inteligencia Artificial, Tecnolog\u00edas Emergentes y Humanidades Digitales, Espiritualidad, y Salud y Bienestar.  Disfruto de la co-creaci\u00f3n de experimentos de des\/aprendizaje que son decoloniales, feministas, transdisciplinarios y experienciales en sus enfoques de m\u00e9todos mixtos para re\/imaginar nuestros posibles futuros a\u00fan por tejer.\n<\/span><\/p><\/div><\/div>\t\t\t\t<\/div>\n\t\t\t\t<\/div>\n\t\t\t\t<div class=\"elementor-element elementor-element-941d370 elementor-widget elementor-widget-spacer\" data-id=\"941d370\" data-element_type=\"widget\" data-e-type=\"widget\" data-widget_type=\"spacer.default\">\n\t\t\t\t<div class=\"elementor-widget-container\">\n\t\t\t\t\t\t\t<div class=\"elementor-spacer\">\n\t\t\t<div class=\"elementor-spacer-inner\"><\/div>\n\t\t<\/div>\n\t\t\t\t\t\t<\/div>\n\t\t\t\t<\/div>\n\t\t\t\t<div class=\"elementor-element elementor-element-1092aac elementor-position-left elementor-vertical-align-top elementor-widget elementor-widget-image-box\" data-id=\"1092aac\" data-element_type=\"widget\" data-e-type=\"widget\" data-widget_type=\"image-box.default\">\n\t\t\t\t<div class=\"elementor-widget-container\">\n\t\t\t\t\t<div class=\"elementor-image-box-wrapper\"><figure class=\"elementor-image-box-img\"><a href=\"http:\/\/sophiestrand.com\/\" target=\"_blank\" tabindex=\"-1\"><img decoding=\"async\" data-src=\"https:\/\/re-imagining.education\/wp-content\/uploads\/elementor\/thumbs\/SophieStrand-q3cgmbxeyzw5sdylmbkd8yheq140zvsnztnytw5gug.jpeg\" title=\"SophieStrand\" alt=\"SophieStrand\" src=\"data:image\/svg+xml;base64,PHN2ZyB3aWR0aD0iMSIgaGVpZ2h0PSIxIiB4bWxucz0iaHR0cDovL3d3dy53My5vcmcvMjAwMC9zdmciPjwvc3ZnPg==\" class=\"lazyload\" style=\"--smush-placeholder-width: 500px; --smush-placeholder-aspect-ratio: 500\/500;\" \/><\/a><\/figure><div class=\"elementor-image-box-content\"><h3 class=\"elementor-image-box-title\"><a href=\"http:\/\/sophiestrand.com\/\" target=\"_blank\">Sophie Strand<\/a><\/h3><p class=\"elementor-image-box-description\"><span style=\");font-family: Arial;font-size: 13px;text-align: left\"> Sophie Strand es una escritora centrada en la intersecci\u00f3n entre espiritualidad, narraci\u00f3n de historias y ecolog\u00eda. Su primer libro de ensayos The Flowering Wand: Rewilding the Sacred Masculine se publicar\u00e1 en Inner Traditions en oto\u00f1o de 2022. \n<\/span><\/p><\/div><\/div>\t\t\t\t<\/div>\n\t\t\t\t<\/div>\n\t\t\t\t<div class=\"elementor-element elementor-element-bca8d8b elementor-widget elementor-widget-spacer\" data-id=\"bca8d8b\" data-element_type=\"widget\" data-e-type=\"widget\" data-widget_type=\"spacer.default\">\n\t\t\t\t<div class=\"elementor-widget-container\">\n\t\t\t\t\t\t\t<div class=\"elementor-spacer\">\n\t\t\t<div class=\"elementor-spacer-inner\"><\/div>\n\t\t<\/div>\n\t\t\t\t\t\t<\/div>\n\t\t\t\t<\/div>\n\t\t\t\t<div class=\"elementor-element elementor-element-97b5522 elementor-position-left elementor-vertical-align-top elementor-widget elementor-widget-image-box\" data-id=\"97b5522\" data-element_type=\"widget\" data-e-type=\"widget\" data-widget_type=\"image-box.default\">\n\t\t\t\t<div class=\"elementor-widget-container\">\n\t\t\t\t\t<div class=\"elementor-image-box-wrapper\"><figure class=\"elementor-image-box-img\"><a href=\"http:\/\/stephanieknoxsteiner.com\/\" target=\"_blank\" tabindex=\"-1\"><img decoding=\"async\" data-src=\"https:\/\/re-imagining.education\/wp-content\/uploads\/elementor\/thumbs\/Stephanie-Knox-Steiner-q26ol9qtv3dxu2okqtjx19wts7827hnpqnm2axkmmg.jpeg\" title=\"Stephanie Knox Steiner\" alt=\"Stephanie Knox Steiner\" src=\"data:image\/svg+xml;base64,PHN2ZyB3aWR0aD0iMSIgaGVpZ2h0PSIxIiB4bWxucz0iaHR0cDovL3d3dy53My5vcmcvMjAwMC9zdmciPjwvc3ZnPg==\" class=\"lazyload\" style=\"--smush-placeholder-width: 500px; --smush-placeholder-aspect-ratio: 500\/500;\" \/><\/a><\/figure><div class=\"elementor-image-box-content\"><h3 class=\"elementor-image-box-title\"><a href=\"http:\/\/stephanieknoxsteiner.com\/\" target=\"_blank\">Stephanie Knox Steiner<\/a><\/h3><p class=\"elementor-image-box-description\"><span style=\");font-family: Arial;font-size: 13px;text-align: left\">Como educadora para la paz y practicante de mindfulness, ayudo a personas y organizaciones a integrar la educaci\u00f3n para la paz en su trabajo. Innovar y facilitar experiencias de aprendizaje que motiven a la acci\u00f3n por un mundo justo y lleno de amor es mi contribuci\u00f3n a una cultura global de paz.\n\nMis \u00e1reas de especializaci\u00f3n incluyen: sostenibilidad, no violencia, yoga, atenci\u00f3n plena, liderazgo, aprendizaje de servicio, educaci\u00f3n superior, aprendizaje en l\u00ednea y desarrollo profesional docente. Lo que ofrezco est\u00e1 profundamente inspirado en el trabajo transformador de los profesores con los que he estudiado: Joanna Macy, Meg Wheatley y el maestro zen Thich Nhat Hanh.<\/p><\/div><\/div>\t\t\t\t<\/div>\n\t\t\t\t<\/div>\n\t\t\t\t<div class=\"elementor-element elementor-element-d7d6bb8 elementor-widget elementor-widget-spacer\" data-id=\"d7d6bb8\" data-element_type=\"widget\" data-e-type=\"widget\" data-widget_type=\"spacer.default\">\n\t\t\t\t<div class=\"elementor-widget-container\">\n\t\t\t\t\t\t\t<div class=\"elementor-spacer\">\n\t\t\t<div class=\"elementor-spacer-inner\"><\/div>\n\t\t<\/div>\n\t\t\t\t\t\t<\/div>\n\t\t\t\t<\/div>\n\t\t\t\t<div class=\"elementor-element elementor-element-2732cfa elementor-position-left elementor-vertical-align-top elementor-widget elementor-widget-image-box\" data-id=\"2732cfa\" data-element_type=\"widget\" data-e-type=\"widget\" data-widget_type=\"image-box.default\">\n\t\t\t\t<div class=\"elementor-widget-container\">\n\t\t\t\t\t<div class=\"elementor-image-box-wrapper\"><figure class=\"elementor-image-box-img\"><a href=\"http:\/\/www.sujithravindran.com\/\" target=\"_blank\" tabindex=\"-1\"><img decoding=\"async\" data-src=\"https:\/\/re-imagining.education\/wp-content\/uploads\/elementor\/thumbs\/Sujith-Ravindran-q5ep0uwl2tdjkem22me0c2qbh9dv9q1g5x79obrwjs.jpeg\" title=\"Sujith Ravindran\" alt=\"Sujith Ravindran\" src=\"data:image\/svg+xml;base64,PHN2ZyB3aWR0aD0iMSIgaGVpZ2h0PSIxIiB4bWxucz0iaHR0cDovL3d3dy53My5vcmcvMjAwMC9zdmciPjwvc3ZnPg==\" class=\"lazyload\" style=\"--smush-placeholder-width: 500px; --smush-placeholder-aspect-ratio: 500\/500;\" \/><\/a><\/figure><div class=\"elementor-image-box-content\"><h3 class=\"elementor-image-box-title\"><a href=\"http:\/\/www.sujithravindran.com\/\" target=\"_blank\">Sujith Ravindran<\/a><\/h3><p class=\"elementor-image-box-description\"><span style=\");font-family: Arial;font-size: 13px;text-align: left\">Autor del cl\u00e1sico sobre espiritualidad masculina The Shiva Code. Fundador e iniciador del Festival Europeo de la Hermandad y del Festival della Maturita Maschile (y de otros festivales para el crecimiento masculino). Es miembro (o gu\u00eda) de muchos consejos de fundaciones dedicadas a la evoluci\u00f3n masculina y act\u00faa como anciano espiritual de muchos movimientos masculinos de todo el mundo. \n<\/span><\/p><\/div><\/div>\t\t\t\t<\/div>\n\t\t\t\t<\/div>\n\t\t\t\t<div class=\"elementor-element elementor-element-7ef0b53 elementor-widget elementor-widget-spacer\" data-id=\"7ef0b53\" data-element_type=\"widget\" data-e-type=\"widget\" data-widget_type=\"spacer.default\">\n\t\t\t\t<div class=\"elementor-widget-container\">\n\t\t\t\t\t\t\t<div class=\"elementor-spacer\">\n\t\t\t<div class=\"elementor-spacer-inner\"><\/div>\n\t\t<\/div>\n\t\t\t\t\t\t<\/div>\n\t\t\t\t<\/div>\n\t\t\t\t<div class=\"elementor-element elementor-element-639ad8b elementor-position-left elementor-vertical-align-top elementor-widget elementor-widget-image-box\" data-id=\"639ad8b\" data-element_type=\"widget\" data-e-type=\"widget\" data-widget_type=\"image-box.default\">\n\t\t\t\t<div class=\"elementor-widget-container\">\n\t\t\t\t\t<div class=\"elementor-image-box-wrapper\"><figure class=\"elementor-image-box-img\"><a href=\"https:\/\/gaiaschoolasia.com\/\" target=\"_blank\" tabindex=\"-1\"><img decoding=\"async\" data-src=\"https:\/\/re-imagining.education\/wp-content\/uploads\/elementor\/thumbs\/SUNISA-q4przs6wocl9bw3ty9g3tmcqz3ucxtrpa1ewlv1fns.jpeg\" title=\"Sunisa Jamwiset Deiters\" alt=\"Sunisa Jamwiset Deiters\" src=\"data:image\/svg+xml;base64,PHN2ZyB3aWR0aD0iMSIgaGVpZ2h0PSIxIiB4bWxucz0iaHR0cDovL3d3dy53My5vcmcvMjAwMC9zdmciPjwvc3ZnPg==\" class=\"lazyload\" style=\"--smush-placeholder-width: 500px; --smush-placeholder-aspect-ratio: 500\/500;\" \/><\/a><\/figure><div class=\"elementor-image-box-content\"><h3 class=\"elementor-image-box-title\"><a href=\"https:\/\/gaiaschoolasia.com\/\" target=\"_blank\">Sunisa Janwiset Deiters<\/a><\/h3><p class=\"elementor-image-box-description\"><span style=\");font-family: Arial;font-size: 13px;text-align: left\">Vivi\u00f3 y trabaj\u00f3 como facilitadora en Wongsanit Ashram, una comunidad espiritual comprometida socialmente durante unos 9 a\u00f1os, y m\u00e1s tarde en el proyecto de permacultura Panya, en Tailandia. Ayud\u00f3 a crear la Red Global de Ecoaldeas de Asia y Ocean\u00eda para la Pr\u00f3xima Generaci\u00f3n (NextGENOA) y actualmente es mentora de los j\u00f3venes l\u00edderes de la red. Ha impartido cursos en muchos pa\u00edses para trabajadores de ONG, j\u00f3venes activistas budistas, estudiantes internacionales y ni\u00f1os. Utiliza m\u00e9todos de ense\u00f1anza participativos y se centra en la ecolog\u00eda profunda y la conexi\u00f3n con la naturaleza. Fund\u00f3 Gaia Ashram con su pareja en 2012. Ahora divide su tiempo entre la ense\u00f1anza, la gesti\u00f3n del proyecto Gaia Ashram y el cuidado de sus hijos. <span><\/p><\/div><\/div>\t\t\t\t<\/div>\n\t\t\t\t<\/div>\n\t\t\t\t<div class=\"elementor-element elementor-element-8172566 elementor-widget elementor-widget-spacer\" data-id=\"8172566\" data-element_type=\"widget\" data-e-type=\"widget\" data-widget_type=\"spacer.default\">\n\t\t\t\t<div class=\"elementor-widget-container\">\n\t\t\t\t\t\t\t<div class=\"elementor-spacer\">\n\t\t\t<div class=\"elementor-spacer-inner\"><\/div>\n\t\t<\/div>\n\t\t\t\t\t\t<\/div>\n\t\t\t\t<\/div>\n\t\t\t\t<div class=\"elementor-element elementor-element-d5b5d1c elementor-position-left elementor-vertical-align-top elementor-widget elementor-widget-image-box\" data-id=\"d5b5d1c\" data-element_type=\"widget\" data-e-type=\"widget\" data-widget_type=\"image-box.default\">\n\t\t\t\t<div class=\"elementor-widget-container\">\n\t\t\t\t\t<div class=\"elementor-image-box-wrapper\"><figure class=\"elementor-image-box-img\"><a href=\"https:\/\/edtechhub.org\/team\/taskeen-adam\/\" target=\"_blank\" tabindex=\"-1\"><img decoding=\"async\" data-src=\"https:\/\/re-imagining.education\/wp-content\/uploads\/elementor\/thumbs\/Dr.-Taskeen-q5113twx8f1w59yocspd1vxwlixeeoffedgvq14k94.jpeg\" title=\"Dr. Taskeen\" alt=\"Dr. Taskeen\" src=\"data:image\/svg+xml;base64,PHN2ZyB3aWR0aD0iMSIgaGVpZ2h0PSIxIiB4bWxucz0iaHR0cDovL3d3dy53My5vcmcvMjAwMC9zdmciPjwvc3ZnPg==\" class=\"lazyload\" style=\"--smush-placeholder-width: 500px; --smush-placeholder-aspect-ratio: 500\/500;\" \/><\/a><\/figure><div class=\"elementor-image-box-content\"><h3 class=\"elementor-image-box-title\"><a href=\"https:\/\/edtechhub.org\/team\/taskeen-adam\/\" target=\"_blank\">Taskeen Adam<\/a><\/h3><p class=\"elementor-image-box-description\"><span style=\");font-family: Arial;font-size: 13px;text-align: left\">La Dra. Taskeen es codirectora de Open Development &amp; Education e investigadora principal de EdTech Hub. Est\u00e1 especializada en temas como el desarrollo profesional docente con apoyo tecnol\u00f3gico, los entornos virtuales de aprendizaje y la educaci\u00f3n abierta. Complet\u00f3 su doctorado sobre \"Abordar las injusticias a trav\u00e9s de los MOOC: A study among peri-urban, marginalised South African youth' en la Universidad de Cambridge. Su investigaci\u00f3n puso de relieve que las injusticias hist\u00f3ricas, la imposici\u00f3n cultural y la dependencia econ\u00f3mica siguen desempe\u00f1ando un papel fundamental en la educaci\u00f3n. Su tesis doctoral se centr\u00f3 en la aplicaci\u00f3n sostenible del proyecto \"Un port\u00e1til por ni\u00f1o\" en Ruanda. Paralelamente a sus actividades acad\u00e9micas, fue pionera de Khwela (una plataforma regional de cursos en l\u00ednea) y de Solar Powered Learning en Sud\u00e1frica, as\u00ed como de Mobile Education for Smart Technology en la India. Antes de dedicarse a la tecnolog\u00eda educativa, trabaj\u00f3 como ingeniera el\u00e9ctrica especializada en medici\u00f3n y control. Publicaciones disponibles aqu\u00ed. <span><\/p><\/div><\/div>\t\t\t\t<\/div>\n\t\t\t\t<\/div>\n\t\t\t\t<div class=\"elementor-element elementor-element-0091a6f elementor-widget elementor-widget-spacer\" data-id=\"0091a6f\" data-element_type=\"widget\" data-e-type=\"widget\" data-widget_type=\"spacer.default\">\n\t\t\t\t<div class=\"elementor-widget-container\">\n\t\t\t\t\t\t\t<div class=\"elementor-spacer\">\n\t\t\t<div class=\"elementor-spacer-inner\"><\/div>\n\t\t<\/div>\n\t\t\t\t\t\t<\/div>\n\t\t\t\t<\/div>\n\t\t\t\t<div class=\"elementor-element elementor-element-667128f elementor-position-left elementor-vertical-align-top elementor-widget elementor-widget-image-box\" data-id=\"667128f\" data-element_type=\"widget\" data-e-type=\"widget\" data-widget_type=\"image-box.default\">\n\t\t\t\t<div class=\"elementor-widget-container\">\n\t\t\t\t\t<div class=\"elementor-image-box-wrapper\"><figure class=\"elementor-image-box-img\"><a href=\"https:\/\/in.linkedin.com\/in\/vaibhavchh\" target=\"_blank\" tabindex=\"-1\"><img decoding=\"async\" data-src=\"https:\/\/re-imagining.education\/wp-content\/uploads\/elementor\/thumbs\/Vaibhav-Chhabra-1-q510wgufp4z178npcm4kiqtx2v7w4174dxhye01kzs.jpeg\" title=\"Vaibhav Chhabra\" alt=\"Vaibhav Chhabra\" src=\"data:image\/svg+xml;base64,PHN2ZyB3aWR0aD0iMSIgaGVpZ2h0PSIxIiB4bWxucz0iaHR0cDovL3d3dy53My5vcmcvMjAwMC9zdmciPjwvc3ZnPg==\" class=\"lazyload\" style=\"--smush-placeholder-width: 500px; --smush-placeholder-aspect-ratio: 500\/500;\" \/><\/a><\/figure><div class=\"elementor-image-box-content\"><h3 class=\"elementor-image-box-title\"><a href=\"https:\/\/in.linkedin.com\/in\/vaibhavchh\" target=\"_blank\">Vaibhav Chhabra<\/a><\/h3><p class=\"elementor-image-box-description\"><span style=\");font-family: Arial;font-size: 13px;text-align: left\">Vaibhav es ingeniero mec\u00e1nico de formaci\u00f3n, carpintero por pasi\u00f3n y educador por elecci\u00f3n. Vaibhav, licenciado por la Universidad de Boston, pas\u00f3 los dos primeros a\u00f1os de su carrera en EyeNetra, una empresa emergente de los MIT Media Labs, creando dispositivos port\u00e1tiles de diagn\u00f3stico ocular basados en la realidad virtual. Mientras trabajaba con la comunidad rural de la India para el prototipo de diagn\u00f3stico ocular, Vaibhav fund\u00f3 'Makers Asylum'. Maker's Asylum es un espacio comunitario centrado en fomentar la innovaci\u00f3n a trav\u00e9s del aprendizaje pr\u00e1ctico. El espacio alberga varios laboratorios ubicados conjuntamente para facilitar la creaci\u00f3n de prototipos de ideas interdisciplinares. Vaibhav combin\u00f3 sus estudios con su pasi\u00f3n para crear el primer Makerspace comunitario de la India. El objetivo principal de este espacio ha sido compartir la alegr\u00eda de crear. <span><\/p><\/div><\/div>\t\t\t\t<\/div>\n\t\t\t\t<\/div>\n\t\t\t\t<div class=\"elementor-element elementor-element-b514b2e elementor-position-left elementor-vertical-align-top elementor-widget elementor-widget-image-box\" data-id=\"b514b2e\" data-element_type=\"widget\" data-e-type=\"widget\" data-widget_type=\"image-box.default\">\n\t\t\t\t<div class=\"elementor-widget-container\">\n\t\t\t\t\t<div class=\"elementor-image-box-wrapper\"><figure class=\"elementor-image-box-img\"><a href=\"https:\/\/www.keg.lu.se\/en\/vasna-ramasar\" target=\"_blank\" tabindex=\"-1\"><img decoding=\"async\" data-src=\"https:\/\/re-imagining.education\/wp-content\/uploads\/elementor\/thumbs\/Vasna-Ramasar-q5119bb13mk3vdzyc610li4pcfwhb4725igui4zvyg.jpeg\" title=\"Vasna Ramasar\" alt=\"Vasna Ramasar\" src=\"data:image\/svg+xml;base64,PHN2ZyB3aWR0aD0iMSIgaGVpZ2h0PSIxIiB4bWxucz0iaHR0cDovL3d3dy53My5vcmcvMjAwMC9zdmciPjwvc3ZnPg==\" class=\"lazyload\" style=\"--smush-placeholder-width: 500px; --smush-placeholder-aspect-ratio: 500\/500;\" \/><\/a><\/figure><div class=\"elementor-image-box-content\"><h3 class=\"elementor-image-box-title\"><a href=\"https:\/\/www.keg.lu.se\/en\/vasna-ramasar\" target=\"_blank\">Vasna Ramasar<\/a><\/h3><p class=\"elementor-image-box-description\"><span style=\");font-family: Arial;font-size: 13px;text-align: left\">Vasna Ramasar es actualmente Profesora Titular de Ecolog\u00eda Humana e Investigadora en Ciencias de la Sostenibilidad en el Centro de Estudios de la Sostenibilidad de la Universidad de Lund (LUCSUS), en Suecia. Naci\u00f3 y creci\u00f3 en Sud\u00e1frica, un pa\u00eds din\u00e1mico donde aprendi\u00f3 importantes lecciones sobre las libertades, el papel de las personas en la naturaleza y la desigualdad. Tiene 10 a\u00f1os de experiencia en investigaci\u00f3n, consultor\u00eda y docencia en \u00c1frica meridional y oriental, Asia, Europa y Norteam\u00e9rica. En el pasado, su trabajo se ha centrado en la gobernanza del agua, la evaluaci\u00f3n y la pol\u00edtica medioambiental, el VIH\/SIDA y el medio ambiente y la sostenibilidad, pero, como generalista de coraz\u00f3n, lo que m\u00e1s le interesa es tratar de comprender el panorama general de c\u00f3mo confluyen las personas y la din\u00e1mica planetaria y la complejidad de estas interacciones.<span><\/p><\/div><\/div>\t\t\t\t<\/div>\n\t\t\t\t<\/div>\n\t\t\t\t<div class=\"elementor-element elementor-element-d7bbaa8 elementor-widget elementor-widget-spacer\" data-id=\"d7bbaa8\" data-element_type=\"widget\" data-e-type=\"widget\" data-widget_type=\"spacer.default\">\n\t\t\t\t<div class=\"elementor-widget-container\">\n\t\t\t\t\t\t\t<div class=\"elementor-spacer\">\n\t\t\t<div class=\"elementor-spacer-inner\"><\/div>\n\t\t<\/div>\n\t\t\t\t\t\t<\/div>\n\t\t\t\t<\/div>\n\t\t\t\t<div class=\"elementor-element elementor-element-cbfe869 elementor-position-left elementor-vertical-align-top elementor-widget elementor-widget-image-box\" data-id=\"cbfe869\" data-element_type=\"widget\" data-e-type=\"widget\" data-widget_type=\"image-box.default\">\n\t\t\t\t<div class=\"elementor-widget-container\">\n\t\t\t\t\t<div class=\"elementor-image-box-wrapper\"><figure class=\"elementor-image-box-img\"><img decoding=\"async\" data-src=\"https:\/\/re-imagining.education\/wp-content\/uploads\/elementor\/thumbs\/Xinlin-Song-q4chk379mengkihe884pyyke1l8mgmwb8o1z6ws6mg.jpg\" title=\"Xinlin Song\" alt=\"Xinlin Song\" src=\"data:image\/svg+xml;base64,PHN2ZyB3aWR0aD0iMSIgaGVpZ2h0PSIxIiB4bWxucz0iaHR0cDovL3d3dy53My5vcmcvMjAwMC9zdmciPjwvc3ZnPg==\" class=\"lazyload\" style=\"--smush-placeholder-width: 500px; --smush-placeholder-aspect-ratio: 500\/500;\" \/><\/figure><div class=\"elementor-image-box-content\"><h3 class=\"elementor-image-box-title\">Xinlin Song<\/h3><p class=\"elementor-image-box-description\"><span style=\");font-family: Arial;font-size: 13px;text-align: left\">Actualmente trabaja para profundizar sus conocimientos y su v\u00ednculo con la comunidad monta\u00f1osa de la cordillera del Himalaya-Hengduan. Con la gu\u00eda de las monta\u00f1as sagradas tibetanas que la rodean, desarrolla programas que facilitan un proceso de desaprendizaje, reaprendizaje y re-cuerdo.\n <span><\/p><\/div><\/div>\t\t\t\t<\/div>\n\t\t\t\t<\/div>\n\t\t\t\t<div class=\"elementor-element elementor-element-20e8e3d elementor-widget elementor-widget-spacer\" data-id=\"20e8e3d\" data-element_type=\"widget\" data-e-type=\"widget\" data-widget_type=\"spacer.default\">\n\t\t\t\t<div class=\"elementor-widget-container\">\n\t\t\t\t\t\t\t<div class=\"elementor-spacer\">\n\t\t\t<div class=\"elementor-spacer-inner\"><\/div>\n\t\t<\/div>\n\t\t\t\t\t\t<\/div>\n\t\t\t\t<\/div>\n\t\t\t\t<div class=\"elementor-element elementor-element-6e4aade elementor-position-left elementor-vertical-align-top elementor-widget elementor-widget-image-box\" data-id=\"6e4aade\" data-element_type=\"widget\" data-e-type=\"widget\" data-widget_type=\"image-box.default\">\n\t\t\t\t<div class=\"elementor-widget-container\">\n\t\t\t\t\t<div class=\"elementor-image-box-wrapper\"><figure class=\"elementor-image-box-img\"><img decoding=\"async\" data-src=\"https:\/\/re-imagining.education\/wp-content\/uploads\/elementor\/thumbs\/Yoko-and-Tao-q4chk60s6wrbjcdarrclofurtquq3q7i920fmqo03s.jpg\" title=\"Yoko y Tao\" alt=\"Yoko y Tao\" src=\"data:image\/svg+xml;base64,PHN2ZyB3aWR0aD0iMSIgaGVpZ2h0PSIxIiB4bWxucz0iaHR0cDovL3d3dy53My5vcmcvMjAwMC9zdmciPjwvc3ZnPg==\" class=\"lazyload\" style=\"--smush-placeholder-width: 500px; --smush-placeholder-aspect-ratio: 500\/500;\" \/><\/figure><div class=\"elementor-image-box-content\"><h3 class=\"elementor-image-box-title\">Yoko y Tao<\/h3><p class=\"elementor-image-box-description\"><span style=\");font-family: Arial;font-size: 13px;text-align: left\">yoko y tao son dos Homo sapiens que nacieron en Changsha y ahora viven con un gato en un pueblo de los Prealpes italianos llamado Pasturo.\n <span><\/p><\/div><\/div>\t\t\t\t<\/div>\n\t\t\t\t<\/div>\n\t\t\t\t<div class=\"elementor-element elementor-element-4df3684 elementor-widget elementor-widget-spacer\" data-id=\"4df3684\" data-element_type=\"widget\" data-e-type=\"widget\" data-widget_type=\"spacer.default\">\n\t\t\t\t<div class=\"elementor-widget-container\">\n\t\t\t\t\t\t\t<div class=\"elementor-spacer\">\n\t\t\t<div class=\"elementor-spacer-inner\"><\/div>\n\t\t<\/div>\n\t\t\t\t\t\t<\/div>\n\t\t\t\t<\/div>\n\t\t\t\t<div class=\"elementor-element elementor-element-b7db403 elementor-position-left elementor-vertical-align-top elementor-widget elementor-widget-image-box\" data-id=\"b7db403\" data-element_type=\"widget\" data-e-type=\"widget\" data-widget_type=\"image-box.default\">\n\t\t\t\t<div class=\"elementor-widget-container\">\n\t\t\t\t\t<div class=\"elementor-image-box-wrapper\"><figure class=\"elementor-image-box-img\"><a href=\"https:\/\/www.linkedin.com\/in\/zachary-stein-757b528\" target=\"_blank\" tabindex=\"-1\"><img decoding=\"async\" data-src=\"https:\/\/re-imagining.education\/wp-content\/uploads\/elementor\/thumbs\/Zak-Stein-e1729272403585-qvr0ksrt0mhx18rlgzcmm5yc1atf25w4lmzx6dq6iw.jpeg\" title=\"Zak Stein\" alt=\"Zak Stein\" src=\"data:image\/svg+xml;base64,PHN2ZyB3aWR0aD0iMSIgaGVpZ2h0PSIxIiB4bWxucz0iaHR0cDovL3d3dy53My5vcmcvMjAwMC9zdmciPjwvc3ZnPg==\" class=\"lazyload\" style=\"--smush-placeholder-width: 500px; --smush-placeholder-aspect-ratio: 500\/500;\" \/><\/a><\/figure><div class=\"elementor-image-box-content\"><h3 class=\"elementor-image-box-title\"><a href=\"https:\/\/www.linkedin.com\/in\/zachary-stein-757b528\" target=\"_blank\">Zak Stein<\/a><\/h3><p class=\"elementor-image-box-description\"><span style=\");font-family: Arial;font-size: 13px;text-align: left\">Zak Stein es fil\u00f3sofo de la educaci\u00f3n y autor del libro Education in a Time Between Worlds.\n <span><\/p><\/div><\/div>\t\t\t\t<\/div>\n\t\t\t\t<\/div>\n\t\t\t\t\t<\/div>\n\t\t<\/div>\n\t\t\t\t\t<\/div>\n\t\t<\/section>\n\t\t\t\t<\/div>","protected":false},"excerpt":{"rendered":"<p>en colaboraci\u00f3n con ecoversities alliance Reg\u00edstrese aqu\u00ed Colaboradores Abhijit Sinha Abhijit Sinha es el fundador y Director General de una organizaci\u00f3n internacional sin \u00e1nimo de lucro llamada Project DEFY. A trav\u00e9s de su organizaci\u00f3n crea una nueva variedad de espacios de aprendizaje que no tienen profesores, ex\u00e1menes ni planes de estudio; donde ni\u00f1os y adultos de todas las edades deciden qu\u00e9, cu\u00e1ndo y... <a class=\"more-link\" href=\"https:\/\/re-imagining.education\/es\/contributors-2023\/\">Seguir leyendo <span class=\"screen-reader-text\">Contribuyentes 2023<\/span><\/a><\/p>","protected":false},"author":1,"featured_media":3876,"parent":0,"menu_order":0,"comment_status":"closed","ping_status":"closed","template":"","meta":{"footnotes":""},"class_list":["post-5495","page","type-page","status-publish","has-post-thumbnail","hentry","entry"],"_links":{"self":[{"href":"https:\/\/re-imagining.education\/es\/wp-json\/wp\/v2\/pages\/5495","targetHints":{"allow":["GET"]}}],"collection":[{"href":"https:\/\/re-imagining.education\/es\/wp-json\/wp\/v2\/pages"}],"about":[{"href":"https:\/\/re-imagining.education\/es\/wp-json\/wp\/v2\/types\/page"}],"author":[{"embeddable":true,"href":"https:\/\/re-imagining.education\/es\/wp-json\/wp\/v2\/users\/1"}],"replies":[{"embeddable":true,"href":"https:\/\/re-imagining.education\/es\/wp-json\/wp\/v2\/comments?post=5495"}],"version-history":[{"count":186,"href":"https:\/\/re-imagining.education\/es\/wp-json\/wp\/v2\/pages\/5495\/revisions"}],"predecessor-version":[{"id":9480,"href":"https:\/\/re-imagining.education\/es\/wp-json\/wp\/v2\/pages\/5495\/revisions\/9480"}],"wp:featuredmedia":[{"embeddable":true,"href":"https:\/\/re-imagining.education\/es\/wp-json\/wp\/v2\/media\/3876"}],"wp:attachment":[{"href":"https:\/\/re-imagining.education\/es\/wp-json\/wp\/v2\/media?parent=5495"}],"curies":[{"name":"wp","href":"https:\/\/api.w.org\/{rel}","templated":true}]}}